{"id":3500,"date":"2019-06-26T14:04:24","date_gmt":"2019-06-26T12:04:24","guid":{"rendered":"http:\/\/3.250.26.85\/o\/dezorggroep\/"},"modified":"2022-05-03T20:45:41","modified_gmt":"2022-05-03T18:45:41","slug":"dezorggroep","status":"publish","type":"portfolio","link":"https:\/\/mimir.nu\/en\/o\/dezorggroep\/","title":{"rendered":"De Zorggroep"},"content":{"rendered":"  \n<style type=\"text\/css\" data-created_by=\"avia_inline_auto\" id=\"style-css-av-av_heading-3883aa973b9c83207732ca36c53e15bb\">\n#top .av-special-heading.av-av_heading-3883aa973b9c83207732ca36c53e15bb{\npadding-bottom:10px;\n}\nbody .av-special-heading.av-av_heading-3883aa973b9c83207732ca36c53e15bb .av-special-heading-tag .heading-char{\nfont-size:25px;\n}\n.av-special-heading.av-av_heading-3883aa973b9c83207732ca36c53e15bb .av-subheading{\nfont-size:15px;\n}\n<\/style>\n<div  class='av-special-heading av-av_heading-3883aa973b9c83207732ca36c53e15bb av-special-heading-h3'><h3 class='av-special-heading-tag '  itemprop=\"headline\"  >Jobs posted by De Zorggroep<\/h3><div class=\"special-heading-border\"><div class=\"special-heading-inner-border\"><\/div><\/div><\/div>\n  <section  class='av_textblock_section av-av_textblock-0366cc7376be6c9e82a3e9cc8987b64f '   itemscope=\"itemscope\" itemtype=\"https:\/\/schema.org\/CreativeWork\" ><div class='avia_textblock'  itemprop=\"text\" ><p>    Mimir provides the automated job management of jobs on job boards for <a href=\"https:\/\/www.dezorggroep.nl\/\">De Zorggroep<\/a>.<\/p>\n<\/div><\/section>\n\n<style type=\"text\/css\" data-created_by=\"avia_inline_auto\" id=\"style-css-av-av_heading-ec4bf286390e57c0f372b4510908f00a\">\n#top .av-special-heading.av-av_heading-ec4bf286390e57c0f372b4510908f00a{\npadding-bottom:10px;\n}\nbody .av-special-heading.av-av_heading-ec4bf286390e57c0f372b4510908f00a .av-special-heading-tag .heading-char{\nfont-size:25px;\n}\n.av-special-heading.av-av_heading-ec4bf286390e57c0f372b4510908f00a .av-subheading{\nfont-size:15px;\n}\n<\/style>\n<div  class='av-special-heading av-av_heading-ec4bf286390e57c0f372b4510908f00a av-special-heading-h4'><h4 class='av-special-heading-tag '  itemprop=\"headline\"  >Latest jobs<\/h4><div class=\"special-heading-border\"><div class=\"special-heading-inner-border\"><\/div><\/div><\/div>\n  \n<style type=\"text\/css\" data-created_by=\"avia_inline_auto\" id=\"style-css-av-av_two_third-61be9178410eaaa3f443d4723cbbaeb0\">\n.flex_column.av-av_two_third-61be9178410eaaa3f443d4723cbbaeb0{\nborder-radius:0px 0px 0px 0px;\npadding:0px 0px 0px 0px;\n}\n<\/style>\n<div  class='flex_column av-av_two_third-61be9178410eaaa3f443d4723cbbaeb0 av_two_third first flex_column_div av-zero-column-padding  '     ><section  class='av_textblock_section av-av_textblock-0366cc7376be6c9e82a3e9cc8987b64f '   itemscope=\"itemscope\" itemtype=\"https:\/\/schema.org\/CreativeWork\" ><div class='avia_textblock'  itemprop=\"text\" ><h5 class=\"no-translation\">\"Goed voor elkaar\" Medewerker<\/h5>\n<p class=\"no-translation\"><strong>Wat ga je doen?<\/strong><br \/>Of je nu een zorgopleiding hebt of niet: bij ons ben je welkom. Sterker nog, wij zien het als een voordeel wanneer jij een ander perspectief meebrengt. Dat sluit naadloos aan bij onze visie zorg breder te bekijken, vanuit een maatschappelijke invalshoek.<\/p>\n<p>Bij Goed voor Elkaar wonen mensen in verschillende levensfasen, met en zonder ondersteuningsvraag. Iedereen heeft verhalen, talenten en wensen. En wil op zijn of haar eigen manier van betekenis zijn. Samen met jou willen we een gemeenschap cre\u00ebren waarin de bewoners zich gezien en gehoord voelen, en waarin jouw ervaring en kijk een waardevolle bijdrage leveren. Dit houdt in dat je bewoners \u00e9n hun omgeving ondersteunt in het dagelijks leven, zodat zij zo comfortabel en vitaal mogelijk kunnen wonen en samenleven. Je richt je op wat w\u00e9l kan, op kansen en mogelijkheden, en niet op de grenzen die iemand ervaart.<\/p>\n<p>Als bewoners zorg nodig hebben, dan is die ook Goed voor Elkaar. Verzorgd door een vast team, dat betrokken is en de bewoners echt kent. Professionals zoals jij die nabij zijn, zorg als relatie zien en niet als routine. Jij brengt kleur in het leven van bewoners door hun levenslust te versterken en de nadruk te leggen op kwaliteit van leven. Op jouw eigen, unieke manier maak jij elke dag het verschil.<\/p>\n<p><strong>Hoe zorgen wij voor jou?<\/strong><br \/>\u2018Goed voor elkaar\u2019 medewerker is een nieuwe, betekenisvolle functie waarin je samen met het team de mogelijkheid hebt om te bouwen aan de vitale gemeenschap op locatie De Mulder. Je bent onderdeel van het team van De Zorggroep dat de zorg en ondersteuning levert op deze plek. En je mag meedenken over het nieuwe leefconcept.<\/p>\n<p>Afhankelijk van je competenties, ervaring en werk- en denkniveau word je ingeschaald conform de cao VVT met een salaris van minimaal \u20ac 2.643,39 en maximaal \u20ac 4.102,26 (tussen FWG 35 en 45). Door jouw flexibele inzetbaarheid is deze functie goed met je priv\u00e9leven te combineren.<\/p>\n<p>Omdat jouw dagelijkse inzet en betrokkenheid zo waardevol is, krijg je bovenop je salaris extra\u2019s die laten zien hoe we bij De Zorggroep voor jou zorgen:<\/p>\n<p>Altijd goed voor je geregeld<\/p>\n<ul>\n<li>Jaarlijkse waardering voor jouw inzet: een periodieke verhoging binnen jouw functieschaal, zodat jouw ontwikkeling en bijdrage zichtbaar blijft.<\/li>\n<\/ul>\n<p>Speciaal voor jou bij De Zorggroep<\/p>\n<ul>\n<li>PAK \u2013 Persoonlijk Arbeidsvoorwaarden Keuzebudget: jouw vakantiegeld (8%) en eindejaarsuitkering (8,33%) worden maandelijks gespaard in het PAK- budget. Zo heb je meer vrijheid en invloed: besteed het aan extra vrije dagen, opleidingen, sport, kinderopvang, verduurzaming of laat het uitbetalen op een moment dat het voor jou handig uitkomt \u2013 precies wat bij jou past.<\/li>\n<li>Ontwikkeling &amp; groei met SLIM!: ons online leerplatform met fysieke scholingen, online trainingen en micro-learnings. Inclusief een persoonlijk overzicht van jouw bevoegd- en bekwaamheden \u00e9n behaalde scholingen, ideaal voor jouw professionele groei in de zorg.<\/li>\n<li>Aandacht voor jouw vitaliteit en balans: rookvrije organisatie, gratis lidmaatschap van de Groene Kruis Ledenorganisatie \u00e9n aantrekkelijke kortingen via Benefits at Work. Zo blijf je gezond en energiek op het werk \u00e9n priv\u00e9.<\/li>\n<\/ul>\n<p><strong>Wat maakt jou de juiste collega?<\/strong><br \/>In dit team hebben we allerlei expertises nodig. Wat we belangrijker vinden dan je opleiding of ervaring, is dat je jezelf herkent in het onderstaande profiel en enthousiast wordt van het Goed voor Elkaar leefconcept. Een werk- en denkniveau van minimaal mbo-niveau 3 vormt de basis, maar jouw persoonlijkheid en houding maken het verschil:<\/p>\n<ul>\n<li>Je neemt graag initiatief en bent een creatieve, energieke en enthousiaste professional die in mogelijkheden denkt.<\/li>\n<li>Je luistert zonder te oordelen, toont oprechte interesse in de belevingswereld van anderen en gaat gevoelige gesprekken niet uit de weg. Je reflecteert gemakkelijk op je eigen handelen \u00e9n dat van je teamleden.<\/li>\n<li>Je werkt graag samen, zowel met collega\u2019s en als met bewoners, naasten en vrijwilligers.<\/li>\n<li>Je gaat flexibel om met veranderingen en voelt je thuis in een omgeving die volop in ontwikkeling is.<\/li>\n<\/ul>\n<p><strong>Enthousiast geworden?<\/strong><br \/>We ontvangen graag je sollicitatie. Eerst nog een aantal vragen over de inhoud van de functie? Neem dan contact op met Manuel Jansen, Ondernemend Leidinggevende via 06-13101599 of <a href=\"mailto:manuel.jansen@dezorggroep.nl\">manuel.jansen@dezorggroep.nl<\/a>. Heb je vragen over de procedure? Neem dan contact op met onze collega's van recruitment via <a href=\"mailto:werkenbij@dezorggroep.nl\">werkenbij@dezorggroep.nl<\/a>.<\/p>\n<p><em>Het is niet toegestaan om deze vacature en de daarin vermelde contactgegevens te gebruiken voor acquisitiedoeleinden.<\/em><\/p>\n<p><strong>De Zorggroep<\/strong><br \/>Werken bij De Zorggroep<\/p>\n<p>Werken bij De Zorggroep betekent een betekenisvolle invulling geven aan het leven van kwetsbare mensen en bijdragen aan de lokale samenleving. Samen met jou durven we te kijken naar wat past bij jou en wat jouw plek binnen De Zorggroep kan zijn.<\/p>\n<p>Samen begint met jou.<\/p>\n<p>Als grootste zorgaanbieder in Noord- en Midden-Limburg bieden wij een breed aanbod van diensten. Met thuiszorg en vele woon- en zorglocaties bieden we ondersteuning, zorg en specialistische behandeling aan iedereen die dat nodig heeft. Werken vanuit Positieve Gezondheid staat bij ons centraal. Dat betekent dat het accent niet op de ziekte of beperking ligt, maar op de mensen zelf: op hun veerkracht en hun mogelijkheden. Wij willen bijdragen aan een vitale gemeenschap, waarin mensen zelfredzaam en bovenal gelukkig zijn. Samen met 5000 medewerkers en onze 2200 vrijwilligers zetten we ons dagelijks in voor dit ideaalbeeld. Onze medewerkers willen iets voor een ander kunnen betekenen. Daarom bieden wij talloze mogelijkheden waarin ze zowel zichzelf als het vak kunnen ontwikkelen. Zo hebben we een medezeggenschapsraad, maar bijvoorbeeld ook een PAR (professionele adviesraad). De PAR geeft onafhankelijk, gevraagd en ongevraagd advies aan raad van bestuur over actuele werkinhoudelijke onderwerpen zoals het rookbeleid en kwaliteitsindicatoren. Op deze manier kunnen medewerkers ook echt een bijdrage leveren en datgene doen waar hun hart ligt.<\/p>\n<p>\n<\/div><\/section><\/div>\n  \n<style type=\"text\/css\" data-created_by=\"avia_inline_auto\" id=\"style-css-av-av_one_third-0aa7055fe62c3622faec82866afbaeb2\">\n.flex_column.av-av_one_third-0aa7055fe62c3622faec82866afbaeb2{\nborder-radius:0px 0px 0px 0px;\npadding:0px 0px 0px 0px;\n}\n<\/style>\n<div  class='flex_column av-av_one_third-0aa7055fe62c3622faec82866afbaeb2 av_one_third flex_column_div av-zero-column-padding  '     ><div  class='togglecontainer av-av_toggle_container-d03efdf7de8d15029af4a4ccb5448be7' ><div class='taglist'><div class=\"tag-tab\"><a href=\"#\" data-tag=\"{All}\" class=\"activeFilter\">All<\/a><span class='tag-seperator'>\/<\/span><\/div><div class=\"tag-tab\"><a href=\"#\" data-tag=\"{Views}\" class=\"\">Views<\/a><span class='tag-seperator'>\/<\/span><\/div><\/div>\n              <section class='av_toggle_section av-av_toggle-49da8c466d78a9d680da9a59b44e135c'  itemscope=\"itemscope\" itemtype=\"https:\/\/schema.org\/CreativeWork\" ><div role=\"tablist\" class=\"single_toggle\" data-tags=\"{All} {Views} \"  ><p id='toggle-toggle-id-1' data-fake-id='#toggle-id-1' class='toggler  activeTitle av-title-above '  itemprop=\"headline\"  role='tab' tabindex='0' aria-controls='toggle-id-1' data-slide-speed=\"200\" data-title=\"Zorgnet Limburg\" data-title-open=\"\" data-aria_collapsed=\"Click to expand: Zorgnet Limburg\" data-aria_expanded=\"Click to collapse: Zorgnet Limburg\">Zorgnet Limburg<span class=\"toggle_icon\"><span class=\"vert_icon\"><\/span><span class=\"hor_icon\"><\/span><\/span><\/p><div id='toggle-id-1' aria-labelledby='toggle-toggle-id-1' role='region' class='toggle_wrap  active_tc av-title-above' style='display:block;' ><div class='toggle_content invers-color '  itemprop=\"text\" ><p>          \n<style type=\"text\/css\" data-created_by=\"avia_inline_auto\" id=\"style-css-av-av_font_icon-68df07e82f9aa7e9ca8086cf07328158\">\n.av_font_icon.av-av_font_icon-68df07e82f9aa7e9ca8086cf07328158 .av-icon-char{\nfont-size:12px;\nline-height:12px;\n}\n<\/style>\n<span  class='av_font_icon av-av_font_icon-68df07e82f9aa7e9ca8086cf07328158 avia_animate_when_visible av-icon-style- avia-icon-pos-left avia-iconfont avia-font-entypo-fontello av-no-color avia-icon-animate'><span class='av-icon-char' data-av_icon='\ue82d' data-av_iconfont='entypo-fontello' aria-hidden=\"true\" ><\/span><\/span> 0 applications<br \/>\n          \n<style type=\"text\/css\" data-created_by=\"avia_inline_auto\" id=\"style-css-av-av_font_icon-2ad3e02231965e18a13969aa2ae9da8b\">\n.av_font_icon.av-av_font_icon-2ad3e02231965e18a13969aa2ae9da8b .av-icon-char{\nfont-size:12px;\nline-height:12px;\n}\n<\/style>\n<span  class='av_font_icon av-av_font_icon-2ad3e02231965e18a13969aa2ae9da8b avia_animate_when_visible av-icon-style- avia-icon-pos-left avia-iconfont avia-font-entypo-fontello av-no-color avia-icon-animate'><span class='av-icon-char' data-av_icon='\ue80b' data-av_iconfont='entypo-fontello' aria-hidden=\"true\" ><\/span><\/span> 32 views                  <\/p>\n<\/div><\/div><\/div><\/section>\n          <\/div><\/div>\n  <br style=\"clear: both\">\n  <span style=\"margin-top: 20px; float: right\">24-04-2026<\/span>\n  <span style=\"margin-top: 20px; font-weight: bold; float: left\">De Zorggroep<\/span>\n  <hr>  \n<style type=\"text\/css\" data-created_by=\"avia_inline_auto\" id=\"style-css-av-av_two_third-61be9178410eaaa3f443d4723cbbaeb0\">\n.flex_column.av-av_two_third-61be9178410eaaa3f443d4723cbbaeb0{\nborder-radius:0px 0px 0px 0px;\npadding:0px 0px 0px 0px;\n}\n<\/style>\n<div  class='flex_column av-av_two_third-61be9178410eaaa3f443d4723cbbaeb0 av_two_third first flex_column_div av-zero-column-padding  '     ><section  class='av_textblock_section av-av_textblock-0366cc7376be6c9e82a3e9cc8987b64f '   itemscope=\"itemscope\" itemtype=\"https:\/\/schema.org\/CreativeWork\" ><div class='avia_textblock'  itemprop=\"text\" ><h5 class=\"no-translation\">Verzorgende IG Nacht<\/h5>\n<p class=\"no-translation\"><strong>Wat ga je doen?<\/strong><br \/>Bij De Zorggroep zijn we op zoek naar betrokken <strong>Verzorgende IG<\/strong> die met hart en ziel onze bewoners ondersteunt tijdens de nachtdienst op onze woonlocatie Vincentiushof in Venray.<\/p>\n<p>In deze functie draag je zorg voor een veilige en comfortabele nachtrust voor onze bewoners. Je ondersteunt bij de persoonlijke verzorging, zoals wassen, aankleden en, afhankelijk van je functie, het toedienen van medicatie. Daarnaast signaleer je veranderingen in de gezondheidstoestand van bewoners en onderneem je tijdig actie waar nodig. Ook zorg je voor een warme en prettige sfeer, zodat bewoners zich veilig en geborgen voelen, zelfs tijdens de nacht.<\/p>\n<p><strong>Hoe zorgen wij voor jou?<\/strong><br \/>Naast een fijn team bieden we je in eerste instantie een jaarcontract, met de duidelijke intentie om dit bij goed functioneren om te zetten naar een vast dienstverband. Hoe je je uren indeelt, stemmen we flexibel en in overleg af \u2013 zodat werk en priv\u00e9 goed in balans blijven.<\/p>\n<p>Je wordt ingeschaald volgens de cao VVT. Als en als Verzorgende IG in FWG 35. Je kunt direct aan de slag in een dienstverband voor bepaalde tijd, met uitzicht op een vast contract.<\/p>\n<p>Omdat jouw dagelijkse inzet en betrokkenheid zo waardevol is, krijg je bovenop je salaris extra\u2019s die laten zien hoe we bij De Zorggroep voor jou zorgen:<\/p>\n<p>Altijd goed voor je geregeld<\/p>\n<ul>\n<li>Jaarlijkse waardering voor jouw inzet: een periodieke verhoging binnen jouw functieschaal, zodat jouw ontwikkeling en bijdrage zichtbaar blijft.<\/li>\n<\/ul>\n<p>Speciaal voor jou bij De Zorggroep<\/p>\n<ul>\n<li>PAK \u2013 Persoonlijk Arbeidsvoorwaarden Keuzebudget: jouw vakantiegeld (8%) en eindejaarsuitkering (8,33%) worden maandelijks gespaard in het PAK- budget. Zo heb je meer vrijheid en invloed: besteed het aan extra vrije dagen, opleidingen, sport, kinderopvang, verduurzaming of laat het uitbetalen op een moment dat het voor jou handig uitkomt \u2013 precies wat bij jou past.<\/li>\n<li>Ontwikkeling &amp; groei met SLIM!: ons online leerplatform met fysieke scholingen, online trainingen en micro-learnings. Inclusief een persoonlijk overzicht van jouw bevoegd- en bekwaamheden \u00e9n behaalde scholingen, ideaal voor jouw professionele groei in de zorg.<\/li>\n<li>Aandacht voor jouw vitaliteit en balans: rookvrije organisatie, gratis lidmaatschap van de Groene Kruis Ledenorganisatie \u00e9n aantrekkelijke kortingen via Benefits at Work. Zo blijf je gezond en energiek op het werk \u00e9n priv\u00e9.<\/li>\n<\/ul>\n<p><strong>Wat maakt jou de juiste Verzorgende IG?<\/strong><br \/>Je bent zelfverzekerd, neemt met jouw kennis kordate beslissingen en werkt als echte teamspeler samen met je collega\u2019s om het beste resultaat voor de bewoners te behalen. Je gaat creatief om met de middelen die beschikbaar zijn. Verder ben je digitaal vaardig en navigeert moeiteloos door onze systemen.<\/p>\n<p><strong>Wat we belangrijk vinden:<\/strong><\/p>\n<ul>\n<li>Je beschikt over een diploma Verzorgende IG.<\/li>\n<li>Ben je wel bevoegd maar niet meer volledig bekwaam voor verpleegtechnische handelingen? Wij bieden de juiste scholing om dit bij te spijkeren.<\/li>\n<li>Je werkt graag samen, denkt oplossingsgericht en zet de bewoner altijd centraal.<\/li>\n<\/ul>\n<p><strong>Enthousiast geworden?<\/strong><br \/>Tof! We horen graag van je, gebruik de \u201csolliciteren-knop\u201d om jouw interesse voor deze uitdaging kenbaar te maken. Eerst nog een paar vragen? Onze recruiters vertellen je graag meer over deze functie. Je kun ons bereiken via <strong>werkenbij@dezorggroep.nl<\/strong>.<\/p>\n<p>Heb je vragen over de inhoud van de functie zelf? Neem dan gerust contact op met onze teamleider, <strong>Jurgen Blommaert<\/strong> via <strong>Jurgen.Blommaert@dezorggroep.nl<\/strong>.<\/p>\n<p>Het is niet toegestaan om deze vacature en de daarin vermelde contactgegevens te gebruiken voor acquisitiedoeleinden.<\/p>\n<p><strong>De Zorggroep<\/strong><br \/>Werken bij De Zorggroep<\/p>\n<p>Werken bij De Zorggroep betekent een betekenisvolle invulling geven aan het leven van kwetsbare mensen en bijdragen aan de lokale samenleving. Samen met jou durven we te kijken naar wat past bij jou en wat jouw plek binnen De Zorggroep kan zijn.<\/p>\n<p>Samen begint met jou.<\/p>\n<p>Als grootste zorgaanbieder in Noord- en Midden-Limburg bieden wij een breed aanbod van diensten. Met thuiszorg en vele woon- en zorglocaties bieden we ondersteuning, zorg en specialistische behandeling aan iedereen die dat nodig heeft. Werken vanuit Positieve Gezondheid staat bij ons centraal. Dat betekent dat het accent niet op de ziekte of beperking ligt, maar op de mensen zelf: op hun veerkracht en hun mogelijkheden. Wij willen bijdragen aan een vitale gemeenschap, waarin mensen zelfredzaam en bovenal gelukkig zijn. Samen met 5000 medewerkers en onze 2200 vrijwilligers zetten we ons dagelijks in voor dit ideaalbeeld. Onze medewerkers willen iets voor een ander kunnen betekenen. Daarom bieden wij talloze mogelijkheden waarin ze zowel zichzelf als het vak kunnen ontwikkelen. Zo hebben we een medezeggenschapsraad, maar bijvoorbeeld ook een PAR (professionele adviesraad). De PAR geeft onafhankelijk, gevraagd en ongevraagd advies aan raad van bestuur over actuele werkinhoudelijke onderwerpen zoals het rookbeleid en kwaliteitsindicatoren. Op deze manier kunnen medewerkers ook echt een bijdrage leveren en datgene doen waar hun hart ligt.<\/p>\n<p>\n<\/div><\/section><\/div>\n  \n<style type=\"text\/css\" data-created_by=\"avia_inline_auto\" id=\"style-css-av-av_one_third-0aa7055fe62c3622faec82866afbaeb2\">\n.flex_column.av-av_one_third-0aa7055fe62c3622faec82866afbaeb2{\nborder-radius:0px 0px 0px 0px;\npadding:0px 0px 0px 0px;\n}\n<\/style>\n<div  class='flex_column av-av_one_third-0aa7055fe62c3622faec82866afbaeb2 av_one_third flex_column_div av-zero-column-padding  '     ><div  class='togglecontainer av-av_toggle_container-d03efdf7de8d15029af4a4ccb5448be7' ><div class='taglist'><div class=\"tag-tab\"><a href=\"#\" data-tag=\"{All}\" class=\"activeFilter\">All<\/a><span class='tag-seperator'>\/<\/span><\/div><div class=\"tag-tab\"><a href=\"#\" data-tag=\"{Applications}\" class=\"\">Applications<\/a><span class='tag-seperator'>\/<\/span><\/div><div class=\"tag-tab\"><a href=\"#\" data-tag=\"{Views}\" class=\"\">Views<\/a><span class='tag-seperator'>\/<\/span><\/div><\/div>\n              <section class='av_toggle_section av-av_toggle-8365d1f840769313aeea8193bee90045'  itemscope=\"itemscope\" itemtype=\"https:\/\/schema.org\/CreativeWork\" ><div role=\"tablist\" class=\"single_toggle\" data-tags=\"{All} {Applications} {Views} \"  ><p id='toggle-toggle-id-2' data-fake-id='#toggle-id-2' class='toggler  activeTitle av-title-above '  itemprop=\"headline\"  role='tab' tabindex='0' aria-controls='toggle-id-2' data-slide-speed=\"200\" data-title=\"Zorgnet Limburg\" data-title-open=\"\" data-aria_collapsed=\"Click to expand: Zorgnet Limburg\" data-aria_expanded=\"Click to collapse: Zorgnet Limburg\">Zorgnet Limburg<span class=\"toggle_icon\"><span class=\"vert_icon\"><\/span><span class=\"hor_icon\"><\/span><\/span><\/p><div id='toggle-id-2' aria-labelledby='toggle-toggle-id-2' role='region' class='toggle_wrap  active_tc av-title-above' style='display:block;' ><div class='toggle_content invers-color '  itemprop=\"text\" ><p>          \n<style type=\"text\/css\" data-created_by=\"avia_inline_auto\" id=\"style-css-av-av_font_icon-68df07e82f9aa7e9ca8086cf07328158\">\n.av_font_icon.av-av_font_icon-68df07e82f9aa7e9ca8086cf07328158 .av-icon-char{\nfont-size:12px;\nline-height:12px;\n}\n<\/style>\n<span  class='av_font_icon av-av_font_icon-68df07e82f9aa7e9ca8086cf07328158 avia_animate_when_visible av-icon-style- avia-icon-pos-left avia-iconfont avia-font-entypo-fontello av-no-color avia-icon-animate'><span class='av-icon-char' data-av_icon='\ue82d' data-av_iconfont='entypo-fontello' aria-hidden=\"true\" ><\/span><\/span> 1 application<br \/>\n          \n<style type=\"text\/css\" data-created_by=\"avia_inline_auto\" id=\"style-css-av-av_font_icon-2ad3e02231965e18a13969aa2ae9da8b\">\n.av_font_icon.av-av_font_icon-2ad3e02231965e18a13969aa2ae9da8b .av-icon-char{\nfont-size:12px;\nline-height:12px;\n}\n<\/style>\n<span  class='av_font_icon av-av_font_icon-2ad3e02231965e18a13969aa2ae9da8b avia_animate_when_visible av-icon-style- avia-icon-pos-left avia-iconfont avia-font-entypo-fontello av-no-color avia-icon-animate'><span class='av-icon-char' data-av_icon='\ue80b' data-av_iconfont='entypo-fontello' aria-hidden=\"true\" ><\/span><\/span> 14 views                  <\/p>\n<\/div><\/div><\/div><\/section>\n          <\/div><\/div>\n  <br style=\"clear: both\">\n  <span style=\"margin-top: 20px; float: right\">24-04-2026<\/span>\n  <span style=\"margin-top: 20px; font-weight: bold; float: left\">De Zorggroep<\/span>\n  <hr>  \n<style type=\"text\/css\" data-created_by=\"avia_inline_auto\" id=\"style-css-av-av_two_third-61be9178410eaaa3f443d4723cbbaeb0\">\n.flex_column.av-av_two_third-61be9178410eaaa3f443d4723cbbaeb0{\nborder-radius:0px 0px 0px 0px;\npadding:0px 0px 0px 0px;\n}\n<\/style>\n<div  class='flex_column av-av_two_third-61be9178410eaaa3f443d4723cbbaeb0 av_two_third first flex_column_div av-zero-column-padding  '     ><section  class='av_textblock_section av-av_textblock-0366cc7376be6c9e82a3e9cc8987b64f '   itemscope=\"itemscope\" itemtype=\"https:\/\/schema.org\/CreativeWork\" ><div class='avia_textblock'  itemprop=\"text\" ><h5 class=\"no-translation\">Medewerker Restaurant<\/h5>\n<p class=\"no-translation\"><strong>Wat ga je doen?<\/strong><br \/>Als medewerker restaurant draag je bij aan een warme, gezellige en gastvrije sfeer binnen de locatie. Je werkt nauw samen met de zorg en speelt een belangrijke rol in het welzijn van onze bewoners.<\/p>\n<p>In deze functie bereid je zelfstandig maaltijden in de keuken en zorg je ervoor dat alles klaarstaat voor het serveren. Je ondersteunt bewoners tijdens de warme maaltijd in de middag en hebt oog voor persoonlijk contact. Daarnaast dek je de tafels, serveer je maaltijden en dranken en zorg je voor een prettige eetomgeving.<\/p>\n<p>Een belangrijk deel van je werkzaamheden vindt achter de schermen plaats. Je bent verantwoordelijk voor het afruimen, afwassen en opruimen. Ook houd je de voorraden bij en zorg je voor het regenereren (opwarmen) van warme maaltijden.<\/p>\n<p>De diensten vinden overdag plaats en zullen in de toekomst mogelijk doorlopen tot het begin van de avond. Je bent om het weekend vrij. Je werkt in wisselende diensten, zowel doordeweeks als in het weekend.<\/p>\n<p>We zijn op zoek naar kandidaten in de volgende regio\u2019s: Herte, Roermond, Swalmen en Bergh.<\/p>\n<p><strong>Hoe zorgen wij voor jou?<\/strong><br \/>Naast een fijn team bieden we je in eerste instantie een jaarcontract, met de duidelijke intentie om dit bij goed functioneren om te zetten naar een vast dienstverband. Hoe je je uren indeelt, stemmen we flexibel en in overleg af \u2013 zodat werk en priv\u00e9 goed in balans blijven.<\/p>\n<p>Als Medewerker Restaurant schalen we je in op basis van de cao VVT, FWG 20 met een salaris van maximaal \u20ac 2.960,90 bruto per maand bij een fulltime dienstverband van gemiddeld 36 uur per week.<\/p>\n<p>Omdat jouw dagelijkse inzet en betrokkenheid zo waardevol is, krijg je bovenop je salaris extra\u2019s die laten zien hoe we bij De Zorggroep voor jou zorgen:<\/p>\n<p>Altijd goed voor je geregeld<\/p>\n<ul>\n<li>Jaarlijkse waardering voor jouw inzet: een periodieke verhoging binnen jouw functieschaal, zodat jouw ontwikkeling en bijdrage zichtbaar blijft.<\/li>\n<\/ul>\n<p>Speciaal voor jou bij De Zorggroep<\/p>\n<ul>\n<li>PAK \u2013 Persoonlijk Arbeidsvoorwaarden Keuzebudget: jouw vakantiegeld (8%) en eindejaarsuitkering (8,33%) worden maandelijks gespaard in het PAK- budget. Zo heb je meer vrijheid en invloed: besteed het aan extra vrije dagen, opleidingen, sport, kinderopvang, verduurzaming of laat het uitbetalen op een moment dat het voor jou handig uitkomt \u2013 precies wat bij jou past.<\/li>\n<li>Ontwikkeling &amp; groei met SLIM!: ons online leerplatform met fysieke scholingen, online trainingen en micro-learnings. Inclusief een persoonlijk overzicht van jouw bevoegd- en bekwaamheden \u00e9n behaalde scholingen, ideaal voor jouw professionele groei in de zorg.<\/li>\n<li>Aandacht voor jouw vitaliteit en balans: rookvrije organisatie, gratis lidmaatschap van de Groene Kruis Ledenorganisatie \u00e9n aantrekkelijke kortingen via Benefits at Work. Zo blijf je gezond en energiek op het werk \u00e9n priv\u00e9.<\/li>\n<\/ul>\n<p><strong>Wat maakt jou de juiste Restaurant medewerker?<\/strong><br \/>Als Medewerker Restaurant in een zorginstelling is het natuurlijk belangrijk dat je een gastvrije en klantvriendelijke houding hebt, schoon en netjes werkt en je vindt het leuk af en toe contact te hebben met de bewoners. Verder werk je graag in een team en ben je een fijne collega. Heb je al ervaring op het gebied van restaurant- of cateringwerkzaamheden? Dan vinden we dat helemaal fijn!<\/p>\n<p>Verder dien je een aanpakker met hart voor de zorg te zijn, zelfstandig maar ook goed in teamverband kunnen (samen)werken en affiniteit met maaltijdvoorziening in de ouderenzorg te hebben.<\/p>\n<p><strong>Enthousiast geworden?<\/strong><br \/>Leuk, we leren je graag kennen! Solliciteer direct en we nemen zo snel mogelijk contact met je op. Wil je meer informatie over de functie? Neem dan contact op met <a href=\"mailto:werkenbij@dezorggroep.nl\">werkenbij@dezorggroep.nl<\/a><\/p>\n<p>Heb je vragen over de functie? Neem gerust contact op met onze Teamleider Facilitair Jan-Willem Kat via Jan-Willem.Kat@dezorggroep.nl<\/p>\n<p><em>Het is niet toegestaan om deze vacature en de daarin vermelde contactgegevens te gebruiken voor acquisitiedoeleinden. <\/em><\/p>\n<p><strong>De Zorggroep<\/strong><br \/>Werken bij De Zorggroep<\/p>\n<p>Werken bij De Zorggroep betekent een betekenisvolle invulling geven aan het leven van kwetsbare mensen en bijdragen aan de lokale samenleving. Samen met jou durven we te kijken naar wat past bij jou en wat jouw plek binnen De Zorggroep kan zijn.<\/p>\n<p>Samen begint met jou.<\/p>\n<p>Als grootste zorgaanbieder in Noord- en Midden-Limburg bieden wij een breed aanbod van diensten. Met thuiszorg en vele woon- en zorglocaties bieden we ondersteuning, zorg en specialistische behandeling aan iedereen die dat nodig heeft. Werken vanuit Positieve Gezondheid staat bij ons centraal. Dat betekent dat het accent niet op de ziekte of beperking ligt, maar op de mensen zelf: op hun veerkracht en hun mogelijkheden. Wij willen bijdragen aan een vitale gemeenschap, waarin mensen zelfredzaam en bovenal gelukkig zijn. Samen met 5000 medewerkers en onze 2200 vrijwilligers zetten we ons dagelijks in voor dit ideaalbeeld. Onze medewerkers willen iets voor een ander kunnen betekenen. Daarom bieden wij talloze mogelijkheden waarin ze zowel zichzelf als het vak kunnen ontwikkelen. Zo hebben we een medezeggenschapsraad, maar bijvoorbeeld ook een PAR (professionele adviesraad). De PAR geeft onafhankelijk, gevraagd en ongevraagd advies aan raad van bestuur over actuele werkinhoudelijke onderwerpen zoals het rookbeleid en kwaliteitsindicatoren. Op deze manier kunnen medewerkers ook echt een bijdrage leveren en datgene doen waar hun hart ligt.<\/p>\n<p>\n<\/div><\/section><\/div>\n  \n<style type=\"text\/css\" data-created_by=\"avia_inline_auto\" id=\"style-css-av-av_one_third-0aa7055fe62c3622faec82866afbaeb2\">\n.flex_column.av-av_one_third-0aa7055fe62c3622faec82866afbaeb2{\nborder-radius:0px 0px 0px 0px;\npadding:0px 0px 0px 0px;\n}\n<\/style>\n<div  class='flex_column av-av_one_third-0aa7055fe62c3622faec82866afbaeb2 av_one_third flex_column_div av-zero-column-padding  '     ><div  class='togglecontainer av-av_toggle_container-d03efdf7de8d15029af4a4ccb5448be7' ><div class='taglist'><div class=\"tag-tab\"><a href=\"#\" data-tag=\"{All}\" class=\"activeFilter\">All<\/a><span class='tag-seperator'>\/<\/span><\/div><div class=\"tag-tab\"><a href=\"#\" data-tag=\"{Applications}\" class=\"\">Applications<\/a><span class='tag-seperator'>\/<\/span><\/div><div class=\"tag-tab\"><a href=\"#\" data-tag=\"{Views}\" class=\"\">Views<\/a><span class='tag-seperator'>\/<\/span><\/div><\/div>\n              <section class='av_toggle_section av-av_toggle-8365d1f840769313aeea8193bee90045'  itemscope=\"itemscope\" itemtype=\"https:\/\/schema.org\/CreativeWork\" ><div role=\"tablist\" class=\"single_toggle\" data-tags=\"{All} {Applications} {Views} \"  ><p id='toggle-toggle-id-3' data-fake-id='#toggle-id-3' class='toggler  activeTitle av-title-above '  itemprop=\"headline\"  role='tab' tabindex='0' aria-controls='toggle-id-3' data-slide-speed=\"200\" data-title=\"Zorgnet Limburg\" data-title-open=\"\" data-aria_collapsed=\"Click to expand: Zorgnet Limburg\" data-aria_expanded=\"Click to collapse: Zorgnet Limburg\">Zorgnet Limburg<span class=\"toggle_icon\"><span class=\"vert_icon\"><\/span><span class=\"hor_icon\"><\/span><\/span><\/p><div id='toggle-id-3' aria-labelledby='toggle-toggle-id-3' role='region' class='toggle_wrap  active_tc av-title-above' style='display:block;' ><div class='toggle_content invers-color '  itemprop=\"text\" ><p>          \n<style type=\"text\/css\" data-created_by=\"avia_inline_auto\" id=\"style-css-av-av_font_icon-68df07e82f9aa7e9ca8086cf07328158\">\n.av_font_icon.av-av_font_icon-68df07e82f9aa7e9ca8086cf07328158 .av-icon-char{\nfont-size:12px;\nline-height:12px;\n}\n<\/style>\n<span  class='av_font_icon av-av_font_icon-68df07e82f9aa7e9ca8086cf07328158 avia_animate_when_visible av-icon-style- avia-icon-pos-left avia-iconfont avia-font-entypo-fontello av-no-color avia-icon-animate'><span class='av-icon-char' data-av_icon='\ue82d' data-av_iconfont='entypo-fontello' aria-hidden=\"true\" ><\/span><\/span> 2 applications<br \/>\n          \n<style type=\"text\/css\" data-created_by=\"avia_inline_auto\" id=\"style-css-av-av_font_icon-2ad3e02231965e18a13969aa2ae9da8b\">\n.av_font_icon.av-av_font_icon-2ad3e02231965e18a13969aa2ae9da8b .av-icon-char{\nfont-size:12px;\nline-height:12px;\n}\n<\/style>\n<span  class='av_font_icon av-av_font_icon-2ad3e02231965e18a13969aa2ae9da8b avia_animate_when_visible av-icon-style- avia-icon-pos-left avia-iconfont avia-font-entypo-fontello av-no-color avia-icon-animate'><span class='av-icon-char' data-av_icon='\ue80b' data-av_iconfont='entypo-fontello' aria-hidden=\"true\" ><\/span><\/span> 22 views                  <\/p>\n<\/div><\/div><\/div><\/section>\n          <\/div><\/div>\n  <br style=\"clear: both\">\n  <span style=\"margin-top: 20px; float: right\">23-04-2026<\/span>\n  <span style=\"margin-top: 20px; font-weight: bold; float: left\">De Zorggroep<\/span>\n  <hr>  \n<style type=\"text\/css\" data-created_by=\"avia_inline_auto\" id=\"style-css-av-av_two_third-61be9178410eaaa3f443d4723cbbaeb0\">\n.flex_column.av-av_two_third-61be9178410eaaa3f443d4723cbbaeb0{\nborder-radius:0px 0px 0px 0px;\npadding:0px 0px 0px 0px;\n}\n<\/style>\n<div  class='flex_column av-av_two_third-61be9178410eaaa3f443d4723cbbaeb0 av_two_third first flex_column_div av-zero-column-padding  '     ><section  class='av_textblock_section av-av_textblock-0366cc7376be6c9e82a3e9cc8987b64f '   itemscope=\"itemscope\" itemtype=\"https:\/\/schema.org\/CreativeWork\" ><div class='avia_textblock'  itemprop=\"text\" ><h5 class=\"no-translation\">Verzorgende IG beeldzorg<\/h5>\n<p class=\"no-translation\"><strong>Wat ga je doen?<\/strong><br \/>Zorg op Afstand is voor De Zorggroep geen toekomstbeeld meer maar realiteit. Het is een noodzakelijke ontwikkeling om ook in de toekomst verantwoorde, effici\u00ebnte en cli\u00ebntgerichte zorg te kunnen blijven bieden.<\/p>\n<p>Ongeveer een jaar geleden is gestart met een eigen team Beeldzorg en met succes. Beeldzorg is inmiddels een vast onderdeel van de werkwijze. De komende periode ligt de focus op verdere opschaling en verankering binnen de dagelijkse praktijk.<\/p>\n<p><strong>Jouw rol<\/strong><br \/>Als verzorgende IG binnen het team Zorg op Afstand werk je nauw samen met de wijkteams. Je levert geplande zorgmomenten op afstand vanuit een centrale werkplek en draagt bij aan het ontlasten van de wijkteams en het vergroten van de zelfredzaamheid van cli\u00ebnten.<\/p>\n<p><strong>Je werkzaamheden<\/strong><\/p>\n<ul>\n<li>Het uitvoeren van medicatiecontroles, zoals het begeleiden bij insulinegebruik<\/li>\n<li>Het ondersteunen bij verpleegtechnische handelingen en het onderhouden van contact met cli\u00ebnten via beeldzorg<\/li>\n<li>Het adviseren en begeleiden bij algemene dagelijkse levensverrichtingen ADL<\/li>\n<\/ul>\n<p><strong>Hoe zorgen wij voor jou?<\/strong><br \/>Dankzij de intensieve samenwerking tussen <strong>Altide<\/strong> en <strong>De Zorggroep <\/strong>krijg je als beeldzorgmedewerker de unieke kans om ervaring op te doen binnen twee sterke, toekomstgerichte zorgorganisaties. Je bent op detacheringsbasis in dienst bij De Zorggroep en werkt bij Altide, waardoor je profiteert van afwisseling, ontwikkeling \u00e9n zekerheid. Bovendien biedt het thuiswerkbeleid van Altide je de mogelijkheid om tot <strong>25% van je werkweek vanuit huis te werken.<\/strong><\/p>\n<p>Werk je op dit moment als verzorgende IG? Dan is dit h\u00e9t moment om een nieuwe stap te zetten binnen onze organisatie. Je kunt aan de slag binnen het Beeldzorgteam van de sector Thuis en actief aan de slag met Zorg op Afstand.<\/p>\n<p>Je wordt ingeschaald volgens de cao VVT. Als en als Verzorgende IG in FWG 35. Je kunt direct aan de slag in een dienstverband voor bepaalde tijd, met uitzicht op een vast contract.<\/p>\n<p>Omdat jouw dagelijkse inzet en betrokkenheid zo waardevol is, krijg je bovenop je salaris extra\u2019s die laten zien hoe we bij De Zorggroep voor jou zorgen:<\/p>\n<p>Altijd goed voor je geregeld<\/p>\n<ul>\n<li>Jaarlijkse waardering voor jouw inzet: een periodieke verhoging binnen jouw functieschaal, zodat jouw ontwikkeling en bijdrage zichtbaar blijft.<\/li>\n<\/ul>\n<p>Speciaal voor jou bij De Zorggroep<\/p>\n<ul>\n<li>PAK \u2013 Persoonlijk Arbeidsvoorwaarden Keuzebudget: jouw vakantiegeld (8%) en eindejaarsuitkering (8,33%) worden maandelijks gespaard in het PAK- budget. Zo heb je meer vrijheid en invloed: besteed het aan extra vrije dagen, opleidingen, sport, kinderopvang, verduurzaming of laat het uitbetalen op een moment dat het voor jou handig uitkomt \u2013 precies wat bij jou past.<\/li>\n<li>Ontwikkeling &amp; groei met SLIM!: ons online leerplatform met fysieke scholingen, online trainingen en micro-learnings. Inclusief een persoonlijk overzicht van jouw bevoegd- en bekwaamheden \u00e9n behaalde scholingen, ideaal voor jouw professionele groei in de zorg.<\/li>\n<li>Aandacht voor jouw vitaliteit en balans: rookvrije organisatie, gratis lidmaatschap van de Groene Kruis Ledenorganisatie \u00e9n aantrekkelijke kortingen via Benefits at Work. Zo blijf je gezond en energiek op het werk \u00e9n priv\u00e9.<\/li>\n<\/ul>\n<p><strong>Wat maakt jou de juiste verzorgende ig beeldzorg?<\/strong><br \/>Je hebt affiniteit met de ontwikkelingen binnen zorg op afstand en durft samen met De Zorggroep nieuwe stappen te zetten, waarbij je werkt vanuit de kernwaarden Oprecht, Gedurfd en Gedreven. Je weet collega\u2019s te enthousiasmeren voor deze innovatieve vorm van zorg en levert zelf actief zorg op afstand via beeldzorg. Tegelijk blijf je nauw afgestemd met het netwerk rondom de cli\u00ebnt en het wijkteam, waardoor je betrokken blijft bij de thuissituatie en persoonlijke ondersteuning biedt. Je helpt cli\u00ebnten bij hun dagelijkse activiteiten, stimuleert hun zelfredzaamheid en biedt passende zorg op een vernieuwende manier.<\/p>\n<ul>\n<li>Je beschikt over een afgeronde opleiding Verzorgende IG (niveau 3), bent bekwaam in verpleegtechnische handelingen en werkt in reguliere diensten<\/li>\n<li>Je bent digitaal vaardig, hebt affiniteit met e-health en weet ook in drukke situaties het overzicht te bewaren en prioriteiten te stellen<\/li>\n<li>Je communiceert sterk, beheerst de Nederlandse taal goed en kunt een Verklaring Omtrent Gedrag (VOG) overleggen<\/li>\n<\/ul>\n<p><strong>Enthousiast geworden?<\/strong><br \/>Onze recruiters vertellen je graag meer over het werk van Verzorgende IG Beeldzorg en zijn te bereiken via werkenbij@dezorggroep.nl<\/p>\n<p><em>Mobiliteitskandidaten<\/em> hebben voorrang op deze vacature.<\/p>\n<p><em>Het is niet toegestaan om deze vacature en de daarin vermelde contactgegevens te gebruiken voor acquisitiedoeleinden.<\/em><\/p>\n<p><strong>De Zorggroep<\/strong><br \/>Werken bij De Zorggroep<\/p>\n<p>Werken bij De Zorggroep betekent een betekenisvolle invulling geven aan het leven van kwetsbare mensen en bijdragen aan de lokale samenleving. Samen met jou durven we te kijken naar wat past bij jou en wat jouw plek binnen De Zorggroep kan zijn.<\/p>\n<p>Samen begint met jou.<\/p>\n<p>Als grootste zorgaanbieder in Noord- en Midden-Limburg bieden wij een breed aanbod van diensten. Met thuiszorg en vele woon- en zorglocaties bieden we ondersteuning, zorg en specialistische behandeling aan iedereen die dat nodig heeft. Werken vanuit Positieve Gezondheid staat bij ons centraal. Dat betekent dat het accent niet op de ziekte of beperking ligt, maar op de mensen zelf: op hun veerkracht en hun mogelijkheden. Wij willen bijdragen aan een vitale gemeenschap, waarin mensen zelfredzaam en bovenal gelukkig zijn. Samen met 5000 medewerkers en onze 2200 vrijwilligers zetten we ons dagelijks in voor dit ideaalbeeld. Onze medewerkers willen iets voor een ander kunnen betekenen. Daarom bieden wij talloze mogelijkheden waarin ze zowel zichzelf als het vak kunnen ontwikkelen. Zo hebben we een medezeggenschapsraad, maar bijvoorbeeld ook een PAR (professionele adviesraad). De PAR geeft onafhankelijk, gevraagd en ongevraagd advies aan raad van bestuur over actuele werkinhoudelijke onderwerpen zoals het rookbeleid en kwaliteitsindicatoren. Op deze manier kunnen medewerkers ook echt een bijdrage leveren en datgene doen waar hun hart ligt.<\/p>\n<p>\n<\/div><\/section><\/div>\n  \n<style type=\"text\/css\" data-created_by=\"avia_inline_auto\" id=\"style-css-av-av_one_third-0aa7055fe62c3622faec82866afbaeb2\">\n.flex_column.av-av_one_third-0aa7055fe62c3622faec82866afbaeb2{\nborder-radius:0px 0px 0px 0px;\npadding:0px 0px 0px 0px;\n}\n<\/style>\n<div  class='flex_column av-av_one_third-0aa7055fe62c3622faec82866afbaeb2 av_one_third flex_column_div av-zero-column-padding  '     ><div  class='togglecontainer av-av_toggle_container-d03efdf7de8d15029af4a4ccb5448be7' ><div class='taglist'><div class=\"tag-tab\"><a href=\"#\" data-tag=\"{All}\" class=\"activeFilter\">All<\/a><span class='tag-seperator'>\/<\/span><\/div><div class=\"tag-tab\"><a href=\"#\" data-tag=\"{Applications}\" class=\"\">Applications<\/a><span class='tag-seperator'>\/<\/span><\/div><div class=\"tag-tab\"><a href=\"#\" data-tag=\"{Views}\" class=\"\">Views<\/a><span class='tag-seperator'>\/<\/span><\/div><\/div>\n              <section class='av_toggle_section av-av_toggle-8365d1f840769313aeea8193bee90045'  itemscope=\"itemscope\" itemtype=\"https:\/\/schema.org\/CreativeWork\" ><div role=\"tablist\" class=\"single_toggle\" data-tags=\"{All} {Applications} {Views} \"  ><p id='toggle-toggle-id-4' data-fake-id='#toggle-id-4' class='toggler  activeTitle av-title-above '  itemprop=\"headline\"  role='tab' tabindex='0' aria-controls='toggle-id-4' data-slide-speed=\"200\" data-title=\"Zorgnet Limburg\" data-title-open=\"\" data-aria_collapsed=\"Click to expand: Zorgnet Limburg\" data-aria_expanded=\"Click to collapse: Zorgnet Limburg\">Zorgnet Limburg<span class=\"toggle_icon\"><span class=\"vert_icon\"><\/span><span class=\"hor_icon\"><\/span><\/span><\/p><div id='toggle-id-4' aria-labelledby='toggle-toggle-id-4' role='region' class='toggle_wrap  active_tc av-title-above' style='display:block;' ><div class='toggle_content invers-color '  itemprop=\"text\" ><p>          \n<style type=\"text\/css\" data-created_by=\"avia_inline_auto\" id=\"style-css-av-av_font_icon-68df07e82f9aa7e9ca8086cf07328158\">\n.av_font_icon.av-av_font_icon-68df07e82f9aa7e9ca8086cf07328158 .av-icon-char{\nfont-size:12px;\nline-height:12px;\n}\n<\/style>\n<span  class='av_font_icon av-av_font_icon-68df07e82f9aa7e9ca8086cf07328158 avia_animate_when_visible av-icon-style- avia-icon-pos-left avia-iconfont avia-font-entypo-fontello av-no-color avia-icon-animate'><span class='av-icon-char' data-av_icon='\ue82d' data-av_iconfont='entypo-fontello' aria-hidden=\"true\" ><\/span><\/span> 4 applications<br \/>\n          \n<style type=\"text\/css\" data-created_by=\"avia_inline_auto\" id=\"style-css-av-av_font_icon-2ad3e02231965e18a13969aa2ae9da8b\">\n.av_font_icon.av-av_font_icon-2ad3e02231965e18a13969aa2ae9da8b .av-icon-char{\nfont-size:12px;\nline-height:12px;\n}\n<\/style>\n<span  class='av_font_icon av-av_font_icon-2ad3e02231965e18a13969aa2ae9da8b avia_animate_when_visible av-icon-style- avia-icon-pos-left avia-iconfont avia-font-entypo-fontello av-no-color avia-icon-animate'><span class='av-icon-char' data-av_icon='\ue80b' data-av_iconfont='entypo-fontello' aria-hidden=\"true\" ><\/span><\/span> 27 views                  <\/p>\n<\/div><\/div><\/div><\/section>\n          <\/div><\/div>\n  <br style=\"clear: both\">\n  <span style=\"margin-top: 20px; float: right\">23-04-2026<\/span>\n  <span style=\"margin-top: 20px; font-weight: bold; float: left\">De Zorggroep<\/span>\n  <hr>  \n<style type=\"text\/css\" data-created_by=\"avia_inline_auto\" id=\"style-css-av-av_two_third-61be9178410eaaa3f443d4723cbbaeb0\">\n.flex_column.av-av_two_third-61be9178410eaaa3f443d4723cbbaeb0{\nborder-radius:0px 0px 0px 0px;\npadding:0px 0px 0px 0px;\n}\n<\/style>\n<div  class='flex_column av-av_two_third-61be9178410eaaa3f443d4723cbbaeb0 av_two_third first flex_column_div av-zero-column-padding  '     ><section  class='av_textblock_section av-av_textblock-0366cc7376be6c9e82a3e9cc8987b64f '   itemscope=\"itemscope\" itemtype=\"https:\/\/schema.org\/CreativeWork\" ><div class='avia_textblock'  itemprop=\"text\" ><h5 class=\"no-translation\">Bijbaan Medewerker Restaurant<\/h5>\n<p class=\"no-translation\"><strong>Wat ga je doen?<\/strong><br \/>Als bijbaan medewerker restaurant zorg je voor een warme en gastvrije sfeer binnen de locatie. Je werkt samen met de zorg en levert een bijdrage aan het dagelijks welzijn van onze bewoners.<\/p>\n<p>Tijdens de maaltijden ondersteun je bewoners en heb je oog voor persoonlijk contact. Je werkzaamheden bestaan uit het dekken van tafels, het serveren van maaltijden en het afruimen en afwassen. Samen met je collega\u2019s zorg je voor een prettige eetomgeving.<\/p>\n<p>De diensten vinden voornamelijk overdag plaats en kunnen in de toekomst doorlopen tot het begin van de avond. Tijdens de weekenden en vakanties werk je in wisselende diensten.<\/p>\n<p>Wij zijn op zoek naar nieuwe collega\u2019s voor onze locaties in de regio Venlo en Roermond.<\/p>\n<p><strong>Hoe zorgen wij voor jou?<\/strong><br \/>Naast een fijn team bieden we je in eerste instantie een jaarcontract, met de duidelijke intentie om dit bij goed functioneren om te zetten naar een vast dienstverband. Hoe je je uren indeelt, stemmen we flexibel en in overleg af \u2013 zodat werk en priv\u00e9 goed in balans blijven.<\/p>\n<p>Als Bijbaan Medewerker Restaurant schalen we je in op basis van de cao VVT, FWG 15 met een salaris van maximaal \u20ac 2.574,72 bruto per maand bij een fulltime dienstverband van gemiddeld 36 uur per week. Je krijgt een 1 uurscontract voor deze functie.<\/p>\n<p>Omdat jouw dagelijkse inzet en betrokkenheid zo waardevol is, krijg je bovenop je salaris extra\u2019s die laten zien hoe we bij De Zorggroep voor jou zorgen:<\/p>\n<p>Altijd goed voor je geregeld<\/p>\n<ul>\n<li>Jaarlijkse waardering voor jouw inzet: een periodieke verhoging binnen jouw functieschaal, zodat jouw ontwikkeling en bijdrage zichtbaar blijft.<\/li>\n<\/ul>\n<p>Speciaal voor jou bij De Zorggroep<\/p>\n<ul>\n<li>PAK \u2013 Persoonlijk Arbeidsvoorwaarden Keuzebudget: jouw vakantiegeld (8%) en eindejaarsuitkering (8,33%) worden maandelijks gespaard in het PAK- budget. Zo heb je meer vrijheid en invloed: besteed het aan extra vrije dagen, opleidingen, sport, kinderopvang, verduurzaming of laat het uitbetalen op een moment dat het voor jou handig uitkomt \u2013 precies wat bij jou past.<\/li>\n<li>Ontwikkeling &amp; groei met SLIM!: ons online leerplatform met fysieke scholingen, online trainingen en micro-learnings. Inclusief een persoonlijk overzicht van jouw bevoegd- en bekwaamheden \u00e9n behaalde scholingen, ideaal voor jouw professionele groei in de zorg.<\/li>\n<li>Aandacht voor jouw vitaliteit en balans: rookvrije organisatie, gratis lidmaatschap van de Groene Kruis Ledenorganisatie \u00e9n aantrekkelijke kortingen via Benefits at Work. Zo blijf je gezond en energiek op het werk \u00e9n priv\u00e9.<\/li>\n<\/ul>\n<p><strong>Wat maakt jou de juiste Bijbaan Restaurant medewerker?<\/strong><br \/>Als Bijbaan Medewerker Restaurant in een zorginstelling is het natuurlijk belangrijk dat je een gastvrije en klantvriendelijke houding hebt, schoon en netjes werkt en je vindt het leuk af en toe contact te hebben met de bewoners. Verder werk je graag in een team en ben je een fijne collega. Heb je al ervaring op het gebied van restaurant- of cateringwerkzaamheden? Dan vinden we dat helemaal fijn!<\/p>\n<p>Verder dien je een aanpakker met hart voor de zorg te zijn, zelfstandig maar ook goed in teamverband kunnen (samen)werken en affiniteit met maaltijdvoorziening in de ouderenzorg te hebben.<\/p>\n<p><strong>Enthousiast geworden?<\/strong><br \/>Leuk, we leren je graag kennen! Solliciteer direct en we nemen zo snel mogelijk contact met je op. Wil je meer informatie over de functie? Neem dan contact op met <a href=\"mailto:werkenbij@dezorggroep.nl\">werkenbij@dezorggroep.nl<\/a><\/p>\n<p>Heb je vragen over de functie? Neem gerust contact op met onze Teamleider Facilitair Jan-Willem Kat via Jan-Willem.Kat@dezorggroep.nl<\/p>\n<p><em>Het is niet toegestaan om deze vacature en de daarin vermelde contactgegevens te gebruiken voor acquisitiedoeleinden. <\/em><\/p>\n<p><strong>De Zorggroep<\/strong><br \/>Werken bij De Zorggroep<\/p>\n<p>Werken bij De Zorggroep betekent een betekenisvolle invulling geven aan het leven van kwetsbare mensen en bijdragen aan de lokale samenleving. Samen met jou durven we te kijken naar wat past bij jou en wat jouw plek binnen De Zorggroep kan zijn.<\/p>\n<p>Samen begint met jou.<\/p>\n<p>Als grootste zorgaanbieder in Noord- en Midden-Limburg bieden wij een breed aanbod van diensten. Met thuiszorg en vele woon- en zorglocaties bieden we ondersteuning, zorg en specialistische behandeling aan iedereen die dat nodig heeft. Werken vanuit Positieve Gezondheid staat bij ons centraal. Dat betekent dat het accent niet op de ziekte of beperking ligt, maar op de mensen zelf: op hun veerkracht en hun mogelijkheden. Wij willen bijdragen aan een vitale gemeenschap, waarin mensen zelfredzaam en bovenal gelukkig zijn. Samen met 5000 medewerkers en onze 2200 vrijwilligers zetten we ons dagelijks in voor dit ideaalbeeld. Onze medewerkers willen iets voor een ander kunnen betekenen. Daarom bieden wij talloze mogelijkheden waarin ze zowel zichzelf als het vak kunnen ontwikkelen. Zo hebben we een medezeggenschapsraad, maar bijvoorbeeld ook een PAR (professionele adviesraad). De PAR geeft onafhankelijk, gevraagd en ongevraagd advies aan raad van bestuur over actuele werkinhoudelijke onderwerpen zoals het rookbeleid en kwaliteitsindicatoren. Op deze manier kunnen medewerkers ook echt een bijdrage leveren en datgene doen waar hun hart ligt.<\/p>\n<p>\n<\/div><\/section><\/div>\n  \n<style type=\"text\/css\" data-created_by=\"avia_inline_auto\" id=\"style-css-av-av_one_third-0aa7055fe62c3622faec82866afbaeb2\">\n.flex_column.av-av_one_third-0aa7055fe62c3622faec82866afbaeb2{\nborder-radius:0px 0px 0px 0px;\npadding:0px 0px 0px 0px;\n}\n<\/style>\n<div  class='flex_column av-av_one_third-0aa7055fe62c3622faec82866afbaeb2 av_one_third flex_column_div av-zero-column-padding  '     ><div  class='togglecontainer av-av_toggle_container-d03efdf7de8d15029af4a4ccb5448be7' ><div class='taglist'><div class=\"tag-tab\"><a href=\"#\" data-tag=\"{All}\" class=\"activeFilter\">All<\/a><span class='tag-seperator'>\/<\/span><\/div><div class=\"tag-tab\"><a href=\"#\" data-tag=\"{Applications}\" class=\"\">Applications<\/a><span class='tag-seperator'>\/<\/span><\/div><div class=\"tag-tab\"><a href=\"#\" data-tag=\"{Views}\" class=\"\">Views<\/a><span class='tag-seperator'>\/<\/span><\/div><\/div>\n              <section class='av_toggle_section av-av_toggle-8365d1f840769313aeea8193bee90045'  itemscope=\"itemscope\" itemtype=\"https:\/\/schema.org\/CreativeWork\" ><div role=\"tablist\" class=\"single_toggle\" data-tags=\"{All} {Applications} {Views} \"  ><p id='toggle-toggle-id-5' data-fake-id='#toggle-id-5' class='toggler  activeTitle av-title-above '  itemprop=\"headline\"  role='tab' tabindex='0' aria-controls='toggle-id-5' data-slide-speed=\"200\" data-title=\"Zorgnet Limburg\" data-title-open=\"\" data-aria_collapsed=\"Click to expand: Zorgnet Limburg\" data-aria_expanded=\"Click to collapse: Zorgnet Limburg\">Zorgnet Limburg<span class=\"toggle_icon\"><span class=\"vert_icon\"><\/span><span class=\"hor_icon\"><\/span><\/span><\/p><div id='toggle-id-5' aria-labelledby='toggle-toggle-id-5' role='region' class='toggle_wrap  active_tc av-title-above' style='display:block;' ><div class='toggle_content invers-color '  itemprop=\"text\" ><p>          \n<style type=\"text\/css\" data-created_by=\"avia_inline_auto\" id=\"style-css-av-av_font_icon-68df07e82f9aa7e9ca8086cf07328158\">\n.av_font_icon.av-av_font_icon-68df07e82f9aa7e9ca8086cf07328158 .av-icon-char{\nfont-size:12px;\nline-height:12px;\n}\n<\/style>\n<span  class='av_font_icon av-av_font_icon-68df07e82f9aa7e9ca8086cf07328158 avia_animate_when_visible av-icon-style- avia-icon-pos-left avia-iconfont avia-font-entypo-fontello av-no-color avia-icon-animate'><span class='av-icon-char' data-av_icon='\ue82d' data-av_iconfont='entypo-fontello' aria-hidden=\"true\" ><\/span><\/span> 2 applications<br \/>\n          \n<style type=\"text\/css\" data-created_by=\"avia_inline_auto\" id=\"style-css-av-av_font_icon-2ad3e02231965e18a13969aa2ae9da8b\">\n.av_font_icon.av-av_font_icon-2ad3e02231965e18a13969aa2ae9da8b .av-icon-char{\nfont-size:12px;\nline-height:12px;\n}\n<\/style>\n<span  class='av_font_icon av-av_font_icon-2ad3e02231965e18a13969aa2ae9da8b avia_animate_when_visible av-icon-style- avia-icon-pos-left avia-iconfont avia-font-entypo-fontello av-no-color avia-icon-animate'><span class='av-icon-char' data-av_icon='\ue80b' data-av_iconfont='entypo-fontello' aria-hidden=\"true\" ><\/span><\/span> 26 views                  <\/p>\n<\/div><\/div><\/div><\/section>\n          <\/div><\/div>\n  <br style=\"clear: both\">\n  <span style=\"margin-top: 20px; float: right\">22-04-2026<\/span>\n  <span style=\"margin-top: 20px; font-weight: bold; float: left\">De Zorggroep<\/span>\n  \n","protected":false},"excerpt":{"rendered":"","protected":false},"author":1,"featured_media":3495,"comment_status":"open","ping_status":"closed","template":"","meta":{"footnotes":""},"tags":[],"portfolio_entries":[94,148],"class_list":["post-3500","portfolio","type-portfolio","status-publish","has-post-thumbnail","hentry","portfolio_entries-healthcare","portfolio_entries-ubeeo-en"],"yoast_head":"<!-- This site is optimized with the Yoast SEO plugin v27.4 - https:\/\/yoast.com\/product\/yoast-seo-wordpress\/ -->\n<title>De Zorggroep - Mimir<\/title>\n<meta name=\"description\" content=\"De Zorggroep uses the advanced and integrated job management services of Mimir in Ubeeo to manage jobs on job boards.\" \/>\n<meta name=\"robots\" content=\"index, follow, max-snippet:-1, max-image-preview:large, max-video-preview:-1\" \/>\n<link rel=\"canonical\" href=\"https:\/\/mimir.nu\/o\/dezorggroep\/\" \/>\n<meta property=\"og:locale\" content=\"en_US\" \/>\n<meta property=\"og:type\" content=\"article\" \/>\n<meta property=\"og:title\" content=\"De Zorggroep - Mimir\" \/>\n<meta property=\"og:description\" content=\"De Zorggroep uses the advanced and integrated job management services of Mimir in Ubeeo to manage jobs on job boards.\" \/>\n<meta property=\"og:url\" content=\"https:\/\/mimir.nu\/o\/dezorggroep\/\" \/>\n<meta property=\"og:site_name\" content=\"Mimir\" \/>\n<meta property=\"article:modified_time\" content=\"2022-05-03T18:45:41+00:00\" \/>\n<meta property=\"og:image\" content=\"https:\/\/mimir.nu\/wp-content\/uploads\/2019\/06\/logo-dezorggroep-200x200.png\" \/>\n\t<meta property=\"og:image:width\" content=\"200\" \/>\n\t<meta property=\"og:image:height\" content=\"200\" \/>\n\t<meta property=\"og:image:type\" content=\"image\/png\" \/>\n<meta name=\"twitter:card\" content=\"summary_large_image\" \/>\n<meta name=\"twitter:label1\" content=\"Est. reading time\" \/>\n\t<meta name=\"twitter:data1\" content=\"1 minute\" \/>\n<script type=\"application\/ld+json\" class=\"yoast-schema-graph\">{\"@context\":\"https:\\\/\\\/schema.org\",\"@graph\":[{\"@type\":\"WebPage\",\"@id\":\"https:\\\/\\\/mimir.nu\\\/o\\\/dezorggroep\\\/\",\"url\":\"https:\\\/\\\/mimir.nu\\\/o\\\/dezorggroep\\\/\",\"name\":\"De Zorggroep - Mimir\",\"isPartOf\":{\"@id\":\"https:\\\/\\\/mimir.nu\\\/#website\"},\"primaryImageOfPage\":{\"@id\":\"https:\\\/\\\/mimir.nu\\\/o\\\/dezorggroep\\\/#primaryimage\"},\"image\":{\"@id\":\"https:\\\/\\\/mimir.nu\\\/o\\\/dezorggroep\\\/#primaryimage\"},\"thumbnailUrl\":\"https:\\\/\\\/mimir.nu\\\/wp-content\\\/uploads\\\/2019\\\/06\\\/logo-dezorggroep-200x200.png\",\"datePublished\":\"2019-06-26T12:04:24+00:00\",\"dateModified\":\"2022-05-03T18:45:41+00:00\",\"description\":\"De Zorggroep uses the advanced and integrated job management services of Mimir in Ubeeo to manage jobs on job boards.\",\"breadcrumb\":{\"@id\":\"https:\\\/\\\/mimir.nu\\\/o\\\/dezorggroep\\\/#breadcrumb\"},\"inLanguage\":\"en-US\",\"potentialAction\":[{\"@type\":\"ReadAction\",\"target\":[\"https:\\\/\\\/mimir.nu\\\/o\\\/dezorggroep\\\/\"]}]},{\"@type\":\"ImageObject\",\"inLanguage\":\"en-US\",\"@id\":\"https:\\\/\\\/mimir.nu\\\/o\\\/dezorggroep\\\/#primaryimage\",\"url\":\"https:\\\/\\\/mimir.nu\\\/wp-content\\\/uploads\\\/2019\\\/06\\\/logo-dezorggroep-200x200.png\",\"contentUrl\":\"https:\\\/\\\/mimir.nu\\\/wp-content\\\/uploads\\\/2019\\\/06\\\/logo-dezorggroep-200x200.png\",\"width\":200,\"height\":200,\"caption\":\"Logo De Zorggroep\"},{\"@type\":\"BreadcrumbList\",\"@id\":\"https:\\\/\\\/mimir.nu\\\/o\\\/dezorggroep\\\/#breadcrumb\",\"itemListElement\":[{\"@type\":\"ListItem\",\"position\":1,\"name\":\"Home\",\"item\":\"https:\\\/\\\/mimir.nu\\\/en\\\/\"},{\"@type\":\"ListItem\",\"position\":2,\"name\":\"De Zorggroep\"}]},{\"@type\":\"WebSite\",\"@id\":\"https:\\\/\\\/mimir.nu\\\/#website\",\"url\":\"https:\\\/\\\/mimir.nu\\\/\",\"name\":\"Mimir\",\"description\":\"Automatisch vacatures plaatsen op vacaturebanken\",\"potentialAction\":[{\"@type\":\"SearchAction\",\"target\":{\"@type\":\"EntryPoint\",\"urlTemplate\":\"https:\\\/\\\/mimir.nu\\\/?s={search_term_string}\"},\"query-input\":{\"@type\":\"PropertyValueSpecification\",\"valueRequired\":true,\"valueName\":\"search_term_string\"}}],\"inLanguage\":\"en-US\"}]}<\/script>\n<!-- \/ Yoast SEO plugin. -->","yoast_head_json":{"title":"De Zorggroep - Mimir","description":"De Zorggroep uses the advanced and integrated job management services of Mimir in Ubeeo to manage jobs on job boards.","robots":{"index":"index","follow":"follow","max-snippet":"max-snippet:-1","max-image-preview":"max-image-preview:large","max-video-preview":"max-video-preview:-1"},"canonical":"https:\/\/mimir.nu\/o\/dezorggroep\/","og_locale":"en_US","og_type":"article","og_title":"De Zorggroep - Mimir","og_description":"De Zorggroep uses the advanced and integrated job management services of Mimir in Ubeeo to manage jobs on job boards.","og_url":"https:\/\/mimir.nu\/o\/dezorggroep\/","og_site_name":"Mimir","article_modified_time":"2022-05-03T18:45:41+00:00","og_image":[{"width":200,"height":200,"url":"https:\/\/mimir.nu\/wp-content\/uploads\/2019\/06\/logo-dezorggroep-200x200.png","type":"image\/png"}],"twitter_card":"summary_large_image","twitter_misc":{"Est. reading time":"1 minute"},"schema":{"@context":"https:\/\/schema.org","@graph":[{"@type":"WebPage","@id":"https:\/\/mimir.nu\/o\/dezorggroep\/","url":"https:\/\/mimir.nu\/o\/dezorggroep\/","name":"De Zorggroep - Mimir","isPartOf":{"@id":"https:\/\/mimir.nu\/#website"},"primaryImageOfPage":{"@id":"https:\/\/mimir.nu\/o\/dezorggroep\/#primaryimage"},"image":{"@id":"https:\/\/mimir.nu\/o\/dezorggroep\/#primaryimage"},"thumbnailUrl":"https:\/\/mimir.nu\/wp-content\/uploads\/2019\/06\/logo-dezorggroep-200x200.png","datePublished":"2019-06-26T12:04:24+00:00","dateModified":"2022-05-03T18:45:41+00:00","description":"De Zorggroep uses the advanced and integrated job management services of Mimir in Ubeeo to manage jobs on job boards.","breadcrumb":{"@id":"https:\/\/mimir.nu\/o\/dezorggroep\/#breadcrumb"},"inLanguage":"en-US","potentialAction":[{"@type":"ReadAction","target":["https:\/\/mimir.nu\/o\/dezorggroep\/"]}]},{"@type":"ImageObject","inLanguage":"en-US","@id":"https:\/\/mimir.nu\/o\/dezorggroep\/#primaryimage","url":"https:\/\/mimir.nu\/wp-content\/uploads\/2019\/06\/logo-dezorggroep-200x200.png","contentUrl":"https:\/\/mimir.nu\/wp-content\/uploads\/2019\/06\/logo-dezorggroep-200x200.png","width":200,"height":200,"caption":"Logo De Zorggroep"},{"@type":"BreadcrumbList","@id":"https:\/\/mimir.nu\/o\/dezorggroep\/#breadcrumb","itemListElement":[{"@type":"ListItem","position":1,"name":"Home","item":"https:\/\/mimir.nu\/en\/"},{"@type":"ListItem","position":2,"name":"De Zorggroep"}]},{"@type":"WebSite","@id":"https:\/\/mimir.nu\/#website","url":"https:\/\/mimir.nu\/","name":"Mimir","description":"Automatisch vacatures plaatsen op vacaturebanken","potentialAction":[{"@type":"SearchAction","target":{"@type":"EntryPoint","urlTemplate":"https:\/\/mimir.nu\/?s={search_term_string}"},"query-input":{"@type":"PropertyValueSpecification","valueRequired":true,"valueName":"search_term_string"}}],"inLanguage":"en-US"}]}},"_links":{"self":[{"href":"https:\/\/mimir.nu\/en\/wp-json\/wp\/v2\/portfolio\/3500","targetHints":{"allow":["GET"]}}],"collection":[{"href":"https:\/\/mimir.nu\/en\/wp-json\/wp\/v2\/portfolio"}],"about":[{"href":"https:\/\/mimir.nu\/en\/wp-json\/wp\/v2\/types\/portfolio"}],"author":[{"embeddable":true,"href":"https:\/\/mimir.nu\/en\/wp-json\/wp\/v2\/users\/1"}],"replies":[{"embeddable":true,"href":"https:\/\/mimir.nu\/en\/wp-json\/wp\/v2\/comments?post=3500"}],"version-history":[{"count":0,"href":"https:\/\/mimir.nu\/en\/wp-json\/wp\/v2\/portfolio\/3500\/revisions"}],"wp:featuredmedia":[{"embeddable":true,"href":"https:\/\/mimir.nu\/en\/wp-json\/wp\/v2\/media\/3495"}],"wp:attachment":[{"href":"https:\/\/mimir.nu\/en\/wp-json\/wp\/v2\/media?parent=3500"}],"wp:term":[{"taxonomy":"post_tag","embeddable":true,"href":"https:\/\/mimir.nu\/en\/wp-json\/wp\/v2\/tags?post=3500"},{"taxonomy":"portfolio_entries","embeddable":true,"href":"https:\/\/mimir.nu\/en\/wp-json\/wp\/v2\/portfolio_entries?post=3500"}],"curies":[{"name":"wp","href":"https:\/\/api.w.org\/{rel}","templated":true}]}}