{"id":3661,"date":"2021-04-11T12:00:00","date_gmt":"2021-04-11T10:00:00","guid":{"rendered":"http:\/\/3.250.26.85\/o\/thebe\/"},"modified":"2021-04-11T16:46:30","modified_gmt":"2021-04-11T14:46:30","slug":"thebe","status":"publish","type":"portfolio","link":"https:\/\/mimir.nu\/en\/o\/thebe\/","title":{"rendered":"Thebe"},"content":{"rendered":"  \n<style type=\"text\/css\" data-created_by=\"avia_inline_auto\" id=\"style-css-av-av_heading-300e46693849be737725a71214790bfd\">\n#top .av-special-heading.av-av_heading-300e46693849be737725a71214790bfd{\npadding-bottom:10px;\n}\nbody .av-special-heading.av-av_heading-300e46693849be737725a71214790bfd .av-special-heading-tag .heading-char{\nfont-size:25px;\n}\n.av-special-heading.av-av_heading-300e46693849be737725a71214790bfd .av-subheading{\nfont-size:15px;\n}\n<\/style>\n<div  class='av-special-heading av-av_heading-300e46693849be737725a71214790bfd av-special-heading-h3'><h3 class='av-special-heading-tag '  itemprop=\"headline\"  >Jobs posted by Thebe<\/h3><div class=\"special-heading-border\"><div class=\"special-heading-inner-border\"><\/div><\/div><\/div>\n  <section  class='av_textblock_section av-av_textblock-0366cc7376be6c9e82a3e9cc8987b64f '   itemscope=\"itemscope\" itemtype=\"https:\/\/schema.org\/CreativeWork\" ><div class='avia_textblock'  itemprop=\"text\" ><p>    Mimir provides the automated job management of jobs on job boards for <a href=\"https:\/\/www.thebe.nl\/\">Thebe<\/a>.<\/p>\n<\/div><\/section>\n\n<style type=\"text\/css\" data-created_by=\"avia_inline_auto\" id=\"style-css-av-av_heading-ec4bf286390e57c0f372b4510908f00a\">\n#top .av-special-heading.av-av_heading-ec4bf286390e57c0f372b4510908f00a{\npadding-bottom:10px;\n}\nbody .av-special-heading.av-av_heading-ec4bf286390e57c0f372b4510908f00a .av-special-heading-tag .heading-char{\nfont-size:25px;\n}\n.av-special-heading.av-av_heading-ec4bf286390e57c0f372b4510908f00a .av-subheading{\nfont-size:15px;\n}\n<\/style>\n<div  class='av-special-heading av-av_heading-ec4bf286390e57c0f372b4510908f00a av-special-heading-h4'><h4 class='av-special-heading-tag '  itemprop=\"headline\"  >Latest jobs<\/h4><div class=\"special-heading-border\"><div class=\"special-heading-inner-border\"><\/div><\/div><\/div>\n  \n<style type=\"text\/css\" data-created_by=\"avia_inline_auto\" id=\"style-css-av-av_two_third-61be9178410eaaa3f443d4723cbbaeb0\">\n.flex_column.av-av_two_third-61be9178410eaaa3f443d4723cbbaeb0{\nborder-radius:0px 0px 0px 0px;\npadding:0px 0px 0px 0px;\n}\n<\/style>\n<div  class='flex_column av-av_two_third-61be9178410eaaa3f443d4723cbbaeb0 av_two_third first flex_column_div av-zero-column-padding  '     ><section  class='av_textblock_section av-av_textblock-0366cc7376be6c9e82a3e9cc8987b64f '   itemscope=\"itemscope\" itemtype=\"https:\/\/schema.org\/CreativeWork\" ><div class='avia_textblock'  itemprop=\"text\" ><h5 class=\"no-translation\">Helpende (plus) in de wijk Etten-Leur<\/h5>\n<p class=\"no-translation\">Maak jij als Helpende plus het verschil thuis bij cli\u00ebnten?<\/p>\n<p><strong>Dan is dit iets voor jou!<\/strong><br \/>Wil jij als Helpende (Plus) bijdragen aan het welzijn en de zelfredzaamheid van onze cli\u00ebnten, zodat ze langer thuis kunnen blijven wonen? Vind je het fijn om zelfstandig te werken, terwijl je onderdeel bent van een hecht wijkteam? De uren zijn in overleg.<\/p>\n<p><strong>Jouw Rol<\/strong>; Als Helpende (Plus) bezoek je dagelijks cli\u00ebnten thuis in heel Etten-Leur. Je helpt hen met persoonlijke verzorging zoals wassen, aankleden en maaltijdondersteuning. Daarnaast voer je eenvoudige zorgtaken uit volgens het zorgplan en signaleer je bijzonderheden om op tijd actie te ondernemen. Je bent onderdeel van een betrokken team en draagt samen zorg voor de beste ondersteuning thuis.<\/p>\n<p><strong>Over jou<\/strong><\/p>\n<ul>\n<li>Je hebt een diploma Helpende plus (MBO niveau 2).<\/li>\n<li>Je bent zelfstandig en teamgericht, met ervaring in dagelijkse zorgactiviteiten bij voorkeur in de wijk.<\/li>\n<li>Je bent collegiaal en vriendelijk naar cli\u00ebnten toe.<\/li>\n<li>Je bent beschikbaar voor 0-32 uur per week (uren in overleg).<\/li>\n<li>Je hebt een auto, gezien het werkgebied in het buitengebied.<\/li>\n<li>Een VOG is verplicht.<\/li>\n<\/ul>\n<p><strong>Wij bieden<\/strong><\/p>\n<ul>\n<li>Een baan in een zelfstandig team met veel vrijheid en verantwoordelijkheid samen met de collega\u2019s in je team.<\/li>\n<li>Het \u2018<a href=\"https:\/\/eur03.safelinks.protection.outlook.com\/?url=https%3A%2F%2Fwww.werkenbijthebe.nl%2Fde-wauw-van-thebe%2Fwelkom-bij-thebe&amp;data=05%7C02%7CRecruitment%40thebe.nl%7C6492543177de464911aa08dc3eb7ecd5%7C696178b0a8144bd08bcd3f3ca397ae93%7C0%7C0%7C638454206867406772%7CUnknown%7CTWFpbGZsb3d8eyJWIjoiMC4wLjAwMDAiLCJQIjoiV2luMzIiLCJBTiI6Ik1haWwiLCJXVCI6Mn0%3D%7C0%7C%7C%7C&amp;sdata=WkG7MmNYdtdhEI9RHh6NS0e9xNg%2Bn7xSR%2FngSQubhhY%3D&amp;reserved=0\">Welkom bij Thebe-traject<\/a>\u2019 in de eerste maanden dat je bij Thebe in dienst bent. Dit zorgt voor een zachte landing en de mogelijkheid om Thebe goed te leren kennen.<\/li>\n<li>Een goed arbeidsvoorwaardenpakket (<a href=\"https:\/\/eur03.safelinks.protection.outlook.com\/?url=https%3A%2F%2Fwww.werkenbijthebe.nl%2Fcao-vvt&amp;data=05%7C02%7CRecruitment%40thebe.nl%7C6492543177de464911aa08dc3eb7ecd5%7C696178b0a8144bd08bcd3f3ca397ae93%7C0%7C0%7C638454206867419356%7CUnknown%7CTWFpbGZsb3d8eyJWIjoiMC4wLjAwMDAiLCJQIjoiV2luMzIiLCJBTiI6Ik1haWwiLCJXVCI6Mn0%3D%7C0%7C%7C%7C&amp;sdata=%2BOyxkvWUz%2FAlZNe8AzYFLkwpcrrJsMNbZZ9JhexiBvI%3D&amp;reserved=0\">conform CAO VVT<\/a>). Het salaris voor deze functie is min. \u20ac 2.511,31 - max. \u20ac 3.124,01. Een aanloopperiodiek\/zij-instroomperiodiek kan van toepassing zijn op het startsalaris.<\/li>\n<li>Interessante (collectiviteits)kortingen.<\/li>\n<li>Op ieder niveau volop ruimte om jezelf verder te ontwikkelen of door te groeien.<\/li>\n<\/ul>\n<p><strong>Solliciteren<\/strong><br \/>Spreekt dit jou aan? Solliciteer dan direct met je CV.<\/p>\n<p>Wil je meer weten over de vacature? Neem dan contact op met Linda van Oorschot, hbo-verpleegkundige, op 06-17 44 25 08.<\/p>\n<p><strong>Over Thebe<\/strong><br \/>Als je bij Thebe werkt, dan werk je volgens <a href=\"https:\/\/www.werkenbijthebe.nl\/de-wauw-van-thebe\/de-bedoeling-van-thebe\/\">De Bedoeling<\/a>. Dat betekent o.a. dat we staan voor professionele zorg en de nadruk leggen op zelf, thuis &amp; technologie. De kernwaarden van Thebe spelen een belangrijk rol in jouw werk. Binnen jouw werk voel je je <strong>verantwoordelijk<\/strong> om de juiste dingen te doen en haal je dagelijks het beste uit jezelf. De <strong>mens staat altijd centraal<\/strong> en samen met de cli\u00ebnt, naasten en vrijwilligers geef je professionele zorg op maat. Zo werk je <strong>verbindend<\/strong> met de cli\u00ebnten en naasten, maar ook met je collega\u2019s. Je bent altijd op zoek naar <strong>vernieuwing<\/strong>. Je wacht niet af, maar durft de dingen die beter of anders kunnen te benoemen en aan te pakken.<\/p>\n<p>Waarom het zo fijn is om bij Thebe te werken? Dat is de <strong><a href=\"https:\/\/www.werkenbijthebe.nl\/de-wauw-van-thebe\/\">WAUW van Thebe<\/a><\/strong>.<\/p>\n<p>\n<\/div><\/section><\/div>\n  \n<style type=\"text\/css\" data-created_by=\"avia_inline_auto\" id=\"style-css-av-av_one_third-0aa7055fe62c3622faec82866afbaeb2\">\n.flex_column.av-av_one_third-0aa7055fe62c3622faec82866afbaeb2{\nborder-radius:0px 0px 0px 0px;\npadding:0px 0px 0px 0px;\n}\n<\/style>\n<div  class='flex_column av-av_one_third-0aa7055fe62c3622faec82866afbaeb2 av_one_third flex_column_div av-zero-column-padding  '     ><div  class='togglecontainer av-av_toggle_container-d03efdf7de8d15029af4a4ccb5448be7' ><div class='taglist'><div class=\"tag-tab\"><a href=\"#\" data-tag=\"{All}\" class=\"activeFilter\">All<\/a><span class='tag-seperator'>\/<\/span><\/div><div class=\"tag-tab\"><a href=\"#\" data-tag=\"{Applications}\" class=\"\">Applications<\/a><span class='tag-seperator'>\/<\/span><\/div><\/div>\n              <section class='av_toggle_section av-av_toggle-0ff155fd5112fa3ee980132518c7d944'  itemscope=\"itemscope\" itemtype=\"https:\/\/schema.org\/CreativeWork\" ><div role=\"tablist\" class=\"single_toggle\" data-tags=\"{All} {Applications} \"  ><p id='toggle-toggle-id-1' data-fake-id='#toggle-id-1' class='toggler  activeTitle av-title-above '  itemprop=\"headline\"  role='tab' tabindex='0' aria-controls='toggle-id-1' data-slide-speed=\"200\" data-title=\"BrabantZorg.Net\" data-title-open=\"\" data-aria_collapsed=\"Click to expand: BrabantZorg.Net\" data-aria_expanded=\"Click to collapse: BrabantZorg.Net\">BrabantZorg.Net<span class=\"toggle_icon\"><span class=\"vert_icon\"><\/span><span class=\"hor_icon\"><\/span><\/span><\/p><div id='toggle-id-1' aria-labelledby='toggle-toggle-id-1' role='region' class='toggle_wrap  active_tc av-title-above' style='display:block;' ><div class='toggle_content invers-color '  itemprop=\"text\" ><p>          \n<style type=\"text\/css\" data-created_by=\"avia_inline_auto\" id=\"style-css-av-av_font_icon-68df07e82f9aa7e9ca8086cf07328158\">\n.av_font_icon.av-av_font_icon-68df07e82f9aa7e9ca8086cf07328158 .av-icon-char{\nfont-size:12px;\nline-height:12px;\n}\n<\/style>\n<span  class='av_font_icon av-av_font_icon-68df07e82f9aa7e9ca8086cf07328158 avia_animate_when_visible av-icon-style- avia-icon-pos-left avia-iconfont avia-font-entypo-fontello av-no-color avia-icon-animate'><span class='av-icon-char' data-av_icon='\ue82d' data-av_iconfont='entypo-fontello' aria-hidden=\"true\" ><\/span><\/span> 1 application<br \/>\n          \n<style type=\"text\/css\" data-created_by=\"avia_inline_auto\" id=\"style-css-av-av_font_icon-2ad3e02231965e18a13969aa2ae9da8b\">\n.av_font_icon.av-av_font_icon-2ad3e02231965e18a13969aa2ae9da8b .av-icon-char{\nfont-size:12px;\nline-height:12px;\n}\n<\/style>\n<span  class='av_font_icon av-av_font_icon-2ad3e02231965e18a13969aa2ae9da8b avia_animate_when_visible av-icon-style- avia-icon-pos-left avia-iconfont avia-font-entypo-fontello av-no-color avia-icon-animate'><span class='av-icon-char' data-av_icon='\ue80b' data-av_iconfont='entypo-fontello' aria-hidden=\"true\" ><\/span><\/span> 0 views                  <\/p>\n<\/div><\/div><\/div><\/section>\n          <\/div><\/div>\n  <br style=\"clear: both\">\n  <span style=\"margin-top: 20px; float: right\">29-04-2026<\/span>\n  <span style=\"margin-top: 20px; font-weight: bold; float: left\">Thebe<\/span>\n  <hr>  \n<style type=\"text\/css\" data-created_by=\"avia_inline_auto\" id=\"style-css-av-av_two_third-61be9178410eaaa3f443d4723cbbaeb0\">\n.flex_column.av-av_two_third-61be9178410eaaa3f443d4723cbbaeb0{\nborder-radius:0px 0px 0px 0px;\npadding:0px 0px 0px 0px;\n}\n<\/style>\n<div  class='flex_column av-av_two_third-61be9178410eaaa3f443d4723cbbaeb0 av_two_third first flex_column_div av-zero-column-padding  '     ><section  class='av_textblock_section av-av_textblock-0366cc7376be6c9e82a3e9cc8987b64f '   itemscope=\"itemscope\" itemtype=\"https:\/\/schema.org\/CreativeWork\" ><div class='avia_textblock'  itemprop=\"text\" ><h5 class=\"no-translation\">Zomerbijbaan Zorgstudent regio Breda<\/h5>\n<p class=\"no-translation\">Volg jij een zorgopleiding, heb je je 1e jaarsstage afgerond en wil je deze zomer niet alleen geld verdienen, maar ook \u00e9cht ervaring opdoen in de ouderenzorg?<\/p>\n<p><strong>Dan is dit iets voor jou!<\/strong><br \/>Voor de regio Breda zijn we op zoek naar zorgstudenten voor de zomerperiode met de mogelijkheid om na de zomerperiode te blijven. Als zorgstudent ondersteun je bij de dagelijkse zorg \u00e9n bij welzijn. Samen met het team zorg je voor een warme, veilige en vertrouwde leefomgeving.<\/p>\n<p>Je:<\/p>\n<ul>\n<li>Ondersteunt bij ADL-zorg (passend bij jouw opleidingsniveau)<\/li>\n<li>Helpt bij maaltijden en dagelijkse activiteiten<\/li>\n<li>Maakt tijd voor een praatje of een wandeling<\/li>\n<li>Werkt samen met verzorgenden IG en verpleegkundigen<\/li>\n<li>Leert hoe zorg en welzijn hand in hand gaan<\/li>\n<\/ul>\n<p>Je draait mee in het team. Een ideale manier om praktijkervaring op te doen \u00e9n te ontdekken waar jouw kracht ligt.<\/p>\n<p>In gezamenlijk overleg bepalen we wat de meest geschikte locatie voor jou is.<\/p>\n<p><strong>Over jou<\/strong><\/p>\n<ul>\n<li>Je volgt een zorgopleiding (VIG, Verpleegkunde of vergelijkbaar).<\/li>\n<li>Je hebt minimaal je eerste leerjaar afgerond.<\/li>\n<li>Je bent beschikbaar in de zomerperiode.<\/li>\n<li>Je bent sociaal, betrokken en steekt graag je handen uit de mouwen.<\/li>\n<li>Je bent flexibel inzetbaar (uren in overleg).<\/li>\n<li>Een verklaring omtrent gedrag (VOG) is vereist.<\/li>\n<\/ul>\n<p><strong>Wij bieden<\/strong><\/p>\n<ul>\n<li>Een betekenisvolle zomerbijbaan binnen een betrokken team.<\/li>\n<li>Salaris conform CAO VVT (afhankelijk van opleiding en ervaring).<\/li>\n<li>Goede begeleiding en praktijkervaring.<\/li>\n<li>Flexibele uren in overleg.<\/li>\n<li>Mogelijkheid om na de zomer te blijven werken als bijbaan.<\/li>\n<\/ul>\n<p>Bij <strong>Thebe<\/strong> werk je volgens <em>De Bedoeling<\/em>: professionele zorg met aandacht voor zelf, thuis &amp; technologie.<\/p>\n<p>Waarom werken bij Thebe zo fijn is? Dat is de WAUW van Thebe. \ud83d\udc9c<\/p>\n<p><strong>Solliciteren<\/strong><br \/>Spreekt dit jou aan? Solliciteer dan direct met je CV en motivatie.<\/p>\n<p>Wil je meer weten over de vacature? Neem dan contact op met Nina Klaassen (recruiter) telnr. 06-44129020.<\/p>\n<p><strong>Over Thebe<\/strong><br \/>Als je bij Thebe werkt, dan werk je volgens <a href=\"https:\/\/www.werkenbijthebe.nl\/de-wauw-van-thebe\/de-bedoeling-van-thebe\/\">De Bedoeling<\/a>. Dat betekent o.a. dat we staan voor professionele zorg en de nadruk leggen op zelf, thuis &amp; technologie. De kernwaarden van Thebe spelen een belangrijk rol in jouw werk. Binnen jouw werk voel je je <strong>verantwoordelijk<\/strong> om de juiste dingen te doen en haal je dagelijks het beste uit jezelf. De <strong>mens staat altijd centraal<\/strong> en samen met de cli\u00ebnt, naasten en vrijwilligers geef je professionele zorg op maat. Zo werk je <strong>verbindend<\/strong> met de cli\u00ebnten en naasten, maar ook met je collega\u2019s. Je bent altijd op zoek naar <strong>vernieuwing<\/strong>. Je wacht niet af, maar durft de dingen die beter of anders kunnen te benoemen en aan te pakken.<\/p>\n<p>Waarom het zo fijn is om bij Thebe te werken? Dat is de <strong><a href=\"https:\/\/www.werkenbijthebe.nl\/de-wauw-van-thebe\/\">WAUW van Thebe<\/a><\/strong>.<\/p>\n<p>\n<\/div><\/section><\/div>\n  \n<style type=\"text\/css\" data-created_by=\"avia_inline_auto\" id=\"style-css-av-av_one_third-0aa7055fe62c3622faec82866afbaeb2\">\n.flex_column.av-av_one_third-0aa7055fe62c3622faec82866afbaeb2{\nborder-radius:0px 0px 0px 0px;\npadding:0px 0px 0px 0px;\n}\n<\/style>\n<div  class='flex_column av-av_one_third-0aa7055fe62c3622faec82866afbaeb2 av_one_third flex_column_div av-zero-column-padding  '     ><div  class='togglecontainer av-av_toggle_container-d03efdf7de8d15029af4a4ccb5448be7' ><div class='taglist'><div class=\"tag-tab\"><a href=\"#\" data-tag=\"{All}\" class=\"activeFilter\">All<\/a><span class='tag-seperator'>\/<\/span><\/div><div class=\"tag-tab\"><a href=\"#\" data-tag=\"{Applications}\" class=\"\">Applications<\/a><span class='tag-seperator'>\/<\/span><\/div><\/div>\n              <section class='av_toggle_section av-av_toggle-0ff155fd5112fa3ee980132518c7d944'  itemscope=\"itemscope\" itemtype=\"https:\/\/schema.org\/CreativeWork\" ><div role=\"tablist\" class=\"single_toggle\" data-tags=\"{All} {Applications} \"  ><p id='toggle-toggle-id-2' data-fake-id='#toggle-id-2' class='toggler  activeTitle av-title-above '  itemprop=\"headline\"  role='tab' tabindex='0' aria-controls='toggle-id-2' data-slide-speed=\"200\" data-title=\"BrabantZorg.Net\" data-title-open=\"\" data-aria_collapsed=\"Click to expand: BrabantZorg.Net\" data-aria_expanded=\"Click to collapse: BrabantZorg.Net\">BrabantZorg.Net<span class=\"toggle_icon\"><span class=\"vert_icon\"><\/span><span class=\"hor_icon\"><\/span><\/span><\/p><div id='toggle-id-2' aria-labelledby='toggle-toggle-id-2' role='region' class='toggle_wrap  active_tc av-title-above' style='display:block;' ><div class='toggle_content invers-color '  itemprop=\"text\" ><p>          \n<style type=\"text\/css\" data-created_by=\"avia_inline_auto\" id=\"style-css-av-av_font_icon-68df07e82f9aa7e9ca8086cf07328158\">\n.av_font_icon.av-av_font_icon-68df07e82f9aa7e9ca8086cf07328158 .av-icon-char{\nfont-size:12px;\nline-height:12px;\n}\n<\/style>\n<span  class='av_font_icon av-av_font_icon-68df07e82f9aa7e9ca8086cf07328158 avia_animate_when_visible av-icon-style- avia-icon-pos-left avia-iconfont avia-font-entypo-fontello av-no-color avia-icon-animate'><span class='av-icon-char' data-av_icon='\ue82d' data-av_iconfont='entypo-fontello' aria-hidden=\"true\" ><\/span><\/span> 1 application<br \/>\n          \n<style type=\"text\/css\" data-created_by=\"avia_inline_auto\" id=\"style-css-av-av_font_icon-2ad3e02231965e18a13969aa2ae9da8b\">\n.av_font_icon.av-av_font_icon-2ad3e02231965e18a13969aa2ae9da8b .av-icon-char{\nfont-size:12px;\nline-height:12px;\n}\n<\/style>\n<span  class='av_font_icon av-av_font_icon-2ad3e02231965e18a13969aa2ae9da8b avia_animate_when_visible av-icon-style- avia-icon-pos-left avia-iconfont avia-font-entypo-fontello av-no-color avia-icon-animate'><span class='av-icon-char' data-av_icon='\ue80b' data-av_iconfont='entypo-fontello' aria-hidden=\"true\" ><\/span><\/span> 0 views                  <\/p>\n<\/div><\/div><\/div><\/section>\n          <\/div><\/div>\n  <br style=\"clear: both\">\n  <span style=\"margin-top: 20px; float: right\">29-04-2026<\/span>\n  <span style=\"margin-top: 20px; font-weight: bold; float: left\">Thebe<\/span>\n  <hr>  \n<style type=\"text\/css\" data-created_by=\"avia_inline_auto\" id=\"style-css-av-av_two_third-61be9178410eaaa3f443d4723cbbaeb0\">\n.flex_column.av-av_two_third-61be9178410eaaa3f443d4723cbbaeb0{\nborder-radius:0px 0px 0px 0px;\npadding:0px 0px 0px 0px;\n}\n<\/style>\n<div  class='flex_column av-av_two_third-61be9178410eaaa3f443d4723cbbaeb0 av_two_third first flex_column_div av-zero-column-padding  '     ><section  class='av_textblock_section av-av_textblock-0366cc7376be6c9e82a3e9cc8987b64f '   itemscope=\"itemscope\" itemtype=\"https:\/\/schema.org\/CreativeWork\" ><div class='avia_textblock'  itemprop=\"text\" ><h5 class=\"no-translation\">Co\u00f6rdinator zorgteams<\/h5>\n<p class=\"no-translation\">Ben jij een coachende leider met hart voor de zorg en oog voor ontwikkeling? Houd je van samenwerken, vernieuwen en teams \u00e9cht verder helpen?<\/p>\n<p><strong>Dan is dit iets voor jou!<\/strong><br \/>Bij <a href=\"https:\/\/www.thebe.nl\/wonen-bij-thebe\/woonzorgcentra\/thebe-de-ijpelaar\/\">Thebe de IJpelaar<\/a> heb je als co\u00f6rdinator zorgteams een rol met impact, midden in een bevlogen team voor 28 tot 32 uur per week.<\/p>\n<p><strong>Wat ga je doen als Co\u00f6rdinator Zorgteams?<\/strong><br \/>In deze rol ben je de verbindende schakel tussen teams, management en ondersteunende diensten. Samen met de manager ben je h\u00e9t aanspreekpunt voor meerdere zorgteams op locatie De IJpelaar. Je begeleidt, coacht en stimuleert je collega\u2019s om te werken vanuit hun kracht en verantwoordelijkheid.<\/p>\n<p>Je houdt je bezig met thema\u2019s als teamontwikkeling, samenwerking, bedrijfsvoering en het uitdragen van onze visie 2030. Je helpt veranderingen te implementeren en te borgen, en je bent actief betrokken bij processen als duurzame inzetbaarheid, leren &amp; ontwikkelen en het werven van nieuwe collega\u2019s.<\/p>\n<p>Jij zorgt ervoor dat teams zich gezien, gehoord en gesteund voelen \u2013 zonder het werk van hen over te nemen. Zo maak jij \u00e9cht het verschil.<\/p>\n<p><strong>Wat kun je van ons verwachten?<\/strong><\/p>\n<ul>\n<li>Een warm team van collega-co\u00f6rdinatoren.<\/li>\n<li>Een uitdagende functie van 28-32 uur per week.<\/li>\n<li>Een organisatie die gelooft in jouw groei en ontwikkeling.<\/li>\n<li>Een procedure met een referentiecheck en ontwikkelassessment.<\/li>\n<li>De aanstelling is in eerste instantie voor \u00e9\u00e9n jaar, met uitzicht op een contract voor onbepaalde tijd.<\/li>\n<li>Als je start met je nieuwe functie volgt er een ontwikkeltraject.<\/li>\n<\/ul>\n<p><strong>Waarom werken bij Thebe?<\/strong><br \/>Werken bij Thebe betekent dat je ruimte krijgt om te ondernemen, te leren en te groeien. Je maakt iedere dag het verschil voor cli\u00ebnten \u00e9n collega\u2019s, want bij ons staat de mens centraal \u2013 altijd. We werken vanuit vertrouwen, persoonlijk leiderschap en het principe van \u2018De Bedoeling\u2019. Klinkt goed? <a href=\"https:\/\/www.werkenbijthebe.nl\/de-wauw-van-thebe\/de-bedoeling-van-thebe\/\">Lees dan snel verder<\/a>.<\/p>\n<p><strong>Jouw werkdag<\/strong><br \/>Geen dag is hetzelfde. Je start met een kop koffie en een overleg met de manager over teamresultaten en actuele thema\u2019s. Daarna schuif je aan bij een teamoverleg, waar je collega\u2019s ondersteunt bij hun ontwikkeling en samenwerking.<\/p>\n<p>In de middag voer je een klikgesprek met een potenti\u00eble nieuwe collega en coach je een teamlid dat tegen bepaalde uitdagingen aanloopt. Je begeleidt collega\u2019s bij het verbeteren van de kwaliteit van zorg en voert reflectieve gesprekken over hoe zij in hun werk staan vanuit \u2018De Bedoeling\u2019.<\/p>\n<p><strong>Over jou<\/strong><\/p>\n<ul>\n<li>HBO werk- en denkniveau.<\/li>\n<li>Een afgeronde HBO opleiding in de zorg.<\/li>\n<li>Ervaring binnen het primaire zorgproces.<\/li>\n<li>Coachende vaardigheden en een inspirerende leiderschapsstijl.<\/li>\n<li>Kennis van bedrijfskunde en relevante wet- en regelgeving.<\/li>\n<li>Sterke digitale vaardigheden en communicatief sterk.<\/li>\n<li>Jij weet mensen te motiveren en krijgt energie van het begeleiden van verandering.<\/li>\n<li>Je werkt gestructureerd, hebt doorzettingsvermogen en oog voor kwaliteit.<\/li>\n<li>Een VOG is een verplicht onderdeel van de procedure.<\/li>\n<\/ul>\n<p><strong>Wij bieden<\/strong><\/p>\n<ul>\n<li>Een baan in een zelfstandig team met veel vrijheid en verantwoordelijkheid samen met de collega\u2019s in je team.<\/li>\n<li>Het \u2018<a href=\"https:\/\/eur03.safelinks.protection.outlook.com\/?url=https%3A%2F%2Fwww.werkenbijthebe.nl%2Fde-wauw-van-thebe%2Fwelkom-bij-thebe&amp;data=05%7C02%7CRecruitment%40thebe.nl%7C6492543177de464911aa08dc3eb7ecd5%7C696178b0a8144bd08bcd3f3ca397ae93%7C0%7C0%7C638454206867406772%7CUnknown%7CTWFpbGZsb3d8eyJWIjoiMC4wLjAwMDAiLCJQIjoiV2luMzIiLCJBTiI6Ik1haWwiLCJXVCI6Mn0%3D%7C0%7C%7C%7C&amp;sdata=WkG7MmNYdtdhEI9RHh6NS0e9xNg%2Bn7xSR%2FngSQubhhY%3D&amp;reserved=0\">Welkom bij Thebe-traject<\/a>\u2019 in de eerste maanden dat je bij Thebe in dienst bent. Dit zorgt voor een zachte landing en de mogelijkheid om Thebe goed te leren kennen.<\/li>\n<li>Een goed arbeidsvoorwaardenpakket (<a href=\"https:\/\/eur03.safelinks.protection.outlook.com\/?url=https%3A%2F%2Fwww.werkenbijthebe.nl%2Fcao-vvt&amp;data=05%7C02%7CRecruitment%40thebe.nl%7C6492543177de464911aa08dc3eb7ecd5%7C696178b0a8144bd08bcd3f3ca397ae93%7C0%7C0%7C638454206867419356%7CUnknown%7CTWFpbGZsb3d8eyJWIjoiMC4wLjAwMDAiLCJQIjoiV2luMzIiLCJBTiI6Ik1haWwiLCJXVCI6Mn0%3D%7C0%7C%7C%7C&amp;sdata=%2BOyxkvWUz%2FAlZNe8AzYFLkwpcrrJsMNbZZ9JhexiBvI%3D&amp;reserved=0\">conform CAO VVT<\/a>). Het salaris voor deze functie is min. \u20ac 3.644,59 - max. \u20ac 5.230,32. Een aanloopperiodiek\/zij-instroomperiodiek kan van toepassing zijn op het startsalaris.<\/li>\n<li>Interessante (collectiviteits)kortingen.<\/li>\n<li>Op ieder niveau volop ruimte om jezelf verder te ontwikkelen of door te groeien.<\/li>\n<\/ul>\n<p><strong>Solliciteren<\/strong><br \/>Wil jij jouw ervaring en energie inzetten om zorgteams te laten groeien? Solliciteer dan uiterlijk woensdag 13 met je CV en motivatie en word Co\u00f6rdinator bij Thebe De IJpelaar!<\/p>\n<p>Wil je meer weten over de vacature? Neem dan contact op met Carla Moerenhout telnr. 06-83 12 97 69 of Eline van Vlimmeren telnr. 06-26 13 87 74.<\/p>\n<p>De eerste gesprekken zullen plaatsvinden op woensdag 20 mei en donderdag 21 mei.<\/p>\n<p><strong>Over Thebe<\/strong><br \/>Als je bij Thebe werkt, dan werk je volgens <a href=\"https:\/\/www.werkenbijthebe.nl\/de-wauw-van-thebe\/de-bedoeling-van-thebe\/\">De Bedoeling<\/a>. Dat betekent o.a. dat we staan voor professionele zorg en de nadruk leggen op zelf, thuis &amp; technologie. De kernwaarden van Thebe spelen een belangrijk rol in jouw werk. Binnen jouw werk voel je je <strong>verantwoordelijk<\/strong> om de juiste dingen te doen en haal je dagelijks het beste uit jezelf. De <strong>mens staat altijd centraal<\/strong> en samen met de cli\u00ebnt, naasten en vrijwilligers geef je professionele zorg op maat. Zo werk je <strong>verbindend<\/strong> met de cli\u00ebnten en naasten, maar ook met je collega\u2019s. Je bent altijd op zoek naar <strong>vernieuwing<\/strong>. Je wacht niet af, maar durft de dingen die beter of anders kunnen te benoemen en aan te pakken.<\/p>\n<p>Waarom het zo fijn is om bij Thebe te werken? Dat is de <strong><a href=\"https:\/\/www.werkenbijthebe.nl\/de-wauw-van-thebe\/\">WAUW van Thebe<\/a><\/strong>.<\/p>\n<p>\n<\/div><\/section><\/div>\n  \n<style type=\"text\/css\" data-created_by=\"avia_inline_auto\" id=\"style-css-av-av_one_third-0aa7055fe62c3622faec82866afbaeb2\">\n.flex_column.av-av_one_third-0aa7055fe62c3622faec82866afbaeb2{\nborder-radius:0px 0px 0px 0px;\npadding:0px 0px 0px 0px;\n}\n<\/style>\n<div  class='flex_column av-av_one_third-0aa7055fe62c3622faec82866afbaeb2 av_one_third flex_column_div av-zero-column-padding  '     ><div  class='togglecontainer av-av_toggle_container-d03efdf7de8d15029af4a4ccb5448be7' ><div class='taglist'><div class=\"tag-tab\"><a href=\"#\" data-tag=\"{All}\" class=\"activeFilter\">All<\/a><span class='tag-seperator'>\/<\/span><\/div><div class=\"tag-tab\"><a href=\"#\" data-tag=\"{Applications}\" class=\"\">Applications<\/a><span class='tag-seperator'>\/<\/span><\/div><\/div>\n              <section class='av_toggle_section av-av_toggle-0ff155fd5112fa3ee980132518c7d944'  itemscope=\"itemscope\" itemtype=\"https:\/\/schema.org\/CreativeWork\" ><div role=\"tablist\" class=\"single_toggle\" data-tags=\"{All} {Applications} \"  ><p id='toggle-toggle-id-3' data-fake-id='#toggle-id-3' class='toggler  activeTitle av-title-above '  itemprop=\"headline\"  role='tab' tabindex='0' aria-controls='toggle-id-3' data-slide-speed=\"200\" data-title=\"BrabantZorg.Net\" data-title-open=\"\" data-aria_collapsed=\"Click to expand: BrabantZorg.Net\" data-aria_expanded=\"Click to collapse: BrabantZorg.Net\">BrabantZorg.Net<span class=\"toggle_icon\"><span class=\"vert_icon\"><\/span><span class=\"hor_icon\"><\/span><\/span><\/p><div id='toggle-id-3' aria-labelledby='toggle-toggle-id-3' role='region' class='toggle_wrap  active_tc av-title-above' style='display:block;' ><div class='toggle_content invers-color '  itemprop=\"text\" ><p>          \n<style type=\"text\/css\" data-created_by=\"avia_inline_auto\" id=\"style-css-av-av_font_icon-68df07e82f9aa7e9ca8086cf07328158\">\n.av_font_icon.av-av_font_icon-68df07e82f9aa7e9ca8086cf07328158 .av-icon-char{\nfont-size:12px;\nline-height:12px;\n}\n<\/style>\n<span  class='av_font_icon av-av_font_icon-68df07e82f9aa7e9ca8086cf07328158 avia_animate_when_visible av-icon-style- avia-icon-pos-left avia-iconfont avia-font-entypo-fontello av-no-color avia-icon-animate'><span class='av-icon-char' data-av_icon='\ue82d' data-av_iconfont='entypo-fontello' aria-hidden=\"true\" ><\/span><\/span> 2 applications<br \/>\n          \n<style type=\"text\/css\" data-created_by=\"avia_inline_auto\" id=\"style-css-av-av_font_icon-2ad3e02231965e18a13969aa2ae9da8b\">\n.av_font_icon.av-av_font_icon-2ad3e02231965e18a13969aa2ae9da8b .av-icon-char{\nfont-size:12px;\nline-height:12px;\n}\n<\/style>\n<span  class='av_font_icon av-av_font_icon-2ad3e02231965e18a13969aa2ae9da8b avia_animate_when_visible av-icon-style- avia-icon-pos-left avia-iconfont avia-font-entypo-fontello av-no-color avia-icon-animate'><span class='av-icon-char' data-av_icon='\ue80b' data-av_iconfont='entypo-fontello' aria-hidden=\"true\" ><\/span><\/span> 0 views                  <\/p>\n<\/div><\/div><\/div><\/section>\n          <\/div><\/div>\n  <br style=\"clear: both\">\n  <span style=\"margin-top: 20px; float: right\">29-04-2026<\/span>\n  <span style=\"margin-top: 20px; font-weight: bold; float: left\">Thebe<\/span>\n  <hr>  \n<style type=\"text\/css\" data-created_by=\"avia_inline_auto\" id=\"style-css-av-av_two_third-61be9178410eaaa3f443d4723cbbaeb0\">\n.flex_column.av-av_two_third-61be9178410eaaa3f443d4723cbbaeb0{\nborder-radius:0px 0px 0px 0px;\npadding:0px 0px 0px 0px;\n}\n<\/style>\n<div  class='flex_column av-av_two_third-61be9178410eaaa3f443d4723cbbaeb0 av_two_third first flex_column_div av-zero-column-padding  '     ><section  class='av_textblock_section av-av_textblock-0366cc7376be6c9e82a3e9cc8987b64f '   itemscope=\"itemscope\" itemtype=\"https:\/\/schema.org\/CreativeWork\" ><div class='avia_textblock'  itemprop=\"text\" ><h5 class=\"no-translation\">Verzorgende IG<\/h5>\n<p class=\"no-translation\">Ben jij die enthousiaste Verzorgende IG die ons team wil komen versterken?<\/p>\n<p><strong>Dan is dit iets voor jou!<\/strong><br \/>We zijn op zoek naar een nieuwe collega die ons team komt versterken voor Thebe Kleinschalig Wonen, locatie Don Sarto (Tilburg).<\/p>\n<p>Als verzorgende IG stap je letterlijk binnen bij de cli\u00ebnt. Je ziet het unieke in elk mens en weet een omgeving te cre\u00ebren die past bij de behoefte. Jij haalt energie uit goede zorg en stimuleert zoveel mogelijk de zelfredzaamheid van cli\u00ebnten.<\/p>\n<p>Jij bent een verzorgende IG die van alle markten thuis is en ziet het unieke in elke mens en weet een omgeving te cre\u00ebren die past bij de behoefte, aansluitend op de \u201cBedoeling\u201d van Thebe.<\/p>\n<p><strong>Over de locatie;<\/strong><\/p>\n<p><a href=\"https:\/\/www.thebe.nl\/wonen-bij-thebe\/woonzorgcentra\/thebe-don-sarto\/\">Thebe Don Sarto<\/a> is een kleinschalige woonvoorziening in de wijk Groenewoud in Tilburg. Don Sarto bestaat uit 2 x 2 woningen voor mensen met dementie die intensieve begeleiding en 24 uur nabijheid van zorg nodig hebben (PG). Er wonen ongeveer 28 bewoners verdeeld over 4 woningen.<\/p>\n<p><strong>Over jou<\/strong><\/p>\n<ul>\n<li>Jij ziet het unieke in elke mens en weet een omgeving te cre\u00ebren die aansluit op die behoefte? Jij kijkt en luistert met aandacht en werkt nauw samen met de cli\u00ebnt, hun naasten, je collega\u2019s en andere zorgverleners? Jij ziet wat nodig is in de dagelijkse zorg en doet al het mogelijke om het te realiseren.?<\/li>\n<li>Jij bent proactief en reflectief ten aanzien van je persoonlijke ontwikkeling en ziet het als uitdaging om jezelf te blijven ontwikkelen?<\/li>\n<li>Je kan goed zelfstandig werken, bent creatief en je vindt het leuk om je eigen draai ergens aan te geven en het de bewoners zo plezierig mogelijk te maken.<\/li>\n<li>Je hebt ervaring en affiniteit met PG.<\/li>\n<li>Jij beschikt uiteraard over een diploma verzorgende IG.<\/li>\n<li>Je bent 22 uur per week beschikbaar.<\/li>\n<li>Een verklaring omtrent gedrag (VOG) is vereist.<\/li>\n<\/ul>\n<p><strong>Wij bieden<\/strong><\/p>\n<ul>\n<li>Een baan in een zelfstandig team met veel vrijheid en verantwoordelijkheid samen met de collega\u2019s in je team.<\/li>\n<li>Het \u2018<a href=\"https:\/\/eur03.safelinks.protection.outlook.com\/?url=https%3A%2F%2Fwww.werkenbijthebe.nl%2Fde-wauw-van-thebe%2Fwelkom-bij-thebe&amp;data=05%7C02%7CRecruitment%40thebe.nl%7C6492543177de464911aa08dc3eb7ecd5%7C696178b0a8144bd08bcd3f3ca397ae93%7C0%7C0%7C638454206867406772%7CUnknown%7CTWFpbGZsb3d8eyJWIjoiMC4wLjAwMDAiLCJQIjoiV2luMzIiLCJBTiI6Ik1haWwiLCJXVCI6Mn0%3D%7C0%7C%7C%7C&amp;sdata=WkG7MmNYdtdhEI9RHh6NS0e9xNg%2Bn7xSR%2FngSQubhhY%3D&amp;reserved=0\">Welkom bij Thebe-traject<\/a>\u2019 in de eerste maanden dat je bij Thebe in dienst bent. Dit zorgt voor een zachte landing en de mogelijkheid om Thebe goed te leren kennen.<\/li>\n<li>Een goed arbeidsvoorwaardenpakket (<a href=\"https:\/\/eur03.safelinks.protection.outlook.com\/?url=https%3A%2F%2Fwww.werkenbijthebe.nl%2Fcao-vvt&amp;data=05%7C02%7CRecruitment%40thebe.nl%7C6492543177de464911aa08dc3eb7ecd5%7C696178b0a8144bd08bcd3f3ca397ae93%7C0%7C0%7C638454206867419356%7CUnknown%7CTWFpbGZsb3d8eyJWIjoiMC4wLjAwMDAiLCJQIjoiV2luMzIiLCJBTiI6Ik1haWwiLCJXVCI6Mn0%3D%7C0%7C%7C%7C&amp;sdata=%2BOyxkvWUz%2FAlZNe8AzYFLkwpcrrJsMNbZZ9JhexiBvI%3D&amp;reserved=0\">conform CAO VVT<\/a>). Het salaris voor deze functie is min. \u20ac 2.643,39 - max. \u20ac 3.471,46. Een aanloopperiodiek\/zij-instroomperiodiek kan van toepassing zijn op het startsalaris.<\/li>\n<li>Interessante (collectiviteits)kortingen.<\/li>\n<li>Op ieder niveau volop ruimte om jezelf verder te ontwikkelen of door te groeien.<\/li>\n<\/ul>\n<p><strong>Solliciteren<\/strong><br \/>Spreekt dit jou aan? Solliciteer dan direct met je CV.<\/p>\n<p>Wil je meer weten over de vacature? Neem dan contact op met Dennis Moes, co\u00f6rdinator zorgteams, via telnr. 06-10082618 of Eveline van den Dries, co\u00f6rdinator zorgteams, via telnr. 06-23968879<\/p>\n<p><strong>Over Thebe<\/strong><br \/>Als je bij Thebe werkt, dan werk je volgens <a href=\"https:\/\/www.werkenbijthebe.nl\/de-wauw-van-thebe\/de-bedoeling-van-thebe\/\">De Bedoeling<\/a>. Dat betekent o.a. dat we staan voor professionele zorg en de nadruk leggen op zelf, thuis &amp; technologie. De kernwaarden van Thebe spelen een belangrijk rol in jouw werk. Binnen jouw werk voel je je <strong>verantwoordelijk<\/strong> om de juiste dingen te doen en haal je dagelijks het beste uit jezelf. De <strong>mens staat altijd centraal<\/strong> en samen met de cli\u00ebnt, naasten en vrijwilligers geef je professionele zorg op maat. Zo werk je <strong>verbindend<\/strong> met de cli\u00ebnten en naasten, maar ook met je collega\u2019s. Je bent altijd op zoek naar <strong>vernieuwing<\/strong>. Je wacht niet af, maar durft de dingen die beter of anders kunnen te benoemen en aan te pakken.<\/p>\n<p>Waarom het zo fijn is om bij Thebe te werken? Dat is de <strong><a href=\"https:\/\/www.werkenbijthebe.nl\/de-wauw-van-thebe\/\">WAUW van Thebe<\/a><\/strong>.<\/p>\n<p>\n<\/div><\/section><\/div>\n  \n<style type=\"text\/css\" data-created_by=\"avia_inline_auto\" id=\"style-css-av-av_one_third-0aa7055fe62c3622faec82866afbaeb2\">\n.flex_column.av-av_one_third-0aa7055fe62c3622faec82866afbaeb2{\nborder-radius:0px 0px 0px 0px;\npadding:0px 0px 0px 0px;\n}\n<\/style>\n<div  class='flex_column av-av_one_third-0aa7055fe62c3622faec82866afbaeb2 av_one_third flex_column_div av-zero-column-padding  '     ><div  class='togglecontainer av-av_toggle_container-d03efdf7de8d15029af4a4ccb5448be7' ><div class='taglist'><div class=\"tag-tab\"><a href=\"#\" data-tag=\"{All}\" class=\"activeFilter\">All<\/a><span class='tag-seperator'>\/<\/span><\/div><div class=\"tag-tab\"><a href=\"#\" data-tag=\"{Applications}\" class=\"\">Applications<\/a><span class='tag-seperator'>\/<\/span><\/div><div class=\"tag-tab\"><a href=\"#\" data-tag=\"{Views}\" class=\"\">Views<\/a><span class='tag-seperator'>\/<\/span><\/div><\/div>\n              <section class='av_toggle_section av-av_toggle-1d2b4f7c614a8bc58951c0ca0814e3a4'  itemscope=\"itemscope\" itemtype=\"https:\/\/schema.org\/CreativeWork\" ><div role=\"tablist\" class=\"single_toggle\" data-tags=\"{All} {Applications} {Views} \"  ><p id='toggle-toggle-id-4' data-fake-id='#toggle-id-4' class='toggler  activeTitle av-title-above '  itemprop=\"headline\"  role='tab' tabindex='0' aria-controls='toggle-id-4' data-slide-speed=\"200\" data-title=\"BrabantZorg.Net\" data-title-open=\"\" data-aria_collapsed=\"Click to expand: BrabantZorg.Net\" data-aria_expanded=\"Click to collapse: BrabantZorg.Net\">BrabantZorg.Net<span class=\"toggle_icon\"><span class=\"vert_icon\"><\/span><span class=\"hor_icon\"><\/span><\/span><\/p><div id='toggle-id-4' aria-labelledby='toggle-toggle-id-4' role='region' class='toggle_wrap  active_tc av-title-above' style='display:block;' ><div class='toggle_content invers-color '  itemprop=\"text\" ><p>          \n<style type=\"text\/css\" data-created_by=\"avia_inline_auto\" id=\"style-css-av-av_font_icon-68df07e82f9aa7e9ca8086cf07328158\">\n.av_font_icon.av-av_font_icon-68df07e82f9aa7e9ca8086cf07328158 .av-icon-char{\nfont-size:12px;\nline-height:12px;\n}\n<\/style>\n<span  class='av_font_icon av-av_font_icon-68df07e82f9aa7e9ca8086cf07328158 avia_animate_when_visible av-icon-style- avia-icon-pos-left avia-iconfont avia-font-entypo-fontello av-no-color avia-icon-animate'><span class='av-icon-char' data-av_icon='\ue82d' data-av_iconfont='entypo-fontello' aria-hidden=\"true\" ><\/span><\/span> 1 application<br \/>\n          \n<style type=\"text\/css\" data-created_by=\"avia_inline_auto\" id=\"style-css-av-av_font_icon-2ad3e02231965e18a13969aa2ae9da8b\">\n.av_font_icon.av-av_font_icon-2ad3e02231965e18a13969aa2ae9da8b .av-icon-char{\nfont-size:12px;\nline-height:12px;\n}\n<\/style>\n<span  class='av_font_icon av-av_font_icon-2ad3e02231965e18a13969aa2ae9da8b avia_animate_when_visible av-icon-style- avia-icon-pos-left avia-iconfont avia-font-entypo-fontello av-no-color avia-icon-animate'><span class='av-icon-char' data-av_icon='\ue80b' data-av_iconfont='entypo-fontello' aria-hidden=\"true\" ><\/span><\/span> 1 view                  <\/p>\n<\/div><\/div><\/div><\/section>\n          <\/div><\/div>\n  <br style=\"clear: both\">\n  <span style=\"margin-top: 20px; float: right\">20-04-2026<\/span>\n  <span style=\"margin-top: 20px; font-weight: bold; float: left\">Thebe<\/span>\n  <hr>  \n<style type=\"text\/css\" data-created_by=\"avia_inline_auto\" id=\"style-css-av-av_two_third-61be9178410eaaa3f443d4723cbbaeb0\">\n.flex_column.av-av_two_third-61be9178410eaaa3f443d4723cbbaeb0{\nborder-radius:0px 0px 0px 0px;\npadding:0px 0px 0px 0px;\n}\n<\/style>\n<div  class='flex_column av-av_two_third-61be9178410eaaa3f443d4723cbbaeb0 av_two_third first flex_column_div av-zero-column-padding  '     ><section  class='av_textblock_section av-av_textblock-0366cc7376be6c9e82a3e9cc8987b64f '   itemscope=\"itemscope\" itemtype=\"https:\/\/schema.org\/CreativeWork\" ><div class='avia_textblock'  itemprop=\"text\" ><h5 class=\"no-translation\">Assistent zorg en welzijn (Goirle)<\/h5>\n<p class=\"no-translation\">Ben jij een enthousiaste Assistent zorg en welzijn die graag in Goirle en Oisterwijk en omgeving wil werken? Houd je van zelfstandig werken in een team? Streef jij altijd naar de beste zorg en wil je graag je steentje bijdragen aan de zorg van de toekomst?<\/p>\n<p><strong>Dan is dit iets voor jou!<\/strong><br \/>Voor de randgemeente in Tilburg oost zijn we op zoek naar een Assistent zorg en welzijn voor 0-8 uren per week. Dit omvat onder andere Udenhout, Berkel-Enschot, Goirle, Hilvarenbeek, Oisterwijk en Moergestel. In jouw rol als Assistent Zorg en Welzijn draag je zorg voor het verrichten van de algemene dagelijkse levensverrichtingen (ADL) en (welzijn) ondersteunende werkzaamheden bij de cli\u00ebnten thuis. Door de mens te blijven zien, onderneem jij al het mogelijke voor het optimale welzijn en welbevinden van cli\u00ebnten. Je gaat daarom in overleg met de cli\u00ebnt en je houdt daarbij rekening met de zelfredzaamheid. Daarnaast voer je je werkzaamheden uit in overleg en afstemming met collega\u2019s in het team.<\/p>\n<p>De wijkverpleging biedt zorg en ondersteuning aan mensen die dit nodig hebben, maar wel thuis willen blijven wonen. Zij verlenen de zorg, maar jij bent er voor de ondersteuning daar omheen. Je overlegt geregeld met je collega\u2019s over dingen die zich voordoen en die jij kunt verhelpen of op kunt lossen voor of samen met de cli\u00ebnt.<\/p>\n<p><strong>Over jou<\/strong><br \/>Je bent vaardig in het overleggen met de cli\u00ebnten en het uitvoeren van ADL en welzijn ondersteunende taken, waarbij je werkt met gangbare huishoudelijke apparatuur. Je bijdrage aan de dagelijkse activiteiten en bij bijzonderheden op het gebied van gezondheid en welbevinden van cli\u00ebnten rapporteren.<\/p>\n<p>Je neemt de ervaring die je opdoet mee in het werken volgens de Bedoeling. Je hebt sociale vaardigheden nodig bij dagelijkse werkzaamheden zoals tact, inlevingsvermogen, rust, hulpvaardigheid en het goed kunnen luisteren bij het voeren van overleg met de cli\u00ebnten en voor het werken in teamverband en in de contacten met cli\u00ebnten en hun naasten.<\/p>\n<p>Je hebt de opleiding voor assistent zorg en welzijn gedaan, of bent bereid deze te gaan volgen. De aanvraag van een VOG is onderdeel van de procedure.<\/p>\n<p><strong>Wij bieden<\/strong><\/p>\n<ul>\n<li>Een baan in een zelfstandig team met veel vrijheid en verantwoordelijkheid samen met de collega\u2019s in je team.<\/li>\n<li>In eerste instantie een arbeidsovereenkomst voor bepaalde tijd. Maar als het goed gaat kijken we naar de mogelijkheden voor een arbeidsovereenkomst voor onbepaalde tijd.<\/li>\n<li>Het \u2018<a href=\"https:\/\/eur03.safelinks.protection.outlook.com\/?url=https%3A%2F%2Fwww.werkenbijthebe.nl%2Fde-wauw-van-thebe%2Fwelkom-bij-thebe&amp;data=05%7C02%7CRecruitment%40thebe.nl%7C6492543177de464911aa08dc3eb7ecd5%7C696178b0a8144bd08bcd3f3ca397ae93%7C0%7C0%7C638454206867406772%7CUnknown%7CTWFpbGZsb3d8eyJWIjoiMC4wLjAwMDAiLCJQIjoiV2luMzIiLCJBTiI6Ik1haWwiLCJXVCI6Mn0%3D%7C0%7C%7C%7C&amp;sdata=WkG7MmNYdtdhEI9RHh6NS0e9xNg%2Bn7xSR%2FngSQubhhY%3D&amp;reserved=0\">Welkom bij Thebe-traject<\/a>\u2019 in de eerste maanden dat je bij Thebe in dienst bent. Dit zorgt voor een zachte landing en de mogelijkheid om Thebe goed te leren kennen.<\/li>\n<li>Een goed arbeidsvoorwaardenpakket (<a href=\"https:\/\/eur03.safelinks.protection.outlook.com\/?url=https%3A%2F%2Fwww.werkenbijthebe.nl%2Fcao-vvt&amp;data=05%7C02%7CRecruitment%40thebe.nl%7C6492543177de464911aa08dc3eb7ecd5%7C696178b0a8144bd08bcd3f3ca397ae93%7C0%7C0%7C638454206867419356%7CUnknown%7CTWFpbGZsb3d8eyJWIjoiMC4wLjAwMDAiLCJQIjoiV2luMzIiLCJBTiI6Ik1haWwiLCJXVCI6Mn0%3D%7C0%7C%7C%7C&amp;sdata=%2BOyxkvWUz%2FAlZNe8AzYFLkwpcrrJsMNbZZ9JhexiBvI%3D&amp;reserved=0\">conform CAO VVT<\/a>). Het salaris voor deze functie is min. \u20ac 2.404,03 - max. \u20ac 2.960,90.<\/li>\n<li>Interessante (collectiviteits)kortingen.<\/li>\n<li>Op ieder niveau volop ruimte om jezelf verder te ontwikkelen of door te groeien.<\/li>\n<\/ul>\n<p><strong>Solliciteren<\/strong><br \/>Spreekt dit jou aan? Solliciteer dan direct met je CV en motivatie.<\/p>\n<p>Wil je meer weten over de vacature? Neem dan contact op met Manon Smolders: 06-46726448.<\/p>\n<p><strong>Over Thebe<\/strong><br \/>Als je bij Thebe werkt, dan werk je volgens <a href=\"https:\/\/www.werkenbijthebe.nl\/de-wauw-van-thebe\/de-bedoeling-van-thebe\/\">De Bedoeling<\/a>. Dat betekent o.a. dat we staan voor professionele zorg en de nadruk leggen op zelf, thuis &amp; technologie. De kernwaarden van Thebe spelen een belangrijk rol in jouw werk. Binnen jouw werk voel je je <strong>verantwoordelijk<\/strong> om de juiste dingen te doen en haal je dagelijks het beste uit jezelf. De <strong>mens staat altijd centraal<\/strong> en samen met de cli\u00ebnt, naasten en vrijwilligers geef je professionele zorg op maat. Zo werk je <strong>verbindend<\/strong> met de cli\u00ebnten en naasten, maar ook met je collega\u2019s. Je bent altijd op zoek naar <strong>vernieuwing<\/strong>. Je wacht niet af, maar durft de dingen die beter of anders kunnen te benoemen en aan te pakken.<\/p>\n<p>Waarom het zo fijn is om bij Thebe te werken? Dat is de <strong><a href=\"https:\/\/www.werkenbijthebe.nl\/de-wauw-van-thebe\/\">WAUW van Thebe<\/a><\/strong>.<\/p>\n<p>\n<\/div><\/section><\/div>\n  \n<style type=\"text\/css\" data-created_by=\"avia_inline_auto\" id=\"style-css-av-av_one_third-0aa7055fe62c3622faec82866afbaeb2\">\n.flex_column.av-av_one_third-0aa7055fe62c3622faec82866afbaeb2{\nborder-radius:0px 0px 0px 0px;\npadding:0px 0px 0px 0px;\n}\n<\/style>\n<div  class='flex_column av-av_one_third-0aa7055fe62c3622faec82866afbaeb2 av_one_third flex_column_div av-zero-column-padding  '     ><div  class='togglecontainer av-av_toggle_container-d03efdf7de8d15029af4a4ccb5448be7' ><div class='taglist'><div class=\"tag-tab\"><a href=\"#\" data-tag=\"{All}\" class=\"activeFilter\">All<\/a><span class='tag-seperator'>\/<\/span><\/div><div class=\"tag-tab\"><a href=\"#\" data-tag=\"{Applications}\" class=\"\">Applications<\/a><span class='tag-seperator'>\/<\/span><\/div><\/div>\n              <section class='av_toggle_section av-av_toggle-0ff155fd5112fa3ee980132518c7d944'  itemscope=\"itemscope\" itemtype=\"https:\/\/schema.org\/CreativeWork\" ><div role=\"tablist\" class=\"single_toggle\" data-tags=\"{All} {Applications} \"  ><p id='toggle-toggle-id-5' data-fake-id='#toggle-id-5' class='toggler  activeTitle av-title-above '  itemprop=\"headline\"  role='tab' tabindex='0' aria-controls='toggle-id-5' data-slide-speed=\"200\" data-title=\"BrabantZorg.Net\" data-title-open=\"\" data-aria_collapsed=\"Click to expand: BrabantZorg.Net\" data-aria_expanded=\"Click to collapse: BrabantZorg.Net\">BrabantZorg.Net<span class=\"toggle_icon\"><span class=\"vert_icon\"><\/span><span class=\"hor_icon\"><\/span><\/span><\/p><div id='toggle-id-5' aria-labelledby='toggle-toggle-id-5' role='region' class='toggle_wrap  active_tc av-title-above' style='display:block;' ><div class='toggle_content invers-color '  itemprop=\"text\" ><p>          \n<style type=\"text\/css\" data-created_by=\"avia_inline_auto\" id=\"style-css-av-av_font_icon-68df07e82f9aa7e9ca8086cf07328158\">\n.av_font_icon.av-av_font_icon-68df07e82f9aa7e9ca8086cf07328158 .av-icon-char{\nfont-size:12px;\nline-height:12px;\n}\n<\/style>\n<span  class='av_font_icon av-av_font_icon-68df07e82f9aa7e9ca8086cf07328158 avia_animate_when_visible av-icon-style- avia-icon-pos-left avia-iconfont avia-font-entypo-fontello av-no-color avia-icon-animate'><span class='av-icon-char' data-av_icon='\ue82d' data-av_iconfont='entypo-fontello' aria-hidden=\"true\" ><\/span><\/span> 4 applications<br \/>\n          \n<style type=\"text\/css\" data-created_by=\"avia_inline_auto\" id=\"style-css-av-av_font_icon-2ad3e02231965e18a13969aa2ae9da8b\">\n.av_font_icon.av-av_font_icon-2ad3e02231965e18a13969aa2ae9da8b .av-icon-char{\nfont-size:12px;\nline-height:12px;\n}\n<\/style>\n<span  class='av_font_icon av-av_font_icon-2ad3e02231965e18a13969aa2ae9da8b avia_animate_when_visible av-icon-style- avia-icon-pos-left avia-iconfont avia-font-entypo-fontello av-no-color avia-icon-animate'><span class='av-icon-char' data-av_icon='\ue80b' data-av_iconfont='entypo-fontello' aria-hidden=\"true\" ><\/span><\/span> 0 views                  <\/p>\n<\/div><\/div><\/div><\/section>\n          <\/div><\/div>\n  <br style=\"clear: both\">\n  <span style=\"margin-top: 20px; float: right\">17-04-2026<\/span>\n  <span style=\"margin-top: 20px; font-weight: bold; float: left\">Thebe<\/span>\n  \n","protected":false},"excerpt":{"rendered":"","protected":false},"author":1,"featured_media":3657,"comment_status":"open","ping_status":"closed","template":"","meta":{"footnotes":""},"tags":[],"portfolio_entries":[94,148],"class_list":["post-3661","portfolio","type-portfolio","status-publish","has-post-thumbnail","hentry","portfolio_entries-healthcare","portfolio_entries-ubeeo-en"],"yoast_head":"<!-- This site is optimized with the Yoast SEO plugin v27.5 - https:\/\/yoast.com\/product\/yoast-seo-wordpress\/ -->\n<title>Thebe - Mimir<\/title>\n<meta name=\"description\" content=\"Thebe uses the advanced and integrated job management services of Mimir in Ubeeo to manage jobs on job boards.\" \/>\n<meta name=\"robots\" content=\"index, follow, max-snippet:-1, max-image-preview:large, max-video-preview:-1\" \/>\n<link rel=\"canonical\" href=\"https:\/\/mimir.nu\/o\/thebe\/\" \/>\n<meta property=\"og:locale\" content=\"en_US\" \/>\n<meta property=\"og:type\" content=\"article\" \/>\n<meta property=\"og:title\" content=\"Thebe - Mimir\" \/>\n<meta property=\"og:description\" content=\"Thebe uses the advanced and integrated job management services of Mimir in Ubeeo to manage jobs on job boards.\" \/>\n<meta property=\"og:url\" content=\"https:\/\/mimir.nu\/o\/thebe\/\" \/>\n<meta property=\"og:site_name\" content=\"Mimir\" \/>\n<meta property=\"article:modified_time\" content=\"2021-04-11T14:46:30+00:00\" \/>\n<meta property=\"og:image\" content=\"https:\/\/mimir.nu\/wp-content\/uploads\/2019\/09\/logo-thebe-200x200.png\" \/>\n\t<meta property=\"og:image:width\" content=\"200\" \/>\n\t<meta property=\"og:image:height\" content=\"200\" \/>\n\t<meta property=\"og:image:type\" content=\"image\/png\" \/>\n<meta name=\"twitter:card\" content=\"summary_large_image\" \/>\n<meta name=\"twitter:label1\" content=\"Est. reading time\" \/>\n\t<meta name=\"twitter:data1\" content=\"1 minute\" \/>\n<script type=\"application\/ld+json\" class=\"yoast-schema-graph\">{\"@context\":\"https:\\\/\\\/schema.org\",\"@graph\":[{\"@type\":\"WebPage\",\"@id\":\"https:\\\/\\\/mimir.nu\\\/o\\\/thebe\\\/\",\"url\":\"https:\\\/\\\/mimir.nu\\\/o\\\/thebe\\\/\",\"name\":\"Thebe - Mimir\",\"isPartOf\":{\"@id\":\"https:\\\/\\\/mimir.nu\\\/#website\"},\"primaryImageOfPage\":{\"@id\":\"https:\\\/\\\/mimir.nu\\\/o\\\/thebe\\\/#primaryimage\"},\"image\":{\"@id\":\"https:\\\/\\\/mimir.nu\\\/o\\\/thebe\\\/#primaryimage\"},\"thumbnailUrl\":\"https:\\\/\\\/mimir.nu\\\/wp-content\\\/uploads\\\/2019\\\/09\\\/logo-thebe-200x200.png\",\"datePublished\":\"2021-04-11T10:00:00+00:00\",\"dateModified\":\"2021-04-11T14:46:30+00:00\",\"description\":\"Thebe uses the advanced and integrated job management services of Mimir in Ubeeo to manage jobs on job boards.\",\"breadcrumb\":{\"@id\":\"https:\\\/\\\/mimir.nu\\\/o\\\/thebe\\\/#breadcrumb\"},\"inLanguage\":\"en-US\",\"potentialAction\":[{\"@type\":\"ReadAction\",\"target\":[\"https:\\\/\\\/mimir.nu\\\/o\\\/thebe\\\/\"]}]},{\"@type\":\"ImageObject\",\"inLanguage\":\"en-US\",\"@id\":\"https:\\\/\\\/mimir.nu\\\/o\\\/thebe\\\/#primaryimage\",\"url\":\"https:\\\/\\\/mimir.nu\\\/wp-content\\\/uploads\\\/2019\\\/09\\\/logo-thebe-200x200.png\",\"contentUrl\":\"https:\\\/\\\/mimir.nu\\\/wp-content\\\/uploads\\\/2019\\\/09\\\/logo-thebe-200x200.png\",\"width\":200,\"height\":200,\"caption\":\"Logo Thebe\"},{\"@type\":\"BreadcrumbList\",\"@id\":\"https:\\\/\\\/mimir.nu\\\/o\\\/thebe\\\/#breadcrumb\",\"itemListElement\":[{\"@type\":\"ListItem\",\"position\":1,\"name\":\"Home\",\"item\":\"https:\\\/\\\/mimir.nu\\\/en\\\/\"},{\"@type\":\"ListItem\",\"position\":2,\"name\":\"Thebe\"}]},{\"@type\":\"WebSite\",\"@id\":\"https:\\\/\\\/mimir.nu\\\/#website\",\"url\":\"https:\\\/\\\/mimir.nu\\\/\",\"name\":\"Mimir\",\"description\":\"Automatisch vacatures plaatsen op vacaturebanken\",\"potentialAction\":[{\"@type\":\"SearchAction\",\"target\":{\"@type\":\"EntryPoint\",\"urlTemplate\":\"https:\\\/\\\/mimir.nu\\\/?s={search_term_string}\"},\"query-input\":{\"@type\":\"PropertyValueSpecification\",\"valueRequired\":true,\"valueName\":\"search_term_string\"}}],\"inLanguage\":\"en-US\"}]}<\/script>\n<!-- \/ Yoast SEO plugin. -->","yoast_head_json":{"title":"Thebe - Mimir","description":"Thebe uses the advanced and integrated job management services of Mimir in Ubeeo to manage jobs on job boards.","robots":{"index":"index","follow":"follow","max-snippet":"max-snippet:-1","max-image-preview":"max-image-preview:large","max-video-preview":"max-video-preview:-1"},"canonical":"https:\/\/mimir.nu\/o\/thebe\/","og_locale":"en_US","og_type":"article","og_title":"Thebe - Mimir","og_description":"Thebe uses the advanced and integrated job management services of Mimir in Ubeeo to manage jobs on job boards.","og_url":"https:\/\/mimir.nu\/o\/thebe\/","og_site_name":"Mimir","article_modified_time":"2021-04-11T14:46:30+00:00","og_image":[{"width":200,"height":200,"url":"https:\/\/mimir.nu\/wp-content\/uploads\/2019\/09\/logo-thebe-200x200.png","type":"image\/png"}],"twitter_card":"summary_large_image","twitter_misc":{"Est. reading time":"1 minute"},"schema":{"@context":"https:\/\/schema.org","@graph":[{"@type":"WebPage","@id":"https:\/\/mimir.nu\/o\/thebe\/","url":"https:\/\/mimir.nu\/o\/thebe\/","name":"Thebe - Mimir","isPartOf":{"@id":"https:\/\/mimir.nu\/#website"},"primaryImageOfPage":{"@id":"https:\/\/mimir.nu\/o\/thebe\/#primaryimage"},"image":{"@id":"https:\/\/mimir.nu\/o\/thebe\/#primaryimage"},"thumbnailUrl":"https:\/\/mimir.nu\/wp-content\/uploads\/2019\/09\/logo-thebe-200x200.png","datePublished":"2021-04-11T10:00:00+00:00","dateModified":"2021-04-11T14:46:30+00:00","description":"Thebe uses the advanced and integrated job management services of Mimir in Ubeeo to manage jobs on job boards.","breadcrumb":{"@id":"https:\/\/mimir.nu\/o\/thebe\/#breadcrumb"},"inLanguage":"en-US","potentialAction":[{"@type":"ReadAction","target":["https:\/\/mimir.nu\/o\/thebe\/"]}]},{"@type":"ImageObject","inLanguage":"en-US","@id":"https:\/\/mimir.nu\/o\/thebe\/#primaryimage","url":"https:\/\/mimir.nu\/wp-content\/uploads\/2019\/09\/logo-thebe-200x200.png","contentUrl":"https:\/\/mimir.nu\/wp-content\/uploads\/2019\/09\/logo-thebe-200x200.png","width":200,"height":200,"caption":"Logo Thebe"},{"@type":"BreadcrumbList","@id":"https:\/\/mimir.nu\/o\/thebe\/#breadcrumb","itemListElement":[{"@type":"ListItem","position":1,"name":"Home","item":"https:\/\/mimir.nu\/en\/"},{"@type":"ListItem","position":2,"name":"Thebe"}]},{"@type":"WebSite","@id":"https:\/\/mimir.nu\/#website","url":"https:\/\/mimir.nu\/","name":"Mimir","description":"Automatisch vacatures plaatsen op vacaturebanken","potentialAction":[{"@type":"SearchAction","target":{"@type":"EntryPoint","urlTemplate":"https:\/\/mimir.nu\/?s={search_term_string}"},"query-input":{"@type":"PropertyValueSpecification","valueRequired":true,"valueName":"search_term_string"}}],"inLanguage":"en-US"}]}},"_links":{"self":[{"href":"https:\/\/mimir.nu\/en\/wp-json\/wp\/v2\/portfolio\/3661","targetHints":{"allow":["GET"]}}],"collection":[{"href":"https:\/\/mimir.nu\/en\/wp-json\/wp\/v2\/portfolio"}],"about":[{"href":"https:\/\/mimir.nu\/en\/wp-json\/wp\/v2\/types\/portfolio"}],"author":[{"embeddable":true,"href":"https:\/\/mimir.nu\/en\/wp-json\/wp\/v2\/users\/1"}],"replies":[{"embeddable":true,"href":"https:\/\/mimir.nu\/en\/wp-json\/wp\/v2\/comments?post=3661"}],"version-history":[{"count":0,"href":"https:\/\/mimir.nu\/en\/wp-json\/wp\/v2\/portfolio\/3661\/revisions"}],"wp:featuredmedia":[{"embeddable":true,"href":"https:\/\/mimir.nu\/en\/wp-json\/wp\/v2\/media\/3657"}],"wp:attachment":[{"href":"https:\/\/mimir.nu\/en\/wp-json\/wp\/v2\/media?parent=3661"}],"wp:term":[{"taxonomy":"post_tag","embeddable":true,"href":"https:\/\/mimir.nu\/en\/wp-json\/wp\/v2\/tags?post=3661"},{"taxonomy":"portfolio_entries","embeddable":true,"href":"https:\/\/mimir.nu\/en\/wp-json\/wp\/v2\/portfolio_entries?post=3661"}],"curies":[{"name":"wp","href":"https:\/\/api.w.org\/{rel}","templated":true}]}}