{"id":6811,"date":"2023-09-05T15:27:38","date_gmt":"2023-09-05T13:27:38","guid":{"rendered":"http:\/\/54.217.166.153\/o\/allcuramed-personal\/"},"modified":"2023-09-05T15:33:26","modified_gmt":"2023-09-05T13:33:26","slug":"allcuramed-personal","status":"publish","type":"portfolio","link":"https:\/\/mimir.nu\/en\/o\/allcuramed-personal\/","title":{"rendered":"AllcuraMed Personal GmbH"},"content":{"rendered":"  \n<style type=\"text\/css\" data-created_by=\"avia_inline_auto\" id=\"style-css-av-av_heading-b4be2244f11d8d332575feb93ecd033c\">\n#top .av-special-heading.av-av_heading-b4be2244f11d8d332575feb93ecd033c{\npadding-bottom:10px;\n}\nbody .av-special-heading.av-av_heading-b4be2244f11d8d332575feb93ecd033c .av-special-heading-tag .heading-char{\nfont-size:25px;\n}\n.av-special-heading.av-av_heading-b4be2244f11d8d332575feb93ecd033c .av-subheading{\nfont-size:15px;\n}\n<\/style>\n<div  class='av-special-heading av-av_heading-b4be2244f11d8d332575feb93ecd033c av-special-heading-h3'><h3 class='av-special-heading-tag '  itemprop=\"headline\"  >Jobs posted by AllcuraMed Personal GmbH<\/h3><div class=\"special-heading-border\"><div class=\"special-heading-inner-border\"><\/div><\/div><\/div>\n  <section  class='av_textblock_section av-av_textblock-0366cc7376be6c9e82a3e9cc8987b64f '   itemscope=\"itemscope\" itemtype=\"https:\/\/schema.org\/CreativeWork\" ><div class='avia_textblock'  itemprop=\"text\" ><p>    Mimir provides the automated job management of jobs on job boards for <a href=\"https:\/\/www.allcuramed-personal.de.de\/\">AllcuraMed Personal GmbH<\/a>.<\/p>\n<\/div><\/section>\n\n<style type=\"text\/css\" data-created_by=\"avia_inline_auto\" id=\"style-css-av-av_heading-ec4bf286390e57c0f372b4510908f00a\">\n#top .av-special-heading.av-av_heading-ec4bf286390e57c0f372b4510908f00a{\npadding-bottom:10px;\n}\nbody .av-special-heading.av-av_heading-ec4bf286390e57c0f372b4510908f00a .av-special-heading-tag .heading-char{\nfont-size:25px;\n}\n.av-special-heading.av-av_heading-ec4bf286390e57c0f372b4510908f00a .av-subheading{\nfont-size:15px;\n}\n<\/style>\n<div  class='av-special-heading av-av_heading-ec4bf286390e57c0f372b4510908f00a av-special-heading-h4'><h4 class='av-special-heading-tag '  itemprop=\"headline\"  >Latest jobs<\/h4><div class=\"special-heading-border\"><div class=\"special-heading-inner-border\"><\/div><\/div><\/div>\n  \n<style type=\"text\/css\" data-created_by=\"avia_inline_auto\" id=\"style-css-av-av_two_third-61be9178410eaaa3f443d4723cbbaeb0\">\n.flex_column.av-av_two_third-61be9178410eaaa3f443d4723cbbaeb0{\nborder-radius:0px 0px 0px 0px;\npadding:0px 0px 0px 0px;\n}\n<\/style>\n<div  class='flex_column av-av_two_third-61be9178410eaaa3f443d4723cbbaeb0 av_two_third first flex_column_div av-zero-column-padding  '     ><section  class='av_textblock_section av-av_textblock-0366cc7376be6c9e82a3e9cc8987b64f '   itemscope=\"itemscope\" itemtype=\"https:\/\/schema.org\/CreativeWork\" ><div class='avia_textblock'  itemprop=\"text\" ><h5 class=\"no-translation\">Krankenschwester (m\/w\/d) Intensiv<\/h5>\n<p class=\"no-translation\">\n<ul>\n<li>Grund- und fachspezifische Behandlungspflege von Patienten auf der Intensivstation<\/li>\n<li>Durchf\u00fchrung und \u00dcberwachung lebenserhaltender Ma\u00dfnahmen<\/li>\n<li>Sicherstellung der medikament\u00f6sen und therapeutischen Versorgung in enger Zusammenarbeit mit \u00c4rzten und dem interdisziplin\u00e4ren Team<\/li>\n<li>Dokumentation der pflegerischen Ma\u00dfnahmen Pflege und Wartung der medizinisch-technischen Ger\u00e4te<\/li>\n<li>Durchf\u00fchrung von Notfallma\u00dfnahmen bei akuten lebensbedrohlichen Zust\u00e4nden<\/li>\n<\/ul>\n<p>\n<\/div><\/section><\/div>\n  \n<style type=\"text\/css\" data-created_by=\"avia_inline_auto\" id=\"style-css-av-av_one_third-0aa7055fe62c3622faec82866afbaeb2\">\n.flex_column.av-av_one_third-0aa7055fe62c3622faec82866afbaeb2{\nborder-radius:0px 0px 0px 0px;\npadding:0px 0px 0px 0px;\n}\n<\/style>\n<div  class='flex_column av-av_one_third-0aa7055fe62c3622faec82866afbaeb2 av_one_third flex_column_div av-zero-column-padding  '     ><div  class='togglecontainer av-av_toggle_container-d03efdf7de8d15029af4a4ccb5448be7' >\n              <section class='av_toggle_section av-av_toggle-489ecb5453a59f0ae62c2903e4d2196e'  itemscope=\"itemscope\" itemtype=\"https:\/\/schema.org\/CreativeWork\" ><div role=\"tablist\" class=\"single_toggle\" data-tags=\"{All} \"  ><p id='toggle-toggle-id-1' data-fake-id='#toggle-id-1' class='toggler  activeTitle av-title-above '  itemprop=\"headline\"  role='tab' tabindex='0' aria-controls='toggle-id-1' data-slide-speed=\"200\" data-title=\"JOBB\u00d6RSE der Bundesagentur f\u00fcr Arbeit\" data-title-open=\"\" data-aria_collapsed=\"Click to expand: JOBB\u00d6RSE der Bundesagentur f\u00fcr Arbeit\" data-aria_expanded=\"Click to collapse: JOBB\u00d6RSE der Bundesagentur f\u00fcr Arbeit\">JOBB\u00d6RSE der Bundesagentur f\u00fcr Arbeit<span class=\"toggle_icon\"><span class=\"vert_icon\"><\/span><span class=\"hor_icon\"><\/span><\/span><\/p><div id='toggle-id-1' aria-labelledby='toggle-toggle-id-1' role='region' class='toggle_wrap  active_tc av-title-above' style='display:block;' ><div class='toggle_content invers-color '  itemprop=\"text\" ><p>          \n<style type=\"text\/css\" data-created_by=\"avia_inline_auto\" id=\"style-css-av-av_font_icon-68df07e82f9aa7e9ca8086cf07328158\">\n.av_font_icon.av-av_font_icon-68df07e82f9aa7e9ca8086cf07328158 .av-icon-char{\nfont-size:12px;\nline-height:12px;\n}\n<\/style>\n<span  class='av_font_icon av-av_font_icon-68df07e82f9aa7e9ca8086cf07328158 avia_animate_when_visible av-icon-style- avia-icon-pos-left avia-iconfont avia-font-entypo-fontello av-no-color avia-icon-animate'><span class='av-icon-char' data-av_icon='\ue82d' data-av_iconfont='entypo-fontello' aria-hidden=\"true\" ><\/span><\/span> 0 applications<br \/>\n          \n<style type=\"text\/css\" data-created_by=\"avia_inline_auto\" id=\"style-css-av-av_font_icon-2ad3e02231965e18a13969aa2ae9da8b\">\n.av_font_icon.av-av_font_icon-2ad3e02231965e18a13969aa2ae9da8b .av-icon-char{\nfont-size:12px;\nline-height:12px;\n}\n<\/style>\n<span  class='av_font_icon av-av_font_icon-2ad3e02231965e18a13969aa2ae9da8b avia_animate_when_visible av-icon-style- avia-icon-pos-left avia-iconfont avia-font-entypo-fontello av-no-color avia-icon-animate'><span class='av-icon-char' data-av_icon='\ue80b' data-av_iconfont='entypo-fontello' aria-hidden=\"true\" ><\/span><\/span> 0 views                  <\/p>\n<\/div><\/div><\/div><\/section>\n          <\/div><\/div>\n  <br style=\"clear: both\">\n  <span style=\"margin-top: 20px; float: right\">29-04-2026<\/span>\n  <span style=\"margin-top: 20px; font-weight: bold; float: left\">AllcuraMed Personal GmbH<\/span>\n  <hr>  \n<style type=\"text\/css\" data-created_by=\"avia_inline_auto\" id=\"style-css-av-av_two_third-61be9178410eaaa3f443d4723cbbaeb0\">\n.flex_column.av-av_two_third-61be9178410eaaa3f443d4723cbbaeb0{\nborder-radius:0px 0px 0px 0px;\npadding:0px 0px 0px 0px;\n}\n<\/style>\n<div  class='flex_column av-av_two_third-61be9178410eaaa3f443d4723cbbaeb0 av_two_third first flex_column_div av-zero-column-padding  '     ><section  class='av_textblock_section av-av_textblock-0366cc7376be6c9e82a3e9cc8987b64f '   itemscope=\"itemscope\" itemtype=\"https:\/\/schema.org\/CreativeWork\" ><div class='avia_textblock'  itemprop=\"text\" ><h5 class=\"no-translation\">Medizinische Fachangestellte (m\/w\/d) Notaufnahme<\/h5>\n<p class=\"no-translation\">\n<ul>\n<li>Erste Anlaufstelle f\u00fcr Patientinnen und Patienten in der Leitstelle Notaufnahme<\/li>\n<li>Administrative Aufnahme sowie sorgf\u00e4ltige Erfassung und Pflege der Patientendaten<\/li>\n<li>Koordination und Steuerung des Patientenflusses<\/li>\n<li>Telefonische und pers\u00f6nliche Kommunikation mit Patient, Angeh\u00f6rigen, Rettungsdiensten und zuweisenden Einrichtungen<\/li>\n<li>Organisation und Unterst\u00fctzung der Abl\u00e4ufe<\/li>\n<li>Schichtdienst<\/li>\n<\/ul>\n<p>\n<\/div><\/section><\/div>\n  \n<style type=\"text\/css\" data-created_by=\"avia_inline_auto\" id=\"style-css-av-av_one_third-0aa7055fe62c3622faec82866afbaeb2\">\n.flex_column.av-av_one_third-0aa7055fe62c3622faec82866afbaeb2{\nborder-radius:0px 0px 0px 0px;\npadding:0px 0px 0px 0px;\n}\n<\/style>\n<div  class='flex_column av-av_one_third-0aa7055fe62c3622faec82866afbaeb2 av_one_third flex_column_div av-zero-column-padding  '     ><div  class='togglecontainer av-av_toggle_container-d03efdf7de8d15029af4a4ccb5448be7' >\n              <section class='av_toggle_section av-av_toggle-489ecb5453a59f0ae62c2903e4d2196e'  itemscope=\"itemscope\" itemtype=\"https:\/\/schema.org\/CreativeWork\" ><div role=\"tablist\" class=\"single_toggle\" data-tags=\"{All} \"  ><p id='toggle-toggle-id-2' data-fake-id='#toggle-id-2' class='toggler  activeTitle av-title-above '  itemprop=\"headline\"  role='tab' tabindex='0' aria-controls='toggle-id-2' data-slide-speed=\"200\" data-title=\"JOBB\u00d6RSE der Bundesagentur f\u00fcr Arbeit\" data-title-open=\"\" data-aria_collapsed=\"Click to expand: JOBB\u00d6RSE der Bundesagentur f\u00fcr Arbeit\" data-aria_expanded=\"Click to collapse: JOBB\u00d6RSE der Bundesagentur f\u00fcr Arbeit\">JOBB\u00d6RSE der Bundesagentur f\u00fcr Arbeit<span class=\"toggle_icon\"><span class=\"vert_icon\"><\/span><span class=\"hor_icon\"><\/span><\/span><\/p><div id='toggle-id-2' aria-labelledby='toggle-toggle-id-2' role='region' class='toggle_wrap  active_tc av-title-above' style='display:block;' ><div class='toggle_content invers-color '  itemprop=\"text\" ><p>          \n<style type=\"text\/css\" data-created_by=\"avia_inline_auto\" id=\"style-css-av-av_font_icon-68df07e82f9aa7e9ca8086cf07328158\">\n.av_font_icon.av-av_font_icon-68df07e82f9aa7e9ca8086cf07328158 .av-icon-char{\nfont-size:12px;\nline-height:12px;\n}\n<\/style>\n<span  class='av_font_icon av-av_font_icon-68df07e82f9aa7e9ca8086cf07328158 avia_animate_when_visible av-icon-style- avia-icon-pos-left avia-iconfont avia-font-entypo-fontello av-no-color avia-icon-animate'><span class='av-icon-char' data-av_icon='\ue82d' data-av_iconfont='entypo-fontello' aria-hidden=\"true\" ><\/span><\/span> 0 applications<br \/>\n          \n<style type=\"text\/css\" data-created_by=\"avia_inline_auto\" id=\"style-css-av-av_font_icon-2ad3e02231965e18a13969aa2ae9da8b\">\n.av_font_icon.av-av_font_icon-2ad3e02231965e18a13969aa2ae9da8b .av-icon-char{\nfont-size:12px;\nline-height:12px;\n}\n<\/style>\n<span  class='av_font_icon av-av_font_icon-2ad3e02231965e18a13969aa2ae9da8b avia_animate_when_visible av-icon-style- avia-icon-pos-left avia-iconfont avia-font-entypo-fontello av-no-color avia-icon-animate'><span class='av-icon-char' data-av_icon='\ue80b' data-av_iconfont='entypo-fontello' aria-hidden=\"true\" ><\/span><\/span> 0 views                  <\/p>\n<\/div><\/div><\/div><\/section>\n          <\/div><\/div>\n  <br style=\"clear: both\">\n  <span style=\"margin-top: 20px; float: right\">23-04-2026<\/span>\n  <span style=\"margin-top: 20px; font-weight: bold; float: left\">AllcuraMed Personal GmbH<\/span>\n  <hr>  \n<style type=\"text\/css\" data-created_by=\"avia_inline_auto\" id=\"style-css-av-av_two_third-61be9178410eaaa3f443d4723cbbaeb0\">\n.flex_column.av-av_two_third-61be9178410eaaa3f443d4723cbbaeb0{\nborder-radius:0px 0px 0px 0px;\npadding:0px 0px 0px 0px;\n}\n<\/style>\n<div  class='flex_column av-av_two_third-61be9178410eaaa3f443d4723cbbaeb0 av_two_third first flex_column_div av-zero-column-padding  '     ><section  class='av_textblock_section av-av_textblock-0366cc7376be6c9e82a3e9cc8987b64f '   itemscope=\"itemscope\" itemtype=\"https:\/\/schema.org\/CreativeWork\" ><div class='avia_textblock'  itemprop=\"text\" ><h5 class=\"no-translation\">Kinderkrankenschwester Intensiv (m\/w\/d)<\/h5>\n<p class=\"no-translation\">\n<ul>\n<li>\u00dcberwachung und Pflege intensivpflichtiger Kinder<\/li>\n<li>Umgang mit Beatmung, Infusionstherapie, Monitorsystemen<\/li>\n<li>Elternberatung und Begleitung in belastenden Situationen<\/li>\n<li>Dokumentation Zusammenarbeit im interdisziplin\u00e4ren Team<\/li>\n<li>Teilnahme an Notfallsituationen<\/li>\n<\/ul>\n<p>\n<\/div><\/section><\/div>\n  \n<style type=\"text\/css\" data-created_by=\"avia_inline_auto\" id=\"style-css-av-av_one_third-0aa7055fe62c3622faec82866afbaeb2\">\n.flex_column.av-av_one_third-0aa7055fe62c3622faec82866afbaeb2{\nborder-radius:0px 0px 0px 0px;\npadding:0px 0px 0px 0px;\n}\n<\/style>\n<div  class='flex_column av-av_one_third-0aa7055fe62c3622faec82866afbaeb2 av_one_third flex_column_div av-zero-column-padding  '     ><div  class='togglecontainer av-av_toggle_container-d03efdf7de8d15029af4a4ccb5448be7' >\n              <section class='av_toggle_section av-av_toggle-489ecb5453a59f0ae62c2903e4d2196e'  itemscope=\"itemscope\" itemtype=\"https:\/\/schema.org\/CreativeWork\" ><div role=\"tablist\" class=\"single_toggle\" data-tags=\"{All} \"  ><p id='toggle-toggle-id-3' data-fake-id='#toggle-id-3' class='toggler  activeTitle av-title-above '  itemprop=\"headline\"  role='tab' tabindex='0' aria-controls='toggle-id-3' data-slide-speed=\"200\" data-title=\"JOBB\u00d6RSE der Bundesagentur f\u00fcr Arbeit\" data-title-open=\"\" data-aria_collapsed=\"Click to expand: JOBB\u00d6RSE der Bundesagentur f\u00fcr Arbeit\" data-aria_expanded=\"Click to collapse: JOBB\u00d6RSE der Bundesagentur f\u00fcr Arbeit\">JOBB\u00d6RSE der Bundesagentur f\u00fcr Arbeit<span class=\"toggle_icon\"><span class=\"vert_icon\"><\/span><span class=\"hor_icon\"><\/span><\/span><\/p><div id='toggle-id-3' aria-labelledby='toggle-toggle-id-3' role='region' class='toggle_wrap  active_tc av-title-above' style='display:block;' ><div class='toggle_content invers-color '  itemprop=\"text\" ><p>          \n<style type=\"text\/css\" data-created_by=\"avia_inline_auto\" id=\"style-css-av-av_font_icon-68df07e82f9aa7e9ca8086cf07328158\">\n.av_font_icon.av-av_font_icon-68df07e82f9aa7e9ca8086cf07328158 .av-icon-char{\nfont-size:12px;\nline-height:12px;\n}\n<\/style>\n<span  class='av_font_icon av-av_font_icon-68df07e82f9aa7e9ca8086cf07328158 avia_animate_when_visible av-icon-style- avia-icon-pos-left avia-iconfont avia-font-entypo-fontello av-no-color avia-icon-animate'><span class='av-icon-char' data-av_icon='\ue82d' data-av_iconfont='entypo-fontello' aria-hidden=\"true\" ><\/span><\/span> 0 applications<br \/>\n          \n<style type=\"text\/css\" data-created_by=\"avia_inline_auto\" id=\"style-css-av-av_font_icon-2ad3e02231965e18a13969aa2ae9da8b\">\n.av_font_icon.av-av_font_icon-2ad3e02231965e18a13969aa2ae9da8b .av-icon-char{\nfont-size:12px;\nline-height:12px;\n}\n<\/style>\n<span  class='av_font_icon av-av_font_icon-2ad3e02231965e18a13969aa2ae9da8b avia_animate_when_visible av-icon-style- avia-icon-pos-left avia-iconfont avia-font-entypo-fontello av-no-color avia-icon-animate'><span class='av-icon-char' data-av_icon='\ue80b' data-av_iconfont='entypo-fontello' aria-hidden=\"true\" ><\/span><\/span> 0 views                  <\/p>\n<\/div><\/div><\/div><\/section>\n          <\/div><\/div>\n  <br style=\"clear: both\">\n  <span style=\"margin-top: 20px; float: right\">15-04-2026<\/span>\n  <span style=\"margin-top: 20px; font-weight: bold; float: left\">AllcuraMed Personal GmbH<\/span>\n  <hr>  \n<style type=\"text\/css\" data-created_by=\"avia_inline_auto\" id=\"style-css-av-av_two_third-61be9178410eaaa3f443d4723cbbaeb0\">\n.flex_column.av-av_two_third-61be9178410eaaa3f443d4723cbbaeb0{\nborder-radius:0px 0px 0px 0px;\npadding:0px 0px 0px 0px;\n}\n<\/style>\n<div  class='flex_column av-av_two_third-61be9178410eaaa3f443d4723cbbaeb0 av_two_third first flex_column_div av-zero-column-padding  '     ><section  class='av_textblock_section av-av_textblock-0366cc7376be6c9e82a3e9cc8987b64f '   itemscope=\"itemscope\" itemtype=\"https:\/\/schema.org\/CreativeWork\" ><div class='avia_textblock'  itemprop=\"text\" ><h5 class=\"no-translation\">OTA (m\/w\/d)<\/h5>\n<p class=\"no-translation\">\n<ul>\n<li>Vorbereitung des Operationssaals<\/li>\n<li>Bereitstellung der Instrumente und Materialien<\/li>\n<li>Assistenz w\u00e4hrend der Operation<\/li>\n<li>Bedienung und \u00dcberwachung der Ger\u00e4te<\/li>\n<li>Nachbereitung und Dokumentation<\/li>\n<\/ul>\n<p>\n<\/div><\/section><\/div>\n  \n<style type=\"text\/css\" data-created_by=\"avia_inline_auto\" id=\"style-css-av-av_one_third-0aa7055fe62c3622faec82866afbaeb2\">\n.flex_column.av-av_one_third-0aa7055fe62c3622faec82866afbaeb2{\nborder-radius:0px 0px 0px 0px;\npadding:0px 0px 0px 0px;\n}\n<\/style>\n<div  class='flex_column av-av_one_third-0aa7055fe62c3622faec82866afbaeb2 av_one_third flex_column_div av-zero-column-padding  '     ><div  class='togglecontainer av-av_toggle_container-d03efdf7de8d15029af4a4ccb5448be7' >\n              <section class='av_toggle_section av-av_toggle-489ecb5453a59f0ae62c2903e4d2196e'  itemscope=\"itemscope\" itemtype=\"https:\/\/schema.org\/CreativeWork\" ><div role=\"tablist\" class=\"single_toggle\" data-tags=\"{All} \"  ><p id='toggle-toggle-id-4' data-fake-id='#toggle-id-4' class='toggler  activeTitle av-title-above '  itemprop=\"headline\"  role='tab' tabindex='0' aria-controls='toggle-id-4' data-slide-speed=\"200\" data-title=\"JOBB\u00d6RSE der Bundesagentur f\u00fcr Arbeit\" data-title-open=\"\" data-aria_collapsed=\"Click to expand: JOBB\u00d6RSE der Bundesagentur f\u00fcr Arbeit\" data-aria_expanded=\"Click to collapse: JOBB\u00d6RSE der Bundesagentur f\u00fcr Arbeit\">JOBB\u00d6RSE der Bundesagentur f\u00fcr Arbeit<span class=\"toggle_icon\"><span class=\"vert_icon\"><\/span><span class=\"hor_icon\"><\/span><\/span><\/p><div id='toggle-id-4' aria-labelledby='toggle-toggle-id-4' role='region' class='toggle_wrap  active_tc av-title-above' style='display:block;' ><div class='toggle_content invers-color '  itemprop=\"text\" ><p>          \n<style type=\"text\/css\" data-created_by=\"avia_inline_auto\" id=\"style-css-av-av_font_icon-68df07e82f9aa7e9ca8086cf07328158\">\n.av_font_icon.av-av_font_icon-68df07e82f9aa7e9ca8086cf07328158 .av-icon-char{\nfont-size:12px;\nline-height:12px;\n}\n<\/style>\n<span  class='av_font_icon av-av_font_icon-68df07e82f9aa7e9ca8086cf07328158 avia_animate_when_visible av-icon-style- avia-icon-pos-left avia-iconfont avia-font-entypo-fontello av-no-color avia-icon-animate'><span class='av-icon-char' data-av_icon='\ue82d' data-av_iconfont='entypo-fontello' aria-hidden=\"true\" ><\/span><\/span> 0 applications<br \/>\n          \n<style type=\"text\/css\" data-created_by=\"avia_inline_auto\" id=\"style-css-av-av_font_icon-2ad3e02231965e18a13969aa2ae9da8b\">\n.av_font_icon.av-av_font_icon-2ad3e02231965e18a13969aa2ae9da8b .av-icon-char{\nfont-size:12px;\nline-height:12px;\n}\n<\/style>\n<span  class='av_font_icon av-av_font_icon-2ad3e02231965e18a13969aa2ae9da8b avia_animate_when_visible av-icon-style- avia-icon-pos-left avia-iconfont avia-font-entypo-fontello av-no-color avia-icon-animate'><span class='av-icon-char' data-av_icon='\ue80b' data-av_iconfont='entypo-fontello' aria-hidden=\"true\" ><\/span><\/span> 0 views                  <\/p>\n<\/div><\/div><\/div><\/section>\n          <\/div><\/div>\n  <br style=\"clear: both\">\n  <span style=\"margin-top: 20px; float: right\">15-04-2026<\/span>\n  <span style=\"margin-top: 20px; font-weight: bold; float: left\">AllcuraMed Personal GmbH<\/span>\n  \n","protected":false},"excerpt":{"rendered":"","protected":false},"author":1,"featured_media":6807,"comment_status":"open","ping_status":"closed","template":"","meta":{"footnotes":""},"tags":[],"portfolio_entries":[138,120],"class_list":["post-6811","portfolio","type-portfolio","status-publish","has-post-thumbnail","hentry","portfolio_entries-bullhorn-en","portfolio_entries-recruitment"],"yoast_head":"<!-- This site is optimized with the Yoast SEO plugin v27.5 - https:\/\/yoast.com\/product\/yoast-seo-wordpress\/ -->\n<title>AllcuraMed Personal GmbH - Mimir<\/title>\n<meta name=\"description\" content=\"AllcuraMed Personal GmbH uses the advanced and integrated job management services of Mimir in Bullhorn for Salesforce to manage jobs on job boards.\" \/>\n<meta name=\"robots\" content=\"index, follow, max-snippet:-1, max-image-preview:large, max-video-preview:-1\" \/>\n<link rel=\"canonical\" href=\"https:\/\/mimir.nu\/en\/o\/allcuramed-personal\/\" \/>\n<meta property=\"og:locale\" content=\"en_US\" \/>\n<meta property=\"og:type\" content=\"article\" \/>\n<meta property=\"og:title\" content=\"AllcuraMed Personal GmbH - Mimir\" \/>\n<meta property=\"og:description\" content=\"AllcuraMed Personal GmbH uses the advanced and integrated job management services of Mimir in Bullhorn for Salesforce to manage jobs on job boards.\" \/>\n<meta property=\"og:url\" content=\"https:\/\/mimir.nu\/en\/o\/allcuramed-personal\/\" \/>\n<meta property=\"og:site_name\" content=\"Mimir\" \/>\n<meta property=\"article:modified_time\" content=\"2023-09-05T13:33:26+00:00\" \/>\n<meta property=\"og:image\" content=\"https:\/\/mimir.nu\/wp-content\/uploads\/2023\/09\/logo-allcuramed-personal-200x200-1.png\" \/>\n\t<meta property=\"og:image:width\" content=\"200\" \/>\n\t<meta property=\"og:image:height\" content=\"200\" \/>\n\t<meta property=\"og:image:type\" content=\"image\/png\" \/>\n<meta name=\"twitter:card\" content=\"summary_large_image\" \/>\n<meta name=\"twitter:label1\" content=\"Est. reading time\" \/>\n\t<meta name=\"twitter:data1\" content=\"1 minute\" \/>\n<script type=\"application\/ld+json\" class=\"yoast-schema-graph\">{\"@context\":\"https:\\\/\\\/schema.org\",\"@graph\":[{\"@type\":\"WebPage\",\"@id\":\"https:\\\/\\\/mimir.nu\\\/en\\\/o\\\/allcuramed-personal\\\/\",\"url\":\"https:\\\/\\\/mimir.nu\\\/en\\\/o\\\/allcuramed-personal\\\/\",\"name\":\"AllcuraMed Personal GmbH - Mimir\",\"isPartOf\":{\"@id\":\"https:\\\/\\\/mimir.nu\\\/#website\"},\"primaryImageOfPage\":{\"@id\":\"https:\\\/\\\/mimir.nu\\\/en\\\/o\\\/allcuramed-personal\\\/#primaryimage\"},\"image\":{\"@id\":\"https:\\\/\\\/mimir.nu\\\/en\\\/o\\\/allcuramed-personal\\\/#primaryimage\"},\"thumbnailUrl\":\"https:\\\/\\\/mimir.nu\\\/wp-content\\\/uploads\\\/2023\\\/09\\\/logo-allcuramed-personal-200x200-1.png\",\"datePublished\":\"2023-09-05T13:27:38+00:00\",\"dateModified\":\"2023-09-05T13:33:26+00:00\",\"description\":\"AllcuraMed Personal GmbH uses the advanced and integrated job management services of Mimir in Bullhorn for Salesforce to manage jobs on job boards.\",\"breadcrumb\":{\"@id\":\"https:\\\/\\\/mimir.nu\\\/en\\\/o\\\/allcuramed-personal\\\/#breadcrumb\"},\"inLanguage\":\"en-US\",\"potentialAction\":[{\"@type\":\"ReadAction\",\"target\":[\"https:\\\/\\\/mimir.nu\\\/en\\\/o\\\/allcuramed-personal\\\/\"]}]},{\"@type\":\"ImageObject\",\"inLanguage\":\"en-US\",\"@id\":\"https:\\\/\\\/mimir.nu\\\/en\\\/o\\\/allcuramed-personal\\\/#primaryimage\",\"url\":\"https:\\\/\\\/mimir.nu\\\/wp-content\\\/uploads\\\/2023\\\/09\\\/logo-allcuramed-personal-200x200-1.png\",\"contentUrl\":\"https:\\\/\\\/mimir.nu\\\/wp-content\\\/uploads\\\/2023\\\/09\\\/logo-allcuramed-personal-200x200-1.png\",\"width\":200,\"height\":200,\"caption\":\"Logo AllcuraMed Personal GmbH\"},{\"@type\":\"BreadcrumbList\",\"@id\":\"https:\\\/\\\/mimir.nu\\\/en\\\/o\\\/allcuramed-personal\\\/#breadcrumb\",\"itemListElement\":[{\"@type\":\"ListItem\",\"position\":1,\"name\":\"Home\",\"item\":\"https:\\\/\\\/mimir.nu\\\/en\\\/\"},{\"@type\":\"ListItem\",\"position\":2,\"name\":\"AllcuraMed Personal GmbH\"}]},{\"@type\":\"WebSite\",\"@id\":\"https:\\\/\\\/mimir.nu\\\/#website\",\"url\":\"https:\\\/\\\/mimir.nu\\\/\",\"name\":\"Mimir\",\"description\":\"Automatisch vacatures plaatsen op vacaturebanken\",\"potentialAction\":[{\"@type\":\"SearchAction\",\"target\":{\"@type\":\"EntryPoint\",\"urlTemplate\":\"https:\\\/\\\/mimir.nu\\\/?s={search_term_string}\"},\"query-input\":{\"@type\":\"PropertyValueSpecification\",\"valueRequired\":true,\"valueName\":\"search_term_string\"}}],\"inLanguage\":\"en-US\"}]}<\/script>\n<!-- \/ Yoast SEO plugin. -->","yoast_head_json":{"title":"AllcuraMed Personal GmbH - Mimir","description":"AllcuraMed Personal GmbH uses the advanced and integrated job management services of Mimir in Bullhorn for Salesforce to manage jobs on job boards.","robots":{"index":"index","follow":"follow","max-snippet":"max-snippet:-1","max-image-preview":"max-image-preview:large","max-video-preview":"max-video-preview:-1"},"canonical":"https:\/\/mimir.nu\/en\/o\/allcuramed-personal\/","og_locale":"en_US","og_type":"article","og_title":"AllcuraMed Personal GmbH - Mimir","og_description":"AllcuraMed Personal GmbH uses the advanced and integrated job management services of Mimir in Bullhorn for Salesforce to manage jobs on job boards.","og_url":"https:\/\/mimir.nu\/en\/o\/allcuramed-personal\/","og_site_name":"Mimir","article_modified_time":"2023-09-05T13:33:26+00:00","og_image":[{"width":200,"height":200,"url":"https:\/\/mimir.nu\/wp-content\/uploads\/2023\/09\/logo-allcuramed-personal-200x200-1.png","type":"image\/png"}],"twitter_card":"summary_large_image","twitter_misc":{"Est. reading time":"1 minute"},"schema":{"@context":"https:\/\/schema.org","@graph":[{"@type":"WebPage","@id":"https:\/\/mimir.nu\/en\/o\/allcuramed-personal\/","url":"https:\/\/mimir.nu\/en\/o\/allcuramed-personal\/","name":"AllcuraMed Personal GmbH - Mimir","isPartOf":{"@id":"https:\/\/mimir.nu\/#website"},"primaryImageOfPage":{"@id":"https:\/\/mimir.nu\/en\/o\/allcuramed-personal\/#primaryimage"},"image":{"@id":"https:\/\/mimir.nu\/en\/o\/allcuramed-personal\/#primaryimage"},"thumbnailUrl":"https:\/\/mimir.nu\/wp-content\/uploads\/2023\/09\/logo-allcuramed-personal-200x200-1.png","datePublished":"2023-09-05T13:27:38+00:00","dateModified":"2023-09-05T13:33:26+00:00","description":"AllcuraMed Personal GmbH uses the advanced and integrated job management services of Mimir in Bullhorn for Salesforce to manage jobs on job boards.","breadcrumb":{"@id":"https:\/\/mimir.nu\/en\/o\/allcuramed-personal\/#breadcrumb"},"inLanguage":"en-US","potentialAction":[{"@type":"ReadAction","target":["https:\/\/mimir.nu\/en\/o\/allcuramed-personal\/"]}]},{"@type":"ImageObject","inLanguage":"en-US","@id":"https:\/\/mimir.nu\/en\/o\/allcuramed-personal\/#primaryimage","url":"https:\/\/mimir.nu\/wp-content\/uploads\/2023\/09\/logo-allcuramed-personal-200x200-1.png","contentUrl":"https:\/\/mimir.nu\/wp-content\/uploads\/2023\/09\/logo-allcuramed-personal-200x200-1.png","width":200,"height":200,"caption":"Logo AllcuraMed Personal GmbH"},{"@type":"BreadcrumbList","@id":"https:\/\/mimir.nu\/en\/o\/allcuramed-personal\/#breadcrumb","itemListElement":[{"@type":"ListItem","position":1,"name":"Home","item":"https:\/\/mimir.nu\/en\/"},{"@type":"ListItem","position":2,"name":"AllcuraMed Personal GmbH"}]},{"@type":"WebSite","@id":"https:\/\/mimir.nu\/#website","url":"https:\/\/mimir.nu\/","name":"Mimir","description":"Automatisch vacatures plaatsen op vacaturebanken","potentialAction":[{"@type":"SearchAction","target":{"@type":"EntryPoint","urlTemplate":"https:\/\/mimir.nu\/?s={search_term_string}"},"query-input":{"@type":"PropertyValueSpecification","valueRequired":true,"valueName":"search_term_string"}}],"inLanguage":"en-US"}]}},"_links":{"self":[{"href":"https:\/\/mimir.nu\/en\/wp-json\/wp\/v2\/portfolio\/6811","targetHints":{"allow":["GET"]}}],"collection":[{"href":"https:\/\/mimir.nu\/en\/wp-json\/wp\/v2\/portfolio"}],"about":[{"href":"https:\/\/mimir.nu\/en\/wp-json\/wp\/v2\/types\/portfolio"}],"author":[{"embeddable":true,"href":"https:\/\/mimir.nu\/en\/wp-json\/wp\/v2\/users\/1"}],"replies":[{"embeddable":true,"href":"https:\/\/mimir.nu\/en\/wp-json\/wp\/v2\/comments?post=6811"}],"version-history":[{"count":0,"href":"https:\/\/mimir.nu\/en\/wp-json\/wp\/v2\/portfolio\/6811\/revisions"}],"wp:featuredmedia":[{"embeddable":true,"href":"https:\/\/mimir.nu\/en\/wp-json\/wp\/v2\/media\/6807"}],"wp:attachment":[{"href":"https:\/\/mimir.nu\/en\/wp-json\/wp\/v2\/media?parent=6811"}],"wp:term":[{"taxonomy":"post_tag","embeddable":true,"href":"https:\/\/mimir.nu\/en\/wp-json\/wp\/v2\/tags?post=6811"},{"taxonomy":"portfolio_entries","embeddable":true,"href":"https:\/\/mimir.nu\/en\/wp-json\/wp\/v2\/portfolio_entries?post=6811"}],"curies":[{"name":"wp","href":"https:\/\/api.w.org\/{rel}","templated":true}]}}