{"id":7137,"date":"2023-12-20T14:18:42","date_gmt":"2023-12-20T13:18:42","guid":{"rendered":"http:\/\/54.217.166.153\/o\/gennep\/"},"modified":"2023-12-20T14:23:50","modified_gmt":"2023-12-20T13:23:50","slug":"gennep","status":"publish","type":"portfolio","link":"https:\/\/mimir.nu\/en\/o\/gennep\/","title":{"rendered":"Gemeente Gennep"},"content":{"rendered":"  \n<style type=\"text\/css\" data-created_by=\"avia_inline_auto\" id=\"style-css-av-av_heading-c847ebde087089fea9cd4f84f00f72ce\">\n#top .av-special-heading.av-av_heading-c847ebde087089fea9cd4f84f00f72ce{\npadding-bottom:10px;\n}\nbody .av-special-heading.av-av_heading-c847ebde087089fea9cd4f84f00f72ce .av-special-heading-tag .heading-char{\nfont-size:25px;\n}\n.av-special-heading.av-av_heading-c847ebde087089fea9cd4f84f00f72ce .av-subheading{\nfont-size:15px;\n}\n<\/style>\n<div  class='av-special-heading av-av_heading-c847ebde087089fea9cd4f84f00f72ce av-special-heading-h3'><h3 class='av-special-heading-tag '  itemprop=\"headline\"  >Jobs posted by Gemeente Gennep<\/h3><div class=\"special-heading-border\"><div class=\"special-heading-inner-border\"><\/div><\/div><\/div>\n  <section  class='av_textblock_section av-av_textblock-0366cc7376be6c9e82a3e9cc8987b64f '   itemscope=\"itemscope\" itemtype=\"https:\/\/schema.org\/CreativeWork\" ><div class='avia_textblock'  itemprop=\"text\" ><p>    Mimir provides the automated job management of jobs on job boards for <a href=\"https:\/\/www.gennep.nl\/\">Gemeente Gennep<\/a>.<\/p>\n<\/div><\/section>\n\n<style type=\"text\/css\" data-created_by=\"avia_inline_auto\" id=\"style-css-av-av_heading-ec4bf286390e57c0f372b4510908f00a\">\n#top .av-special-heading.av-av_heading-ec4bf286390e57c0f372b4510908f00a{\npadding-bottom:10px;\n}\nbody .av-special-heading.av-av_heading-ec4bf286390e57c0f372b4510908f00a .av-special-heading-tag .heading-char{\nfont-size:25px;\n}\n.av-special-heading.av-av_heading-ec4bf286390e57c0f372b4510908f00a .av-subheading{\nfont-size:15px;\n}\n<\/style>\n<div  class='av-special-heading av-av_heading-ec4bf286390e57c0f372b4510908f00a av-special-heading-h4'><h4 class='av-special-heading-tag '  itemprop=\"headline\"  >Latest jobs<\/h4><div class=\"special-heading-border\"><div class=\"special-heading-inner-border\"><\/div><\/div><\/div>\n  \n<style type=\"text\/css\" data-created_by=\"avia_inline_auto\" id=\"style-css-av-av_two_third-61be9178410eaaa3f443d4723cbbaeb0\">\n.flex_column.av-av_two_third-61be9178410eaaa3f443d4723cbbaeb0{\nborder-radius:0px 0px 0px 0px;\npadding:0px 0px 0px 0px;\n}\n<\/style>\n<div  class='flex_column av-av_two_third-61be9178410eaaa3f443d4723cbbaeb0 av_two_third first flex_column_div av-zero-column-padding  '     ><section  class='av_textblock_section av-av_textblock-0366cc7376be6c9e82a3e9cc8987b64f '   itemscope=\"itemscope\" itemtype=\"https:\/\/schema.org\/CreativeWork\" ><div class='avia_textblock'  itemprop=\"text\" ><h5 class=\"no-translation\">Financieel beleidsadviseur<\/h5>\n<p class=\"no-translation\">De gemeente Gennep is een kleine gemeente met bijna 18.000 inwoners en is schitterend gelegen in Noord-Limburg. We proberen onze inwoners en ondernemers zo goed mogelijk van dienst te zijn, door goed naar hun idee\u00ebn te luisteren en ze hierbij te ondersteunen. Samen zorgen we ervoor dat het er ook in de toekomst goed wonen, werken en recre\u00ebren is.<\/p>\n<p>We zijn een kleine, hechte organisatie waar je je optimaal kunt ontwikkelen en je talenten en kansen volop kunt benutten. Wat is nu een mooiere plek om dat te doen dan in een nieuw fris, groen gemeentekantoor midden in het pittoreske centrum van Gennep? Met uitzicht op het wereldberoemde ooievaarspaar bovenop het oude stadhuis op de Markt. En voor een frisse neus loop je niet alleen het centrum in, maar sta je ook zo aan de Niers. Over de dijk kijk je uit naar de verschillende kernen met elk hun eigen karakter.<\/p>\n<p><strong>Dit ga je doen als<\/strong><br \/>Als financieel Beleidsadviseur van de toekomst pas je mogelijke financi\u00eble strategie\u00ebn toe in de advisering rondom de besluitvorming binnen onze gemeente. Je bent bekend met de financi\u00eble trends en weet deze te vertalen naar innovatieve oplossingen die bijdragen aan de doelstellingen van de gemeente. Je werkt nauw samen met verschillende afdelingen en stakeholders om een stabiele en transparante financi\u00eble basis te waarborgen.<\/p>\n<p>In de functie van financieel beleidsadviseur ben jij een sparringpartner en adviseur voor het bestuur, het college en de gehele organisatie. Wat ga je verder doen?<\/p>\n<p><strong><em>Dit zijn jouw werkzaamheden<\/em><\/strong><br \/>\u2756 Je bent de sparringpartner van management, bestuur, het college en de gehele organisatie;<\/p>\n<p>\u2756 Je adviseert beleidsmedewerkers, budgethouders en management over de financi\u00eble impact van beleidsontwikkelingen en ziet erop toe dat deze verwerkt worden in de college- en raadsvoorstellen;<\/p>\n<p>\u2756 Je analyseert en interpreteert bestaand beleid, regelgeving en vakinhoudelijke ontwikkelingen naar de uitvoering van de programma's;<\/p>\n<p>\u2756 Je stelt de begroting, voorjaarsnota, jaarrekening en tussentijdse rapportages als onderdeel van P&amp;C cyclus op;<\/p>\n<p>\u2756 Je bent aanspreekpunt voor het samenwerkingsverband BsGW en co\u00f6rdineert (jaarlijkse besluitvorming over) belastingtarieven en belastingverordeningen. Je adviseert over belastingtechnische vraagstukken en analyseert belastingopbrengsten, kwijtschelding, bezwaar- en beroepsprocedures en andere kengetallen. Je kennis over - en ervaring met lokale belastingen is een pre. Wanneer je deze ervaring niet hebt ben je bereid om deze kennis te ontwikkelen.<\/p>\n<p>\u2756 Je bewaakt de tijdigheid en volledigheid van de opgestelde financi\u00eble documenten die voortkomen uit de P&amp;C cyclus;<\/p>\n<p>\u2756 Je levert input voor het opstellen van financi\u00eble beleidsdocumenten waaronder verordeningen en nota\u2019s;<\/p>\n<p>\u2756 Je signaleert ontwikkelingen in het vakgebied en neemt deze actief mee in je advisering.<\/p>\n<p><strong>Dit zien we graag in jou<\/strong><br \/>\u2756 Je hebt een afgeronde relevante HBO of HBO plus opleiding op financieel\/economisch vlak;<\/p>\n<p>\u2756 Je hebt bij voorkeur enkele jaren werkervaring als financieel beleidsadviseur binnen de (lokale) overheid of bent enkele jaren werkzaam geweest in de accountancy;<\/p>\n<p>\u2756 Je beschikt over uitstekende advies- en communicatieve vaardigheden;<\/p>\n<p>\u2756 Je bent proactief, digitaal vaardig en bent nieuwsgierig naar het werken met nieuwe technologische ontwikkelingen;<\/p>\n<p>\u2756 Je weet data en managementrapportages actief te vertalen naar financieel advies;<\/p>\n<p>\u2756 Omdat de invulling van de taken aan verandering onderhevig is zoeken wij iemand die meedenkt in oplossingen en niet bang is om nieuwe ontwikkelingen te omarmen;<\/p>\n<p>\u2756 Je bent omgevingsbewust en zoekt de verbinding met het team en andere adviseurs in de organisatie;<\/p>\n<p>\u2756 Je hebt een politieke antenne of bent ge\u00efnteresseerd in het ontwikkelen van de politieke sensitiviteit;<\/p>\n<p>\u2756 Je denkt in oplossingen, \u201choe kan het wel\u201d;<\/p>\n<p>\u2756 Je bent analytisch en doortastend.<\/p>\n<p><strong>Hier kun je op rekenen<\/strong><br \/>We bieden je volop kansen om jezelf te ontwikkelen met coaching, opleidingen en ons eigen leerplatform Genneperwijs. Want als jij groeit in wat je doet, groeit de gemeente met je mee. Daarbij bieden we een combinatie van thuiswerken en kantoorwerk, met flexibele werktijden om jouw werk-priv\u00e9balans te ondersteunen. Wat je verder kunt verwachten:<\/p>\n<p>\u2756 Een bruto maandsalaris tussen \u20ac 3.824 en \u20ac 5.624,- (functieschaal 10) op basis van een 36-urige werkweek. Je salaris kan ook worden ingeschaald in de aanloopschaal (9), afhankelijk van je opleiding en ervaring;<\/p>\n<p>\u2756 28 vakantiedagen (bij een fulltime dienstverband en een vijfdaagse werkweek);<\/p>\n<p>\u2756 Een individueel keuzebudget (IKB) van 17,05% van je bruto jaarsalaris. Hiermee kun je bijvoorbeeld extra verlofdagen kopen;<\/p>\n<p>\u2756 Lease fiets (bij een dienstverband voor onbepaalde tijd);<\/p>\n<p>\u2756 Een goede pensioenregeling;<\/p>\n<p>\u2756 Een contract van een jaar, met de intentie dit om te zetten in een contract voor onbepaalde tijd;<\/p>\n<p>\u2756 Fiscaal voordeel op aflossing van je studieschuld via het IKB (tot \u20ac 1.250 per jaar).<\/p>\n<p><strong>Werken bij gemeente Gennep betekent\u2026<\/strong><\/p>\n<p><img decoding=\"async\" src=\"https:\/\/cdn.tsf.nl\/public-production\/3fb173d3-b963-4009-88fa-9964f0135714\/joboffer\/ada8ca5b-9bb3-4006-8493-445341b2abdf\/cecfc067-983d-463b-b451-c466f5605d86\/image.jpg\" alt=\"Medewerkers in werkcaf\u00e9\"><br \/>\u2026 werken in een kleine, ambitieuze organisatie waar jouw werk ertoe doet. Met korte lijnen, veel verantwoordelijkheid en een breed takenpakket kun jij het verschil maken voor onze inwoners. In een informele en betrokken werksfeer krijg je alle ruimte om te groeien, nieuwe idee\u00ebn in te brengen en jouw talenten volop te benutten. Vanuit ons moderne kantoor in het centrum van Gennep bouw je mee aan een toekomst waar we allemaal trots op kunnen zijn.<\/p>\n<p><strong>Hier ga je werken<\/strong><br \/>Je werkt in een ambitieuze organisatie met ongeveer 180 medewerkers, waar verantwoordelijkheid, initiatief en eigenaarschap vanzelfsprekend zijn. We geven professionals de ruimte om kansen te signaleren, nieuwe ontwikkelingen te verkennen en idee\u00ebn om te zetten in concrete resultaten.<\/p>\n<p>In deze functie werk je organisatie breed. Je trekt veel op met collega's binnen Bedrijfsvoering maar werkt net zo gemakkelijk samen met collega's uit andere teams. Juist in de verbinding tussen verschillende vakgebieden, opgaven en belangen lever jij meerwaarde.<\/p>\n<p>Bij gemeente Gennep waarderen we medewerkers die initiatief nemen, kansen zien en anderen weten mee te nemen. We verwachten dan ook dat je met enthousiasme verantwoordelijkheid pakt, actief samenwerkt en bijdraagt aan de verdere ontwikkeling van onze organisatie en dienstverlening.<\/p>\n<p><strong>Solliciteer nu<\/strong><br \/>Klaar om het verschil te maken? Stuur je cv en motivatiebrief <strong>v\u00f3\u00f3r 12 september<\/strong> <strong><\/strong>naar ons op via de button solliciteren. Voor deze vacature maken we gebruik van een speeddate-ronde. Uit de ontvangen reacties maken we een selectie of we je voor deze speeddate-ronde willen uitnodigen. Deze vindt plaats op<strong> woensdag 16 september van 13.00 tot 15.30 uur. <\/strong>Uiterlijk 14 september 2026 hoor je of je hiervoor wordt uitgenodigd. We laten je dan een kijkje nemen in onze organisatie, onze ambities en de ontwikkelingen waar we momenteel mee bezig zijn. Zo krijg je een goed beeld van wie we zijn, waar we voor staan en waar jij mogelijk aan gaat bijdragen.<\/p>\n<p>Aansluitend vinden de speeddates plaats. Tijdens deze korte kennismakingsgesprekken leren we elkaar beter kennen en ontdekken we of er een wederzijdse match is. Op basis van deze gesprekken selecteren we kandidaten die worden uitgenodigd voor een verdiepend sollicitatiegesprek. Zo zorgen we ervoor dat zowel jij als wij een goed beeld krijgen van de mogelijkheden.<\/p>\n<p>Wil je eerst wat meer weten? Neem dan contact op met Nardy Beckers (teammanager Beleid &amp; Advies a.i.) te bereiken via 0485 494 141. Vragen over de procedure? Die stel je via <a href=\"mailto:HR@gennep.nl\">HR@gennep.nl<\/a>.<\/p>\n<p>Bij interne sollicitanten doorlopen wij eerst de interne procedure.<\/p>\n<p>Voor meer informatie over de gemeente Gennep ga naar onze Werken bij pagina. <a>www.gennep.nl\/werken-bij-gemeente-gennep<\/a>.<\/p>\n<p><em>*Acquisitie naar aanleiding van deze vacature wordt niet op prijs gesteld.<\/em><\/p>\n<p>\n<\/div><\/section><\/div>\n  \n<style type=\"text\/css\" data-created_by=\"avia_inline_auto\" id=\"style-css-av-av_one_third-0aa7055fe62c3622faec82866afbaeb2\">\n.flex_column.av-av_one_third-0aa7055fe62c3622faec82866afbaeb2{\nborder-radius:0px 0px 0px 0px;\npadding:0px 0px 0px 0px;\n}\n<\/style>\n<div  class='flex_column av-av_one_third-0aa7055fe62c3622faec82866afbaeb2 av_one_third flex_column_div av-zero-column-padding  '     ><div  class='togglecontainer av-av_toggle_container-d03efdf7de8d15029af4a4ccb5448be7' >\n              <section class='av_toggle_section av-av_toggle-63888c015b2603ce68ebebeb4cac5f44'  itemscope=\"itemscope\" itemtype=\"https:\/\/schema.org\/CreativeWork\" ><div role=\"tablist\" class=\"single_toggle\" data-tags=\"{All} \"  ><p id='toggle-toggle-id-1' data-fake-id='#toggle-id-1' class='toggler  activeTitle av-title-above '  itemprop=\"headline\"  role='tab' tabindex='0' aria-controls='toggle-id-1' data-slide-speed=\"200\" data-title=\"Werk.nl\" data-title-open=\"\" data-aria_collapsed=\"Click to expand: Werk.nl\" data-aria_expanded=\"Click to collapse: Werk.nl\">Werk.nl<span class=\"toggle_icon\"><span class=\"vert_icon\"><\/span><span class=\"hor_icon\"><\/span><\/span><\/p><div id='toggle-id-1' aria-labelledby='toggle-toggle-id-1' role='region' class='toggle_wrap  active_tc av-title-above' style='display:block;' ><div class='toggle_content invers-color '  itemprop=\"text\" ><p>          \n<style type=\"text\/css\" data-created_by=\"avia_inline_auto\" id=\"style-css-av-av_font_icon-68df07e82f9aa7e9ca8086cf07328158\">\n.av_font_icon.av-av_font_icon-68df07e82f9aa7e9ca8086cf07328158 .av-icon-char{\nfont-size:12px;\nline-height:12px;\n}\n<\/style>\n<span  class='av_font_icon av-av_font_icon-68df07e82f9aa7e9ca8086cf07328158 avia_animate_when_visible av-icon-style- avia-icon-pos-left avia-iconfont avia-font-entypo-fontello av-no-color avia-icon-animate'><span class='av-icon-char' data-av_icon='\ue82d' data-av_iconfont='entypo-fontello' aria-hidden=\"true\" ><\/span><\/span> 0 applications<br \/>\n          \n<style type=\"text\/css\" data-created_by=\"avia_inline_auto\" id=\"style-css-av-av_font_icon-2ad3e02231965e18a13969aa2ae9da8b\">\n.av_font_icon.av-av_font_icon-2ad3e02231965e18a13969aa2ae9da8b .av-icon-char{\nfont-size:12px;\nline-height:12px;\n}\n<\/style>\n<span  class='av_font_icon av-av_font_icon-2ad3e02231965e18a13969aa2ae9da8b avia_animate_when_visible av-icon-style- avia-icon-pos-left avia-iconfont avia-font-entypo-fontello av-no-color avia-icon-animate'><span class='av-icon-char' data-av_icon='\ue80b' data-av_iconfont='entypo-fontello' aria-hidden=\"true\" ><\/span><\/span> 0 views                  <\/p>\n<\/div><\/div><\/div><\/section>\n          <\/div><\/div>\n  <br style=\"clear: both\">\n  <span style=\"margin-top: 20px; float: right\">28-08-2026<\/span>\n  <span style=\"margin-top: 20px; font-weight: bold; float: left\">Gemeente Gennep<\/span>\n  <hr>  \n<style type=\"text\/css\" data-created_by=\"avia_inline_auto\" id=\"style-css-av-av_two_third-61be9178410eaaa3f443d4723cbbaeb0\">\n.flex_column.av-av_two_third-61be9178410eaaa3f443d4723cbbaeb0{\nborder-radius:0px 0px 0px 0px;\npadding:0px 0px 0px 0px;\n}\n<\/style>\n<div  class='flex_column av-av_two_third-61be9178410eaaa3f443d4723cbbaeb0 av_two_third first flex_column_div av-zero-column-padding  '     ><section  class='av_textblock_section av-av_textblock-0366cc7376be6c9e82a3e9cc8987b64f '   itemscope=\"itemscope\" itemtype=\"https:\/\/schema.org\/CreativeWork\" ><div class='avia_textblock'  itemprop=\"text\" ><h5 class=\"no-translation\">Financieel beleidsadviseur<\/h5>\n<p class=\"no-translation\">De gemeente Gennep is een kleine gemeente met bijna 18.000 inwoners en is schitterend gelegen in Noord-Limburg. We proberen onze inwoners en ondernemers zo goed mogelijk van dienst te zijn, door goed naar hun idee\u00ebn te luisteren en ze hierbij te ondersteunen. Samen zorgen we ervoor dat het er ook in de toekomst goed wonen, werken en recre\u00ebren is.<\/p>\n<p>We zijn een kleine, hechte organisatie waar je je optimaal kunt ontwikkelen en je talenten en kansen volop kunt benutten. Wat is nu een mooiere plek om dat te doen dan in een nieuw fris, groen gemeentekantoor midden in het pittoreske centrum van Gennep? Met uitzicht op het wereldberoemde ooievaarspaar bovenop het oude stadhuis op de Markt. En voor een frisse neus loop je niet alleen het centrum in, maar sta je ook zo aan de Niers. Over de dijk kijk je uit naar de verschillende kernen met elk hun eigen karakter.<\/p>\n<p><strong>Dit ga je doen als<\/strong><br \/>Als financieel Beleidsadviseur van de toekomst pas je mogelijke financi\u00eble strategie\u00ebn toe in de advisering rondom de besluitvorming binnen onze gemeente. Je bent bekend met de financi\u00eble trends en weet deze te vertalen naar innovatieve oplossingen die bijdragen aan de doelstellingen van de gemeente. Je werkt nauw samen met verschillende afdelingen en stakeholders om een stabiele en transparante financi\u00eble basis te waarborgen.<\/p>\n<p>In de functie van financieel beleidsadviseur ben jij een sparringpartner en adviseur voor het bestuur, het college en de gehele organisatie. Wat ga je verder doen?<\/p>\n<p><strong><em>Dit zijn jouw werkzaamheden<\/em><\/strong><br \/>\u2756 Je bent de sparringpartner van management, bestuur, het college en de gehele organisatie;<\/p>\n<p>\u2756 Je adviseert beleidsmedewerkers, budgethouders en management over de financi\u00eble impact van beleidsontwikkelingen en ziet erop toe dat deze verwerkt worden in de college- en raadsvoorstellen;<\/p>\n<p>\u2756 Je analyseert en interpreteert bestaand beleid, regelgeving en vakinhoudelijke ontwikkelingen naar de uitvoering van de programma's;<\/p>\n<p>\u2756 Je stelt de begroting, voorjaarsnota, jaarrekening en tussentijdse rapportages als onderdeel van P&amp;C cyclus op;<\/p>\n<p>\u2756 Je bent aanspreekpunt voor het samenwerkingsverband BsGW en co\u00f6rdineert (jaarlijkse besluitvorming over) belastingtarieven en belastingverordeningen. Je adviseert over belastingtechnische vraagstukken en analyseert belastingopbrengsten, kwijtschelding, bezwaar- en beroepsprocedures en andere kengetallen. Je kennis over - en ervaring met lokale belastingen is een pre. Wanneer je deze ervaring niet hebt ben je bereid om deze kennis te ontwikkelen.<\/p>\n<p>\u2756 Je bewaakt de tijdigheid en volledigheid van de opgestelde financi\u00eble documenten die voortkomen uit de P&amp;C cyclus;<\/p>\n<p>\u2756 Je levert input voor het opstellen van financi\u00eble beleidsdocumenten waaronder verordeningen en nota\u2019s;<\/p>\n<p>\u2756 Je signaleert ontwikkelingen in het vakgebied en neemt deze actief mee in je advisering.<\/p>\n<p><strong>Dit zien we graag in jou<\/strong><br \/>\u2756 Je hebt een afgeronde relevante HBO of HBO plus opleiding op financieel\/economisch vlak;<\/p>\n<p>\u2756 Je hebt bij voorkeur enkele jaren werkervaring als financieel beleidsadviseur binnen de (lokale) overheid of bent enkele jaren werkzaam geweest in de accountancy;<\/p>\n<p>\u2756 Je beschikt over uitstekende advies- en communicatieve vaardigheden;<\/p>\n<p>\u2756 Je bent proactief, digitaal vaardig en bent nieuwsgierig naar het werken met nieuwe technologische ontwikkelingen;<\/p>\n<p>\u2756 Je weet data en managementrapportages actief te vertalen naar financieel advies;<\/p>\n<p>\u2756 Omdat de invulling van de taken aan verandering onderhevig is zoeken wij iemand die meedenkt in oplossingen en niet bang is om nieuwe ontwikkelingen te omarmen;<\/p>\n<p>\u2756 Je bent omgevingsbewust en zoekt de verbinding met het team en andere adviseurs in de organisatie;<\/p>\n<p>\u2756 Je hebt een politieke antenne of bent ge\u00efnteresseerd in het ontwikkelen van de politieke sensitiviteit;<\/p>\n<p>\u2756 Je denkt in oplossingen, \u201choe kan het wel\u201d;<\/p>\n<p>\u2756 Je bent analytisch en doortastend.<\/p>\n<p><strong>Hier kun je op rekenen<\/strong><br \/>We bieden je volop kansen om jezelf te ontwikkelen met coaching, opleidingen en ons eigen leerplatform Genneperwijs. Want als jij groeit in wat je doet, groeit de gemeente met je mee. Daarbij bieden we een combinatie van thuiswerken en kantoorwerk, met flexibele werktijden om jouw werk-priv\u00e9balans te ondersteunen. Wat je verder kunt verwachten:<\/p>\n<p>\u2756 Een bruto maandsalaris tussen \u20ac 3.824 en \u20ac 5.624,- (functieschaal 10) op basis van een 36-urige werkweek. Je salaris kan ook worden ingeschaald in de aanloopschaal (9), afhankelijk van je opleiding en ervaring;<\/p>\n<p>\u2756 28 vakantiedagen (bij een fulltime dienstverband en een vijfdaagse werkweek);<\/p>\n<p>\u2756 Een individueel keuzebudget (IKB) van 17,05% van je bruto jaarsalaris. Hiermee kun je bijvoorbeeld extra verlofdagen kopen;<\/p>\n<p>\u2756 Lease fiets (bij een dienstverband voor onbepaalde tijd);<\/p>\n<p>\u2756 Een goede pensioenregeling;<\/p>\n<p>\u2756 Een contract van een jaar, met de intentie dit om te zetten in een contract voor onbepaalde tijd;<\/p>\n<p>\u2756 Fiscaal voordeel op aflossing van je studieschuld via het IKB (tot \u20ac 1.250 per jaar).<\/p>\n<p><strong>Werken bij gemeente Gennep betekent\u2026<\/strong><\/p>\n<p><img decoding=\"async\" src=\"https:\/\/cdn.tsf.nl\/public-production\/3fb173d3-b963-4009-88fa-9964f0135714\/joboffer\/ada8ca5b-9bb3-4006-8493-445341b2abdf\/cecfc067-983d-463b-b451-c466f5605d86\/image.jpg\" alt=\"Medewerkers in werkcaf\u00e9\"><br \/>\u2026 werken in een kleine, ambitieuze organisatie waar jouw werk ertoe doet. Met korte lijnen, veel verantwoordelijkheid en een breed takenpakket kun jij het verschil maken voor onze inwoners. In een informele en betrokken werksfeer krijg je alle ruimte om te groeien, nieuwe idee\u00ebn in te brengen en jouw talenten volop te benutten. Vanuit ons moderne kantoor in het centrum van Gennep bouw je mee aan een toekomst waar we allemaal trots op kunnen zijn.<\/p>\n<p><strong>Hier ga je werken<\/strong><br \/>Je werkt in een ambitieuze organisatie met ongeveer 180 medewerkers, waar verantwoordelijkheid, initiatief en eigenaarschap vanzelfsprekend zijn. We geven professionals de ruimte om kansen te signaleren, nieuwe ontwikkelingen te verkennen en idee\u00ebn om te zetten in concrete resultaten.<\/p>\n<p>In deze functie werk je organisatie breed. Je trekt veel op met collega's binnen Bedrijfsvoering maar werkt net zo gemakkelijk samen met collega's uit andere teams. Juist in de verbinding tussen verschillende vakgebieden, opgaven en belangen lever jij meerwaarde.<\/p>\n<p>Bij gemeente Gennep waarderen we medewerkers die initiatief nemen, kansen zien en anderen weten mee te nemen. We verwachten dan ook dat je met enthousiasme verantwoordelijkheid pakt, actief samenwerkt en bijdraagt aan de verdere ontwikkeling van onze organisatie en dienstverlening.<\/p>\n<p><strong>Solliciteer nu<\/strong><br \/>Klaar om het verschil te maken? Stuur je cv en motivatiebrief <strong>v\u00f3\u00f3r 12 september<\/strong> <strong><\/strong>naar ons op via de button solliciteren. Voor deze vacature maken we gebruik van een speeddate-ronde. Uit de ontvangen reacties maken we een selectie of we je voor deze speeddate-ronde willen uitnodigen. Deze vindt plaats op<strong> woensdag 16 september van 13.00 tot 15.30 uur. <\/strong>Uiterlijk 14 september 2026 hoor je of je hiervoor wordt uitgenodigd. We laten je dan een kijkje nemen in onze organisatie, onze ambities en de ontwikkelingen waar we momenteel mee bezig zijn. Zo krijg je een goed beeld van wie we zijn, waar we voor staan en waar jij mogelijk aan gaat bijdragen.<\/p>\n<p>Aansluitend vinden de speeddates plaats. Tijdens deze korte kennismakingsgesprekken leren we elkaar beter kennen en ontdekken we of er een wederzijdse match is. Op basis van deze gesprekken selecteren we kandidaten die worden uitgenodigd voor een verdiepend sollicitatiegesprek. Zo zorgen we ervoor dat zowel jij als wij een goed beeld krijgen van de mogelijkheden.<\/p>\n<p>Wil je eerst wat meer weten? Neem dan contact op met Nardy Beckers (teammanager Beleid &amp; Advies a.i.) te bereiken via 0485 494 141. Vragen over de procedure? Die stel je via <a href=\"mailto:HR@gennep.nl\">HR@gennep.nl<\/a>.<\/p>\n<p>Bij interne sollicitanten doorlopen wij eerst de interne procedure.<\/p>\n<p>Voor meer informatie over de gemeente Gennep ga naar onze Werken bij pagina. <a>www.gennep.nl\/werken-bij-gemeente-gennep<\/a>.<\/p>\n<p><em>*Acquisitie naar aanleiding van deze vacature wordt niet op prijs gesteld.<\/em><\/p>\n<p>\n<\/div><\/section><\/div>\n  \n<style type=\"text\/css\" data-created_by=\"avia_inline_auto\" id=\"style-css-av-av_one_third-0aa7055fe62c3622faec82866afbaeb2\">\n.flex_column.av-av_one_third-0aa7055fe62c3622faec82866afbaeb2{\nborder-radius:0px 0px 0px 0px;\npadding:0px 0px 0px 0px;\n}\n<\/style>\n<div  class='flex_column av-av_one_third-0aa7055fe62c3622faec82866afbaeb2 av_one_third flex_column_div av-zero-column-padding  '     ><div  class='togglecontainer av-av_toggle_container-d03efdf7de8d15029af4a4ccb5448be7' >\n              <section class='av_toggle_section av-av_toggle-1de701c676133bb235a48c055f05eeb3'  itemscope=\"itemscope\" itemtype=\"https:\/\/schema.org\/CreativeWork\" ><div role=\"tablist\" class=\"single_toggle\" data-tags=\"{All} \"  ><p id='toggle-toggle-id-2' data-fake-id='#toggle-id-2' class='toggler  activeTitle av-title-above '  itemprop=\"headline\"  role='tab' tabindex='0' aria-controls='toggle-id-2' data-slide-speed=\"200\" data-title=\"Talent.com\" data-title-open=\"\" data-aria_collapsed=\"Click to expand: Talent.com\" data-aria_expanded=\"Click to collapse: Talent.com\">Talent.com<span class=\"toggle_icon\"><span class=\"vert_icon\"><\/span><span class=\"hor_icon\"><\/span><\/span><\/p><div id='toggle-id-2' aria-labelledby='toggle-toggle-id-2' role='region' class='toggle_wrap  active_tc av-title-above' style='display:block;' ><div class='toggle_content invers-color '  itemprop=\"text\" ><p>          \n<style type=\"text\/css\" data-created_by=\"avia_inline_auto\" id=\"style-css-av-av_font_icon-68df07e82f9aa7e9ca8086cf07328158\">\n.av_font_icon.av-av_font_icon-68df07e82f9aa7e9ca8086cf07328158 .av-icon-char{\nfont-size:12px;\nline-height:12px;\n}\n<\/style>\n<span  class='av_font_icon av-av_font_icon-68df07e82f9aa7e9ca8086cf07328158 avia_animate_when_visible av-icon-style- avia-icon-pos-left avia-iconfont avia-font-entypo-fontello av-no-color avia-icon-animate'><span class='av-icon-char' data-av_icon='\ue82d' data-av_iconfont='entypo-fontello' aria-hidden=\"true\" ><\/span><\/span> 0 applications<br \/>\n          \n<style type=\"text\/css\" data-created_by=\"avia_inline_auto\" id=\"style-css-av-av_font_icon-2ad3e02231965e18a13969aa2ae9da8b\">\n.av_font_icon.av-av_font_icon-2ad3e02231965e18a13969aa2ae9da8b .av-icon-char{\nfont-size:12px;\nline-height:12px;\n}\n<\/style>\n<span  class='av_font_icon av-av_font_icon-2ad3e02231965e18a13969aa2ae9da8b avia_animate_when_visible av-icon-style- avia-icon-pos-left avia-iconfont avia-font-entypo-fontello av-no-color avia-icon-animate'><span class='av-icon-char' data-av_icon='\ue80b' data-av_iconfont='entypo-fontello' aria-hidden=\"true\" ><\/span><\/span> 0 views                  <\/p>\n<\/div><\/div><\/div><\/section>\n          <\/div><\/div>\n  <br style=\"clear: both\">\n  <span style=\"margin-top: 20px; float: right\">28-08-2026<\/span>\n  <span style=\"margin-top: 20px; font-weight: bold; float: left\">Gemeente Gennep<\/span>\n  <hr>  \n<style type=\"text\/css\" data-created_by=\"avia_inline_auto\" id=\"style-css-av-av_two_third-61be9178410eaaa3f443d4723cbbaeb0\">\n.flex_column.av-av_two_third-61be9178410eaaa3f443d4723cbbaeb0{\nborder-radius:0px 0px 0px 0px;\npadding:0px 0px 0px 0px;\n}\n<\/style>\n<div  class='flex_column av-av_two_third-61be9178410eaaa3f443d4723cbbaeb0 av_two_third first flex_column_div av-zero-column-padding  '     ><section  class='av_textblock_section av-av_textblock-0366cc7376be6c9e82a3e9cc8987b64f '   itemscope=\"itemscope\" itemtype=\"https:\/\/schema.org\/CreativeWork\" ><div class='avia_textblock'  itemprop=\"text\" ><h5 class=\"no-translation\">IT Regisseur<\/h5>\n<p class=\"no-translation\">Je bent verantwoordelijk voor het beheer van systemen en netwerken, maar ook voor het vernieuwen en verbeteren ervan. Je houdt samen met een externe IT partij regie over de systemen en projecten, stuurt bij waar nodig en bepaalt grotendeels je eigen planning. Als IT Regisseur ben je bezig met het:<\/p>\n<ul>\n<li>Uitvoeren van beheer- en projecttaken om de dagelijkse continu\u00efteit en het life cycle management van systemen en applicaties te waarborgen, incidenten en problemen actief en proactief op te lossen.<\/li>\n<li>Implementeren van (project)changes op basis van gedetailleerde plannen en bijdragen aan vernieuwing en vervanging van ICT-voorzieningen binnen jouw expertisegebied.<\/li>\n<li>Bewaken van de capaciteit, (informatie)veiligheid, beschikbaarheid en performance van de gehele ICT-keten, en zorg dragen voor stabiele en effici\u00ebnte systemen en netwerken.<\/li>\n<li>Adviseren over procesmatige en technische verbeteringen in systeembeheer, infrastructuur en architectuur, ondersteunen van collega's en rapporteren over voortgang en resultaten.<\/li>\n<\/ul>\n<p><strong>Dit breng je mee als IT Regisseur<\/strong><br \/>Je bent het best te omschrijven als analytisch, resultaatgericht en stressbestendig. Je doorgrondt complexe netwerk- en beveiligingsproblemen met scherp inzicht en weet snel tot de kern van een verstoring of knelpunt te komen. Ook wanneer de druk oploopt, blijf jij kalm en gefocust \u2013 jij houdt je hoofd koel, ook als het netwerk dat niet doet. Je hebt een sterk analytisch denkvermogen en gebruikt dat bij het onderzoeken van storingen, performanceproblemen en verbetertrajecten. Je denkt verder dan je eigen expertise, schakelt effectief met collega\u2019s uit andere disciplines en weet precies wie je wanneer moet betrekken. Network captures analyseren, patronen herkennen, oorzaken blootleggen en de uitkomsten vertalen naar concrete actieplannen dat is voor jou dagelijkse kost. Je staat voor kwaliteit en klantgerichtheid, en je hebt daarbij altijd oog voor het grotere geheel. Of je nu werkt aan een structurele verbetering, een project implementeert of een storing oplost: je verliest nooit de veiligheid en beschikbaarheid van onze systemen uit het oog. Je werkt nauw samen met collega\u2019s binnen \u00e9n buiten je vakgebied en draagt actief bij aan oplossingen die verder reiken dan je eigen domein \u2013 gericht op de hele keten en altijd met de eindgebruiker in gedachten.<\/p>\n<p>Daarnaast heb je:<\/p>\n<ul>\n<li>Je hebt een HBO werk- en denkniveau, bij voorkeur een richting in de informatica.<\/li>\n<li>Meerdere jaren relevante werkervaring en een brede functiegerichte kennis.<\/li>\n<li>Actuele en aantoonbare kennis van Fortinet producten. <br \/> \n<ul>\n<li>FortiGate<\/li>\n<li>FortiAnalyzer<\/li>\n<li>FortiSwitch<\/li>\n<\/ul>\n<\/li>\n<li>Algemene netwerkkennis: <br \/> \n<ul>\n<li>Algemene netwerkkennis (TCP-IP, DNS, DHCP, VPN etc.)<\/li>\n<li>MS 365 Beheerder of vergelijkbaar (gecertificeerd is een pre)<\/li>\n<li>Kennis van Wireless technologie<\/li>\n<li>Ervaring en kennis van Liquit<\/li>\n<li>Maken van netwerktraces en deze analyseren<\/li>\n<li>Ervaring en kennis van VMware.<\/li>\n<li>Ervaring en kennis van Veaam backup.<\/li>\n<\/ul>\n<\/li>\n<li>Vink je ook een van de onderstaande kennisgebieden aan? Goed om te weten dat je die kennis bij ons ook kunt inzetten. Ze zijn echter niet per se vereist: <br \/> \n<ul>\n<li>Kennis en ervaring met Linux<\/li>\n<li>Kennis en ervaring met scripten in powershell<\/li>\n<li>Kennis en ervaring met ITIL en werken in projectvorm<\/li>\n<li>Kennis en ervaring met TOPdesk<\/li>\n<\/ul>\n<\/li>\n<\/ul>\n<p><strong>Hier kun je op rekenen<\/strong><br \/>We bieden je volop kansen om jezelf te ontwikkelen met coaching, opleidingen en ons eigen leerplatform Genneperwijs. Want als jij groeit in wat je doet, groeit de gemeente met je mee. Daarbij bieden we een combinatie van thuiswerken en kantoorwerk, met flexibele werktijden om jouw werk-priv\u00e9balans te ondersteunen.<\/p>\n<p><strong>Wat je verder kunt verwachten?<\/strong><br \/>We belonen jouw kennis, ervaring en kwaliteiten met een bruto maandsalaris tussen \u20ac 3.777,-- en \u20ac 5.554,-- (functieschaal 10) op basis van een 36-urige werkweek. Je salaris kan ook worden ingeschaald in de aanloopschaal (9), afhankelijk van je opleiding en ervaring;<\/p>\n<p>\u2756 28 vakantiedagen (bij een fulltime dienstverband en een vijfdaagse werkweek);<\/p>\n<p>\u2756 Een individueel keuzebudget (IKB) van 17,05% van je bruto jaarsalaris;<\/p>\n<p>\u2756 Leasefiets (bij een dienstverband voor onbepaalde tijd);<\/p>\n<p>\u2756 Een goede pensioenregeling;<\/p>\n<p>\u2756 Een jaarcontract met de intentie dit om te zetten in een contract voor onbepaalde tijd.<\/p>\n<p>\u2756 Fiscaal voordeel op aflossing van je studieschuld via het IKB (tot \u20ac 1.250 per jaar).<\/p>\n<p><strong>Werken bij gemeente Gennep betekent\u2026<\/strong><br \/>Werken in een kleine, ambitieuze organisatie waar jouw werk ertoe doet. Met korte lijnen, veel verantwoordelijkheid en een breed takenpakket kun jij het verschil maken voor onze inwoners. In een informele en betrokken werksfeer krijg je alle ruimte om te groeien, nieuwe idee\u00ebn in te brengen en jouw talenten volop te benutten. Vanuit ons moderne kantoor in het centrum van Gennep bouw je mee aan een toekomst waar we allemaal trots op kunnen zijn.<\/p>\n<p>Bij gemeente Gennep ben je geen schakel in een grote organisatie, maar een zichtbare speler die \u00e9cht impact maakt. <em>Hier zit je dicht op bestuur, management en uitvoering. Idee\u00ebn verdwijnen hier niet in een la. Zie jij kansen en weet je anderen mee te nemen, dan kun je direct invloed uitoefenen op de koers van de organisatie en echt het verschil maken voor de inwoners van Gennep<\/em><em>. <\/em><\/p>\n<p><strong>Hier ga je werken<\/strong><br \/>Je werkt in een ambitieuze organisatie met ongeveer 180 medewerkers, waar verantwoordelijkheid, initiatief en eigenaarschap vanzelfsprekend zijn. We geven professionals de ruimte om kansen te signaleren, nieuwe ontwikkelingen te verkennen en idee\u00ebn om te zetten in concrete resultaten.<\/p>\n<p>In deze functie werk je organisatie breed. Je trekt veel op met collega's uit het sociaal domein, maar werkt net zo gemakkelijk samen met collega's uit andere teams. Juist in de verbinding tussen verschillende vakgebieden, opgaven en belangen lever jij meerwaarde.<\/p>\n<p>Bij gemeente Gennep waarderen we medewerkers die initiatief nemen, kansen zien en anderen weten mee te nemen. We verwachten dan ook dat je met enthousiasme verantwoordelijkheid pakt, actief samenwerkt en bijdraagt aan de verdere ontwikkeling van onze organisatie en dienstverlening.<\/p>\n<p><strong>Solliciteer nu<\/strong><br \/>Klaar om het verschil te maken? Stuur je cv en motivatiebrief <strong>v\u00f3\u00f3r 22 augustus<\/strong> <strong>2026 <\/strong>naar ons op via de button <em>solliciteren<\/em>. De gesprekken vinden plaats op donderdag 27 augustus 2026.<\/p>\n<p>Wil je eerst wat meer weten? Neem dan contact op met Nardy Beckers (teammanager Beleid &amp; Advies) via 0485 494 141. Vragen over de procedure? Die stel je via <a href=\"mailto:HR@gennep.nl\">HR@gennep.nl<\/a>.<\/p>\n<p>Voor meer informatie over de gemeente Gennep ga naar onze Werken bij\u2011pagina: <a href=\"https:\/\/www.gennep.nl\/werken-bij-gemeente-gennep\">www.gennep.nl\/werken-bij-gemeente-gennep<\/a>.<\/p>\n<p>\n<\/div><\/section><\/div>\n  \n<style type=\"text\/css\" data-created_by=\"avia_inline_auto\" id=\"style-css-av-av_one_third-0aa7055fe62c3622faec82866afbaeb2\">\n.flex_column.av-av_one_third-0aa7055fe62c3622faec82866afbaeb2{\nborder-radius:0px 0px 0px 0px;\npadding:0px 0px 0px 0px;\n}\n<\/style>\n<div  class='flex_column av-av_one_third-0aa7055fe62c3622faec82866afbaeb2 av_one_third flex_column_div av-zero-column-padding  '     ><div  class='togglecontainer av-av_toggle_container-d03efdf7de8d15029af4a4ccb5448be7' >\n              <section class='av_toggle_section av-av_toggle-63888c015b2603ce68ebebeb4cac5f44'  itemscope=\"itemscope\" itemtype=\"https:\/\/schema.org\/CreativeWork\" ><div role=\"tablist\" class=\"single_toggle\" data-tags=\"{All} \"  ><p id='toggle-toggle-id-3' data-fake-id='#toggle-id-3' class='toggler  activeTitle av-title-above '  itemprop=\"headline\"  role='tab' tabindex='0' aria-controls='toggle-id-3' data-slide-speed=\"200\" data-title=\"Werk.nl\" data-title-open=\"\" data-aria_collapsed=\"Click to expand: Werk.nl\" data-aria_expanded=\"Click to collapse: Werk.nl\">Werk.nl<span class=\"toggle_icon\"><span class=\"vert_icon\"><\/span><span class=\"hor_icon\"><\/span><\/span><\/p><div id='toggle-id-3' aria-labelledby='toggle-toggle-id-3' role='region' class='toggle_wrap  active_tc av-title-above' style='display:block;' ><div class='toggle_content invers-color '  itemprop=\"text\" ><p>          \n<style type=\"text\/css\" data-created_by=\"avia_inline_auto\" id=\"style-css-av-av_font_icon-68df07e82f9aa7e9ca8086cf07328158\">\n.av_font_icon.av-av_font_icon-68df07e82f9aa7e9ca8086cf07328158 .av-icon-char{\nfont-size:12px;\nline-height:12px;\n}\n<\/style>\n<span  class='av_font_icon av-av_font_icon-68df07e82f9aa7e9ca8086cf07328158 avia_animate_when_visible av-icon-style- avia-icon-pos-left avia-iconfont avia-font-entypo-fontello av-no-color avia-icon-animate'><span class='av-icon-char' data-av_icon='\ue82d' data-av_iconfont='entypo-fontello' aria-hidden=\"true\" ><\/span><\/span> 0 applications<br \/>\n          \n<style type=\"text\/css\" data-created_by=\"avia_inline_auto\" id=\"style-css-av-av_font_icon-2ad3e02231965e18a13969aa2ae9da8b\">\n.av_font_icon.av-av_font_icon-2ad3e02231965e18a13969aa2ae9da8b .av-icon-char{\nfont-size:12px;\nline-height:12px;\n}\n<\/style>\n<span  class='av_font_icon av-av_font_icon-2ad3e02231965e18a13969aa2ae9da8b avia_animate_when_visible av-icon-style- avia-icon-pos-left avia-iconfont avia-font-entypo-fontello av-no-color avia-icon-animate'><span class='av-icon-char' data-av_icon='\ue80b' data-av_iconfont='entypo-fontello' aria-hidden=\"true\" ><\/span><\/span> 0 views                  <\/p>\n<\/div><\/div><\/div><\/section>\n          <\/div><\/div>\n  <br style=\"clear: both\">\n  <span style=\"margin-top: 20px; float: right\">04-08-2026<\/span>\n  <span style=\"margin-top: 20px; font-weight: bold; float: left\">Gemeente Gennep<\/span>\n  <hr>  \n<style type=\"text\/css\" data-created_by=\"avia_inline_auto\" id=\"style-css-av-av_two_third-61be9178410eaaa3f443d4723cbbaeb0\">\n.flex_column.av-av_two_third-61be9178410eaaa3f443d4723cbbaeb0{\nborder-radius:0px 0px 0px 0px;\npadding:0px 0px 0px 0px;\n}\n<\/style>\n<div  class='flex_column av-av_two_third-61be9178410eaaa3f443d4723cbbaeb0 av_two_third first flex_column_div av-zero-column-padding  '     ><section  class='av_textblock_section av-av_textblock-0366cc7376be6c9e82a3e9cc8987b64f '   itemscope=\"itemscope\" itemtype=\"https:\/\/schema.org\/CreativeWork\" ><div class='avia_textblock'  itemprop=\"text\" ><h5 class=\"no-translation\">IT Regisseur<\/h5>\n<p class=\"no-translation\">Je bent verantwoordelijk voor het beheer van systemen en netwerken, maar ook voor het vernieuwen en verbeteren ervan. Je houdt samen met een externe IT partij regie over de systemen en projecten, stuurt bij waar nodig en bepaalt grotendeels je eigen planning. Als IT Regisseur ben je bezig met het:<\/p>\n<ul>\n<li>Uitvoeren van beheer- en projecttaken om de dagelijkse continu\u00efteit en het life cycle management van systemen en applicaties te waarborgen, incidenten en problemen actief en proactief op te lossen.<\/li>\n<li>Implementeren van (project)changes op basis van gedetailleerde plannen en bijdragen aan vernieuwing en vervanging van ICT-voorzieningen binnen jouw expertisegebied.<\/li>\n<li>Bewaken van de capaciteit, (informatie)veiligheid, beschikbaarheid en performance van de gehele ICT-keten, en zorg dragen voor stabiele en effici\u00ebnte systemen en netwerken.<\/li>\n<li>Adviseren over procesmatige en technische verbeteringen in systeembeheer, infrastructuur en architectuur, ondersteunen van collega's en rapporteren over voortgang en resultaten.<\/li>\n<\/ul>\n<p><strong>Dit breng je mee als IT Regisseur<\/strong><br \/>Je bent het best te omschrijven als analytisch, resultaatgericht en stressbestendig. Je doorgrondt complexe netwerk- en beveiligingsproblemen met scherp inzicht en weet snel tot de kern van een verstoring of knelpunt te komen. Ook wanneer de druk oploopt, blijf jij kalm en gefocust \u2013 jij houdt je hoofd koel, ook als het netwerk dat niet doet. Je hebt een sterk analytisch denkvermogen en gebruikt dat bij het onderzoeken van storingen, performanceproblemen en verbetertrajecten. Je denkt verder dan je eigen expertise, schakelt effectief met collega\u2019s uit andere disciplines en weet precies wie je wanneer moet betrekken. Network captures analyseren, patronen herkennen, oorzaken blootleggen en de uitkomsten vertalen naar concrete actieplannen dat is voor jou dagelijkse kost. Je staat voor kwaliteit en klantgerichtheid, en je hebt daarbij altijd oog voor het grotere geheel. Of je nu werkt aan een structurele verbetering, een project implementeert of een storing oplost: je verliest nooit de veiligheid en beschikbaarheid van onze systemen uit het oog. Je werkt nauw samen met collega\u2019s binnen \u00e9n buiten je vakgebied en draagt actief bij aan oplossingen die verder reiken dan je eigen domein \u2013 gericht op de hele keten en altijd met de eindgebruiker in gedachten.<\/p>\n<p>Daarnaast heb je:<\/p>\n<ul>\n<li>Je hebt een HBO werk- en denkniveau, bij voorkeur een richting in de informatica.<\/li>\n<li>Meerdere jaren relevante werkervaring en een brede functiegerichte kennis.<\/li>\n<li>Actuele en aantoonbare kennis van Fortinet producten. <br \/> \n<ul>\n<li>FortiGate<\/li>\n<li>FortiAnalyzer<\/li>\n<li>FortiSwitch<\/li>\n<\/ul>\n<\/li>\n<li>Algemene netwerkkennis: <br \/> \n<ul>\n<li>Algemene netwerkkennis (TCP-IP, DNS, DHCP, VPN etc.)<\/li>\n<li>MS 365 Beheerder of vergelijkbaar (gecertificeerd is een pre)<\/li>\n<li>Kennis van Wireless technologie<\/li>\n<li>Ervaring en kennis van Liquit<\/li>\n<li>Maken van netwerktraces en deze analyseren<\/li>\n<li>Ervaring en kennis van VMware.<\/li>\n<li>Ervaring en kennis van Veaam backup.<\/li>\n<\/ul>\n<\/li>\n<li>Vink je ook een van de onderstaande kennisgebieden aan? Goed om te weten dat je die kennis bij ons ook kunt inzetten. Ze zijn echter niet per se vereist: <br \/> \n<ul>\n<li>Kennis en ervaring met Linux<\/li>\n<li>Kennis en ervaring met scripten in powershell<\/li>\n<li>Kennis en ervaring met ITIL en werken in projectvorm<\/li>\n<li>Kennis en ervaring met TOPdesk<\/li>\n<\/ul>\n<\/li>\n<\/ul>\n<p><strong>Hier kun je op rekenen<\/strong><br \/>We bieden je volop kansen om jezelf te ontwikkelen met coaching, opleidingen en ons eigen leerplatform Genneperwijs. Want als jij groeit in wat je doet, groeit de gemeente met je mee. Daarbij bieden we een combinatie van thuiswerken en kantoorwerk, met flexibele werktijden om jouw werk-priv\u00e9balans te ondersteunen.<\/p>\n<p><strong>Wat je verder kunt verwachten?<\/strong><br \/>We belonen jouw kennis, ervaring en kwaliteiten met een bruto maandsalaris tussen \u20ac 3.777,-- en \u20ac 5.554,-- (functieschaal 10) op basis van een 36-urige werkweek. Je salaris kan ook worden ingeschaald in de aanloopschaal (9), afhankelijk van je opleiding en ervaring;<\/p>\n<p>\u2756 28 vakantiedagen (bij een fulltime dienstverband en een vijfdaagse werkweek);<\/p>\n<p>\u2756 Een individueel keuzebudget (IKB) van 17,05% van je bruto jaarsalaris;<\/p>\n<p>\u2756 Leasefiets (bij een dienstverband voor onbepaalde tijd);<\/p>\n<p>\u2756 Een goede pensioenregeling;<\/p>\n<p>\u2756 Een jaarcontract met de intentie dit om te zetten in een contract voor onbepaalde tijd.<\/p>\n<p>\u2756 Fiscaal voordeel op aflossing van je studieschuld via het IKB (tot \u20ac 1.250 per jaar).<\/p>\n<p><strong>Werken bij gemeente Gennep betekent\u2026<\/strong><br \/>Werken in een kleine, ambitieuze organisatie waar jouw werk ertoe doet. Met korte lijnen, veel verantwoordelijkheid en een breed takenpakket kun jij het verschil maken voor onze inwoners. In een informele en betrokken werksfeer krijg je alle ruimte om te groeien, nieuwe idee\u00ebn in te brengen en jouw talenten volop te benutten. Vanuit ons moderne kantoor in het centrum van Gennep bouw je mee aan een toekomst waar we allemaal trots op kunnen zijn.<\/p>\n<p>Bij gemeente Gennep ben je geen schakel in een grote organisatie, maar een zichtbare speler die \u00e9cht impact maakt. <em>Hier zit je dicht op bestuur, management en uitvoering. Idee\u00ebn verdwijnen hier niet in een la. Zie jij kansen en weet je anderen mee te nemen, dan kun je direct invloed uitoefenen op de koers van de organisatie en echt het verschil maken voor de inwoners van Gennep<\/em><em>. <\/em><\/p>\n<p><strong>Hier ga je werken<\/strong><br \/>Je werkt in een ambitieuze organisatie met ongeveer 180 medewerkers, waar verantwoordelijkheid, initiatief en eigenaarschap vanzelfsprekend zijn. We geven professionals de ruimte om kansen te signaleren, nieuwe ontwikkelingen te verkennen en idee\u00ebn om te zetten in concrete resultaten.<\/p>\n<p>In deze functie werk je organisatie breed. Je trekt veel op met collega's uit het sociaal domein, maar werkt net zo gemakkelijk samen met collega's uit andere teams. Juist in de verbinding tussen verschillende vakgebieden, opgaven en belangen lever jij meerwaarde.<\/p>\n<p>Bij gemeente Gennep waarderen we medewerkers die initiatief nemen, kansen zien en anderen weten mee te nemen. We verwachten dan ook dat je met enthousiasme verantwoordelijkheid pakt, actief samenwerkt en bijdraagt aan de verdere ontwikkeling van onze organisatie en dienstverlening.<\/p>\n<p><strong>Solliciteer nu<\/strong><br \/>Klaar om het verschil te maken? Stuur je cv en motivatiebrief <strong>v\u00f3\u00f3r 22 augustus<\/strong> <strong>2026 <\/strong>naar ons op via de button <em>solliciteren<\/em>. De gesprekken vinden plaats op donderdag 27 augustus 2026.<\/p>\n<p>Wil je eerst wat meer weten? Neem dan contact op met Nardy Beckers (teammanager Beleid &amp; Advies) via 0485 494 141. Vragen over de procedure? Die stel je via <a href=\"mailto:HR@gennep.nl\">HR@gennep.nl<\/a>.<\/p>\n<p>Voor meer informatie over de gemeente Gennep ga naar onze Werken bij\u2011pagina: <a href=\"https:\/\/www.gennep.nl\/werken-bij-gemeente-gennep\">www.gennep.nl\/werken-bij-gemeente-gennep<\/a>.<\/p>\n<p>\n<\/div><\/section><\/div>\n  \n<style type=\"text\/css\" data-created_by=\"avia_inline_auto\" id=\"style-css-av-av_one_third-0aa7055fe62c3622faec82866afbaeb2\">\n.flex_column.av-av_one_third-0aa7055fe62c3622faec82866afbaeb2{\nborder-radius:0px 0px 0px 0px;\npadding:0px 0px 0px 0px;\n}\n<\/style>\n<div  class='flex_column av-av_one_third-0aa7055fe62c3622faec82866afbaeb2 av_one_third flex_column_div av-zero-column-padding  '     ><div  class='togglecontainer av-av_toggle_container-d03efdf7de8d15029af4a4ccb5448be7' ><div class='taglist'><div class=\"tag-tab\"><a href=\"#\" data-tag=\"{All}\" class=\"activeFilter\">All<\/a><span class='tag-seperator'>\/<\/span><\/div><div class=\"tag-tab\"><a href=\"#\" data-tag=\"{Views}\" class=\"\">Views<\/a><span class='tag-seperator'>\/<\/span><\/div><\/div>\n              <section class='av_toggle_section av-av_toggle-bd11c6ff6c0b94aedfb6f1915f5723f4'  itemscope=\"itemscope\" itemtype=\"https:\/\/schema.org\/CreativeWork\" ><div role=\"tablist\" class=\"single_toggle\" data-tags=\"{All} {Views} \"  ><p id='toggle-toggle-id-4' data-fake-id='#toggle-id-4' class='toggler  activeTitle av-title-above '  itemprop=\"headline\"  role='tab' tabindex='0' aria-controls='toggle-id-4' data-slide-speed=\"200\" data-title=\"Talent.com\" data-title-open=\"\" data-aria_collapsed=\"Click to expand: Talent.com\" data-aria_expanded=\"Click to collapse: Talent.com\">Talent.com<span class=\"toggle_icon\"><span class=\"vert_icon\"><\/span><span class=\"hor_icon\"><\/span><\/span><\/p><div id='toggle-id-4' aria-labelledby='toggle-toggle-id-4' role='region' class='toggle_wrap  active_tc av-title-above' style='display:block;' ><div class='toggle_content invers-color '  itemprop=\"text\" ><p>          \n<style type=\"text\/css\" data-created_by=\"avia_inline_auto\" id=\"style-css-av-av_font_icon-68df07e82f9aa7e9ca8086cf07328158\">\n.av_font_icon.av-av_font_icon-68df07e82f9aa7e9ca8086cf07328158 .av-icon-char{\nfont-size:12px;\nline-height:12px;\n}\n<\/style>\n<span  class='av_font_icon av-av_font_icon-68df07e82f9aa7e9ca8086cf07328158 avia_animate_when_visible av-icon-style- avia-icon-pos-left avia-iconfont avia-font-entypo-fontello av-no-color avia-icon-animate'><span class='av-icon-char' data-av_icon='\ue82d' data-av_iconfont='entypo-fontello' aria-hidden=\"true\" ><\/span><\/span> 0 applications<br \/>\n          \n<style type=\"text\/css\" data-created_by=\"avia_inline_auto\" id=\"style-css-av-av_font_icon-2ad3e02231965e18a13969aa2ae9da8b\">\n.av_font_icon.av-av_font_icon-2ad3e02231965e18a13969aa2ae9da8b .av-icon-char{\nfont-size:12px;\nline-height:12px;\n}\n<\/style>\n<span  class='av_font_icon av-av_font_icon-2ad3e02231965e18a13969aa2ae9da8b avia_animate_when_visible av-icon-style- avia-icon-pos-left avia-iconfont avia-font-entypo-fontello av-no-color avia-icon-animate'><span class='av-icon-char' data-av_icon='\ue80b' data-av_iconfont='entypo-fontello' aria-hidden=\"true\" ><\/span><\/span> 1 view                  <\/p>\n<\/div><\/div><\/div><\/section>\n          <\/div><\/div>\n  <br style=\"clear: both\">\n  <span style=\"margin-top: 20px; float: right\">04-08-2026<\/span>\n  <span style=\"margin-top: 20px; font-weight: bold; float: left\">Gemeente Gennep<\/span>\n  <hr>  \n<style type=\"text\/css\" data-created_by=\"avia_inline_auto\" id=\"style-css-av-av_two_third-61be9178410eaaa3f443d4723cbbaeb0\">\n.flex_column.av-av_two_third-61be9178410eaaa3f443d4723cbbaeb0{\nborder-radius:0px 0px 0px 0px;\npadding:0px 0px 0px 0px;\n}\n<\/style>\n<div  class='flex_column av-av_two_third-61be9178410eaaa3f443d4723cbbaeb0 av_two_third first flex_column_div av-zero-column-padding  '     ><section  class='av_textblock_section av-av_textblock-0366cc7376be6c9e82a3e9cc8987b64f '   itemscope=\"itemscope\" itemtype=\"https:\/\/schema.org\/CreativeWork\" ><div class='avia_textblock'  itemprop=\"text\" ><h5 class=\"no-translation\">Bestuurs- en managementondersteuner<\/h5>\n<p class=\"no-translation\">De gemeente Gennep is een kleine gemeente met bijna 18.000 inwoners en is schitterend gelegen in Noord-Limburg. We proberen onze inwoners en ondernemers zo goed mogelijk van dienst te zijn, door goed naar hun idee\u00ebn te luisteren en ze hierbij te ondersteunen. Samen zorgen we ervoor dat het er ook in de toekomst goed wonen, werken en recre\u00ebren is.<\/p>\n<p>We zijn een kleine, hechte organisatie waar je je optimaal kunt ontwikkelen en je talenten en kansen volop kunt benutten. Wat is nu een mooiere plek om dat te doen dan in een nieuw fris, groen gemeentekantoor midden in het pittoreske centrum van Gennep? Met uitzicht op het wereldberoemde ooievaarspaar bovenop het oude stadhuis op de Markt. En voor een frisse neus loop je niet alleen het centrum in, maar sta je ook zo aan de Niers. Over de dijk kijk je uit naar de verschillende kernen met elk hun eigen karakter.<\/p>\n<p><strong><em>Samen maken we Gennep! <br \/> <\/em><\/strong>Als medewerker bij de gemeente Gennep krijg je alle ruimte om je eigen invulling aan het werk te geven. Door de kleinschaligheid van de gemeente is je takenpakket breed en je werk divers. Bovendien heerst er een prettige en informele werksfeer.<\/p>\n<p>De lijntjes met het management en bestuur, maar ook met de inwoners en ondernemers, zijn kort. Zo weten we goed wat er leeft en pakken we uitdagingen en kansen op.<\/p>\n<p>De gemeente Gennep stimuleert medewerkers om te leren, zich verder te ontwikkelen en hun talenten optimaal te benutten. Onze focus ligt op coaching, een sterkere adviesrol cre\u00ebren \u00e9n investeren in een communicatieve organisatie.<\/p>\n<p><strong>Dit ga je doen als<\/strong><br \/>Als bestuurs- en managementondersteuner bij gemeente Gennep ben je de spil in het web als<\/p>\n<p>het gaat om de ondersteuning van het college en managementteam:<\/p>\n<p>\u2756 Je ontzorgt de toegewezen bestuurder(s) en\/of manager(s) door hen proactief te faciliteren, ondersteunen en adviseren. Je beheert zelfstandig complexe agenda\u2019s, voert agendaoverleggen, houdt overzicht op de langere termijn en signaleert tijdig knelpunten. Daarbij neem je initiatief door zowel gevraagd als ongevraagd passende oplossingen aan te dragen en de regie te voeren op een optimale planning en voortgang;<\/p>\n<p>\u2756 Je bent het eerste aanspreekpunt voor de organisatie met betrekking tot de bestuurder(s) en\/of manager(s) die je ondersteunt. Je monitort deadlines en voortgang en durft verbeteringen voor te stellen en mensen aan te spreken;<\/p>\n<p>\u2756 Je zorgt samen met je collega\u2019s voor de voorbereiding en afhandeling van collegevergaderingen en portefeuillehoudersoverleggen;<\/p>\n<p>\u2756 Je ondersteunt organisatiebrede bijeenkomsten en evenementen;<\/p>\n<p>\u2756 Je werkzaamheden vinden soms ook na reguliere werktijden en\/of in de weekenden plaats.<\/p>\n<p><strong>Jouw voorganger over deze functie<\/strong><br \/><em>\u2018\u2019Als bestuurs- en managementondersteuner heb ik een divers takenpakket. Door mijn organisatorische vaardigheden, flexibiliteit en oog voor detail draag ik bij aan een effici\u00ebnte en effectieve werking van de gemeentelijke organisatie. Ik heb veel verantwoordelijkheid, kan snel schakelen en krijg de kans om me breed te ontwikkelen.\u2019\u2019<\/em><\/p>\n<p><strong>Dit zien we graag in jou<\/strong><br \/>\u2756 Je hebt minimaal een afgeronde MBO-4-opleiding in de richting \u201csecretarieel\u201d en minimaal 3 jaar vergelijkbare werkervaring op het gebied van bestuurs- en managementondersteuning, of HBO werk en denkniveau met interesse in het doorontwikkelen op het gebied van bestuurs- en managementondersteuning;<\/p>\n<p>\u2756 Je staat stevig in je schoenen en kunt effectief omgaan met druk in een dynamische omgeving;<\/p>\n<p>\u2756 Je kunt snel schakelen bij complexe vraagstukken;<\/p>\n<p>\u2756 Je hebt betrouwbaarheid en integriteit hoog in het vaandel staan;<\/p>\n<p>\u2756 Je bent flexibel en kunt goed plannen en organiseren;<\/p>\n<p>\u2756 Je weet op een positieve manier de juiste balans te vinden tussen een dienstverlenende en assertieve, proactieve houding;<\/p>\n<p>\u2756 Je kunt goed communiceren en samenwerken en zoekt actief de verbinding;<\/p>\n<p>\u2756 Je hebt gevoel voor de (bestuurlijke) omgeving waarin je werkt en bij voorkeur ervaring in een politiek-bestuurlijke omgeving;<\/p>\n<p>\u2756 Je bent bevlogen, klantvriendelijk en representatief;<\/p>\n<p>\u2756 Je bent (in ieder geval) beschikbaar op dinsdag, woensdag en donderdag en kunt bij voorkeur starten medio oktober.<\/p>\n<p><strong>Hier kun je op rekenen<\/strong><br \/>We bieden je volop kansen om jezelf te ontwikkelen met coaching, opleidingen en ons eigen leerplatform Genneperwijs. Want als jij groeit in wat je doet, groeit de gemeente met je mee. Daarbij bieden we een combinatie van thuiswerken en kantoorwerk, met flexibele werktijden om jouw werk-priv\u00e9balans te ondersteunen. Wat je verder kunt verwachten:<\/p>\n<p>\u2756 Een bruto maandsalaris tussen \u20ac2.875 en \u20ac4.065,- (functieschaal 7) op basis van een 36-urige werkweek. Je salaris kan ook worden ingeschaald in de aanloopschaal (6), afhankelijk van je opleiding en ervaring;<\/p>\n<p>\u2756 28 vakantiedagen (bij een fulltime dienstverband en een vijfdaagse werkweek);<\/p>\n<p>\u2756 Een individueel keuzebudget (IKB) van 17,05% van je bruto jaarsalaris. Hiermee kun je bijvoorbeeld extra verlofdagen kopen;<\/p>\n<p>\u2756 Lease fiets (bij een dienstverband voor onbepaalde tijd);<\/p>\n<p>\u2756 Een goede pensioenregeling;<\/p>\n<p>\u2756 Een contract van een jaar, met de intentie dit om te zetten in een contract voor onbepaalde tijd.<\/p>\n<p><strong>Werken bij gemeente Gennep betekent\u2026<\/strong><\/p>\n<p><img decoding=\"async\" src=\"https:\/\/cdn.tsf.nl\/public-production\/3fb173d3-b963-4009-88fa-9964f0135714\/joboffer\/455b57f0-6e72-4d84-87fc-d51163db98bb\/cecfc067-983d-463b-b451-c466f5605d86\/image1.jpg\" alt=\"Medewerkers in werkcaf\u00e9\"><br \/>\u2026 werken in een kleine, ambitieuze organisatie waar jouw werk ertoe doet. Met korte lijnen, veel verantwoordelijkheid en een breed takenpakket kun jij het verschil maken voor onze inwoners. In een informele en betrokken werksfeer krijg je alle ruimte om te groeien, nieuwe idee\u00ebn in te brengen en jouw talenten volop te benutten. Vanuit ons moderne kantoor in het centrum van Gennep bouw je mee aan een toekomst waar we allemaal trots op kunnen zijn.<\/p>\n<p><strong>Hier ga je werken<\/strong><br \/>Binnen het teamonderdeel Bestuurs- en managementondersteuning (BMO) werk je samen met drie collega\u2019s binnen het team Publiekszaken. Samen werken jullie aan het ondersteunen en faciliteren van de bestuurders en het management, zodat (ook) zij hun werk kunnen doen voor de Gennepse samenleving en organisatie.<\/p>\n<p>Kortom: jullie dragen bij aan een betrouwbare en betrokken uitstraling van gemeente Gennep.<\/p>\n<p><strong>Solliciteer nu<\/strong><br \/>Klaar om het verschil te maken? Stuur je cv en motivatiebrief <strong>v\u00f3\u00f3r 24 augustus<\/strong> naar ons op via de button solliciteren. 25 augustus hoor je of je wordt uitgenodigd voor een gesprek op <strong>woensdag 26 augustus in de middag<\/strong>. We zijn benieuwd naar jouw verhaal en kijken ernaar uit om je te ontmoeten!<\/p>\n<p>Wil je eerst wat meer weten? Neem dan contact op met Kim Sengers, Teammanager Publiekszaken, via telefoonnummer 0485-494141. Vragen over de procedure? Die stel je via <a href=\"mailto:HR@gennep.nl\">HR@gennep.nl<\/a>.<\/p>\n<p>Voor meer informatie over de gemeente Gennep ga naar onze Werken bij pagina. <a>www.gennep.nl\/werken-bij-gemeente-gennep<\/a>.<\/p>\n<p><em>*Acquisitie naar aanleiding van deze vacature wordt niet op prijs gesteld.<\/em><\/p>\n<p>\n<\/div><\/section><\/div>\n  \n<style type=\"text\/css\" data-created_by=\"avia_inline_auto\" id=\"style-css-av-av_one_third-0aa7055fe62c3622faec82866afbaeb2\">\n.flex_column.av-av_one_third-0aa7055fe62c3622faec82866afbaeb2{\nborder-radius:0px 0px 0px 0px;\npadding:0px 0px 0px 0px;\n}\n<\/style>\n<div  class='flex_column av-av_one_third-0aa7055fe62c3622faec82866afbaeb2 av_one_third flex_column_div av-zero-column-padding  '     ><div  class='togglecontainer av-av_toggle_container-d03efdf7de8d15029af4a4ccb5448be7' >\n              <section class='av_toggle_section av-av_toggle-63888c015b2603ce68ebebeb4cac5f44'  itemscope=\"itemscope\" itemtype=\"https:\/\/schema.org\/CreativeWork\" ><div role=\"tablist\" class=\"single_toggle\" data-tags=\"{All} \"  ><p id='toggle-toggle-id-5' data-fake-id='#toggle-id-5' class='toggler  activeTitle av-title-above '  itemprop=\"headline\"  role='tab' tabindex='0' aria-controls='toggle-id-5' data-slide-speed=\"200\" data-title=\"Werk.nl\" data-title-open=\"\" data-aria_collapsed=\"Click to expand: Werk.nl\" data-aria_expanded=\"Click to collapse: Werk.nl\">Werk.nl<span class=\"toggle_icon\"><span class=\"vert_icon\"><\/span><span class=\"hor_icon\"><\/span><\/span><\/p><div id='toggle-id-5' aria-labelledby='toggle-toggle-id-5' role='region' class='toggle_wrap  active_tc av-title-above' style='display:block;' ><div class='toggle_content invers-color '  itemprop=\"text\" ><p>          \n<style type=\"text\/css\" data-created_by=\"avia_inline_auto\" id=\"style-css-av-av_font_icon-68df07e82f9aa7e9ca8086cf07328158\">\n.av_font_icon.av-av_font_icon-68df07e82f9aa7e9ca8086cf07328158 .av-icon-char{\nfont-size:12px;\nline-height:12px;\n}\n<\/style>\n<span  class='av_font_icon av-av_font_icon-68df07e82f9aa7e9ca8086cf07328158 avia_animate_when_visible av-icon-style- avia-icon-pos-left avia-iconfont avia-font-entypo-fontello av-no-color avia-icon-animate'><span class='av-icon-char' data-av_icon='\ue82d' data-av_iconfont='entypo-fontello' aria-hidden=\"true\" ><\/span><\/span> 0 applications<br \/>\n          \n<style type=\"text\/css\" data-created_by=\"avia_inline_auto\" id=\"style-css-av-av_font_icon-2ad3e02231965e18a13969aa2ae9da8b\">\n.av_font_icon.av-av_font_icon-2ad3e02231965e18a13969aa2ae9da8b .av-icon-char{\nfont-size:12px;\nline-height:12px;\n}\n<\/style>\n<span  class='av_font_icon av-av_font_icon-2ad3e02231965e18a13969aa2ae9da8b avia_animate_when_visible av-icon-style- avia-icon-pos-left avia-iconfont avia-font-entypo-fontello av-no-color avia-icon-animate'><span class='av-icon-char' data-av_icon='\ue80b' data-av_iconfont='entypo-fontello' aria-hidden=\"true\" ><\/span><\/span> 0 views                  <\/p>\n<\/div><\/div><\/div><\/section>\n          <\/div><\/div>\n  <br style=\"clear: both\">\n  <span style=\"margin-top: 20px; float: right\">23-07-2026<\/span>\n  <span style=\"margin-top: 20px; font-weight: bold; float: left\">Gemeente Gennep<\/span>\n  \n","protected":false},"excerpt":{"rendered":"","protected":false},"author":1,"featured_media":7133,"comment_status":"open","ping_status":"closed","template":"","meta":{"footnotes":""},"tags":[],"portfolio_entries":[190,104],"class_list":["post-7137","portfolio","type-portfolio","status-publish","has-post-thumbnail","hentry","portfolio_entries-municipalities","portfolio_entries-solutionsfactory-en"],"yoast_head":"<!-- This site is optimized with the Yoast SEO plugin v28.1 - https:\/\/yoast.com\/product\/yoast-seo-wordpress\/ -->\n<title>Gemeente Gennep - Mimir<\/title>\n<meta name=\"description\" content=\"Gemeente Gennep uses the advanced and integrated job management services of Mimir in TSF to manage jobs on job boards.\" \/>\n<meta name=\"robots\" content=\"index, follow, max-snippet:-1, max-image-preview:large, max-video-preview:-1\" \/>\n<link rel=\"canonical\" href=\"https:\/\/mimir.nu\/en\/o\/gennep\/\" \/>\n<meta property=\"og:locale\" content=\"en_US\" \/>\n<meta property=\"og:type\" content=\"article\" \/>\n<meta property=\"og:title\" content=\"Gemeente Gennep - Mimir\" \/>\n<meta property=\"og:description\" content=\"Gemeente Gennep uses the advanced and integrated job management services of Mimir in TSF to manage jobs on job boards.\" \/>\n<meta property=\"og:url\" content=\"https:\/\/mimir.nu\/en\/o\/gennep\/\" \/>\n<meta property=\"og:site_name\" content=\"Mimir\" \/>\n<meta property=\"article:modified_time\" content=\"2023-12-20T13:23:50+00:00\" \/>\n<meta property=\"og:image\" content=\"https:\/\/mimir.nu\/wp-content\/uploads\/2023\/12\/logo-gennep-200x200-1.png\" \/>\n\t<meta property=\"og:image:width\" content=\"200\" \/>\n\t<meta property=\"og:image:height\" content=\"200\" \/>\n\t<meta property=\"og:image:type\" content=\"image\/png\" \/>\n<meta name=\"twitter:card\" content=\"summary_large_image\" \/>\n<meta name=\"twitter:label1\" content=\"Est. reading time\" \/>\n\t<meta name=\"twitter:data1\" content=\"1 minute\" \/>\n<script type=\"application\/ld+json\" class=\"yoast-schema-graph\">{\"@context\":\"https:\\\/\\\/schema.org\",\"@graph\":[{\"@type\":\"WebPage\",\"@id\":\"https:\\\/\\\/mimir.nu\\\/en\\\/o\\\/gennep\\\/\",\"url\":\"https:\\\/\\\/mimir.nu\\\/en\\\/o\\\/gennep\\\/\",\"name\":\"Gemeente Gennep - Mimir\",\"isPartOf\":{\"@id\":\"https:\\\/\\\/mimir.nu\\\/#website\"},\"primaryImageOfPage\":{\"@id\":\"https:\\\/\\\/mimir.nu\\\/en\\\/o\\\/gennep\\\/#primaryimage\"},\"image\":{\"@id\":\"https:\\\/\\\/mimir.nu\\\/en\\\/o\\\/gennep\\\/#primaryimage\"},\"thumbnailUrl\":\"https:\\\/\\\/mimir.nu\\\/wp-content\\\/uploads\\\/2023\\\/12\\\/logo-gennep-200x200-1.png\",\"datePublished\":\"2023-12-20T13:18:42+00:00\",\"dateModified\":\"2023-12-20T13:23:50+00:00\",\"description\":\"Gemeente Gennep uses the advanced and integrated job management services of Mimir in TSF to manage jobs on job boards.\",\"breadcrumb\":{\"@id\":\"https:\\\/\\\/mimir.nu\\\/en\\\/o\\\/gennep\\\/#breadcrumb\"},\"inLanguage\":\"en-US\",\"potentialAction\":[{\"@type\":\"ReadAction\",\"target\":[\"https:\\\/\\\/mimir.nu\\\/en\\\/o\\\/gennep\\\/\"]}]},{\"@type\":\"ImageObject\",\"inLanguage\":\"en-US\",\"@id\":\"https:\\\/\\\/mimir.nu\\\/en\\\/o\\\/gennep\\\/#primaryimage\",\"url\":\"https:\\\/\\\/mimir.nu\\\/wp-content\\\/uploads\\\/2023\\\/12\\\/logo-gennep-200x200-1.png\",\"contentUrl\":\"https:\\\/\\\/mimir.nu\\\/wp-content\\\/uploads\\\/2023\\\/12\\\/logo-gennep-200x200-1.png\",\"width\":200,\"height\":200,\"caption\":\"Logo Gemeente Gennep\"},{\"@type\":\"BreadcrumbList\",\"@id\":\"https:\\\/\\\/mimir.nu\\\/en\\\/o\\\/gennep\\\/#breadcrumb\",\"itemListElement\":[{\"@type\":\"ListItem\",\"position\":1,\"name\":\"Home\",\"item\":\"https:\\\/\\\/mimir.nu\\\/en\\\/\"},{\"@type\":\"ListItem\",\"position\":2,\"name\":\"Gemeente Gennep\"}]},{\"@type\":\"WebSite\",\"@id\":\"https:\\\/\\\/mimir.nu\\\/#website\",\"url\":\"https:\\\/\\\/mimir.nu\\\/\",\"name\":\"Mimir\",\"description\":\"Automatisch vacatures plaatsen op vacaturebanken\",\"potentialAction\":[{\"@type\":\"SearchAction\",\"target\":{\"@type\":\"EntryPoint\",\"urlTemplate\":\"https:\\\/\\\/mimir.nu\\\/?s={search_term_string}\"},\"query-input\":{\"@type\":\"PropertyValueSpecification\",\"valueRequired\":true,\"valueName\":\"search_term_string\"}}],\"inLanguage\":\"en-US\"}]}<\/script>\n<!-- \/ Yoast SEO plugin. -->","yoast_head_json":{"title":"Gemeente Gennep - Mimir","description":"Gemeente Gennep uses the advanced and integrated job management services of Mimir in TSF to manage jobs on job boards.","robots":{"index":"index","follow":"follow","max-snippet":"max-snippet:-1","max-image-preview":"max-image-preview:large","max-video-preview":"max-video-preview:-1"},"canonical":"https:\/\/mimir.nu\/en\/o\/gennep\/","og_locale":"en_US","og_type":"article","og_title":"Gemeente Gennep - Mimir","og_description":"Gemeente Gennep uses the advanced and integrated job management services of Mimir in TSF to manage jobs on job boards.","og_url":"https:\/\/mimir.nu\/en\/o\/gennep\/","og_site_name":"Mimir","article_modified_time":"2023-12-20T13:23:50+00:00","og_image":[{"width":200,"height":200,"url":"https:\/\/mimir.nu\/wp-content\/uploads\/2023\/12\/logo-gennep-200x200-1.png","type":"image\/png"}],"twitter_card":"summary_large_image","twitter_misc":{"Est. reading time":"1 minute"},"schema":{"@context":"https:\/\/schema.org","@graph":[{"@type":"WebPage","@id":"https:\/\/mimir.nu\/en\/o\/gennep\/","url":"https:\/\/mimir.nu\/en\/o\/gennep\/","name":"Gemeente Gennep - Mimir","isPartOf":{"@id":"https:\/\/mimir.nu\/#website"},"primaryImageOfPage":{"@id":"https:\/\/mimir.nu\/en\/o\/gennep\/#primaryimage"},"image":{"@id":"https:\/\/mimir.nu\/en\/o\/gennep\/#primaryimage"},"thumbnailUrl":"https:\/\/mimir.nu\/wp-content\/uploads\/2023\/12\/logo-gennep-200x200-1.png","datePublished":"2023-12-20T13:18:42+00:00","dateModified":"2023-12-20T13:23:50+00:00","description":"Gemeente Gennep uses the advanced and integrated job management services of Mimir in TSF to manage jobs on job boards.","breadcrumb":{"@id":"https:\/\/mimir.nu\/en\/o\/gennep\/#breadcrumb"},"inLanguage":"en-US","potentialAction":[{"@type":"ReadAction","target":["https:\/\/mimir.nu\/en\/o\/gennep\/"]}]},{"@type":"ImageObject","inLanguage":"en-US","@id":"https:\/\/mimir.nu\/en\/o\/gennep\/#primaryimage","url":"https:\/\/mimir.nu\/wp-content\/uploads\/2023\/12\/logo-gennep-200x200-1.png","contentUrl":"https:\/\/mimir.nu\/wp-content\/uploads\/2023\/12\/logo-gennep-200x200-1.png","width":200,"height":200,"caption":"Logo Gemeente Gennep"},{"@type":"BreadcrumbList","@id":"https:\/\/mimir.nu\/en\/o\/gennep\/#breadcrumb","itemListElement":[{"@type":"ListItem","position":1,"name":"Home","item":"https:\/\/mimir.nu\/en\/"},{"@type":"ListItem","position":2,"name":"Gemeente Gennep"}]},{"@type":"WebSite","@id":"https:\/\/mimir.nu\/#website","url":"https:\/\/mimir.nu\/","name":"Mimir","description":"Automatisch vacatures plaatsen op vacaturebanken","potentialAction":[{"@type":"SearchAction","target":{"@type":"EntryPoint","urlTemplate":"https:\/\/mimir.nu\/?s={search_term_string}"},"query-input":{"@type":"PropertyValueSpecification","valueRequired":true,"valueName":"search_term_string"}}],"inLanguage":"en-US"}]}},"_links":{"self":[{"href":"https:\/\/mimir.nu\/en\/wp-json\/wp\/v2\/portfolio\/7137","targetHints":{"allow":["GET"]}}],"collection":[{"href":"https:\/\/mimir.nu\/en\/wp-json\/wp\/v2\/portfolio"}],"about":[{"href":"https:\/\/mimir.nu\/en\/wp-json\/wp\/v2\/types\/portfolio"}],"author":[{"embeddable":true,"href":"https:\/\/mimir.nu\/en\/wp-json\/wp\/v2\/users\/1"}],"replies":[{"embeddable":true,"href":"https:\/\/mimir.nu\/en\/wp-json\/wp\/v2\/comments?post=7137"}],"version-history":[{"count":0,"href":"https:\/\/mimir.nu\/en\/wp-json\/wp\/v2\/portfolio\/7137\/revisions"}],"wp:featuredmedia":[{"embeddable":true,"href":"https:\/\/mimir.nu\/en\/wp-json\/wp\/v2\/media\/7133"}],"wp:attachment":[{"href":"https:\/\/mimir.nu\/en\/wp-json\/wp\/v2\/media?parent=7137"}],"wp:term":[{"taxonomy":"post_tag","embeddable":true,"href":"https:\/\/mimir.nu\/en\/wp-json\/wp\/v2\/tags?post=7137"},{"taxonomy":"portfolio_entries","embeddable":true,"href":"https:\/\/mimir.nu\/en\/wp-json\/wp\/v2\/portfolio_entries?post=7137"}],"curies":[{"name":"wp","href":"https:\/\/api.w.org\/{rel}","templated":true}]}}