{"id":7571,"date":"2025-09-22T12:14:48","date_gmt":"2025-09-22T10:14:48","guid":{"rendered":"http:\/\/54.217.166.153\/o\/brabant\/"},"modified":"2025-09-22T12:14:48","modified_gmt":"2025-09-22T10:14:48","slug":"brabant","status":"publish","type":"portfolio","link":"https:\/\/mimir.nu\/en\/o\/brabant\/","title":{"rendered":"Provincie Noord-Brabant"},"content":{"rendered":"  \n<style type=\"text\/css\" data-created_by=\"avia_inline_auto\" id=\"style-css-av-av_heading-86d7dfc109f2df6d5ce0e41752bcf79d\">\n#top .av-special-heading.av-av_heading-86d7dfc109f2df6d5ce0e41752bcf79d{\npadding-bottom:10px;\n}\nbody .av-special-heading.av-av_heading-86d7dfc109f2df6d5ce0e41752bcf79d .av-special-heading-tag .heading-char{\nfont-size:25px;\n}\n.av-special-heading.av-av_heading-86d7dfc109f2df6d5ce0e41752bcf79d .av-subheading{\nfont-size:15px;\n}\n<\/style>\n<div  class='av-special-heading av-av_heading-86d7dfc109f2df6d5ce0e41752bcf79d av-special-heading-h3'><h3 class='av-special-heading-tag '  itemprop=\"headline\"  >Jobs posted by Provincie Noord-Brabant<\/h3><div class=\"special-heading-border\"><div class=\"special-heading-inner-border\"><\/div><\/div><\/div>\n  <section  class='av_textblock_section av-av_textblock-0366cc7376be6c9e82a3e9cc8987b64f '   itemscope=\"itemscope\" itemtype=\"https:\/\/schema.org\/CreativeWork\" ><div class='avia_textblock'  itemprop=\"text\" ><p>    Mimir provides the automated job management of jobs on job boards for <a href=\"https:\/\/www.brabant.nl\/\">Provincie Noord-Brabant<\/a>.<\/p>\n<\/div><\/section>\n\n<style type=\"text\/css\" data-created_by=\"avia_inline_auto\" id=\"style-css-av-av_heading-ec4bf286390e57c0f372b4510908f00a\">\n#top .av-special-heading.av-av_heading-ec4bf286390e57c0f372b4510908f00a{\npadding-bottom:10px;\n}\nbody .av-special-heading.av-av_heading-ec4bf286390e57c0f372b4510908f00a .av-special-heading-tag .heading-char{\nfont-size:25px;\n}\n.av-special-heading.av-av_heading-ec4bf286390e57c0f372b4510908f00a .av-subheading{\nfont-size:15px;\n}\n<\/style>\n<div  class='av-special-heading av-av_heading-ec4bf286390e57c0f372b4510908f00a av-special-heading-h4'><h4 class='av-special-heading-tag '  itemprop=\"headline\"  >Latest jobs<\/h4><div class=\"special-heading-border\"><div class=\"special-heading-inner-border\"><\/div><\/div><\/div>\n  \n<style type=\"text\/css\" data-created_by=\"avia_inline_auto\" id=\"style-css-av-av_two_third-61be9178410eaaa3f443d4723cbbaeb0\">\n.flex_column.av-av_two_third-61be9178410eaaa3f443d4723cbbaeb0{\nborder-radius:0px 0px 0px 0px;\npadding:0px 0px 0px 0px;\n}\n<\/style>\n<div  class='flex_column av-av_two_third-61be9178410eaaa3f443d4723cbbaeb0 av_two_third first flex_column_div av-zero-column-padding  '     ><section  class='av_textblock_section av-av_textblock-0366cc7376be6c9e82a3e9cc8987b64f '   itemscope=\"itemscope\" itemtype=\"https:\/\/schema.org\/CreativeWork\" ><div class='avia_textblock'  itemprop=\"text\" ><h5 class=\"no-translation\">Medewerker Natuurmonitoring<\/h5>\n<p class=\"no-translation\"><strong>Waardevol werk voor een gezonder, veiliger Brabant<\/strong><br \/>We zien er ontzettend naar uit om je op het provinciehuis in Den Bosch te verwelkomen. In de meest gastvrije provincie van Nederland wonen ruim 2,5 miljoen inwoners; de \u2018Brabanders\u2019. Iedere dag draag je, samen met alle andere collega\u2019s, bij aan een mooier Brabant voor iedereen. We beloven je dat je waardevol werk kan leveren en jouw bijdrage aan de <a href=\"https:\/\/www.brabant.nl\/onderwerpen\">maatschappelijke opgaven<\/a> kunt doen.<\/p>\n<p>Naast het cre\u00ebren van een mooi perspectief voor Brabant, staat jouw toekomst ook centraal. Wij bieden een breed scala aan ontwikkelmogelijkheden, zodat jij je eigen pad kunt kiezen en je ambities kunt waarmaken. Wij stimuleren jou daarbij!<\/p>\n<p>Wil jij het verschil maken bij Provincie Noord-Brabant? Ga het maar doen!<\/p>\n<p><strong>Dit ga je doen<\/strong><br \/>Binnen de provincie Noord-Brabant werken veel partijen op een unieke manier samen aan het uitvoeren van het natuurbeleid. Het gaat dan onder andere om het afronden van het natuurnetwerk, het beheren van het natuurnetwerk en het nemen van herstelmaatregelen in kwetsbare gebieden of voor kwetsbare soorten. Maar ook buiten het natuurnetwerk, in het agrarisch gebied, worden maatregelen genomen om de natuurkwaliteit te verbeteren en de biodiversiteit te verhogen. De provincie Noord-Brabant faciliteert dat door het beschikbaar stellen van middelen, menskracht en grond.<\/p>\n<p>Om te zien of al die maatregelen voldoende effect hebben en ook daadwerkelijk bijdragen aan de te bereiken natuurdoelen, wordt de kwaliteit van de Brabantse natuur systematisch gemonitord. De resultaten van de inventarisaties vormen de basis voor de (door)ontwikkeling van het natuurbeleid.<\/p>\n<p>Wat jij concreet gaat doen:<\/p>\n<ul>\n<li>Je voert in de daarvoor aangewezen perioden van het jaar inventarisaties uit naar (broed)vogels en planten volgens vastgestelde protocollen. De nadruk ligt op de broedvogelinventarisaties volgens de systematiek van het Broedvogel Monitoring Project (BMP).<\/li>\n<li>Je verzamelt de data systematisch en verwerkt deze in je telefoon.<\/li>\n<li>Je controleert de data in ArcGIS Pro buiten het veldseizoen.<\/li>\n<li>Je verwerkt de data in ArcGIS Pro door overzichts- en verspreidingskaarten te maken en enkele analyses te doen, ook voor anderen.<\/li>\n<li>Je helpt collega's binnen het team natuurmonitoring met de werkzaamheden binnen ArcGIS Pro.<\/li>\n<li>Je werkt in teamverband met de andere medewerkers natuurmonitoring.<\/li>\n<li>Je werkt mee aan de planning van het veldwerk.<\/li>\n<li>Je geeft advies aan collega's op kantoor op basis van je waarnemingen in het veld.<\/li>\n<\/ul>\n<p><strong>Dit bieden wij jou<\/strong><br \/>Bij de Provincie Noord-Brabant bieden we flexibiliteit in werkplek en werktijden, een goede werk\/priv\u00e9balans en volop doorgroeimogelijkheden in een organisatie die continu in ontwikkeling is.<\/p>\n<p>We bieden een structurele functie voor 32 tot 36 uur per week. Je ontvangt daarnaast jaarlijks 3% salarisverhoging tot het einde van je schaal, een duurzaam inzetbaarheidsbudget van \u20ac 6000,- per vijf jaar en een uitstekende pensioenregeling via ABP met 2\/3e werkgeversbijdrage.<\/p>\n<p>Benieuwd waar je verder op kunt rekenen? Bekijk het <a href=\"https:\/\/werkenvoor.brabant.nl\/werken\/arbeidsvoorwaarden\">hier<\/a>.<\/p>\n<p><strong>Een bruto maandsalaris van \u20ac 3.167,68 tot \u20ac 4.447,31 (schaal 8)<\/strong><br \/>op basis van 36 uur per week.<\/p>\n<p><strong>Een individueel keuzebudget van 22,37% van bruto jaarsalaris<\/strong><br \/>dat je onder meer kunt laten uitbetalen en\/of inruilen voor extra vrije dagen.<\/p>\n<p><strong>Volledige OV-vergoeding met OV Business Card<\/strong><br \/>voor woon-werk verkeer en dienstreizen.<\/p>\n<p><strong>Dit neem je mee<\/strong><br \/>Voor deze vacature zoeken we kandidaten die zich herkennen in de volgende competenties:<\/p>\n<ul>\n<li>Doelgericht<\/li>\n<li>Gestructureerd<\/li>\n<li>Zelfstandig<\/li>\n<li>Flexibel<\/li>\n<li>Accuraat<\/li>\n<\/ul>\n<p>Daarnaast worden we enthousiast als je de volgende kennis en ervaring meeneemt:<\/p>\n<ul>\n<li>Je beschikt over MBO\/HBO werk- en denkniveau.<\/li>\n<li>Je beschikt over soortenkennis van (broed) vogels en planten.<\/li>\n<li>Je hebt ervaring met het uitvoeren van BMP-tellingen (vogels).<\/li>\n<li>Je hebt ervaring met ArcGIS Pro.<\/li>\n<li>Je hebt de beschikking over rijbewijs B. Tijdens het veldseizoen zal er een auto beschikbaar zijn!<\/li>\n<\/ul>\n<p><strong>Met dit team ga je het doen<\/strong><br \/>Je komt te werken binnen het programma Natuur. Programma Natuur werkt aan de natuuropgaven in Brabant en daarbinnen bestaan vijf teams. Jij komt in het team biodiversiteit. Binnen dit team werken we aan de soortenbescherming, exoten, de bossenstrategie, het leefgebiedenbeleid en de natuurmonitoring.<\/p>\n<p>In totaal werken tien collega\u2019s aan de natuurmonitoring. Vijf daarvan werken vanuit kantoor en houden zich bezig met het gebruiken van de gegevens uit de natuurmonitoring binnen het beleid. De andere vijf houden zich bezig met het verzamelen van gegevens in het veld. In het vroege voorjaar beginnen de vogelaars, waar jij er een van bent, en vanaf april gaan ook de plantelaars het veld in. Vanaf juli ondersteunen de vogelaars bij de planteninventarisaties. Vanaf oktober komt iedereen weer terug op kantoor om de gegevens te verwerken.<\/p>\n<p>Gedurende het seizoen houden we contact via de telefoon en spreken we elkaar elke 6 weken uitgebreider op het provinciehuis over hoe je erbij staat en of je nog tegen zaken aan in het veld aanloopt. In de winterperiode werken we samen op kantoor op de woensdag en eventueel de dinsdag of donderdag. Verzamelde gegevens worden gecontroleerd en verwerkt tot trends en rapportages. Dit gebeurt voor een groot gedeelte met behulp van ArcGIS Pro. Ook wordt het volgende veldseizoen voorbereid.<\/p>\n<p><strong>Goed om te weten<\/strong><\/p>\n<ul>\n<li>Wil je eerst nog vragen stellen over de functie? Dan kun je contact opnemen met Huub van den Brink.<\/li>\n<li>Donate Bouwer, manager Natuur, beantwoordt met plezier vragen over de sollicitatieprocedure.<\/li>\n<li>Indien je nog niet volledig aan het gevraagde profiel voldoet, maar we op basis van je ervaring en de gesprekken verwachten dat je op termijn in de functie kunt groeien, dan behoort plaatsing in de voorliggende schaal tot de mogelijkheden.<\/li>\n<li>Wij werken voor alle Brabanders. Diversiteit en inclusie zijn daarom pijlers binnen provincie Noord-Brabant. We bevorderen een betrokken cultuur waar iedereen zich kan ontwikkelen en zich gewaardeerd voelt.<\/li>\n<li>Je hebt voor een baan bij de provincie een Verklaring Omtrent het Gedrag (VOG) nodig.<\/li>\n<li>We gaan zorgvuldig met jouw gegevens om en respecteren jouw privacy.<\/li>\n<li>Wil je weten hoe een sollicitatieprocedure bij de provincie eruit ziet? Klik dan <a href=\"https:\/\/werkenvoor.brabant.nl\/werken\/sollicitatieproces\/\">hier<\/a>.<\/li>\n<li>De eerste gesprekken vinden plaats op woensdag 23 september.<\/li>\n<li>De tweede gesprekken vinden plaats op woensdag 30 september.<\/li>\n<\/ul>\n<p>Word jij onze nieuwe Medewerker Natuurmonitoring? Ga het maar doen!<\/p>\n<p>Acquisitie naar aanleiding van deze vacature wordt niet op prijs gesteld.<\/p>\n<p>\n<\/div><\/section><\/div>\n  \n<style type=\"text\/css\" data-created_by=\"avia_inline_auto\" id=\"style-css-av-av_one_third-0aa7055fe62c3622faec82866afbaeb2\">\n.flex_column.av-av_one_third-0aa7055fe62c3622faec82866afbaeb2{\nborder-radius:0px 0px 0px 0px;\npadding:0px 0px 0px 0px;\n}\n<\/style>\n<div  class='flex_column av-av_one_third-0aa7055fe62c3622faec82866afbaeb2 av_one_third flex_column_div av-zero-column-padding  '     ><div  class='togglecontainer av-av_toggle_container-d03efdf7de8d15029af4a4ccb5448be7' >\n              <section class='av_toggle_section av-av_toggle-c355a4abbfce7e9d18f1140e1880fe42'  itemscope=\"itemscope\" itemtype=\"https:\/\/schema.org\/CreativeWork\" ><div role=\"tablist\" class=\"single_toggle\" data-tags=\"{All} \"  ><p id='toggle-toggle-id-1' data-fake-id='#toggle-id-1' class='toggler  activeTitle av-title-above '  itemprop=\"headline\"  role='tab' tabindex='0' aria-controls='toggle-id-1' data-slide-speed=\"200\" data-title=\"Werken in Noordoost-Brabant\" data-title-open=\"\" data-aria_collapsed=\"Click to expand: Werken in Noordoost-Brabant\" data-aria_expanded=\"Click to collapse: Werken in Noordoost-Brabant\">Werken in Noordoost-Brabant<span class=\"toggle_icon\"><span class=\"vert_icon\"><\/span><span class=\"hor_icon\"><\/span><\/span><\/p><div id='toggle-id-1' aria-labelledby='toggle-toggle-id-1' role='region' class='toggle_wrap  active_tc av-title-above' style='display:block;' ><div class='toggle_content invers-color '  itemprop=\"text\" ><p>          \n<style type=\"text\/css\" data-created_by=\"avia_inline_auto\" id=\"style-css-av-av_font_icon-68df07e82f9aa7e9ca8086cf07328158\">\n.av_font_icon.av-av_font_icon-68df07e82f9aa7e9ca8086cf07328158 .av-icon-char{\nfont-size:12px;\nline-height:12px;\n}\n<\/style>\n<span  class='av_font_icon av-av_font_icon-68df07e82f9aa7e9ca8086cf07328158 avia_animate_when_visible av-icon-style- avia-icon-pos-left avia-iconfont avia-font-entypo-fontello av-no-color avia-icon-animate'><span class='av-icon-char' data-av_icon='\ue82d' data-av_iconfont='entypo-fontello' aria-hidden=\"true\" ><\/span><\/span> 0 applications<br \/>\n          \n<style type=\"text\/css\" data-created_by=\"avia_inline_auto\" id=\"style-css-av-av_font_icon-2ad3e02231965e18a13969aa2ae9da8b\">\n.av_font_icon.av-av_font_icon-2ad3e02231965e18a13969aa2ae9da8b .av-icon-char{\nfont-size:12px;\nline-height:12px;\n}\n<\/style>\n<span  class='av_font_icon av-av_font_icon-2ad3e02231965e18a13969aa2ae9da8b avia_animate_when_visible av-icon-style- avia-icon-pos-left avia-iconfont avia-font-entypo-fontello av-no-color avia-icon-animate'><span class='av-icon-char' data-av_icon='\ue80b' data-av_iconfont='entypo-fontello' aria-hidden=\"true\" ><\/span><\/span> 0 views                  <\/p>\n<\/div><\/div><\/div><\/section>\n          <\/div><\/div>\n  <br style=\"clear: both\">\n  <span style=\"margin-top: 20px; float: right\">04-09-2026<\/span>\n  <span style=\"margin-top: 20px; font-weight: bold; float: left\">Provincie Noord-Brabant<\/span>\n  <hr>  \n<style type=\"text\/css\" data-created_by=\"avia_inline_auto\" id=\"style-css-av-av_two_third-61be9178410eaaa3f443d4723cbbaeb0\">\n.flex_column.av-av_two_third-61be9178410eaaa3f443d4723cbbaeb0{\nborder-radius:0px 0px 0px 0px;\npadding:0px 0px 0px 0px;\n}\n<\/style>\n<div  class='flex_column av-av_two_third-61be9178410eaaa3f443d4723cbbaeb0 av_two_third first flex_column_div av-zero-column-padding  '     ><section  class='av_textblock_section av-av_textblock-0366cc7376be6c9e82a3e9cc8987b64f '   itemscope=\"itemscope\" itemtype=\"https:\/\/schema.org\/CreativeWork\" ><div class='avia_textblock'  itemprop=\"text\" ><h5 class=\"no-translation\">Medewerker Natuurmonitoring<\/h5>\n<p class=\"no-translation\"><strong>Waardevol werk voor een gezonder, veiliger Brabant<\/strong><br \/>We zien er ontzettend naar uit om je op het provinciehuis in Den Bosch te verwelkomen. In de meest gastvrije provincie van Nederland wonen ruim 2,5 miljoen inwoners; de \u2018Brabanders\u2019. Iedere dag draag je, samen met alle andere collega\u2019s, bij aan een mooier Brabant voor iedereen. We beloven je dat je waardevol werk kan leveren en jouw bijdrage aan de <a href=\"https:\/\/www.brabant.nl\/onderwerpen\">maatschappelijke opgaven<\/a> kunt doen.<\/p>\n<p>Naast het cre\u00ebren van een mooi perspectief voor Brabant, staat jouw toekomst ook centraal. Wij bieden een breed scala aan ontwikkelmogelijkheden, zodat jij je eigen pad kunt kiezen en je ambities kunt waarmaken. Wij stimuleren jou daarbij!<\/p>\n<p>Wil jij het verschil maken bij Provincie Noord-Brabant? Ga het maar doen!<\/p>\n<p><strong>Dit ga je doen<\/strong><br \/>Binnen de provincie Noord-Brabant werken veel partijen op een unieke manier samen aan het uitvoeren van het natuurbeleid. Het gaat dan onder andere om het afronden van het natuurnetwerk, het beheren van het natuurnetwerk en het nemen van herstelmaatregelen in kwetsbare gebieden of voor kwetsbare soorten. Maar ook buiten het natuurnetwerk, in het agrarisch gebied, worden maatregelen genomen om de natuurkwaliteit te verbeteren en de biodiversiteit te verhogen. De provincie Noord-Brabant faciliteert dat door het beschikbaar stellen van middelen, menskracht en grond.<\/p>\n<p>Om te zien of al die maatregelen voldoende effect hebben en ook daadwerkelijk bijdragen aan de te bereiken natuurdoelen, wordt de kwaliteit van de Brabantse natuur systematisch gemonitord. De resultaten van de inventarisaties vormen de basis voor de (door)ontwikkeling van het natuurbeleid.<\/p>\n<p>Wat jij concreet gaat doen:<\/p>\n<ul>\n<li>Je voert in de daarvoor aangewezen perioden van het jaar inventarisaties uit naar (broed)vogels en planten volgens vastgestelde protocollen. De nadruk ligt op de broedvogelinventarisaties volgens de systematiek van het Broedvogel Monitoring Project (BMP).<\/li>\n<li>Je verzamelt de data systematisch en verwerkt deze in je telefoon.<\/li>\n<li>Je controleert de data in ArcGIS Pro buiten het veldseizoen.<\/li>\n<li>Je verwerkt de data in ArcGIS Pro door overzichts- en verspreidingskaarten te maken en enkele analyses te doen, ook voor anderen.<\/li>\n<li>Je helpt collega's binnen het team natuurmonitoring met de werkzaamheden binnen ArcGIS Pro.<\/li>\n<li>Je werkt in teamverband met de andere medewerkers natuurmonitoring.<\/li>\n<li>Je werkt mee aan de planning van het veldwerk.<\/li>\n<li>Je geeft advies aan collega's op kantoor op basis van je waarnemingen in het veld.<\/li>\n<\/ul>\n<p><strong>Dit bieden wij jou<\/strong><br \/>Bij de Provincie Noord-Brabant bieden we flexibiliteit in werkplek en werktijden, een goede werk\/priv\u00e9balans en volop doorgroeimogelijkheden in een organisatie die continu in ontwikkeling is.<\/p>\n<p>We bieden een structurele functie voor 32 tot 36 uur per week. Je ontvangt daarnaast jaarlijks 3% salarisverhoging tot het einde van je schaal, een duurzaam inzetbaarheidsbudget van \u20ac 6000,- per vijf jaar en een uitstekende pensioenregeling via ABP met 2\/3e werkgeversbijdrage.<\/p>\n<p>Benieuwd waar je verder op kunt rekenen? Bekijk het <a href=\"https:\/\/werkenvoor.brabant.nl\/werken\/arbeidsvoorwaarden\">hier<\/a>.<\/p>\n<p><strong>Een bruto maandsalaris van \u20ac 3.167,68 tot \u20ac 4.447,31 (schaal 8)<\/strong><br \/>op basis van 36 uur per week.<\/p>\n<p><strong>Een individueel keuzebudget van 22,37% van bruto jaarsalaris<\/strong><br \/>dat je onder meer kunt laten uitbetalen en\/of inruilen voor extra vrije dagen.<\/p>\n<p><strong>Volledige OV-vergoeding met OV Business Card<\/strong><br \/>voor woon-werk verkeer en dienstreizen.<\/p>\n<p><strong>Dit neem je mee<\/strong><br \/>Voor deze vacature zoeken we kandidaten die zich herkennen in de volgende competenties:<\/p>\n<ul>\n<li>Doelgericht<\/li>\n<li>Gestructureerd<\/li>\n<li>Zelfstandig<\/li>\n<li>Flexibel<\/li>\n<li>Accuraat<\/li>\n<\/ul>\n<p>Daarnaast worden we enthousiast als je de volgende kennis en ervaring meeneemt:<\/p>\n<ul>\n<li>Je beschikt over MBO\/HBO werk- en denkniveau.<\/li>\n<li>Je beschikt over soortenkennis van (broed) vogels en planten.<\/li>\n<li>Je hebt ervaring met het uitvoeren van BMP-tellingen (vogels).<\/li>\n<li>Je hebt ervaring met ArcGIS Pro.<\/li>\n<li>Je hebt de beschikking over rijbewijs B. Tijdens het veldseizoen zal er een auto beschikbaar zijn!<\/li>\n<\/ul>\n<p><strong>Met dit team ga je het doen<\/strong><br \/>Je komt te werken binnen het programma Natuur. Programma Natuur werkt aan de natuuropgaven in Brabant en daarbinnen bestaan vijf teams. Jij komt in het team biodiversiteit. Binnen dit team werken we aan de soortenbescherming, exoten, de bossenstrategie, het leefgebiedenbeleid en de natuurmonitoring.<\/p>\n<p>In totaal werken tien collega\u2019s aan de natuurmonitoring. Vijf daarvan werken vanuit kantoor en houden zich bezig met het gebruiken van de gegevens uit de natuurmonitoring binnen het beleid. De andere vijf houden zich bezig met het verzamelen van gegevens in het veld. In het vroege voorjaar beginnen de vogelaars, waar jij er een van bent, en vanaf april gaan ook de plantelaars het veld in. Vanaf juli ondersteunen de vogelaars bij de planteninventarisaties. Vanaf oktober komt iedereen weer terug op kantoor om de gegevens te verwerken.<\/p>\n<p>Gedurende het seizoen houden we contact via de telefoon en spreken we elkaar elke 6 weken uitgebreider op het provinciehuis over hoe je erbij staat en of je nog tegen zaken aan in het veld aanloopt. In de winterperiode werken we samen op kantoor op de woensdag en eventueel de dinsdag of donderdag. Verzamelde gegevens worden gecontroleerd en verwerkt tot trends en rapportages. Dit gebeurt voor een groot gedeelte met behulp van ArcGIS Pro. Ook wordt het volgende veldseizoen voorbereid.<\/p>\n<p><strong>Goed om te weten<\/strong><\/p>\n<ul>\n<li>Wil je eerst nog vragen stellen over de functie? Dan kun je contact opnemen met Huub van den Brink.<\/li>\n<li>Donate Bouwer, manager Natuur, beantwoordt met plezier vragen over de sollicitatieprocedure.<\/li>\n<li>Indien je nog niet volledig aan het gevraagde profiel voldoet, maar we op basis van je ervaring en de gesprekken verwachten dat je op termijn in de functie kunt groeien, dan behoort plaatsing in de voorliggende schaal tot de mogelijkheden.<\/li>\n<li>Wij werken voor alle Brabanders. Diversiteit en inclusie zijn daarom pijlers binnen provincie Noord-Brabant. We bevorderen een betrokken cultuur waar iedereen zich kan ontwikkelen en zich gewaardeerd voelt.<\/li>\n<li>Je hebt voor een baan bij de provincie een Verklaring Omtrent het Gedrag (VOG) nodig.<\/li>\n<li>We gaan zorgvuldig met jouw gegevens om en respecteren jouw privacy.<\/li>\n<li>Wil je weten hoe een sollicitatieprocedure bij de provincie eruit ziet? Klik dan <a href=\"https:\/\/werkenvoor.brabant.nl\/werken\/sollicitatieproces\/\">hier<\/a>.<\/li>\n<li>De eerste gesprekken vinden plaats op woensdag 23 september.<\/li>\n<li>De tweede gesprekken vinden plaats op woensdag 30 september.<\/li>\n<\/ul>\n<p>Word jij onze nieuwe Medewerker Natuurmonitoring? Ga het maar doen!<\/p>\n<p>Acquisitie naar aanleiding van deze vacature wordt niet op prijs gesteld.<\/p>\n<p>\n<\/div><\/section><\/div>\n  \n<style type=\"text\/css\" data-created_by=\"avia_inline_auto\" id=\"style-css-av-av_one_third-0aa7055fe62c3622faec82866afbaeb2\">\n.flex_column.av-av_one_third-0aa7055fe62c3622faec82866afbaeb2{\nborder-radius:0px 0px 0px 0px;\npadding:0px 0px 0px 0px;\n}\n<\/style>\n<div  class='flex_column av-av_one_third-0aa7055fe62c3622faec82866afbaeb2 av_one_third flex_column_div av-zero-column-padding  '     ><div  class='togglecontainer av-av_toggle_container-d03efdf7de8d15029af4a4ccb5448be7' >\n              <section class='av_toggle_section av-av_toggle-8cb53e68d8102218f61957e5ab30a1f6'  itemscope=\"itemscope\" itemtype=\"https:\/\/schema.org\/CreativeWork\" ><div role=\"tablist\" class=\"single_toggle\" data-tags=\"{All} \"  ><p id='toggle-toggle-id-2' data-fake-id='#toggle-id-2' class='toggler  activeTitle av-title-above '  itemprop=\"headline\"  role='tab' tabindex='0' aria-controls='toggle-id-2' data-slide-speed=\"200\" data-title=\"Werkzoeken.nl\" data-title-open=\"\" data-aria_collapsed=\"Click to expand: Werkzoeken.nl\" data-aria_expanded=\"Click to collapse: Werkzoeken.nl\">Werkzoeken.nl<span class=\"toggle_icon\"><span class=\"vert_icon\"><\/span><span class=\"hor_icon\"><\/span><\/span><\/p><div id='toggle-id-2' aria-labelledby='toggle-toggle-id-2' role='region' class='toggle_wrap  active_tc av-title-above' style='display:block;' ><div class='toggle_content invers-color '  itemprop=\"text\" ><p>          \n<style type=\"text\/css\" data-created_by=\"avia_inline_auto\" id=\"style-css-av-av_font_icon-68df07e82f9aa7e9ca8086cf07328158\">\n.av_font_icon.av-av_font_icon-68df07e82f9aa7e9ca8086cf07328158 .av-icon-char{\nfont-size:12px;\nline-height:12px;\n}\n<\/style>\n<span  class='av_font_icon av-av_font_icon-68df07e82f9aa7e9ca8086cf07328158 avia_animate_when_visible av-icon-style- avia-icon-pos-left avia-iconfont avia-font-entypo-fontello av-no-color avia-icon-animate'><span class='av-icon-char' data-av_icon='\ue82d' data-av_iconfont='entypo-fontello' aria-hidden=\"true\" ><\/span><\/span> 0 applications<br \/>\n          \n<style type=\"text\/css\" data-created_by=\"avia_inline_auto\" id=\"style-css-av-av_font_icon-2ad3e02231965e18a13969aa2ae9da8b\">\n.av_font_icon.av-av_font_icon-2ad3e02231965e18a13969aa2ae9da8b .av-icon-char{\nfont-size:12px;\nline-height:12px;\n}\n<\/style>\n<span  class='av_font_icon av-av_font_icon-2ad3e02231965e18a13969aa2ae9da8b avia_animate_when_visible av-icon-style- avia-icon-pos-left avia-iconfont avia-font-entypo-fontello av-no-color avia-icon-animate'><span class='av-icon-char' data-av_icon='\ue80b' data-av_iconfont='entypo-fontello' aria-hidden=\"true\" ><\/span><\/span> 0 views<br \/>\n            \n<style type=\"text\/css\" data-created_by=\"avia_inline_auto\" id=\"style-css-av-av_font_icon-ef43f28869f4e3328470544045ba6d66\">\n.av_font_icon.av-av_font_icon-ef43f28869f4e3328470544045ba6d66 .av-icon-char{\nfont-size:12px;\nline-height:12px;\n}\n<\/style>\n<span  class='av_font_icon av-av_font_icon-ef43f28869f4e3328470544045ba6d66 avia_animate_when_visible av-icon-style- avia-icon-pos-left avia-iconfont avia-font-entypo-fontello av-no-color avia-icon-animate'><span class='av-icon-char' data-av_icon='\ue8ad' data-av_iconfont='entypo-fontello' aria-hidden=\"true\" ><\/span><\/span> <a href=\"https:\/\/www.mmimir.nu\/live\/83990be5-22de-4f2f-b45a-8856ee5fefa0\" title=\"Check the job Medewerker Natuurmonitoring on Werkzoeken.nl\" target=\"_blank\">Check job<\/a><\/p>\n<\/div><\/div><\/div><\/section>\n          <\/div><\/div>\n  <br style=\"clear: both\">\n  <span style=\"margin-top: 20px; float: right\">04-09-2026<\/span>\n  <span style=\"margin-top: 20px; font-weight: bold; float: left\">Provincie Noord-Brabant<\/span>\n  <hr>  \n<style type=\"text\/css\" data-created_by=\"avia_inline_auto\" id=\"style-css-av-av_two_third-61be9178410eaaa3f443d4723cbbaeb0\">\n.flex_column.av-av_two_third-61be9178410eaaa3f443d4723cbbaeb0{\nborder-radius:0px 0px 0px 0px;\npadding:0px 0px 0px 0px;\n}\n<\/style>\n<div  class='flex_column av-av_two_third-61be9178410eaaa3f443d4723cbbaeb0 av_two_third first flex_column_div av-zero-column-padding  '     ><section  class='av_textblock_section av-av_textblock-0366cc7376be6c9e82a3e9cc8987b64f '   itemscope=\"itemscope\" itemtype=\"https:\/\/schema.org\/CreativeWork\" ><div class='avia_textblock'  itemprop=\"text\" ><h5 class=\"no-translation\">Medewerker Natuurmonitoring<\/h5>\n<p class=\"no-translation\"><strong>Waardevol werk voor een gezonder, veiliger Brabant<\/strong><br \/>We zien er ontzettend naar uit om je op het provinciehuis in Den Bosch te verwelkomen. In de meest gastvrije provincie van Nederland wonen ruim 2,5 miljoen inwoners; de \u2018Brabanders\u2019. Iedere dag draag je, samen met alle andere collega\u2019s, bij aan een mooier Brabant voor iedereen. We beloven je dat je waardevol werk kan leveren en jouw bijdrage aan de <a href=\"https:\/\/www.brabant.nl\/onderwerpen\">maatschappelijke opgaven<\/a> kunt doen.<\/p>\n<p>Naast het cre\u00ebren van een mooi perspectief voor Brabant, staat jouw toekomst ook centraal. Wij bieden een breed scala aan ontwikkelmogelijkheden, zodat jij je eigen pad kunt kiezen en je ambities kunt waarmaken. Wij stimuleren jou daarbij!<\/p>\n<p>Wil jij het verschil maken bij Provincie Noord-Brabant? Ga het maar doen!<\/p>\n<p><strong>Dit ga je doen<\/strong><br \/>Binnen de provincie Noord-Brabant werken veel partijen op een unieke manier samen aan het uitvoeren van het natuurbeleid. Het gaat dan onder andere om het afronden van het natuurnetwerk, het beheren van het natuurnetwerk en het nemen van herstelmaatregelen in kwetsbare gebieden of voor kwetsbare soorten. Maar ook buiten het natuurnetwerk, in het agrarisch gebied, worden maatregelen genomen om de natuurkwaliteit te verbeteren en de biodiversiteit te verhogen. De provincie Noord-Brabant faciliteert dat door het beschikbaar stellen van middelen, menskracht en grond.<\/p>\n<p>Om te zien of al die maatregelen voldoende effect hebben en ook daadwerkelijk bijdragen aan de te bereiken natuurdoelen, wordt de kwaliteit van de Brabantse natuur systematisch gemonitord. De resultaten van de inventarisaties vormen de basis voor de (door)ontwikkeling van het natuurbeleid.<\/p>\n<p>Wat jij concreet gaat doen:<\/p>\n<ul>\n<li>Je voert in de daarvoor aangewezen perioden van het jaar inventarisaties uit naar (broed)vogels en planten volgens vastgestelde protocollen. De nadruk ligt op de broedvogelinventarisaties volgens de systematiek van het Broedvogel Monitoring Project (BMP).<\/li>\n<li>Je verzamelt de data systematisch en verwerkt deze in je telefoon.<\/li>\n<li>Je controleert de data in ArcGIS Pro buiten het veldseizoen.<\/li>\n<li>Je verwerkt de data in ArcGIS Pro door overzichts- en verspreidingskaarten te maken en enkele analyses te doen, ook voor anderen.<\/li>\n<li>Je helpt collega's binnen het team natuurmonitoring met de werkzaamheden binnen ArcGIS Pro.<\/li>\n<li>Je werkt in teamverband met de andere medewerkers natuurmonitoring.<\/li>\n<li>Je werkt mee aan de planning van het veldwerk.<\/li>\n<li>Je geeft advies aan collega's op kantoor op basis van je waarnemingen in het veld.<\/li>\n<\/ul>\n<p><strong>Dit bieden wij jou<\/strong><br \/>Bij de Provincie Noord-Brabant bieden we flexibiliteit in werkplek en werktijden, een goede werk\/priv\u00e9balans en volop doorgroeimogelijkheden in een organisatie die continu in ontwikkeling is.<\/p>\n<p>We bieden een structurele functie voor 32 tot 36 uur per week. Je ontvangt daarnaast jaarlijks 3% salarisverhoging tot het einde van je schaal, een duurzaam inzetbaarheidsbudget van \u20ac 6000,- per vijf jaar en een uitstekende pensioenregeling via ABP met 2\/3e werkgeversbijdrage.<\/p>\n<p>Benieuwd waar je verder op kunt rekenen? Bekijk het <a href=\"https:\/\/werkenvoor.brabant.nl\/werken\/arbeidsvoorwaarden\">hier<\/a>.<\/p>\n<p><strong>Een bruto maandsalaris van \u20ac 3.167,68 tot \u20ac 4.447,31 (schaal 8)<\/strong><br \/>op basis van 36 uur per week.<\/p>\n<p><strong>Een individueel keuzebudget van 22,37% van bruto jaarsalaris<\/strong><br \/>dat je onder meer kunt laten uitbetalen en\/of inruilen voor extra vrije dagen.<\/p>\n<p><strong>Volledige OV-vergoeding met OV Business Card<\/strong><br \/>voor woon-werk verkeer en dienstreizen.<\/p>\n<p><strong>Dit neem je mee<\/strong><br \/>Voor deze vacature zoeken we kandidaten die zich herkennen in de volgende competenties:<\/p>\n<ul>\n<li>Doelgericht<\/li>\n<li>Gestructureerd<\/li>\n<li>Zelfstandig<\/li>\n<li>Flexibel<\/li>\n<li>Accuraat<\/li>\n<\/ul>\n<p>Daarnaast worden we enthousiast als je de volgende kennis en ervaring meeneemt:<\/p>\n<ul>\n<li>Je beschikt over MBO\/HBO werk- en denkniveau.<\/li>\n<li>Je beschikt over soortenkennis van (broed) vogels en planten.<\/li>\n<li>Je hebt ervaring met het uitvoeren van BMP-tellingen (vogels).<\/li>\n<li>Je hebt ervaring met ArcGIS Pro.<\/li>\n<li>Je hebt de beschikking over rijbewijs B. Tijdens het veldseizoen zal er een auto beschikbaar zijn!<\/li>\n<\/ul>\n<p><strong>Met dit team ga je het doen<\/strong><br \/>Je komt te werken binnen het programma Natuur. Programma Natuur werkt aan de natuuropgaven in Brabant en daarbinnen bestaan vijf teams. Jij komt in het team biodiversiteit. Binnen dit team werken we aan de soortenbescherming, exoten, de bossenstrategie, het leefgebiedenbeleid en de natuurmonitoring.<\/p>\n<p>In totaal werken tien collega\u2019s aan de natuurmonitoring. Vijf daarvan werken vanuit kantoor en houden zich bezig met het gebruiken van de gegevens uit de natuurmonitoring binnen het beleid. De andere vijf houden zich bezig met het verzamelen van gegevens in het veld. In het vroege voorjaar beginnen de vogelaars, waar jij er een van bent, en vanaf april gaan ook de plantelaars het veld in. Vanaf juli ondersteunen de vogelaars bij de planteninventarisaties. Vanaf oktober komt iedereen weer terug op kantoor om de gegevens te verwerken.<\/p>\n<p>Gedurende het seizoen houden we contact via de telefoon en spreken we elkaar elke 6 weken uitgebreider op het provinciehuis over hoe je erbij staat en of je nog tegen zaken aan in het veld aanloopt. In de winterperiode werken we samen op kantoor op de woensdag en eventueel de dinsdag of donderdag. Verzamelde gegevens worden gecontroleerd en verwerkt tot trends en rapportages. Dit gebeurt voor een groot gedeelte met behulp van ArcGIS Pro. Ook wordt het volgende veldseizoen voorbereid.<\/p>\n<p><strong>Goed om te weten<\/strong><\/p>\n<ul>\n<li>Wil je eerst nog vragen stellen over de functie? Dan kun je contact opnemen met Huub van den Brink.<\/li>\n<li>Donate Bouwer, manager Natuur, beantwoordt met plezier vragen over de sollicitatieprocedure.<\/li>\n<li>Indien je nog niet volledig aan het gevraagde profiel voldoet, maar we op basis van je ervaring en de gesprekken verwachten dat je op termijn in de functie kunt groeien, dan behoort plaatsing in de voorliggende schaal tot de mogelijkheden.<\/li>\n<li>Wij werken voor alle Brabanders. Diversiteit en inclusie zijn daarom pijlers binnen provincie Noord-Brabant. We bevorderen een betrokken cultuur waar iedereen zich kan ontwikkelen en zich gewaardeerd voelt.<\/li>\n<li>Je hebt voor een baan bij de provincie een Verklaring Omtrent het Gedrag (VOG) nodig.<\/li>\n<li>We gaan zorgvuldig met jouw gegevens om en respecteren jouw privacy.<\/li>\n<li>Wil je weten hoe een sollicitatieprocedure bij de provincie eruit ziet? Klik dan <a href=\"https:\/\/werkenvoor.brabant.nl\/werken\/sollicitatieproces\/\">hier<\/a>.<\/li>\n<li>De eerste gesprekken vinden plaats op woensdag 23 september.<\/li>\n<li>De tweede gesprekken vinden plaats op woensdag 30 september.<\/li>\n<\/ul>\n<p>Word jij onze nieuwe Medewerker Natuurmonitoring? Ga het maar doen!<\/p>\n<p>Acquisitie naar aanleiding van deze vacature wordt niet op prijs gesteld.<\/p>\n<p>\n<\/div><\/section><\/div>\n  \n<style type=\"text\/css\" data-created_by=\"avia_inline_auto\" id=\"style-css-av-av_one_third-0aa7055fe62c3622faec82866afbaeb2\">\n.flex_column.av-av_one_third-0aa7055fe62c3622faec82866afbaeb2{\nborder-radius:0px 0px 0px 0px;\npadding:0px 0px 0px 0px;\n}\n<\/style>\n<div  class='flex_column av-av_one_third-0aa7055fe62c3622faec82866afbaeb2 av_one_third flex_column_div av-zero-column-padding  '     ><div  class='togglecontainer av-av_toggle_container-d03efdf7de8d15029af4a4ccb5448be7' >\n              <section class='av_toggle_section av-av_toggle-e607b222a7807c2ada10726870a3c08e'  itemscope=\"itemscope\" itemtype=\"https:\/\/schema.org\/CreativeWork\" ><div role=\"tablist\" class=\"single_toggle\" data-tags=\"{All} \"  ><p id='toggle-toggle-id-3' data-fake-id='#toggle-id-3' class='toggler  activeTitle av-title-above '  itemprop=\"headline\"  role='tab' tabindex='0' aria-controls='toggle-id-3' data-slide-speed=\"200\" data-title=\"Jooble\" data-title-open=\"\" data-aria_collapsed=\"Click to expand: Jooble\" data-aria_expanded=\"Click to collapse: Jooble\">Jooble<span class=\"toggle_icon\"><span class=\"vert_icon\"><\/span><span class=\"hor_icon\"><\/span><\/span><\/p><div id='toggle-id-3' aria-labelledby='toggle-toggle-id-3' role='region' class='toggle_wrap  active_tc av-title-above' style='display:block;' ><div class='toggle_content invers-color '  itemprop=\"text\" ><p>          \n<style type=\"text\/css\" data-created_by=\"avia_inline_auto\" id=\"style-css-av-av_font_icon-68df07e82f9aa7e9ca8086cf07328158\">\n.av_font_icon.av-av_font_icon-68df07e82f9aa7e9ca8086cf07328158 .av-icon-char{\nfont-size:12px;\nline-height:12px;\n}\n<\/style>\n<span  class='av_font_icon av-av_font_icon-68df07e82f9aa7e9ca8086cf07328158 avia_animate_when_visible av-icon-style- avia-icon-pos-left avia-iconfont avia-font-entypo-fontello av-no-color avia-icon-animate'><span class='av-icon-char' data-av_icon='\ue82d' data-av_iconfont='entypo-fontello' aria-hidden=\"true\" ><\/span><\/span> 0 applications<br \/>\n          \n<style type=\"text\/css\" data-created_by=\"avia_inline_auto\" id=\"style-css-av-av_font_icon-2ad3e02231965e18a13969aa2ae9da8b\">\n.av_font_icon.av-av_font_icon-2ad3e02231965e18a13969aa2ae9da8b .av-icon-char{\nfont-size:12px;\nline-height:12px;\n}\n<\/style>\n<span  class='av_font_icon av-av_font_icon-2ad3e02231965e18a13969aa2ae9da8b avia_animate_when_visible av-icon-style- avia-icon-pos-left avia-iconfont avia-font-entypo-fontello av-no-color avia-icon-animate'><span class='av-icon-char' data-av_icon='\ue80b' data-av_iconfont='entypo-fontello' aria-hidden=\"true\" ><\/span><\/span> 0 views                  <\/p>\n<\/div><\/div><\/div><\/section>\n          <\/div><\/div>\n  <br style=\"clear: both\">\n  <span style=\"margin-top: 20px; float: right\">04-09-2026<\/span>\n  <span style=\"margin-top: 20px; font-weight: bold; float: left\">Provincie Noord-Brabant<\/span>\n  <hr>  \n<style type=\"text\/css\" data-created_by=\"avia_inline_auto\" id=\"style-css-av-av_two_third-61be9178410eaaa3f443d4723cbbaeb0\">\n.flex_column.av-av_two_third-61be9178410eaaa3f443d4723cbbaeb0{\nborder-radius:0px 0px 0px 0px;\npadding:0px 0px 0px 0px;\n}\n<\/style>\n<div  class='flex_column av-av_two_third-61be9178410eaaa3f443d4723cbbaeb0 av_two_third first flex_column_div av-zero-column-padding  '     ><section  class='av_textblock_section av-av_textblock-0366cc7376be6c9e82a3e9cc8987b64f '   itemscope=\"itemscope\" itemtype=\"https:\/\/schema.org\/CreativeWork\" ><div class='avia_textblock'  itemprop=\"text\" ><h5 class=\"no-translation\">Medewerker Natuurmonitoring<\/h5>\n<p class=\"no-translation\"><strong>Waardevol werk voor een gezonder, veiliger Brabant<\/strong><br \/>We zien er ontzettend naar uit om je op het provinciehuis in Den Bosch te verwelkomen. In de meest gastvrije provincie van Nederland wonen ruim 2,5 miljoen inwoners; de \u2018Brabanders\u2019. Iedere dag draag je, samen met alle andere collega\u2019s, bij aan een mooier Brabant voor iedereen. We beloven je dat je waardevol werk kan leveren en jouw bijdrage aan de <a href=\"https:\/\/www.brabant.nl\/onderwerpen\">maatschappelijke opgaven<\/a> kunt doen.<\/p>\n<p>Naast het cre\u00ebren van een mooi perspectief voor Brabant, staat jouw toekomst ook centraal. Wij bieden een breed scala aan ontwikkelmogelijkheden, zodat jij je eigen pad kunt kiezen en je ambities kunt waarmaken. Wij stimuleren jou daarbij!<\/p>\n<p>Wil jij het verschil maken bij Provincie Noord-Brabant? Ga het maar doen!<\/p>\n<p><strong>Dit ga je doen<\/strong><br \/>Binnen de provincie Noord-Brabant werken veel partijen op een unieke manier samen aan het uitvoeren van het natuurbeleid. Het gaat dan onder andere om het afronden van het natuurnetwerk, het beheren van het natuurnetwerk en het nemen van herstelmaatregelen in kwetsbare gebieden of voor kwetsbare soorten. Maar ook buiten het natuurnetwerk, in het agrarisch gebied, worden maatregelen genomen om de natuurkwaliteit te verbeteren en de biodiversiteit te verhogen. De provincie Noord-Brabant faciliteert dat door het beschikbaar stellen van middelen, menskracht en grond.<\/p>\n<p>Om te zien of al die maatregelen voldoende effect hebben en ook daadwerkelijk bijdragen aan de te bereiken natuurdoelen, wordt de kwaliteit van de Brabantse natuur systematisch gemonitord. De resultaten van de inventarisaties vormen de basis voor de (door)ontwikkeling van het natuurbeleid.<\/p>\n<p>Wat jij concreet gaat doen:<\/p>\n<ul>\n<li>Je voert in de daarvoor aangewezen perioden van het jaar inventarisaties uit naar (broed)vogels en planten volgens vastgestelde protocollen. De nadruk ligt op de broedvogelinventarisaties volgens de systematiek van het Broedvogel Monitoring Project (BMP).<\/li>\n<li>Je verzamelt de data systematisch en verwerkt deze in je telefoon.<\/li>\n<li>Je controleert de data in ArcGIS Pro buiten het veldseizoen.<\/li>\n<li>Je verwerkt de data in ArcGIS Pro door overzichts- en verspreidingskaarten te maken en enkele analyses te doen, ook voor anderen.<\/li>\n<li>Je helpt collega's binnen het team natuurmonitoring met de werkzaamheden binnen ArcGIS Pro.<\/li>\n<li>Je werkt in teamverband met de andere medewerkers natuurmonitoring.<\/li>\n<li>Je werkt mee aan de planning van het veldwerk.<\/li>\n<li>Je geeft advies aan collega's op kantoor op basis van je waarnemingen in het veld.<\/li>\n<\/ul>\n<p><strong>Dit bieden wij jou<\/strong><br \/>Bij de Provincie Noord-Brabant bieden we flexibiliteit in werkplek en werktijden, een goede werk\/priv\u00e9balans en volop doorgroeimogelijkheden in een organisatie die continu in ontwikkeling is.<\/p>\n<p>We bieden een structurele functie voor 32 tot 36 uur per week. Je ontvangt daarnaast jaarlijks 3% salarisverhoging tot het einde van je schaal, een duurzaam inzetbaarheidsbudget van \u20ac 6000,- per vijf jaar en een uitstekende pensioenregeling via ABP met 2\/3e werkgeversbijdrage.<\/p>\n<p>Benieuwd waar je verder op kunt rekenen? Bekijk het <a href=\"https:\/\/werkenvoor.brabant.nl\/werken\/arbeidsvoorwaarden\">hier<\/a>.<\/p>\n<p><strong>Een bruto maandsalaris van \u20ac 3.167,68 tot \u20ac 4.447,31 (schaal 8)<\/strong><br \/>op basis van 36 uur per week.<\/p>\n<p><strong>Een individueel keuzebudget van 22,37% van bruto jaarsalaris<\/strong><br \/>dat je onder meer kunt laten uitbetalen en\/of inruilen voor extra vrije dagen.<\/p>\n<p><strong>Volledige OV-vergoeding met OV Business Card<\/strong><br \/>voor woon-werk verkeer en dienstreizen.<\/p>\n<p><strong>Dit neem je mee<\/strong><br \/>Voor deze vacature zoeken we kandidaten die zich herkennen in de volgende competenties:<\/p>\n<ul>\n<li>Doelgericht<\/li>\n<li>Gestructureerd<\/li>\n<li>Zelfstandig<\/li>\n<li>Flexibel<\/li>\n<li>Accuraat<\/li>\n<\/ul>\n<p>Daarnaast worden we enthousiast als je de volgende kennis en ervaring meeneemt:<\/p>\n<ul>\n<li>Je beschikt over MBO\/HBO werk- en denkniveau.<\/li>\n<li>Je beschikt over soortenkennis van (broed) vogels en planten.<\/li>\n<li>Je hebt ervaring met het uitvoeren van BMP-tellingen (vogels).<\/li>\n<li>Je hebt ervaring met ArcGIS Pro.<\/li>\n<li>Je hebt de beschikking over rijbewijs B. Tijdens het veldseizoen zal er een auto beschikbaar zijn!<\/li>\n<\/ul>\n<p><strong>Met dit team ga je het doen<\/strong><br \/>Je komt te werken binnen het programma Natuur. Programma Natuur werkt aan de natuuropgaven in Brabant en daarbinnen bestaan vijf teams. Jij komt in het team biodiversiteit. Binnen dit team werken we aan de soortenbescherming, exoten, de bossenstrategie, het leefgebiedenbeleid en de natuurmonitoring.<\/p>\n<p>In totaal werken tien collega\u2019s aan de natuurmonitoring. Vijf daarvan werken vanuit kantoor en houden zich bezig met het gebruiken van de gegevens uit de natuurmonitoring binnen het beleid. De andere vijf houden zich bezig met het verzamelen van gegevens in het veld. In het vroege voorjaar beginnen de vogelaars, waar jij er een van bent, en vanaf april gaan ook de plantelaars het veld in. Vanaf juli ondersteunen de vogelaars bij de planteninventarisaties. Vanaf oktober komt iedereen weer terug op kantoor om de gegevens te verwerken.<\/p>\n<p>Gedurende het seizoen houden we contact via de telefoon en spreken we elkaar elke 6 weken uitgebreider op het provinciehuis over hoe je erbij staat en of je nog tegen zaken aan in het veld aanloopt. In de winterperiode werken we samen op kantoor op de woensdag en eventueel de dinsdag of donderdag. Verzamelde gegevens worden gecontroleerd en verwerkt tot trends en rapportages. Dit gebeurt voor een groot gedeelte met behulp van ArcGIS Pro. Ook wordt het volgende veldseizoen voorbereid.<\/p>\n<p><strong>Goed om te weten<\/strong><\/p>\n<ul>\n<li>Wil je eerst nog vragen stellen over de functie? Dan kun je contact opnemen met Huub van den Brink.<\/li>\n<li>Donate Bouwer, manager Natuur, beantwoordt met plezier vragen over de sollicitatieprocedure.<\/li>\n<li>Indien je nog niet volledig aan het gevraagde profiel voldoet, maar we op basis van je ervaring en de gesprekken verwachten dat je op termijn in de functie kunt groeien, dan behoort plaatsing in de voorliggende schaal tot de mogelijkheden.<\/li>\n<li>Wij werken voor alle Brabanders. Diversiteit en inclusie zijn daarom pijlers binnen provincie Noord-Brabant. We bevorderen een betrokken cultuur waar iedereen zich kan ontwikkelen en zich gewaardeerd voelt.<\/li>\n<li>Je hebt voor een baan bij de provincie een Verklaring Omtrent het Gedrag (VOG) nodig.<\/li>\n<li>We gaan zorgvuldig met jouw gegevens om en respecteren jouw privacy.<\/li>\n<li>Wil je weten hoe een sollicitatieprocedure bij de provincie eruit ziet? Klik dan <a href=\"https:\/\/werkenvoor.brabant.nl\/werken\/sollicitatieproces\/\">hier<\/a>.<\/li>\n<li>De eerste gesprekken vinden plaats op woensdag 23 september.<\/li>\n<li>De tweede gesprekken vinden plaats op woensdag 30 september.<\/li>\n<\/ul>\n<p>Word jij onze nieuwe Medewerker Natuurmonitoring? Ga het maar doen!<\/p>\n<p>Acquisitie naar aanleiding van deze vacature wordt niet op prijs gesteld.<\/p>\n<p>\n<\/div><\/section><\/div>\n  \n<style type=\"text\/css\" data-created_by=\"avia_inline_auto\" id=\"style-css-av-av_one_third-0aa7055fe62c3622faec82866afbaeb2\">\n.flex_column.av-av_one_third-0aa7055fe62c3622faec82866afbaeb2{\nborder-radius:0px 0px 0px 0px;\npadding:0px 0px 0px 0px;\n}\n<\/style>\n<div  class='flex_column av-av_one_third-0aa7055fe62c3622faec82866afbaeb2 av_one_third flex_column_div av-zero-column-padding  '     ><div  class='togglecontainer av-av_toggle_container-d03efdf7de8d15029af4a4ccb5448be7' >\n              <section class='av_toggle_section av-av_toggle-52ea041ec3c2a165852b931050edcf32'  itemscope=\"itemscope\" itemtype=\"https:\/\/schema.org\/CreativeWork\" ><div role=\"tablist\" class=\"single_toggle\" data-tags=\"{All} \"  ><p id='toggle-toggle-id-4' data-fake-id='#toggle-id-4' class='toggler  activeTitle av-title-above '  itemprop=\"headline\"  role='tab' tabindex='0' aria-controls='toggle-id-4' data-slide-speed=\"200\" data-title=\"Jobrapido\" data-title-open=\"\" data-aria_collapsed=\"Click to expand: Jobrapido\" data-aria_expanded=\"Click to collapse: Jobrapido\">Jobrapido<span class=\"toggle_icon\"><span class=\"vert_icon\"><\/span><span class=\"hor_icon\"><\/span><\/span><\/p><div id='toggle-id-4' aria-labelledby='toggle-toggle-id-4' role='region' class='toggle_wrap  active_tc av-title-above' style='display:block;' ><div class='toggle_content invers-color '  itemprop=\"text\" ><p>          \n<style type=\"text\/css\" data-created_by=\"avia_inline_auto\" id=\"style-css-av-av_font_icon-68df07e82f9aa7e9ca8086cf07328158\">\n.av_font_icon.av-av_font_icon-68df07e82f9aa7e9ca8086cf07328158 .av-icon-char{\nfont-size:12px;\nline-height:12px;\n}\n<\/style>\n<span  class='av_font_icon av-av_font_icon-68df07e82f9aa7e9ca8086cf07328158 avia_animate_when_visible av-icon-style- avia-icon-pos-left avia-iconfont avia-font-entypo-fontello av-no-color avia-icon-animate'><span class='av-icon-char' data-av_icon='\ue82d' data-av_iconfont='entypo-fontello' aria-hidden=\"true\" ><\/span><\/span> 0 applications<br \/>\n          \n<style type=\"text\/css\" data-created_by=\"avia_inline_auto\" id=\"style-css-av-av_font_icon-2ad3e02231965e18a13969aa2ae9da8b\">\n.av_font_icon.av-av_font_icon-2ad3e02231965e18a13969aa2ae9da8b .av-icon-char{\nfont-size:12px;\nline-height:12px;\n}\n<\/style>\n<span  class='av_font_icon av-av_font_icon-2ad3e02231965e18a13969aa2ae9da8b avia_animate_when_visible av-icon-style- avia-icon-pos-left avia-iconfont avia-font-entypo-fontello av-no-color avia-icon-animate'><span class='av-icon-char' data-av_icon='\ue80b' data-av_iconfont='entypo-fontello' aria-hidden=\"true\" ><\/span><\/span> 0 views                  <\/p>\n<\/div><\/div><\/div><\/section>\n          <\/div><\/div>\n  <br style=\"clear: both\">\n  <span style=\"margin-top: 20px; float: right\">04-09-2026<\/span>\n  <span style=\"margin-top: 20px; font-weight: bold; float: left\">Provincie Noord-Brabant<\/span>\n  <hr>  \n<style type=\"text\/css\" data-created_by=\"avia_inline_auto\" id=\"style-css-av-av_two_third-61be9178410eaaa3f443d4723cbbaeb0\">\n.flex_column.av-av_two_third-61be9178410eaaa3f443d4723cbbaeb0{\nborder-radius:0px 0px 0px 0px;\npadding:0px 0px 0px 0px;\n}\n<\/style>\n<div  class='flex_column av-av_two_third-61be9178410eaaa3f443d4723cbbaeb0 av_two_third first flex_column_div av-zero-column-padding  '     ><section  class='av_textblock_section av-av_textblock-0366cc7376be6c9e82a3e9cc8987b64f '   itemscope=\"itemscope\" itemtype=\"https:\/\/schema.org\/CreativeWork\" ><div class='avia_textblock'  itemprop=\"text\" ><h5 class=\"no-translation\">Functioneel beheerder Financi\u00ebn<\/h5>\n<p class=\"no-translation\"><strong>Waardevol werk voor een gezonder, veiliger Brabant<\/strong><br \/>We zien er ontzettend naar uit om je op het provinciehuis in Den Bosch te verwelkomen. In de meest gastvrije provincie van Nederland wonen ruim 2,5 miljoen inwoners; de \u2018Brabanders\u2019. Iedere dag draag je, samen met alle andere collega\u2019s, bij aan een mooier Brabant voor iedereen. We beloven je dat je waardevol werk kan leveren en jouw bijdrage aan de <a href=\"https:\/\/www.brabant.nl\/onderwerpen\">maatschappelijke opgaven<\/a> kunt doen.<\/p>\n<p>Naast het cre\u00ebren van een mooi perspectief voor Brabant, staat jouw toekomst ook centraal. Wij bieden een breed scala aan ontwikkelmogelijkheden, zodat jij je eigen pad kunt kiezen en je ambities kunt waarmaken. Wij stimuleren jou daarbij!<\/p>\n<p>Wil jij het verschil maken bij Provincie Noord-Brabant? Ga het maar doen!<\/p>\n<p><strong>Dit ga je doen<\/strong><br \/>Als Functioneel Beheerder Financi\u00ebn ben je verantwoordelijk voor het functioneel beheer van het financi\u00eble systeem van de provincie. Je werkt op het snijvlak van financi\u00ebn, processen en informatievoorziening en bent de verbindende factor tussen gebruikers en het applicatiebeheerteam.<\/p>\n<p>De komende jaren staat de provincie voor een belangrijke opgave. Er wordt volop gewerkt aan de vernieuwing en verdere professionalisering van de financi\u00eble administratie en de bijbehorende processen. De ambitie ligt hoog. Daarom zoeken we iemand die energie krijgt van verandering, verbetering en doorontwikkeling. Iemand die kansen ziet om processen slimmer in te richten en actief meebouwt aan de administratie van de toekomst.<\/p>\n<p>Deze functie is toegevoegd aan het team om de extra werkzaamheden die voortvloeien uit deze ontwikkelingen op te vangen. Daarnaast biedt de functie de mogelijkheid om kennis en ervaring op te bouwen met het oog op de toekomstige pensionering van de huidige Functioneel Beheerder Financi\u00ebn. Hierdoor krijg je de kans om een belangrijke rol te spelen in de continu\u00efteit en verdere ontwikkeling van het functioneel beheer binnen de provincie.<\/p>\n<p><strong>Kwaliteitsverbetering en ontwikkeling<\/strong><\/p>\n<ul>\n<li>Bijdragen aan de verdere ontwikkeling van financi\u00eble processen en informatievoorziening.<\/li>\n<li>Signaleren van ontwikkelingen binnen het vakgebied en deze vertalen naar de organisatie.<\/li>\n<\/ul>\n<p>Actief bijdragen aan een positief werkklimaat en kennisdeling binnen het team.<\/p>\n<p>Je houdt je onder andere bezig met:<\/p>\n<p><strong>Functioneel beheer en gebruikersondersteuning<\/strong><\/p>\n<ul>\n<li>Fungeren als eerste aanspreekpunt voor vragen, incidenten en functionele verstoringen.<\/li>\n<li>Ondersteunen van gebruikers bij het dagelijks gebruik van het financi\u00eble systeem.<\/li>\n<li>Beheren van stamgegevens en functionele documentatie.<\/li>\n<li>Opstellen en actualiseren van werkinstructies en procesbeschrijvingen.<\/li>\n<li>Verzorgen van uitleg, trainingen en ondersteuning aan gebruikers.<\/li>\n<\/ul>\n<p><strong>Vertalen van behoeften naar oplossingen<\/strong><\/p>\n<ul>\n<li>Adviseren over een effici\u00ebntere inrichting van financi\u00eble en administratieve processen.<\/li>\n<li>Signaleren en initi\u00ebren van verbeteringen binnen processen en systemen.<\/li>\n<li>Vertalen van gebruikersbehoeften naar functionele oplossingen.<\/li>\n<li>Uitwerken van wijzigingsverzoeken en functionele ontwerpen.<\/li>\n<li>Beheren van gebruikersrollen, autorisaties en toegangsrechten.<\/li>\n<\/ul>\n<p><strong>Testen en implementeren<\/strong><\/p>\n<ul>\n<li>Opstellen van testscenario's en co\u00f6rdineren van testactiviteiten.<\/li>\n<li>Valideren van wijzigingen en beoordelen van testresultaten.<\/li>\n<li>Begeleiden van implementaties van nieuwe functionaliteiten.<\/li>\n<li>Rapporteren van bevindingen en adviseren over verbeteringen.<\/li>\n<li>Informeren en begeleiden van gebruikers bij veranderingen.<\/li>\n<\/ul>\n<p><strong>Dit bieden wij jou<\/strong><br \/>Bij de Provincie Noord-Brabant bieden we flexibiliteit in werkplek en werktijden, een goede werk\/priv\u00e9balans en volop doorgroeimogelijkheden in een organisatie die continu in ontwikkeling is.<\/p>\n<p>We bieden een structurele functie voor 32 tot 36 uur per week. Je ontvangt daarnaast jaarlijks 3% salarisverhoging tot het einde van je schaal, een duurzaam inzetbaarheidsbudget van \u20ac 6000,- per vijf jaar en een uitstekende pensioenregeling via ABP met 2\/3e werkgeversbijdrage.<\/p>\n<p>Benieuwd waar je verder op kunt rekenen? Bekijk het <a href=\"https:\/\/werkenvoor.brabant.nl\/werken\/arbeidsvoorwaarden\">hier<\/a>.<\/p>\n<p><strong>Een bruto maandsalaris van \u20ac 3.886,37 tot \u20ac 5.474,08 (schaal 10)<\/strong><br \/>op basis van 36 uur per week.<\/p>\n<p><strong>Een individueel keuzebudget van 22,37% van bruto jaarsalaris<\/strong><br \/>dat je onder meer kunt laten uitbetalen en\/of inruilen voor extra vrije dagen.<\/p>\n<p><strong>Volledige OV-vergoeding met OV Business Card<\/strong><br \/>voor woon-werk verkeer en dienstreizen.<\/p>\n<p><strong>Dit neem je mee<\/strong><br \/>Voor deze vacature zoeken we kandidaten die zich herkennen in de volgende competenties:<\/p>\n<ul>\n<li><strong>Analytisch vermogen<\/strong> <br \/> Je doorgrondt complexe vraagstukken snel en vertaalt gebruikersbehoeften en procesknelpunten naar passende functionele oplossingen.<\/li>\n<li><strong>Samenwerkingsgerichtheid<\/strong> <br \/> Je werkt effectief samen met collega's, gebruikers en IT-specialisten en weet verschillende belangen met elkaar te verbinden.<\/li>\n<li><strong>Communicatieve vaardigheden<\/strong> <br \/> Je communiceert helder en begrijpelijk met verschillende doelgroepen en maakt complexe informatie toegankelijk voor gebruikers.<\/li>\n<li><strong>Initiatief en resultaatgerichtheid<\/strong> <br \/> Je signaleert verbetermogelijkheden, neemt eigenaarschap en zorgt ervoor dat verbeteringen daadwerkelijk worden gerealiseerd.<\/li>\n<li><strong>Klantgerichtheid<\/strong> <br \/> Je hebt oog voor de behoeften van gebruikers, denkt in oplossingen en zet je in voor een optimale ondersteuning en dienstverlening.<\/li>\n<\/ul>\n<p>Daarnaast worden we enthousiast als je de volgende kennis en ervaring meeneemt:<\/p>\n<ul>\n<li>HBO werk- en denkniveau.<\/li>\n<li>Ervaring met functioneel beheer van bedrijfskritische applicaties, bij voorkeur SAP.<\/li>\n<li>Kennis van financi\u00eble administratieve processen.<\/li>\n<li>Ervaring met het analyseren en vertalen van gebruikersvragen naar functionele oplossingen.<\/li>\n<li>Ervaring met testen, implementeren en begeleiden van systeemwijzigingen.<\/li>\n<li>Uitstekende beheersing van de Nederlandse taal in woord en geschrift.<\/li>\n<\/ul>\n<p>Daarnaast beschik je over:<\/p>\n<ul>\n<li>Kennis van ERP-systemen of vergelijkbare financi\u00eble informatiesystemen.<\/li>\n<li>Inzicht in procesinrichting, datastromen en informatievoorziening.<\/li>\n<li>Vaardigheid in het opstellen van functionele ontwerpen en testscenario's.<\/li>\n<li>Goede communicatieve vaardigheden om effectief te schakelen tussen gebruikers en IT-specialisten.<\/li>\n<li>Het vermogen om complexe vraagstukken begrijpelijk te maken voor verschillende doelgroepen.<\/li>\n<\/ul>\n<p><strong>Met dit team ga je het doen<\/strong><br \/>Je komt terecht in het team Administratie binnen het programma Bedrijfsvoering, Beleid &amp; Advisering (BBA). Dit team is verantwoordelijk voor een tijdige, juiste en volledige financi\u00eble administratie van de Provincie Noord-Brabant.<\/p>\n<p>Binnen deze omgeving werk je nauw samen met collega's uit de financi\u00eble administratie, programmabeheersers, gebruikers uit de organisatie en het applicatiebeheerteam binnen het programma Informatie en Data (IED). Samen zorgen jullie ervoor dat financi\u00eble processen optimaal worden ondersteund door betrouwbare systemen en actuele informatie.<\/p>\n<p><strong>Goed om te weten<\/strong><\/p>\n<ul>\n<li>Wil je eerst nog vragen stellen over de functie? Dan kun je contact opnemen met Jos Beekmans.<\/li>\n<li>Elma Meuken-Kloosterman, manager, beantwoordt met plezier vragen over de sollicitatieprocedure.<\/li>\n<li>Indien je nog niet volledig aan het gevraagde profiel voldoet, maar we op basis van je ervaring en de gesprekken verwachten dat je op termijn in de functie kunt groeien, dan behoort plaatsing in de voorliggende schaal tot de mogelijkheden.<\/li>\n<li>Wij werken voor alle Brabanders. Diversiteit en inclusie zijn daarom pijlers binnen provincie Noord-Brabant. We bevorderen een betrokken cultuur waar iedereen zich kan ontwikkelen en zich gewaardeerd voelt.<\/li>\n<li>Je hebt voor een baan bij de provincie een Verklaring Omtrent het Gedrag (VOG) nodig.<\/li>\n<li>We gaan zorgvuldig met jouw gegevens om en respecteren jouw privacy.<\/li>\n<\/ul>\n<p>Word jij onze nieuwe Functioneel beheerder Financi\u00ebn? Ga het maar doen!<\/p>\n<p>Acquisitie naar aanleiding van deze vacature wordt niet op prijs gesteld.<\/p>\n<p>\n<\/div><\/section><\/div>\n  \n<style type=\"text\/css\" data-created_by=\"avia_inline_auto\" id=\"style-css-av-av_one_third-0aa7055fe62c3622faec82866afbaeb2\">\n.flex_column.av-av_one_third-0aa7055fe62c3622faec82866afbaeb2{\nborder-radius:0px 0px 0px 0px;\npadding:0px 0px 0px 0px;\n}\n<\/style>\n<div  class='flex_column av-av_one_third-0aa7055fe62c3622faec82866afbaeb2 av_one_third flex_column_div av-zero-column-padding  '     ><div  class='togglecontainer av-av_toggle_container-d03efdf7de8d15029af4a4ccb5448be7' >\n              <section class='av_toggle_section av-av_toggle-c355a4abbfce7e9d18f1140e1880fe42'  itemscope=\"itemscope\" itemtype=\"https:\/\/schema.org\/CreativeWork\" ><div role=\"tablist\" class=\"single_toggle\" data-tags=\"{All} \"  ><p id='toggle-toggle-id-5' data-fake-id='#toggle-id-5' class='toggler  activeTitle av-title-above '  itemprop=\"headline\"  role='tab' tabindex='0' aria-controls='toggle-id-5' data-slide-speed=\"200\" data-title=\"Werken in Noordoost-Brabant\" data-title-open=\"\" data-aria_collapsed=\"Click to expand: Werken in Noordoost-Brabant\" data-aria_expanded=\"Click to collapse: Werken in Noordoost-Brabant\">Werken in Noordoost-Brabant<span class=\"toggle_icon\"><span class=\"vert_icon\"><\/span><span class=\"hor_icon\"><\/span><\/span><\/p><div id='toggle-id-5' aria-labelledby='toggle-toggle-id-5' role='region' class='toggle_wrap  active_tc av-title-above' style='display:block;' ><div class='toggle_content invers-color '  itemprop=\"text\" ><p>          \n<style type=\"text\/css\" data-created_by=\"avia_inline_auto\" id=\"style-css-av-av_font_icon-68df07e82f9aa7e9ca8086cf07328158\">\n.av_font_icon.av-av_font_icon-68df07e82f9aa7e9ca8086cf07328158 .av-icon-char{\nfont-size:12px;\nline-height:12px;\n}\n<\/style>\n<span  class='av_font_icon av-av_font_icon-68df07e82f9aa7e9ca8086cf07328158 avia_animate_when_visible av-icon-style- avia-icon-pos-left avia-iconfont avia-font-entypo-fontello av-no-color avia-icon-animate'><span class='av-icon-char' data-av_icon='\ue82d' data-av_iconfont='entypo-fontello' aria-hidden=\"true\" ><\/span><\/span> 0 applications<br \/>\n          \n<style type=\"text\/css\" data-created_by=\"avia_inline_auto\" id=\"style-css-av-av_font_icon-2ad3e02231965e18a13969aa2ae9da8b\">\n.av_font_icon.av-av_font_icon-2ad3e02231965e18a13969aa2ae9da8b .av-icon-char{\nfont-size:12px;\nline-height:12px;\n}\n<\/style>\n<span  class='av_font_icon av-av_font_icon-2ad3e02231965e18a13969aa2ae9da8b avia_animate_when_visible av-icon-style- avia-icon-pos-left avia-iconfont avia-font-entypo-fontello av-no-color avia-icon-animate'><span class='av-icon-char' data-av_icon='\ue80b' data-av_iconfont='entypo-fontello' aria-hidden=\"true\" ><\/span><\/span> 0 views                  <\/p>\n<\/div><\/div><\/div><\/section>\n          <\/div><\/div>\n  <br style=\"clear: both\">\n  <span style=\"margin-top: 20px; float: right\">03-09-2026<\/span>\n  <span style=\"margin-top: 20px; font-weight: bold; float: left\">Provincie Noord-Brabant<\/span>\n  \n\n\n<p class=\"wp-block-paragraph\"><\/p>\n","protected":false},"excerpt":{"rendered":"","protected":false},"author":1,"featured_media":7567,"comment_status":"open","ping_status":"closed","template":"","meta":{"footnotes":""},"tags":[],"portfolio_entries":[192,148],"class_list":["post-7571","portfolio","type-portfolio","status-publish","has-post-thumbnail","hentry","portfolio_entries-provinces","portfolio_entries-ubeeo-en"],"yoast_head":"<!-- This site is optimized with the Yoast SEO plugin v28.3 - https:\/\/yoast.com\/product\/yoast-seo-wordpress\/ -->\n<title>Provincie Noord-Brabant - Mimir<\/title>\n<meta name=\"description\" content=\"Provincie Noord-Brabant uses the advanced and integrated job management services of Mimir in Ubeeo to manage jobs on job boards.\" \/>\n<meta name=\"robots\" content=\"index, follow, max-snippet:-1, max-image-preview:large, max-video-preview:-1\" \/>\n<link rel=\"canonical\" href=\"https:\/\/mimir.nu\/en\/o\/brabant\/\" \/>\n<meta property=\"og:locale\" content=\"en_US\" \/>\n<meta property=\"og:type\" content=\"article\" \/>\n<meta property=\"og:title\" content=\"Provincie Noord-Brabant - Mimir\" \/>\n<meta property=\"og:description\" content=\"Provincie Noord-Brabant uses the advanced and integrated job management services of Mimir in Ubeeo to manage jobs on job boards.\" \/>\n<meta property=\"og:url\" content=\"https:\/\/mimir.nu\/en\/o\/brabant\/\" \/>\n<meta property=\"og:site_name\" content=\"Mimir\" \/>\n<meta property=\"og:image\" content=\"https:\/\/mimir.nu\/wp-content\/uploads\/2024\/04\/logo-brabant-200x200-1.png\" \/>\n\t<meta property=\"og:image:width\" content=\"200\" \/>\n\t<meta property=\"og:image:height\" content=\"200\" \/>\n\t<meta property=\"og:image:type\" content=\"image\/png\" \/>\n<meta name=\"twitter:card\" content=\"summary_large_image\" \/>\n<meta name=\"twitter:label1\" content=\"Est. reading time\" \/>\n\t<meta name=\"twitter:data1\" content=\"1 minute\" \/>\n<script type=\"application\/ld+json\" class=\"yoast-schema-graph\">{\"@context\":\"https:\\\/\\\/schema.org\",\"@graph\":[{\"@type\":\"WebPage\",\"@id\":\"https:\\\/\\\/mimir.nu\\\/en\\\/o\\\/brabant\\\/\",\"url\":\"https:\\\/\\\/mimir.nu\\\/en\\\/o\\\/brabant\\\/\",\"name\":\"Provincie Noord-Brabant - Mimir\",\"isPartOf\":{\"@id\":\"https:\\\/\\\/mimir.nu\\\/#website\"},\"primaryImageOfPage\":{\"@id\":\"https:\\\/\\\/mimir.nu\\\/en\\\/o\\\/brabant\\\/#primaryimage\"},\"image\":{\"@id\":\"https:\\\/\\\/mimir.nu\\\/en\\\/o\\\/brabant\\\/#primaryimage\"},\"thumbnailUrl\":\"https:\\\/\\\/mimir.nu\\\/wp-content\\\/uploads\\\/2024\\\/04\\\/logo-brabant-200x200-1.png\",\"datePublished\":\"2025-09-22T10:14:48+00:00\",\"description\":\"Provincie Noord-Brabant uses the advanced and integrated job management services of Mimir in Ubeeo to manage jobs on job boards.\",\"breadcrumb\":{\"@id\":\"https:\\\/\\\/mimir.nu\\\/en\\\/o\\\/brabant\\\/#breadcrumb\"},\"inLanguage\":\"en-US\",\"potentialAction\":[{\"@type\":\"ReadAction\",\"target\":[\"https:\\\/\\\/mimir.nu\\\/en\\\/o\\\/brabant\\\/\"]}]},{\"@type\":\"ImageObject\",\"inLanguage\":\"en-US\",\"@id\":\"https:\\\/\\\/mimir.nu\\\/en\\\/o\\\/brabant\\\/#primaryimage\",\"url\":\"https:\\\/\\\/mimir.nu\\\/wp-content\\\/uploads\\\/2024\\\/04\\\/logo-brabant-200x200-1.png\",\"contentUrl\":\"https:\\\/\\\/mimir.nu\\\/wp-content\\\/uploads\\\/2024\\\/04\\\/logo-brabant-200x200-1.png\",\"width\":200,\"height\":200,\"caption\":\"Logo Provincie Noord-Brabant\"},{\"@type\":\"BreadcrumbList\",\"@id\":\"https:\\\/\\\/mimir.nu\\\/en\\\/o\\\/brabant\\\/#breadcrumb\",\"itemListElement\":[{\"@type\":\"ListItem\",\"position\":1,\"name\":\"Home\",\"item\":\"https:\\\/\\\/mimir.nu\\\/en\\\/\"},{\"@type\":\"ListItem\",\"position\":2,\"name\":\"Provincie Noord-Brabant\"}]},{\"@type\":\"WebSite\",\"@id\":\"https:\\\/\\\/mimir.nu\\\/#website\",\"url\":\"https:\\\/\\\/mimir.nu\\\/\",\"name\":\"Mimir\",\"description\":\"Automatisch vacatures plaatsen op vacaturebanken\",\"potentialAction\":[{\"@type\":\"SearchAction\",\"target\":{\"@type\":\"EntryPoint\",\"urlTemplate\":\"https:\\\/\\\/mimir.nu\\\/?s={search_term_string}\"},\"query-input\":{\"@type\":\"PropertyValueSpecification\",\"valueRequired\":true,\"valueName\":\"search_term_string\"}}],\"inLanguage\":\"en-US\"}]}<\/script>\n<!-- \/ Yoast SEO plugin. -->","yoast_head_json":{"title":"Provincie Noord-Brabant - Mimir","description":"Provincie Noord-Brabant uses the advanced and integrated job management services of Mimir in Ubeeo to manage jobs on job boards.","robots":{"index":"index","follow":"follow","max-snippet":"max-snippet:-1","max-image-preview":"max-image-preview:large","max-video-preview":"max-video-preview:-1"},"canonical":"https:\/\/mimir.nu\/en\/o\/brabant\/","og_locale":"en_US","og_type":"article","og_title":"Provincie Noord-Brabant - Mimir","og_description":"Provincie Noord-Brabant uses the advanced and integrated job management services of Mimir in Ubeeo to manage jobs on job boards.","og_url":"https:\/\/mimir.nu\/en\/o\/brabant\/","og_site_name":"Mimir","og_image":[{"width":200,"height":200,"url":"https:\/\/mimir.nu\/wp-content\/uploads\/2024\/04\/logo-brabant-200x200-1.png","type":"image\/png"}],"twitter_card":"summary_large_image","twitter_misc":{"Est. reading time":"1 minute"},"schema":{"@context":"https:\/\/schema.org","@graph":[{"@type":"WebPage","@id":"https:\/\/mimir.nu\/en\/o\/brabant\/","url":"https:\/\/mimir.nu\/en\/o\/brabant\/","name":"Provincie Noord-Brabant - Mimir","isPartOf":{"@id":"https:\/\/mimir.nu\/#website"},"primaryImageOfPage":{"@id":"https:\/\/mimir.nu\/en\/o\/brabant\/#primaryimage"},"image":{"@id":"https:\/\/mimir.nu\/en\/o\/brabant\/#primaryimage"},"thumbnailUrl":"https:\/\/mimir.nu\/wp-content\/uploads\/2024\/04\/logo-brabant-200x200-1.png","datePublished":"2025-09-22T10:14:48+00:00","description":"Provincie Noord-Brabant uses the advanced and integrated job management services of Mimir in Ubeeo to manage jobs on job boards.","breadcrumb":{"@id":"https:\/\/mimir.nu\/en\/o\/brabant\/#breadcrumb"},"inLanguage":"en-US","potentialAction":[{"@type":"ReadAction","target":["https:\/\/mimir.nu\/en\/o\/brabant\/"]}]},{"@type":"ImageObject","inLanguage":"en-US","@id":"https:\/\/mimir.nu\/en\/o\/brabant\/#primaryimage","url":"https:\/\/mimir.nu\/wp-content\/uploads\/2024\/04\/logo-brabant-200x200-1.png","contentUrl":"https:\/\/mimir.nu\/wp-content\/uploads\/2024\/04\/logo-brabant-200x200-1.png","width":200,"height":200,"caption":"Logo Provincie Noord-Brabant"},{"@type":"BreadcrumbList","@id":"https:\/\/mimir.nu\/en\/o\/brabant\/#breadcrumb","itemListElement":[{"@type":"ListItem","position":1,"name":"Home","item":"https:\/\/mimir.nu\/en\/"},{"@type":"ListItem","position":2,"name":"Provincie Noord-Brabant"}]},{"@type":"WebSite","@id":"https:\/\/mimir.nu\/#website","url":"https:\/\/mimir.nu\/","name":"Mimir","description":"Automatisch vacatures plaatsen op vacaturebanken","potentialAction":[{"@type":"SearchAction","target":{"@type":"EntryPoint","urlTemplate":"https:\/\/mimir.nu\/?s={search_term_string}"},"query-input":{"@type":"PropertyValueSpecification","valueRequired":true,"valueName":"search_term_string"}}],"inLanguage":"en-US"}]}},"_links":{"self":[{"href":"https:\/\/mimir.nu\/en\/wp-json\/wp\/v2\/portfolio\/7571","targetHints":{"allow":["GET"]}}],"collection":[{"href":"https:\/\/mimir.nu\/en\/wp-json\/wp\/v2\/portfolio"}],"about":[{"href":"https:\/\/mimir.nu\/en\/wp-json\/wp\/v2\/types\/portfolio"}],"author":[{"embeddable":true,"href":"https:\/\/mimir.nu\/en\/wp-json\/wp\/v2\/users\/1"}],"replies":[{"embeddable":true,"href":"https:\/\/mimir.nu\/en\/wp-json\/wp\/v2\/comments?post=7571"}],"version-history":[{"count":1,"href":"https:\/\/mimir.nu\/en\/wp-json\/wp\/v2\/portfolio\/7571\/revisions"}],"predecessor-version":[{"id":9357,"href":"https:\/\/mimir.nu\/en\/wp-json\/wp\/v2\/portfolio\/7571\/revisions\/9357"}],"wp:featuredmedia":[{"embeddable":true,"href":"https:\/\/mimir.nu\/en\/wp-json\/wp\/v2\/media\/7567"}],"wp:attachment":[{"href":"https:\/\/mimir.nu\/en\/wp-json\/wp\/v2\/media?parent=7571"}],"wp:term":[{"taxonomy":"post_tag","embeddable":true,"href":"https:\/\/mimir.nu\/en\/wp-json\/wp\/v2\/tags?post=7571"},{"taxonomy":"portfolio_entries","embeddable":true,"href":"https:\/\/mimir.nu\/en\/wp-json\/wp\/v2\/portfolio_entries?post=7571"}],"curies":[{"name":"wp","href":"https:\/\/api.w.org\/{rel}","templated":true}]}}