{"id":9450,"date":"2025-10-07T14:59:41","date_gmt":"2025-10-07T12:59:41","guid":{"rendered":"https:\/\/mimir.nu\/o\/limburg\/"},"modified":"2025-10-07T15:00:58","modified_gmt":"2025-10-07T13:00:58","slug":"limburg","status":"publish","type":"portfolio","link":"https:\/\/mimir.nu\/en\/o\/limburg\/","title":{"rendered":"Provincie Limburg"},"content":{"rendered":"  \n<style type=\"text\/css\" data-created_by=\"avia_inline_auto\" id=\"style-css-av-av_heading-4140ca52678a4162d2e5f0203ae2b735\">\n#top .av-special-heading.av-av_heading-4140ca52678a4162d2e5f0203ae2b735{\npadding-bottom:10px;\n}\nbody .av-special-heading.av-av_heading-4140ca52678a4162d2e5f0203ae2b735 .av-special-heading-tag .heading-char{\nfont-size:25px;\n}\n.av-special-heading.av-av_heading-4140ca52678a4162d2e5f0203ae2b735 .av-subheading{\nfont-size:15px;\n}\n<\/style>\n<div  class='av-special-heading av-av_heading-4140ca52678a4162d2e5f0203ae2b735 av-special-heading-h3'><h3 class='av-special-heading-tag '  itemprop=\"headline\"  >Jobs posted by Provincie Limburg<\/h3><div class=\"special-heading-border\"><div class=\"special-heading-inner-border\"><\/div><\/div><\/div>\n  <section  class='av_textblock_section av-av_textblock-0366cc7376be6c9e82a3e9cc8987b64f '   itemscope=\"itemscope\" itemtype=\"https:\/\/schema.org\/CreativeWork\" ><div class='avia_textblock'  itemprop=\"text\" ><p>    Mimir provides the automated job management of jobs on job boards for <a href=\"https:\/\/www.limburg.nl\/\">Provincie Limburg<\/a>.<\/p>\n<\/div><\/section>\n\n<style type=\"text\/css\" data-created_by=\"avia_inline_auto\" id=\"style-css-av-av_heading-ec4bf286390e57c0f372b4510908f00a\">\n#top .av-special-heading.av-av_heading-ec4bf286390e57c0f372b4510908f00a{\npadding-bottom:10px;\n}\nbody .av-special-heading.av-av_heading-ec4bf286390e57c0f372b4510908f00a .av-special-heading-tag .heading-char{\nfont-size:25px;\n}\n.av-special-heading.av-av_heading-ec4bf286390e57c0f372b4510908f00a .av-subheading{\nfont-size:15px;\n}\n<\/style>\n<div  class='av-special-heading av-av_heading-ec4bf286390e57c0f372b4510908f00a av-special-heading-h4'><h4 class='av-special-heading-tag '  itemprop=\"headline\"  >Latest jobs<\/h4><div class=\"special-heading-border\"><div class=\"special-heading-inner-border\"><\/div><\/div><\/div>\n  \n<style type=\"text\/css\" data-created_by=\"avia_inline_auto\" id=\"style-css-av-av_two_third-61be9178410eaaa3f443d4723cbbaeb0\">\n.flex_column.av-av_two_third-61be9178410eaaa3f443d4723cbbaeb0{\nborder-radius:0px 0px 0px 0px;\npadding:0px 0px 0px 0px;\n}\n<\/style>\n<div  class='flex_column av-av_two_third-61be9178410eaaa3f443d4723cbbaeb0 av_two_third first flex_column_div av-zero-column-padding  '     ><section  class='av_textblock_section av-av_textblock-0366cc7376be6c9e82a3e9cc8987b64f '   itemscope=\"itemscope\" itemtype=\"https:\/\/schema.org\/CreativeWork\" ><div class='avia_textblock'  itemprop=\"text\" ><h5 class=\"no-translation\">Fiscalist<\/h5>\n<p class=\"no-translation\">Als fiscalist bij de Provincie Limburg adviseer je het bestuur, directie, management en projectleiders gevraagd en ongevraagd over uiteenlopende fiscale vraagstukken. Jij analyseert en beoordeelt fiscale aspecten bij provinciale projecten en processen, signaleert risico's \u00e9n kansen en vertaalt actuele ontwikkelingen naar heldere adviezen.<\/p>\n<p><strong>Zo maak jij de provincie mooier, innovatiever en duurzamer<\/strong><\/p>\n<ul>\n<li>Je bent een allround fiscalist met de nadruk op het gebied van omzetbelasting, BTW compensatiefonds, overdrachtsbelasting, vennootschapsbelasting. Samen met het team fiscalisten werk je aan een gezonde, transparante financi\u00eble huishouding voor Limburg.<\/li>\n<li>Je deelt je kennis actief met collega's, je bent d\u00e9 vraagbaak voor de organisatie, onderhoudt contact met de Belastingdienst en externe specialisten en zorgt voor duidelijke interne communicatie over fiscale ontwikkelingen.<\/li>\n<li>Tevens lever je een bijdrage aan het financieel en fiscaal beleid en beer je bijbehorende producten door zorg te dragen voor de doorvertaling van fiscale risico's in beheersmaatregelen.<\/li>\n<li>Het generalistische karakter van deze functie maakt dat je in contact staat met de hele organisatie, een dynamische functie bekleedt waarin je veel samenwerkt en een gevarieerd netwerk opbouwt. Tevens kom je in aanraking met een groot aantal onderwerpen binnen de genoemde fiscale disciplines met bijbehorende vraagstukken. Hierdoor is geen dag hetzelfde.<\/li>\n<\/ul>\n<p><strong>Wat wij van jou vragen<\/strong><\/p>\n<ul>\n<li>Een afgeronde masteropleiding fiscaal recht of fiscale economie;<\/li>\n<li>Minimaal 8 jaar ervaring in een fiscale functie, liefst binnen de publieke sector;<\/li>\n<li>Kennis van of affiniteit met overheidsfinanci\u00ebn;<\/li>\n<li>Het vermogen om de vertaalslag te maken van fiscale wet- en regelgeving naar de dagelijkse praktijk van de provincie;<\/li>\n<li>Je bent sterk in het signaleren en beheersen van fiscale risico's;<\/li>\n<li>Een proactieve werkhouding en oplossingsgericht denken;<\/li>\n<li>Je werkt zelfstandig, maar bent ook een echte teamplayer;<\/li>\n<li>Je bent communicatief vaardig, zowel mondeling als schriftelijk;<\/li>\n<li>Je hebt gevoel voor bestuurlijke en politieke verhoudingen.<\/li>\n<\/ul>\n<p><strong>Hoe wij jouw bijdrage waarderen<\/strong><\/p>\n<ul>\n<li>Een bruto maandsalaris van minimaal \u20ac 5.118 en maximaal \u20ac 7.233 op basis van een 36-urige werkweek (schaal 12);<\/li>\n<li>Individuele Keuze Budget (IKB) van ca. 22%, incl. vakantiegeld (8%) en een structurele eindejaarsuitkering (8,3%). Dit budget komt boven op je vaste salaris en kun je laten uitbetalen wanneer jij hier behoefte aan hebt. Of je kunt het inzetten voor de aankoop van bv. een fiets, sportabonnement of extra verlof;<\/li>\n<li>Mogelijkheid om gedeeltelijk flexibel en plaats onafhankelijk te werken;<\/li>\n<li>Persoonlijk ontwikkelbudget van \u20ac6.000,- voor de looptijd van 5 jaar;<\/li>\n<li>Pensioensopbouw bij ABP;<\/li>\n<li>Mogelijkheid tot opbouw ADV.<\/li>\n<\/ul>\n<p><strong>Werken als provincie professional<\/strong><br \/>Het cluster Financi\u00ebn is d\u00e9 professionele, klantgerichte financi\u00eble dienstverlener die de Provincie Limburg optimaal faciliteert. Het cluster staat voor een gezonde, transparante en toekomstbestendige financi\u00eble huishouding. Dit realiseren we door proactief in te spelen op de (veranderende) politieke actualiteit en maatschappelijke ontwikkelingen.<\/p>\n<p><strong>Iets voor jou? <\/strong><br \/>Reageer dan snel! Is dit toch niet jouw baan, maar ken je iemand die er wel helemaal bij past? Tip hem of haar dan. Je maakt diegene \u00e9n ons erg blij. Alvast bedankt!<\/p>\n<p>Wacht niet te lang! We sluiten de vacature op donderdag 24 september.<\/p>\n<p><strong>Meer over Provincie Limburg<\/strong><br \/>Als professionals in de provincie Limburg hebben we \u00e9\u00e9n gemeenschappelijk doel: Limburg in de toekomst nog mooier, duurzamer en innovatiever door te geven aan de volgende generaties. Dit stelt ons voor ambitieuze uitdagingen, van het behoud van ons cultureel erfgoed tot het verder versterken van ons vernieuwende karakter. Van de pracht van onze natuur tot de strategische waarde van onze logistieke hotspots, en van onze unieke euregionale ligging tot de economische vernieuwing die we stimuleren. Deze veelzijdige en complexe vraagstukken pakken we vol enthousiasme aan, ieder vanuit zijn of haar eigen expertise.<\/p>\n<p>Met meer dan 1100 professionals werken we samen aan de toekomst die Limburg verdient. De provincie Limburg gelooft in de kracht van eigenaarschap, verbinden en ontwikkelen. We moedigen onze medewerkers aan om verantwoordelijkheid te nemen voor hun werk en beslissingen, cre\u00ebren een werkomgeving waarin samenwerking en verbinding centraal staan, en bieden volop kansen voor persoonlijke en professionele groei. Samen bouwen we aan een succesverhaal waarin iedereen zich betrokken en gepassioneerd voelt.<\/p>\n<p><strong>Overige informatie<\/strong><br \/>De geselecteerde kandidaat zal aan het einde van de selectieprocedure van ons het verzoek krijgen om een VOG aan te vragen bij de gemeente en na goedkeuring van Justis aan ons te overleggen.<\/p>\n<p>Een assessment of casus kan deel uitmaken van de selectieprocedure.<\/p>\n<p><strong><em>acquisitie naar aanleiding van deze vacature stellen wij niet op prijs.<\/em><\/strong><\/p>\n<p>\n<\/div><\/section><\/div>\n  \n<style type=\"text\/css\" data-created_by=\"avia_inline_auto\" id=\"style-css-av-av_one_third-0aa7055fe62c3622faec82866afbaeb2\">\n.flex_column.av-av_one_third-0aa7055fe62c3622faec82866afbaeb2{\nborder-radius:0px 0px 0px 0px;\npadding:0px 0px 0px 0px;\n}\n<\/style>\n<div  class='flex_column av-av_one_third-0aa7055fe62c3622faec82866afbaeb2 av_one_third flex_column_div av-zero-column-padding  '     ><div  class='togglecontainer av-av_toggle_container-d03efdf7de8d15029af4a4ccb5448be7' ><div class='taglist'><div class=\"tag-tab\"><a href=\"#\" data-tag=\"{All}\" class=\"activeFilter\">All<\/a><span class='tag-seperator'>\/<\/span><\/div><div class=\"tag-tab\"><a href=\"#\" data-tag=\"{Views}\" class=\"\">Views<\/a><span class='tag-seperator'>\/<\/span><\/div><\/div>\n              <section class='av_toggle_section av-av_toggle-b1e166d66d491da42e13edb83ca13494'  itemscope=\"itemscope\" itemtype=\"https:\/\/schema.org\/CreativeWork\" ><div role=\"tablist\" class=\"single_toggle\" data-tags=\"{All} {Views} \"  ><p id='toggle-toggle-id-1' data-fake-id='#toggle-id-1' class='toggler  activeTitle av-title-above '  itemprop=\"headline\"  role='tab' tabindex='0' aria-controls='toggle-id-1' data-slide-speed=\"200\" data-title=\"Baandomein\" data-title-open=\"\" data-aria_collapsed=\"Click to expand: Baandomein\" data-aria_expanded=\"Click to collapse: Baandomein\">Baandomein<span class=\"toggle_icon\"><span class=\"vert_icon\"><\/span><span class=\"hor_icon\"><\/span><\/span><\/p><div id='toggle-id-1' aria-labelledby='toggle-toggle-id-1' role='region' class='toggle_wrap  active_tc av-title-above' style='display:block;' ><div class='toggle_content invers-color '  itemprop=\"text\" ><p>          \n<style type=\"text\/css\" data-created_by=\"avia_inline_auto\" id=\"style-css-av-av_font_icon-68df07e82f9aa7e9ca8086cf07328158\">\n.av_font_icon.av-av_font_icon-68df07e82f9aa7e9ca8086cf07328158 .av-icon-char{\nfont-size:12px;\nline-height:12px;\n}\n<\/style>\n<span  class='av_font_icon av-av_font_icon-68df07e82f9aa7e9ca8086cf07328158 avia_animate_when_visible av-icon-style- avia-icon-pos-left avia-iconfont avia-font-entypo-fontello av-no-color avia-icon-animate'><span class='av-icon-char' data-av_icon='\ue82d' data-av_iconfont='entypo-fontello' aria-hidden=\"true\" ><\/span><\/span> 0 applications<br \/>\n          \n<style type=\"text\/css\" data-created_by=\"avia_inline_auto\" id=\"style-css-av-av_font_icon-2ad3e02231965e18a13969aa2ae9da8b\">\n.av_font_icon.av-av_font_icon-2ad3e02231965e18a13969aa2ae9da8b .av-icon-char{\nfont-size:12px;\nline-height:12px;\n}\n<\/style>\n<span  class='av_font_icon av-av_font_icon-2ad3e02231965e18a13969aa2ae9da8b avia_animate_when_visible av-icon-style- avia-icon-pos-left avia-iconfont avia-font-entypo-fontello av-no-color avia-icon-animate'><span class='av-icon-char' data-av_icon='\ue80b' data-av_iconfont='entypo-fontello' aria-hidden=\"true\" ><\/span><\/span> 6 views                  <\/p>\n<\/div><\/div><\/div><\/section>\n          <\/div><\/div>\n  <br style=\"clear: both\">\n  <span style=\"margin-top: 20px; float: right\">03-09-2026<\/span>\n  <span style=\"margin-top: 20px; font-weight: bold; float: left\">Provincie Limburg<\/span>\n  <hr>  \n<style type=\"text\/css\" data-created_by=\"avia_inline_auto\" id=\"style-css-av-av_two_third-61be9178410eaaa3f443d4723cbbaeb0\">\n.flex_column.av-av_two_third-61be9178410eaaa3f443d4723cbbaeb0{\nborder-radius:0px 0px 0px 0px;\npadding:0px 0px 0px 0px;\n}\n<\/style>\n<div  class='flex_column av-av_two_third-61be9178410eaaa3f443d4723cbbaeb0 av_two_third first flex_column_div av-zero-column-padding  '     ><section  class='av_textblock_section av-av_textblock-0366cc7376be6c9e82a3e9cc8987b64f '   itemscope=\"itemscope\" itemtype=\"https:\/\/schema.org\/CreativeWork\" ><div class='avia_textblock'  itemprop=\"text\" ><h5 class=\"no-translation\">Fiscalist<\/h5>\n<p class=\"no-translation\">Als fiscalist bij de Provincie Limburg adviseer je het bestuur, directie, management en projectleiders gevraagd en ongevraagd over uiteenlopende fiscale vraagstukken. Jij analyseert en beoordeelt fiscale aspecten bij provinciale projecten en processen, signaleert risico's \u00e9n kansen en vertaalt actuele ontwikkelingen naar heldere adviezen.<\/p>\n<p><strong>Zo maak jij de provincie mooier, innovatiever en duurzamer<\/strong><\/p>\n<ul>\n<li>Je bent een allround fiscalist met de nadruk op het gebied van omzetbelasting, BTW compensatiefonds, overdrachtsbelasting, vennootschapsbelasting. Samen met het team fiscalisten werk je aan een gezonde, transparante financi\u00eble huishouding voor Limburg.<\/li>\n<li>Je deelt je kennis actief met collega's, je bent d\u00e9 vraagbaak voor de organisatie, onderhoudt contact met de Belastingdienst en externe specialisten en zorgt voor duidelijke interne communicatie over fiscale ontwikkelingen.<\/li>\n<li>Tevens lever je een bijdrage aan het financieel en fiscaal beleid en beer je bijbehorende producten door zorg te dragen voor de doorvertaling van fiscale risico's in beheersmaatregelen.<\/li>\n<li>Het generalistische karakter van deze functie maakt dat je in contact staat met de hele organisatie, een dynamische functie bekleedt waarin je veel samenwerkt en een gevarieerd netwerk opbouwt. Tevens kom je in aanraking met een groot aantal onderwerpen binnen de genoemde fiscale disciplines met bijbehorende vraagstukken. Hierdoor is geen dag hetzelfde.<\/li>\n<\/ul>\n<p><strong>Wat wij van jou vragen<\/strong><\/p>\n<ul>\n<li>Een afgeronde masteropleiding fiscaal recht of fiscale economie;<\/li>\n<li>Minimaal 8 jaar ervaring in een fiscale functie, liefst binnen de publieke sector;<\/li>\n<li>Kennis van of affiniteit met overheidsfinanci\u00ebn;<\/li>\n<li>Het vermogen om de vertaalslag te maken van fiscale wet- en regelgeving naar de dagelijkse praktijk van de provincie;<\/li>\n<li>Je bent sterk in het signaleren en beheersen van fiscale risico's;<\/li>\n<li>Een proactieve werkhouding en oplossingsgericht denken;<\/li>\n<li>Je werkt zelfstandig, maar bent ook een echte teamplayer;<\/li>\n<li>Je bent communicatief vaardig, zowel mondeling als schriftelijk;<\/li>\n<li>Je hebt gevoel voor bestuurlijke en politieke verhoudingen.<\/li>\n<\/ul>\n<p><strong>Hoe wij jouw bijdrage waarderen<\/strong><\/p>\n<ul>\n<li>Een bruto maandsalaris van minimaal \u20ac 5.118 en maximaal \u20ac 7.233 op basis van een 36-urige werkweek (schaal 12);<\/li>\n<li>Individuele Keuze Budget (IKB) van ca. 22%, incl. vakantiegeld (8%) en een structurele eindejaarsuitkering (8,3%). Dit budget komt boven op je vaste salaris en kun je laten uitbetalen wanneer jij hier behoefte aan hebt. Of je kunt het inzetten voor de aankoop van bv. een fiets, sportabonnement of extra verlof;<\/li>\n<li>Mogelijkheid om gedeeltelijk flexibel en plaats onafhankelijk te werken;<\/li>\n<li>Persoonlijk ontwikkelbudget van \u20ac6.000,- voor de looptijd van 5 jaar;<\/li>\n<li>Pensioensopbouw bij ABP;<\/li>\n<li>Mogelijkheid tot opbouw ADV.<\/li>\n<\/ul>\n<p><strong>Werken als provincie professional<\/strong><br \/>Het cluster Financi\u00ebn is d\u00e9 professionele, klantgerichte financi\u00eble dienstverlener die de Provincie Limburg optimaal faciliteert. Het cluster staat voor een gezonde, transparante en toekomstbestendige financi\u00eble huishouding. Dit realiseren we door proactief in te spelen op de (veranderende) politieke actualiteit en maatschappelijke ontwikkelingen.<\/p>\n<p><strong>Iets voor jou? <\/strong><br \/>Reageer dan snel! Is dit toch niet jouw baan, maar ken je iemand die er wel helemaal bij past? Tip hem of haar dan. Je maakt diegene \u00e9n ons erg blij. Alvast bedankt!<\/p>\n<p>Wacht niet te lang! We sluiten de vacature op donderdag 24 september.<\/p>\n<p><strong>Meer over Provincie Limburg<\/strong><br \/>Als professionals in de provincie Limburg hebben we \u00e9\u00e9n gemeenschappelijk doel: Limburg in de toekomst nog mooier, duurzamer en innovatiever door te geven aan de volgende generaties. Dit stelt ons voor ambitieuze uitdagingen, van het behoud van ons cultureel erfgoed tot het verder versterken van ons vernieuwende karakter. Van de pracht van onze natuur tot de strategische waarde van onze logistieke hotspots, en van onze unieke euregionale ligging tot de economische vernieuwing die we stimuleren. Deze veelzijdige en complexe vraagstukken pakken we vol enthousiasme aan, ieder vanuit zijn of haar eigen expertise.<\/p>\n<p>Met meer dan 1100 professionals werken we samen aan de toekomst die Limburg verdient. De provincie Limburg gelooft in de kracht van eigenaarschap, verbinden en ontwikkelen. We moedigen onze medewerkers aan om verantwoordelijkheid te nemen voor hun werk en beslissingen, cre\u00ebren een werkomgeving waarin samenwerking en verbinding centraal staan, en bieden volop kansen voor persoonlijke en professionele groei. Samen bouwen we aan een succesverhaal waarin iedereen zich betrokken en gepassioneerd voelt.<\/p>\n<p><strong>Overige informatie<\/strong><br \/>De geselecteerde kandidaat zal aan het einde van de selectieprocedure van ons het verzoek krijgen om een VOG aan te vragen bij de gemeente en na goedkeuring van Justis aan ons te overleggen.<\/p>\n<p>Een assessment of casus kan deel uitmaken van de selectieprocedure.<\/p>\n<p><strong><em>acquisitie naar aanleiding van deze vacature stellen wij niet op prijs.<\/em><\/strong><\/p>\n<p>\n<\/div><\/section><\/div>\n  \n<style type=\"text\/css\" data-created_by=\"avia_inline_auto\" id=\"style-css-av-av_one_third-0aa7055fe62c3622faec82866afbaeb2\">\n.flex_column.av-av_one_third-0aa7055fe62c3622faec82866afbaeb2{\nborder-radius:0px 0px 0px 0px;\npadding:0px 0px 0px 0px;\n}\n<\/style>\n<div  class='flex_column av-av_one_third-0aa7055fe62c3622faec82866afbaeb2 av_one_third flex_column_div av-zero-column-padding  '     ><div  class='togglecontainer av-av_toggle_container-d03efdf7de8d15029af4a4ccb5448be7' ><div class='taglist'><div class=\"tag-tab\"><a href=\"#\" data-tag=\"{All}\" class=\"activeFilter\">All<\/a><span class='tag-seperator'>\/<\/span><\/div><div class=\"tag-tab\"><a href=\"#\" data-tag=\"{Applications}\" class=\"\">Applications<\/a><span class='tag-seperator'>\/<\/span><\/div><\/div>\n              <section class='av_toggle_section av-av_toggle-cd5b5a16869b39f4ef35ca2f280f3739'  itemscope=\"itemscope\" itemtype=\"https:\/\/schema.org\/CreativeWork\" ><div role=\"tablist\" class=\"single_toggle\" data-tags=\"{All} {Applications} \"  ><p id='toggle-toggle-id-2' data-fake-id='#toggle-id-2' class='toggler  activeTitle av-title-above '  itemprop=\"headline\"  role='tab' tabindex='0' aria-controls='toggle-id-2' data-slide-speed=\"200\" data-title=\"Banenrijklimburg\" data-title-open=\"\" data-aria_collapsed=\"Click to expand: Banenrijklimburg\" data-aria_expanded=\"Click to collapse: Banenrijklimburg\">Banenrijklimburg<span class=\"toggle_icon\"><span class=\"vert_icon\"><\/span><span class=\"hor_icon\"><\/span><\/span><\/p><div id='toggle-id-2' aria-labelledby='toggle-toggle-id-2' role='region' class='toggle_wrap  active_tc av-title-above' style='display:block;' ><div class='toggle_content invers-color '  itemprop=\"text\" ><p>          \n<style type=\"text\/css\" data-created_by=\"avia_inline_auto\" id=\"style-css-av-av_font_icon-68df07e82f9aa7e9ca8086cf07328158\">\n.av_font_icon.av-av_font_icon-68df07e82f9aa7e9ca8086cf07328158 .av-icon-char{\nfont-size:12px;\nline-height:12px;\n}\n<\/style>\n<span  class='av_font_icon av-av_font_icon-68df07e82f9aa7e9ca8086cf07328158 avia_animate_when_visible av-icon-style- avia-icon-pos-left avia-iconfont avia-font-entypo-fontello av-no-color avia-icon-animate'><span class='av-icon-char' data-av_icon='\ue82d' data-av_iconfont='entypo-fontello' aria-hidden=\"true\" ><\/span><\/span> 1 application<br \/>\n          \n<style type=\"text\/css\" data-created_by=\"avia_inline_auto\" id=\"style-css-av-av_font_icon-2ad3e02231965e18a13969aa2ae9da8b\">\n.av_font_icon.av-av_font_icon-2ad3e02231965e18a13969aa2ae9da8b .av-icon-char{\nfont-size:12px;\nline-height:12px;\n}\n<\/style>\n<span  class='av_font_icon av-av_font_icon-2ad3e02231965e18a13969aa2ae9da8b avia_animate_when_visible av-icon-style- avia-icon-pos-left avia-iconfont avia-font-entypo-fontello av-no-color avia-icon-animate'><span class='av-icon-char' data-av_icon='\ue80b' data-av_iconfont='entypo-fontello' aria-hidden=\"true\" ><\/span><\/span> 0 views                  <\/p>\n<\/div><\/div><\/div><\/section>\n          <\/div><\/div>\n  <br style=\"clear: both\">\n  <span style=\"margin-top: 20px; float: right\">03-09-2026<\/span>\n  <span style=\"margin-top: 20px; font-weight: bold; float: left\">Provincie Limburg<\/span>\n  <hr>  \n<style type=\"text\/css\" data-created_by=\"avia_inline_auto\" id=\"style-css-av-av_two_third-61be9178410eaaa3f443d4723cbbaeb0\">\n.flex_column.av-av_two_third-61be9178410eaaa3f443d4723cbbaeb0{\nborder-radius:0px 0px 0px 0px;\npadding:0px 0px 0px 0px;\n}\n<\/style>\n<div  class='flex_column av-av_two_third-61be9178410eaaa3f443d4723cbbaeb0 av_two_third first flex_column_div av-zero-column-padding  '     ><section  class='av_textblock_section av-av_textblock-0366cc7376be6c9e82a3e9cc8987b64f '   itemscope=\"itemscope\" itemtype=\"https:\/\/schema.org\/CreativeWork\" ><div class='avia_textblock'  itemprop=\"text\" ><h5 class=\"no-translation\">Fiscalist<\/h5>\n<p class=\"no-translation\">Als fiscalist bij de Provincie Limburg adviseer je het bestuur, directie, management en projectleiders gevraagd en ongevraagd over uiteenlopende fiscale vraagstukken. Jij analyseert en beoordeelt fiscale aspecten bij provinciale projecten en processen, signaleert risico's \u00e9n kansen en vertaalt actuele ontwikkelingen naar heldere adviezen.<\/p>\n<p><strong>Zo maak jij de provincie mooier, innovatiever en duurzamer<\/strong><\/p>\n<ul>\n<li>Je bent een allround fiscalist met de nadruk op het gebied van omzetbelasting, BTW compensatiefonds, overdrachtsbelasting, vennootschapsbelasting. Samen met het team fiscalisten werk je aan een gezonde, transparante financi\u00eble huishouding voor Limburg.<\/li>\n<li>Je deelt je kennis actief met collega's, je bent d\u00e9 vraagbaak voor de organisatie, onderhoudt contact met de Belastingdienst en externe specialisten en zorgt voor duidelijke interne communicatie over fiscale ontwikkelingen.<\/li>\n<li>Tevens lever je een bijdrage aan het financieel en fiscaal beleid en beer je bijbehorende producten door zorg te dragen voor de doorvertaling van fiscale risico's in beheersmaatregelen.<\/li>\n<li>Het generalistische karakter van deze functie maakt dat je in contact staat met de hele organisatie, een dynamische functie bekleedt waarin je veel samenwerkt en een gevarieerd netwerk opbouwt. Tevens kom je in aanraking met een groot aantal onderwerpen binnen de genoemde fiscale disciplines met bijbehorende vraagstukken. Hierdoor is geen dag hetzelfde.<\/li>\n<\/ul>\n<p><strong>Wat wij van jou vragen<\/strong><\/p>\n<ul>\n<li>Een afgeronde masteropleiding fiscaal recht of fiscale economie;<\/li>\n<li>Minimaal 8 jaar ervaring in een fiscale functie, liefst binnen de publieke sector;<\/li>\n<li>Kennis van of affiniteit met overheidsfinanci\u00ebn;<\/li>\n<li>Het vermogen om de vertaalslag te maken van fiscale wet- en regelgeving naar de dagelijkse praktijk van de provincie;<\/li>\n<li>Je bent sterk in het signaleren en beheersen van fiscale risico's;<\/li>\n<li>Een proactieve werkhouding en oplossingsgericht denken;<\/li>\n<li>Je werkt zelfstandig, maar bent ook een echte teamplayer;<\/li>\n<li>Je bent communicatief vaardig, zowel mondeling als schriftelijk;<\/li>\n<li>Je hebt gevoel voor bestuurlijke en politieke verhoudingen.<\/li>\n<\/ul>\n<p><strong>Hoe wij jouw bijdrage waarderen<\/strong><\/p>\n<ul>\n<li>Een bruto maandsalaris van minimaal \u20ac 5.118 en maximaal \u20ac 7.233 op basis van een 36-urige werkweek (schaal 12);<\/li>\n<li>Individuele Keuze Budget (IKB) van ca. 22%, incl. vakantiegeld (8%) en een structurele eindejaarsuitkering (8,3%). Dit budget komt boven op je vaste salaris en kun je laten uitbetalen wanneer jij hier behoefte aan hebt. Of je kunt het inzetten voor de aankoop van bv. een fiets, sportabonnement of extra verlof;<\/li>\n<li>Mogelijkheid om gedeeltelijk flexibel en plaats onafhankelijk te werken;<\/li>\n<li>Persoonlijk ontwikkelbudget van \u20ac6.000,- voor de looptijd van 5 jaar;<\/li>\n<li>Pensioensopbouw bij ABP;<\/li>\n<li>Mogelijkheid tot opbouw ADV.<\/li>\n<\/ul>\n<p><strong>Werken als provincie professional<\/strong><br \/>Het cluster Financi\u00ebn is d\u00e9 professionele, klantgerichte financi\u00eble dienstverlener die de Provincie Limburg optimaal faciliteert. Het cluster staat voor een gezonde, transparante en toekomstbestendige financi\u00eble huishouding. Dit realiseren we door proactief in te spelen op de (veranderende) politieke actualiteit en maatschappelijke ontwikkelingen.<\/p>\n<p><strong>Iets voor jou? <\/strong><br \/>Reageer dan snel! Is dit toch niet jouw baan, maar ken je iemand die er wel helemaal bij past? Tip hem of haar dan. Je maakt diegene \u00e9n ons erg blij. Alvast bedankt!<\/p>\n<p>Wacht niet te lang! We sluiten de vacature op donderdag 24 september.<\/p>\n<p><strong>Meer over Provincie Limburg<\/strong><br \/>Als professionals in de provincie Limburg hebben we \u00e9\u00e9n gemeenschappelijk doel: Limburg in de toekomst nog mooier, duurzamer en innovatiever door te geven aan de volgende generaties. Dit stelt ons voor ambitieuze uitdagingen, van het behoud van ons cultureel erfgoed tot het verder versterken van ons vernieuwende karakter. Van de pracht van onze natuur tot de strategische waarde van onze logistieke hotspots, en van onze unieke euregionale ligging tot de economische vernieuwing die we stimuleren. Deze veelzijdige en complexe vraagstukken pakken we vol enthousiasme aan, ieder vanuit zijn of haar eigen expertise.<\/p>\n<p>Met meer dan 1100 professionals werken we samen aan de toekomst die Limburg verdient. De provincie Limburg gelooft in de kracht van eigenaarschap, verbinden en ontwikkelen. We moedigen onze medewerkers aan om verantwoordelijkheid te nemen voor hun werk en beslissingen, cre\u00ebren een werkomgeving waarin samenwerking en verbinding centraal staan, en bieden volop kansen voor persoonlijke en professionele groei. Samen bouwen we aan een succesverhaal waarin iedereen zich betrokken en gepassioneerd voelt.<\/p>\n<p><strong>Overige informatie<\/strong><br \/>De geselecteerde kandidaat zal aan het einde van de selectieprocedure van ons het verzoek krijgen om een VOG aan te vragen bij de gemeente en na goedkeuring van Justis aan ons te overleggen.<\/p>\n<p>Een assessment of casus kan deel uitmaken van de selectieprocedure.<\/p>\n<p><strong><em>acquisitie naar aanleiding van deze vacature stellen wij niet op prijs.<\/em><\/strong><\/p>\n<p>\n<\/div><\/section><\/div>\n  \n<style type=\"text\/css\" data-created_by=\"avia_inline_auto\" id=\"style-css-av-av_one_third-0aa7055fe62c3622faec82866afbaeb2\">\n.flex_column.av-av_one_third-0aa7055fe62c3622faec82866afbaeb2{\nborder-radius:0px 0px 0px 0px;\npadding:0px 0px 0px 0px;\n}\n<\/style>\n<div  class='flex_column av-av_one_third-0aa7055fe62c3622faec82866afbaeb2 av_one_third flex_column_div av-zero-column-padding  '     ><div  class='togglecontainer av-av_toggle_container-d03efdf7de8d15029af4a4ccb5448be7' >\n              <section class='av_toggle_section av-av_toggle-b2408c653a29d38fe1070f74bee2adc5'  itemscope=\"itemscope\" itemtype=\"https:\/\/schema.org\/CreativeWork\" ><div role=\"tablist\" class=\"single_toggle\" data-tags=\"{All} \"  ><p id='toggle-toggle-id-3' data-fake-id='#toggle-id-3' class='toggler  activeTitle av-title-above '  itemprop=\"headline\"  role='tab' tabindex='0' aria-controls='toggle-id-3' data-slide-speed=\"200\" data-title=\"Werken voor Limburg\" data-title-open=\"\" data-aria_collapsed=\"Click to expand: Werken voor Limburg\" data-aria_expanded=\"Click to collapse: Werken voor Limburg\">Werken voor Limburg<span class=\"toggle_icon\"><span class=\"vert_icon\"><\/span><span class=\"hor_icon\"><\/span><\/span><\/p><div id='toggle-id-3' aria-labelledby='toggle-toggle-id-3' role='region' class='toggle_wrap  active_tc av-title-above' style='display:block;' ><div class='toggle_content invers-color '  itemprop=\"text\" ><p>          \n<style type=\"text\/css\" data-created_by=\"avia_inline_auto\" id=\"style-css-av-av_font_icon-68df07e82f9aa7e9ca8086cf07328158\">\n.av_font_icon.av-av_font_icon-68df07e82f9aa7e9ca8086cf07328158 .av-icon-char{\nfont-size:12px;\nline-height:12px;\n}\n<\/style>\n<span  class='av_font_icon av-av_font_icon-68df07e82f9aa7e9ca8086cf07328158 avia_animate_when_visible av-icon-style- avia-icon-pos-left avia-iconfont avia-font-entypo-fontello av-no-color avia-icon-animate'><span class='av-icon-char' data-av_icon='\ue82d' data-av_iconfont='entypo-fontello' aria-hidden=\"true\" ><\/span><\/span> 0 applications<br \/>\n          \n<style type=\"text\/css\" data-created_by=\"avia_inline_auto\" id=\"style-css-av-av_font_icon-2ad3e02231965e18a13969aa2ae9da8b\">\n.av_font_icon.av-av_font_icon-2ad3e02231965e18a13969aa2ae9da8b .av-icon-char{\nfont-size:12px;\nline-height:12px;\n}\n<\/style>\n<span  class='av_font_icon av-av_font_icon-2ad3e02231965e18a13969aa2ae9da8b avia_animate_when_visible av-icon-style- avia-icon-pos-left avia-iconfont avia-font-entypo-fontello av-no-color avia-icon-animate'><span class='av-icon-char' data-av_icon='\ue80b' data-av_iconfont='entypo-fontello' aria-hidden=\"true\" ><\/span><\/span> 0 views                  <\/p>\n<\/div><\/div><\/div><\/section>\n          <\/div><\/div>\n  <br style=\"clear: both\">\n  <span style=\"margin-top: 20px; float: right\">03-09-2026<\/span>\n  <span style=\"margin-top: 20px; font-weight: bold; float: left\">Provincie Limburg<\/span>\n  <hr>  \n<style type=\"text\/css\" data-created_by=\"avia_inline_auto\" id=\"style-css-av-av_two_third-61be9178410eaaa3f443d4723cbbaeb0\">\n.flex_column.av-av_two_third-61be9178410eaaa3f443d4723cbbaeb0{\nborder-radius:0px 0px 0px 0px;\npadding:0px 0px 0px 0px;\n}\n<\/style>\n<div  class='flex_column av-av_two_third-61be9178410eaaa3f443d4723cbbaeb0 av_two_third first flex_column_div av-zero-column-padding  '     ><section  class='av_textblock_section av-av_textblock-0366cc7376be6c9e82a3e9cc8987b64f '   itemscope=\"itemscope\" itemtype=\"https:\/\/schema.org\/CreativeWork\" ><div class='avia_textblock'  itemprop=\"text\" ><h5 class=\"no-translation\">Junior beleidsmedewerker energie<\/h5>\n<p class=\"no-translation\">Ben jij iemand die vol energie wil bijdragen aan de verduurzaming van de warmtevoorziening in Limburg? Voor deze maatschappelijke opgave zoeken wij iemand die zich als in een vis in het water voelt op het terrein van geothermie en groen gas, of enthousiast is om hierin verder te ontwikkelen. Samen met collega's adviseer je het Provinciale bestuur over de toekomstige koers op deze thema's. Je maakt deel uit van een team dat zich dagelijks inzet voor de warmtetransitie in Limburg. Daarbij ben je flexibel en krijg je de kans om, desgevraagd, ook andere vraagstukken binnen het warmteteam op te pakken.<\/p>\n<p>De werkzaamheden op het gebied van warmte maken onderdeel uit van het programma Nieuwe Energie. Dat programma richt zich op alle facetten van de energietransitie, vari\u00ebrend van de besparing van het energiegebruik, de duurzame opwekking van energie tot de verduurzaming van de industrie, bedrijventerreinen en het MKB. Je komt terecht in een team van ca. 20 collega\u2019s, met een mooie mix van specialisten en generalisten. Dat betekent veel ruimte om samen te werken, te sparren en te leren van ervaren collega\u2019s. We zoeken vooral iemand met een brede blik, interesse in energievraagstukken en plezier in adviseren en verbinden.<\/p>\n<p><strong>Zo maak jij de provincie mooier, innovatiever en duurzamer<\/strong><br \/>De warmtetransitie verdient alle aandacht. De opgave is groot: onze woningen en gebouwen moeten in de toekomst op een duurzame manier worden verwarmd, zonder aardgas. De warmtetransitie maakt onderdeel uit van de grotere maatschappelijke opgave van de energietransitie. De manier waarop wij in de toekomst energie opwekken, verdelen en gebruiken gaat veranderen. Dat is een complex vraagstuk waar jij een belangrijke bijdrage aan levert.<\/p>\n<p>Jouw werkzaamheden binnen dit dossier zijn onder andere:<\/p>\n<ul>\n<li>Je bent h\u00e9t aanspreekpunt voor binnen en buiten de Provincie op het gebied van geothermie en groen gas. Je bent in staat een relevant netwerkin korte tijd op te bouwen;<\/li>\n<li>Je informeert en adviseert het College van Gedeputeerde Staten over ontwikkelingen en vraagstukken op deze thema's;<\/li>\n<li>Je hebt interesse in en\/of kennis op het gebied van de warmtetransitie, de belangen van diverse partijen en de relevante wet- en regelgeving;<\/li>\n<li>Je maakt deel uit van het warmteteam van de Provincie Limburg. Je bent flexibel inzetbaar op andere onderwerpen binnen de warmtetransitie (naast geothermie en groen gas);<\/li>\n<li>Je bent alert op de relatie tussen het warmtedossier en de mogelijkheden daarvoor in de Provinciale Energiediensten Maatschappij;<\/li>\n<li>Je signaleert kansen, knelpunten en ontwikkelingen voor de Provincie Limburg binnen de energietransitie (warmte in het bijzonder).<\/li>\n<\/ul>\n<p>Je werkt resultaatgericht, deelt en interpreteert informatie op een gestructureerde manier, en weet als gevolg van jouw omgevingsbewustzijn en verbindende kwaliteiten de samenwerking met partners soepel te laten verlopen. Teamwork en zelfstandigheid gaan hand in hand. Wij zijn op zoek naar een enthousiaste creatieve meedenker die kansen ziet en initiatief neemt.<\/p>\n<p><strong>Wat wij van jou vragen<\/strong><\/p>\n<ul>\n<li>Door een afgeronde opleiding heb je HBO+ of WO werk- en denkniveau, met voldoende achtergrond om de warmte- en energietransitie te doorgronden (beleidsmatig en technisch);<\/li>\n<li>Affiniteit met het onderwerp energietransitie, en je bent bereid om te verdiepen in warmte, te beginnen met geothermie en groen gas;<\/li>\n<li>Een initiatiefrijke persoonlijkheid die makkelijk contact maakt met alle verschillende belanghebbenden en hiermee een goede werkrelatie opbouwt;<\/li>\n<li>De competenties: resultaatgericht, zelfstandig, initiatief nemend en communicatief vaardig, zowel mondeling als schriftelijk.<\/li>\n<\/ul>\n<p>Heb je nog niet op alle onderdelen ervaring, maar herken je jezelf wel in deze rol en wil je je verder ontwikkelen? Sta jij open voor het volgen van opleidingen en trainingen en het meelopen met ervaren collega's? Dan nodigen we je vriendelijk uit om te reageren.<\/p>\n<p><strong>Hoe wij jouw bijdrage waarderen<\/strong><\/p>\n<ul>\n<li>Een bruto maandsalaris van minimaal \u20ac 3.886,37 en maximaal \u20ac 5.474,08 op basis van een 36-urige werkweek (schaal 10);<\/li>\n<li>Individuele Keuze Budget (IKB) van ca. 22%, incl. vakantiegeld (8%) en een structurele eindejaarsuitkering (8,3%). Dit budget komt boven op je vaste salaris en kun je laten uitbetalen wanneer jij hier behoefte aan hebt. Of je kunt het inzetten voor de aankoop van bv. een fiets, sportabonnement of extra verlof;<\/li>\n<li>Mogelijkheid om gedeeltelijk flexibel en plaats onafhankelijk te werken;<\/li>\n<li>Persoonlijk ontwikkelbudget van \u20ac6.000,- voor de looptijd van 5 jaar;<\/li>\n<li>Pensioensopbouw bij ABP;<\/li>\n<li>Mogelijkheid tot opbouw ADV.<\/li>\n<\/ul>\n<p><strong>Werken als provincie professional<\/strong><br \/>Het cluster Wonen en Leefomgeving draagt met beleidsontwikkeling en -uitvoering bij aan een aantrekkelijke en gezonde Limburgse woon- en leefomgeving. Vanuit dat cluster werk je onder de inhoudelijke aansturing van de Programmamanager Nieuwe Energie. Je werkzaamheden liggen primair op de opgave van de warmtetransitie (met geothermie en groen gas als focus).<\/p>\n<p><strong>Iets voor jou? <\/strong><br \/>Reageer dan snel! Is dit toch niet jouw baan, maar ken je iemand die er wel helemaal bij past? Tip hem of haar dan. Je maakt diegene \u00e9n ons erg blij. Alvast bedankt!<\/p>\n<p>Wacht niet te lang! We sluiten deze vacature op 10 september.<\/p>\n<p><strong>Meer over Provincie Limburg<\/strong><br \/>Als professionals in de provincie Limburg hebben we \u00e9\u00e9n gemeenschappelijk doel: Limburg in de toekomst nog mooier, duurzamer en innovatiever door te geven aan de volgende generaties. Dit stelt ons voor ambitieuze uitdagingen, van het behoud van ons cultureel erfgoed tot het verder versterken van ons vernieuwende karakter. Van de pracht van onze natuur tot de strategische waarde van onze logistieke hotspots, en van onze unieke euregionale ligging tot de economische vernieuwing die we stimuleren. Deze veelzijdige en complexe vraagstukken pakken we vol enthousiasme aan, ieder vanuit zijn of haar eigen expertise.<\/p>\n<p>Met meer dan 1100 professionals werken we samen aan de toekomst die Limburg verdient. De provincie Limburg gelooft in de kracht van eigenaarschap, verbinden en ontwikkelen. We moedigen onze medewerkers aan om verantwoordelijkheid te nemen voor hun werk en beslissingen, cre\u00ebren een werkomgeving waarin samenwerking en verbinding centraal staan, en bieden volop kansen voor persoonlijke en professionele groei. Samen bouwen we aan een succesverhaal waarin iedereen zich betrokken en gepassioneerd voelt.<\/p>\n<p><strong>Overige informatie<\/strong><br \/>De geselecteerde kandidaat zal aan het einde van de selectieprocedure van ons het verzoek krijgen om een VOG aan te vragen bij de gemeente en na goedkeuring van Justis aan ons te overleggen.<\/p>\n<p>Een casus kan deel uitmaken van de selectieprocedure.<\/p>\n<p><strong><em>acquisitie naar aanleiding van deze vacature stellen wij niet op prijs.<\/em><\/strong><\/p>\n<p>\n<\/div><\/section><\/div>\n  \n<style type=\"text\/css\" data-created_by=\"avia_inline_auto\" id=\"style-css-av-av_one_third-0aa7055fe62c3622faec82866afbaeb2\">\n.flex_column.av-av_one_third-0aa7055fe62c3622faec82866afbaeb2{\nborder-radius:0px 0px 0px 0px;\npadding:0px 0px 0px 0px;\n}\n<\/style>\n<div  class='flex_column av-av_one_third-0aa7055fe62c3622faec82866afbaeb2 av_one_third flex_column_div av-zero-column-padding  '     ><div  class='togglecontainer av-av_toggle_container-d03efdf7de8d15029af4a4ccb5448be7' ><div class='taglist'><div class=\"tag-tab\"><a href=\"#\" data-tag=\"{All}\" class=\"activeFilter\">All<\/a><span class='tag-seperator'>\/<\/span><\/div><div class=\"tag-tab\"><a href=\"#\" data-tag=\"{Applications}\" class=\"\">Applications<\/a><span class='tag-seperator'>\/<\/span><\/div><\/div>\n              <section class='av_toggle_section av-av_toggle-cd5b5a16869b39f4ef35ca2f280f3739'  itemscope=\"itemscope\" itemtype=\"https:\/\/schema.org\/CreativeWork\" ><div role=\"tablist\" class=\"single_toggle\" data-tags=\"{All} {Applications} \"  ><p id='toggle-toggle-id-4' data-fake-id='#toggle-id-4' class='toggler  activeTitle av-title-above '  itemprop=\"headline\"  role='tab' tabindex='0' aria-controls='toggle-id-4' data-slide-speed=\"200\" data-title=\"Banenrijklimburg\" data-title-open=\"\" data-aria_collapsed=\"Click to expand: Banenrijklimburg\" data-aria_expanded=\"Click to collapse: Banenrijklimburg\">Banenrijklimburg<span class=\"toggle_icon\"><span class=\"vert_icon\"><\/span><span class=\"hor_icon\"><\/span><\/span><\/p><div id='toggle-id-4' aria-labelledby='toggle-toggle-id-4' role='region' class='toggle_wrap  active_tc av-title-above' style='display:block;' ><div class='toggle_content invers-color '  itemprop=\"text\" ><p>          \n<style type=\"text\/css\" data-created_by=\"avia_inline_auto\" id=\"style-css-av-av_font_icon-68df07e82f9aa7e9ca8086cf07328158\">\n.av_font_icon.av-av_font_icon-68df07e82f9aa7e9ca8086cf07328158 .av-icon-char{\nfont-size:12px;\nline-height:12px;\n}\n<\/style>\n<span  class='av_font_icon av-av_font_icon-68df07e82f9aa7e9ca8086cf07328158 avia_animate_when_visible av-icon-style- avia-icon-pos-left avia-iconfont avia-font-entypo-fontello av-no-color avia-icon-animate'><span class='av-icon-char' data-av_icon='\ue82d' data-av_iconfont='entypo-fontello' aria-hidden=\"true\" ><\/span><\/span> 13 applications<br \/>\n          \n<style type=\"text\/css\" data-created_by=\"avia_inline_auto\" id=\"style-css-av-av_font_icon-2ad3e02231965e18a13969aa2ae9da8b\">\n.av_font_icon.av-av_font_icon-2ad3e02231965e18a13969aa2ae9da8b .av-icon-char{\nfont-size:12px;\nline-height:12px;\n}\n<\/style>\n<span  class='av_font_icon av-av_font_icon-2ad3e02231965e18a13969aa2ae9da8b avia_animate_when_visible av-icon-style- avia-icon-pos-left avia-iconfont avia-font-entypo-fontello av-no-color avia-icon-animate'><span class='av-icon-char' data-av_icon='\ue80b' data-av_iconfont='entypo-fontello' aria-hidden=\"true\" ><\/span><\/span> 0 views                  <\/p>\n<\/div><\/div><\/div><\/section>\n          <\/div><\/div>\n  <br style=\"clear: both\">\n  <span style=\"margin-top: 20px; float: right\">20-08-2026<\/span>\n  <span style=\"margin-top: 20px; font-weight: bold; float: left\">Provincie Limburg<\/span>\n  <hr>  \n<style type=\"text\/css\" data-created_by=\"avia_inline_auto\" id=\"style-css-av-av_two_third-61be9178410eaaa3f443d4723cbbaeb0\">\n.flex_column.av-av_two_third-61be9178410eaaa3f443d4723cbbaeb0{\nborder-radius:0px 0px 0px 0px;\npadding:0px 0px 0px 0px;\n}\n<\/style>\n<div  class='flex_column av-av_two_third-61be9178410eaaa3f443d4723cbbaeb0 av_two_third first flex_column_div av-zero-column-padding  '     ><section  class='av_textblock_section av-av_textblock-0366cc7376be6c9e82a3e9cc8987b64f '   itemscope=\"itemscope\" itemtype=\"https:\/\/schema.org\/CreativeWork\" ><div class='avia_textblock'  itemprop=\"text\" ><h5 class=\"no-translation\">Junior beleidsmedewerker energie<\/h5>\n<p class=\"no-translation\">Ben jij iemand die vol energie wil bijdragen aan de verduurzaming van de warmtevoorziening in Limburg? Voor deze maatschappelijke opgave zoeken wij iemand die zich als in een vis in het water voelt op het terrein van geothermie en groen gas, of enthousiast is om hierin verder te ontwikkelen. Samen met collega's adviseer je het Provinciale bestuur over de toekomstige koers op deze thema's. Je maakt deel uit van een team dat zich dagelijks inzet voor de warmtetransitie in Limburg. Daarbij ben je flexibel en krijg je de kans om, desgevraagd, ook andere vraagstukken binnen het warmteteam op te pakken.<\/p>\n<p>De werkzaamheden op het gebied van warmte maken onderdeel uit van het programma Nieuwe Energie. Dat programma richt zich op alle facetten van de energietransitie, vari\u00ebrend van de besparing van het energiegebruik, de duurzame opwekking van energie tot de verduurzaming van de industrie, bedrijventerreinen en het MKB. Je komt terecht in een team van ca. 20 collega\u2019s, met een mooie mix van specialisten en generalisten. Dat betekent veel ruimte om samen te werken, te sparren en te leren van ervaren collega\u2019s. We zoeken vooral iemand met een brede blik, interesse in energievraagstukken en plezier in adviseren en verbinden.<\/p>\n<p><strong>Zo maak jij de provincie mooier, innovatiever en duurzamer<\/strong><br \/>De warmtetransitie verdient alle aandacht. De opgave is groot: onze woningen en gebouwen moeten in de toekomst op een duurzame manier worden verwarmd, zonder aardgas. De warmtetransitie maakt onderdeel uit van de grotere maatschappelijke opgave van de energietransitie. De manier waarop wij in de toekomst energie opwekken, verdelen en gebruiken gaat veranderen. Dat is een complex vraagstuk waar jij een belangrijke bijdrage aan levert.<\/p>\n<p>Jouw werkzaamheden binnen dit dossier zijn onder andere:<\/p>\n<ul>\n<li>Je bent h\u00e9t aanspreekpunt voor binnen en buiten de Provincie op het gebied van geothermie en groen gas. Je bent in staat een relevant netwerkin korte tijd op te bouwen;<\/li>\n<li>Je informeert en adviseert het College van Gedeputeerde Staten over ontwikkelingen en vraagstukken op deze thema's;<\/li>\n<li>Je hebt interesse in en\/of kennis op het gebied van de warmtetransitie, de belangen van diverse partijen en de relevante wet- en regelgeving;<\/li>\n<li>Je maakt deel uit van het warmteteam van de Provincie Limburg. Je bent flexibel inzetbaar op andere onderwerpen binnen de warmtetransitie (naast geothermie en groen gas);<\/li>\n<li>Je bent alert op de relatie tussen het warmtedossier en de mogelijkheden daarvoor in de Provinciale Energiediensten Maatschappij;<\/li>\n<li>Je signaleert kansen, knelpunten en ontwikkelingen voor de Provincie Limburg binnen de energietransitie (warmte in het bijzonder).<\/li>\n<\/ul>\n<p>Je werkt resultaatgericht, deelt en interpreteert informatie op een gestructureerde manier, en weet als gevolg van jouw omgevingsbewustzijn en verbindende kwaliteiten de samenwerking met partners soepel te laten verlopen. Teamwork en zelfstandigheid gaan hand in hand. Wij zijn op zoek naar een enthousiaste creatieve meedenker die kansen ziet en initiatief neemt.<\/p>\n<p><strong>Wat wij van jou vragen<\/strong><\/p>\n<ul>\n<li>Door een afgeronde opleiding heb je HBO+ of WO werk- en denkniveau, met voldoende achtergrond om de warmte- en energietransitie te doorgronden (beleidsmatig en technisch);<\/li>\n<li>Affiniteit met het onderwerp energietransitie, en je bent bereid om te verdiepen in warmte, te beginnen met geothermie en groen gas;<\/li>\n<li>Een initiatiefrijke persoonlijkheid die makkelijk contact maakt met alle verschillende belanghebbenden en hiermee een goede werkrelatie opbouwt;<\/li>\n<li>De competenties: resultaatgericht, zelfstandig, initiatief nemend en communicatief vaardig, zowel mondeling als schriftelijk.<\/li>\n<\/ul>\n<p>Heb je nog niet op alle onderdelen ervaring, maar herken je jezelf wel in deze rol en wil je je verder ontwikkelen? Sta jij open voor het volgen van opleidingen en trainingen en het meelopen met ervaren collega's? Dan nodigen we je vriendelijk uit om te reageren.<\/p>\n<p><strong>Hoe wij jouw bijdrage waarderen<\/strong><\/p>\n<ul>\n<li>Een bruto maandsalaris van minimaal \u20ac 3.886,37 en maximaal \u20ac 5.474,08 op basis van een 36-urige werkweek (schaal 10);<\/li>\n<li>Individuele Keuze Budget (IKB) van ca. 22%, incl. vakantiegeld (8%) en een structurele eindejaarsuitkering (8,3%). Dit budget komt boven op je vaste salaris en kun je laten uitbetalen wanneer jij hier behoefte aan hebt. Of je kunt het inzetten voor de aankoop van bv. een fiets, sportabonnement of extra verlof;<\/li>\n<li>Mogelijkheid om gedeeltelijk flexibel en plaats onafhankelijk te werken;<\/li>\n<li>Persoonlijk ontwikkelbudget van \u20ac6.000,- voor de looptijd van 5 jaar;<\/li>\n<li>Pensioensopbouw bij ABP;<\/li>\n<li>Mogelijkheid tot opbouw ADV.<\/li>\n<\/ul>\n<p><strong>Werken als provincie professional<\/strong><br \/>Het cluster Wonen en Leefomgeving draagt met beleidsontwikkeling en -uitvoering bij aan een aantrekkelijke en gezonde Limburgse woon- en leefomgeving. Vanuit dat cluster werk je onder de inhoudelijke aansturing van de Programmamanager Nieuwe Energie. Je werkzaamheden liggen primair op de opgave van de warmtetransitie (met geothermie en groen gas als focus).<\/p>\n<p><strong>Iets voor jou? <\/strong><br \/>Reageer dan snel! Is dit toch niet jouw baan, maar ken je iemand die er wel helemaal bij past? Tip hem of haar dan. Je maakt diegene \u00e9n ons erg blij. Alvast bedankt!<\/p>\n<p>Wacht niet te lang! We sluiten deze vacature op 10 september.<\/p>\n<p><strong>Meer over Provincie Limburg<\/strong><br \/>Als professionals in de provincie Limburg hebben we \u00e9\u00e9n gemeenschappelijk doel: Limburg in de toekomst nog mooier, duurzamer en innovatiever door te geven aan de volgende generaties. Dit stelt ons voor ambitieuze uitdagingen, van het behoud van ons cultureel erfgoed tot het verder versterken van ons vernieuwende karakter. Van de pracht van onze natuur tot de strategische waarde van onze logistieke hotspots, en van onze unieke euregionale ligging tot de economische vernieuwing die we stimuleren. Deze veelzijdige en complexe vraagstukken pakken we vol enthousiasme aan, ieder vanuit zijn of haar eigen expertise.<\/p>\n<p>Met meer dan 1100 professionals werken we samen aan de toekomst die Limburg verdient. De provincie Limburg gelooft in de kracht van eigenaarschap, verbinden en ontwikkelen. We moedigen onze medewerkers aan om verantwoordelijkheid te nemen voor hun werk en beslissingen, cre\u00ebren een werkomgeving waarin samenwerking en verbinding centraal staan, en bieden volop kansen voor persoonlijke en professionele groei. Samen bouwen we aan een succesverhaal waarin iedereen zich betrokken en gepassioneerd voelt.<\/p>\n<p><strong>Overige informatie<\/strong><br \/>De geselecteerde kandidaat zal aan het einde van de selectieprocedure van ons het verzoek krijgen om een VOG aan te vragen bij de gemeente en na goedkeuring van Justis aan ons te overleggen.<\/p>\n<p>Een casus kan deel uitmaken van de selectieprocedure.<\/p>\n<p><strong><em>acquisitie naar aanleiding van deze vacature stellen wij niet op prijs.<\/em><\/strong><\/p>\n<p>\n<\/div><\/section><\/div>\n  \n<style type=\"text\/css\" data-created_by=\"avia_inline_auto\" id=\"style-css-av-av_one_third-0aa7055fe62c3622faec82866afbaeb2\">\n.flex_column.av-av_one_third-0aa7055fe62c3622faec82866afbaeb2{\nborder-radius:0px 0px 0px 0px;\npadding:0px 0px 0px 0px;\n}\n<\/style>\n<div  class='flex_column av-av_one_third-0aa7055fe62c3622faec82866afbaeb2 av_one_third flex_column_div av-zero-column-padding  '     ><div  class='togglecontainer av-av_toggle_container-d03efdf7de8d15029af4a4ccb5448be7' ><div class='taglist'><div class=\"tag-tab\"><a href=\"#\" data-tag=\"{All}\" class=\"activeFilter\">All<\/a><span class='tag-seperator'>\/<\/span><\/div><div class=\"tag-tab\"><a href=\"#\" data-tag=\"{Applications}\" class=\"\">Applications<\/a><span class='tag-seperator'>\/<\/span><\/div><div class=\"tag-tab\"><a href=\"#\" data-tag=\"{Views}\" class=\"\">Views<\/a><span class='tag-seperator'>\/<\/span><\/div><\/div>\n              <section class='av_toggle_section av-av_toggle-6d89bd2f7de9d5f14f8127952d85f6f9'  itemscope=\"itemscope\" itemtype=\"https:\/\/schema.org\/CreativeWork\" ><div role=\"tablist\" class=\"single_toggle\" data-tags=\"{All} {Applications} {Views} \"  ><p id='toggle-toggle-id-5' data-fake-id='#toggle-id-5' class='toggler  activeTitle av-title-above '  itemprop=\"headline\"  role='tab' tabindex='0' aria-controls='toggle-id-5' data-slide-speed=\"200\" data-title=\"Baandomein\" data-title-open=\"\" data-aria_collapsed=\"Click to expand: Baandomein\" data-aria_expanded=\"Click to collapse: Baandomein\">Baandomein<span class=\"toggle_icon\"><span class=\"vert_icon\"><\/span><span class=\"hor_icon\"><\/span><\/span><\/p><div id='toggle-id-5' aria-labelledby='toggle-toggle-id-5' role='region' class='toggle_wrap  active_tc av-title-above' style='display:block;' ><div class='toggle_content invers-color '  itemprop=\"text\" ><p>          \n<style type=\"text\/css\" data-created_by=\"avia_inline_auto\" id=\"style-css-av-av_font_icon-68df07e82f9aa7e9ca8086cf07328158\">\n.av_font_icon.av-av_font_icon-68df07e82f9aa7e9ca8086cf07328158 .av-icon-char{\nfont-size:12px;\nline-height:12px;\n}\n<\/style>\n<span  class='av_font_icon av-av_font_icon-68df07e82f9aa7e9ca8086cf07328158 avia_animate_when_visible av-icon-style- avia-icon-pos-left avia-iconfont avia-font-entypo-fontello av-no-color avia-icon-animate'><span class='av-icon-char' data-av_icon='\ue82d' data-av_iconfont='entypo-fontello' aria-hidden=\"true\" ><\/span><\/span> 9 applications<br \/>\n          \n<style type=\"text\/css\" data-created_by=\"avia_inline_auto\" id=\"style-css-av-av_font_icon-2ad3e02231965e18a13969aa2ae9da8b\">\n.av_font_icon.av-av_font_icon-2ad3e02231965e18a13969aa2ae9da8b .av-icon-char{\nfont-size:12px;\nline-height:12px;\n}\n<\/style>\n<span  class='av_font_icon av-av_font_icon-2ad3e02231965e18a13969aa2ae9da8b avia_animate_when_visible av-icon-style- avia-icon-pos-left avia-iconfont avia-font-entypo-fontello av-no-color avia-icon-animate'><span class='av-icon-char' data-av_icon='\ue80b' data-av_iconfont='entypo-fontello' aria-hidden=\"true\" ><\/span><\/span> 47 views                  <\/p>\n<\/div><\/div><\/div><\/section>\n          <\/div><\/div>\n  <br style=\"clear: both\">\n  <span style=\"margin-top: 20px; float: right\">20-08-2026<\/span>\n  <span style=\"margin-top: 20px; font-weight: bold; float: left\">Provincie Limburg<\/span>\n  \n\n\n<p class=\"wp-block-paragraph\"><\/p>\n","protected":false},"excerpt":{"rendered":"","protected":false},"author":1,"featured_media":9446,"comment_status":"open","ping_status":"closed","template":"","meta":{"footnotes":""},"tags":[],"portfolio_entries":[192,104],"class_list":["post-9450","portfolio","type-portfolio","status-publish","has-post-thumbnail","hentry","portfolio_entries-provinces","portfolio_entries-solutionsfactory-en"],"yoast_head":"<!-- This site is optimized with the Yoast SEO plugin v28.3 - https:\/\/yoast.com\/product\/yoast-seo-wordpress\/ -->\n<title>Provincie Limburg - Mimir<\/title>\n<meta name=\"description\" content=\"Provincie Limburg uses the advanced and integrated job management services of Mimir in TSF to manage jobs on job boards.\" \/>\n<meta name=\"robots\" content=\"index, follow, max-snippet:-1, max-image-preview:large, max-video-preview:-1\" \/>\n<link rel=\"canonical\" href=\"https:\/\/mimir.nu\/en\/o\/limburg\/\" \/>\n<meta property=\"og:locale\" content=\"en_US\" \/>\n<meta property=\"og:type\" content=\"article\" \/>\n<meta property=\"og:title\" content=\"Provincie Limburg - Mimir\" \/>\n<meta property=\"og:description\" content=\"Provincie Limburg uses the advanced and integrated job management services of Mimir in TSF to manage jobs on job boards.\" \/>\n<meta property=\"og:url\" content=\"https:\/\/mimir.nu\/en\/o\/limburg\/\" \/>\n<meta property=\"og:site_name\" content=\"Mimir\" \/>\n<meta property=\"article:modified_time\" content=\"2025-10-07T13:00:58+00:00\" \/>\n<meta property=\"og:image\" content=\"https:\/\/mimir.nu\/wp-content\/uploads\/2025\/10\/logo-limburg-200x200-1.png\" \/>\n\t<meta property=\"og:image:width\" content=\"200\" \/>\n\t<meta property=\"og:image:height\" content=\"200\" \/>\n\t<meta property=\"og:image:type\" content=\"image\/png\" \/>\n<meta name=\"twitter:card\" content=\"summary_large_image\" \/>\n<meta name=\"twitter:label1\" content=\"Est. reading time\" \/>\n\t<meta name=\"twitter:data1\" content=\"1 minute\" \/>\n<script type=\"application\/ld+json\" class=\"yoast-schema-graph\">{\"@context\":\"https:\\\/\\\/schema.org\",\"@graph\":[{\"@type\":\"WebPage\",\"@id\":\"https:\\\/\\\/mimir.nu\\\/en\\\/o\\\/limburg\\\/\",\"url\":\"https:\\\/\\\/mimir.nu\\\/en\\\/o\\\/limburg\\\/\",\"name\":\"Provincie Limburg - Mimir\",\"isPartOf\":{\"@id\":\"https:\\\/\\\/mimir.nu\\\/#website\"},\"primaryImageOfPage\":{\"@id\":\"https:\\\/\\\/mimir.nu\\\/en\\\/o\\\/limburg\\\/#primaryimage\"},\"image\":{\"@id\":\"https:\\\/\\\/mimir.nu\\\/en\\\/o\\\/limburg\\\/#primaryimage\"},\"thumbnailUrl\":\"https:\\\/\\\/mimir.nu\\\/wp-content\\\/uploads\\\/2025\\\/10\\\/logo-limburg-200x200-1.png\",\"datePublished\":\"2025-10-07T12:59:41+00:00\",\"dateModified\":\"2025-10-07T13:00:58+00:00\",\"description\":\"Provincie Limburg uses the advanced and integrated job management services of Mimir in TSF to manage jobs on job boards.\",\"breadcrumb\":{\"@id\":\"https:\\\/\\\/mimir.nu\\\/en\\\/o\\\/limburg\\\/#breadcrumb\"},\"inLanguage\":\"en-US\",\"potentialAction\":[{\"@type\":\"ReadAction\",\"target\":[\"https:\\\/\\\/mimir.nu\\\/en\\\/o\\\/limburg\\\/\"]}]},{\"@type\":\"ImageObject\",\"inLanguage\":\"en-US\",\"@id\":\"https:\\\/\\\/mimir.nu\\\/en\\\/o\\\/limburg\\\/#primaryimage\",\"url\":\"https:\\\/\\\/mimir.nu\\\/wp-content\\\/uploads\\\/2025\\\/10\\\/logo-limburg-200x200-1.png\",\"contentUrl\":\"https:\\\/\\\/mimir.nu\\\/wp-content\\\/uploads\\\/2025\\\/10\\\/logo-limburg-200x200-1.png\",\"width\":200,\"height\":200,\"caption\":\"Logo Provincie Limburg\"},{\"@type\":\"BreadcrumbList\",\"@id\":\"https:\\\/\\\/mimir.nu\\\/en\\\/o\\\/limburg\\\/#breadcrumb\",\"itemListElement\":[{\"@type\":\"ListItem\",\"position\":1,\"name\":\"Home\",\"item\":\"https:\\\/\\\/mimir.nu\\\/en\\\/\"},{\"@type\":\"ListItem\",\"position\":2,\"name\":\"Provincie Limburg\"}]},{\"@type\":\"WebSite\",\"@id\":\"https:\\\/\\\/mimir.nu\\\/#website\",\"url\":\"https:\\\/\\\/mimir.nu\\\/\",\"name\":\"Mimir\",\"description\":\"Automatisch vacatures plaatsen op vacaturebanken\",\"potentialAction\":[{\"@type\":\"SearchAction\",\"target\":{\"@type\":\"EntryPoint\",\"urlTemplate\":\"https:\\\/\\\/mimir.nu\\\/?s={search_term_string}\"},\"query-input\":{\"@type\":\"PropertyValueSpecification\",\"valueRequired\":true,\"valueName\":\"search_term_string\"}}],\"inLanguage\":\"en-US\"}]}<\/script>\n<!-- \/ Yoast SEO plugin. -->","yoast_head_json":{"title":"Provincie Limburg - Mimir","description":"Provincie Limburg uses the advanced and integrated job management services of Mimir in TSF to manage jobs on job boards.","robots":{"index":"index","follow":"follow","max-snippet":"max-snippet:-1","max-image-preview":"max-image-preview:large","max-video-preview":"max-video-preview:-1"},"canonical":"https:\/\/mimir.nu\/en\/o\/limburg\/","og_locale":"en_US","og_type":"article","og_title":"Provincie Limburg - Mimir","og_description":"Provincie Limburg uses the advanced and integrated job management services of Mimir in TSF to manage jobs on job boards.","og_url":"https:\/\/mimir.nu\/en\/o\/limburg\/","og_site_name":"Mimir","article_modified_time":"2025-10-07T13:00:58+00:00","og_image":[{"width":200,"height":200,"url":"https:\/\/mimir.nu\/wp-content\/uploads\/2025\/10\/logo-limburg-200x200-1.png","type":"image\/png"}],"twitter_card":"summary_large_image","twitter_misc":{"Est. reading time":"1 minute"},"schema":{"@context":"https:\/\/schema.org","@graph":[{"@type":"WebPage","@id":"https:\/\/mimir.nu\/en\/o\/limburg\/","url":"https:\/\/mimir.nu\/en\/o\/limburg\/","name":"Provincie Limburg - Mimir","isPartOf":{"@id":"https:\/\/mimir.nu\/#website"},"primaryImageOfPage":{"@id":"https:\/\/mimir.nu\/en\/o\/limburg\/#primaryimage"},"image":{"@id":"https:\/\/mimir.nu\/en\/o\/limburg\/#primaryimage"},"thumbnailUrl":"https:\/\/mimir.nu\/wp-content\/uploads\/2025\/10\/logo-limburg-200x200-1.png","datePublished":"2025-10-07T12:59:41+00:00","dateModified":"2025-10-07T13:00:58+00:00","description":"Provincie Limburg uses the advanced and integrated job management services of Mimir in TSF to manage jobs on job boards.","breadcrumb":{"@id":"https:\/\/mimir.nu\/en\/o\/limburg\/#breadcrumb"},"inLanguage":"en-US","potentialAction":[{"@type":"ReadAction","target":["https:\/\/mimir.nu\/en\/o\/limburg\/"]}]},{"@type":"ImageObject","inLanguage":"en-US","@id":"https:\/\/mimir.nu\/en\/o\/limburg\/#primaryimage","url":"https:\/\/mimir.nu\/wp-content\/uploads\/2025\/10\/logo-limburg-200x200-1.png","contentUrl":"https:\/\/mimir.nu\/wp-content\/uploads\/2025\/10\/logo-limburg-200x200-1.png","width":200,"height":200,"caption":"Logo Provincie Limburg"},{"@type":"BreadcrumbList","@id":"https:\/\/mimir.nu\/en\/o\/limburg\/#breadcrumb","itemListElement":[{"@type":"ListItem","position":1,"name":"Home","item":"https:\/\/mimir.nu\/en\/"},{"@type":"ListItem","position":2,"name":"Provincie Limburg"}]},{"@type":"WebSite","@id":"https:\/\/mimir.nu\/#website","url":"https:\/\/mimir.nu\/","name":"Mimir","description":"Automatisch vacatures plaatsen op vacaturebanken","potentialAction":[{"@type":"SearchAction","target":{"@type":"EntryPoint","urlTemplate":"https:\/\/mimir.nu\/?s={search_term_string}"},"query-input":{"@type":"PropertyValueSpecification","valueRequired":true,"valueName":"search_term_string"}}],"inLanguage":"en-US"}]}},"_links":{"self":[{"href":"https:\/\/mimir.nu\/en\/wp-json\/wp\/v2\/portfolio\/9450","targetHints":{"allow":["GET"]}}],"collection":[{"href":"https:\/\/mimir.nu\/en\/wp-json\/wp\/v2\/portfolio"}],"about":[{"href":"https:\/\/mimir.nu\/en\/wp-json\/wp\/v2\/types\/portfolio"}],"author":[{"embeddable":true,"href":"https:\/\/mimir.nu\/en\/wp-json\/wp\/v2\/users\/1"}],"replies":[{"embeddable":true,"href":"https:\/\/mimir.nu\/en\/wp-json\/wp\/v2\/comments?post=9450"}],"version-history":[{"count":1,"href":"https:\/\/mimir.nu\/en\/wp-json\/wp\/v2\/portfolio\/9450\/revisions"}],"predecessor-version":[{"id":9452,"href":"https:\/\/mimir.nu\/en\/wp-json\/wp\/v2\/portfolio\/9450\/revisions\/9452"}],"wp:featuredmedia":[{"embeddable":true,"href":"https:\/\/mimir.nu\/en\/wp-json\/wp\/v2\/media\/9446"}],"wp:attachment":[{"href":"https:\/\/mimir.nu\/en\/wp-json\/wp\/v2\/media?parent=9450"}],"wp:term":[{"taxonomy":"post_tag","embeddable":true,"href":"https:\/\/mimir.nu\/en\/wp-json\/wp\/v2\/tags?post=9450"},{"taxonomy":"portfolio_entries","embeddable":true,"href":"https:\/\/mimir.nu\/en\/wp-json\/wp\/v2\/portfolio_entries?post=9450"}],"curies":[{"name":"wp","href":"https:\/\/api.w.org\/{rel}","templated":true}]}}